{"id":1000,"date":"2025-03-10T15:13:37","date_gmt":"2025-03-10T14:13:37","guid":{"rendered":"https:\/\/www.lessurvivants.org\/soignant\/?page_id=1000"},"modified":"2025-10-28T18:17:15","modified_gmt":"2025-10-28T17:17:15","slug":"la-mort-et-levolution-de-lhopital","status":"publish","type":"page","link":"https:\/\/www.lessurvivants.org\/soignant\/la-mort-et-levolution-de-lhopital\/","title":{"rendered":"La mort et l\u2019\u00e9volution de l\u2019h\u00f4pital"},"content":{"rendered":"\t\t<div data-elementor-type=\"wp-page\" data-elementor-id=\"1000\" class=\"elementor elementor-1000\" data-elementor-post-type=\"page\">\n\t\t\t\t<div data-particle_enable=\"false\" data-particle-mobile-disabled=\"false\" class=\"elementor-element elementor-element-315c127 e-flex e-con-boxed e-con e-parent\" data-id=\"315c127\" data-element_type=\"container\" data-settings=\"{&quot;jet_parallax_layout_list&quot;:[]}\">\n\t\t\t\t\t<div class=\"e-con-inner\">\n\t\t\t\t<div class=\"elementor-element elementor-element-a944502 elementor-widget elementor-widget-heading\" data-id=\"a944502\" data-element_type=\"widget\" data-widget_type=\"heading.default\">\n\t\t\t\t<div class=\"elementor-widget-container\">\n\t\t\t\t\t<h1 class=\"elementor-heading-title elementor-size-default\">La mort et l'\u00e9volution de l'h\u00f4pital<\/h1>\t\t\t\t<\/div>\n\t\t\t\t<\/div>\n\t\t\t\t<div class=\"elementor-element elementor-element-e26b120 elementor-widget elementor-widget-text-editor\" data-id=\"e26b120\" data-element_type=\"widget\" data-widget_type=\"text-editor.default\">\n\t\t\t\t<div class=\"elementor-widget-container\">\n\t\t\t\t\t\t\t\t\t<p data-pm-slice=\"1 1 []\">La mort en milieu hospitalier est une r\u00e9alit\u00e9 omnipr\u00e9sente qui suscite de nombreuses interrogations \u00e9thiques, organisationnelles et humaines. Avec pr\u00e8s de 80 % des d\u00e9c\u00e8s survenant \u00e0 l\u2019h\u00f4pital, dont la majorit\u00e9 en dehors des unit\u00e9s de soins palliatifs, il est essentiel de comprendre comment l\u2019h\u00f4pital a \u00e9volu\u00e9 face \u00e0 cette \u00e9preuve universelle. La gestion de la fin de vie en milieu hospitalier est un enjeu majeur pour les soignants, les patients et leurs familles.<\/p>\t\t\t\t\t\t\t\t<\/div>\n\t\t\t\t<\/div>\n\t\t\t\t\t<\/div>\n\t\t\t\t<\/div>\n\t\t<div data-particle_enable=\"false\" data-particle-mobile-disabled=\"false\" class=\"elementor-element elementor-element-f6720ef e-flex e-con-boxed e-con e-parent\" data-id=\"f6720ef\" data-element_type=\"container\" data-settings=\"{&quot;background_background&quot;:&quot;classic&quot;,&quot;jet_parallax_layout_list&quot;:[]}\">\n\t\t\t\t\t<div class=\"e-con-inner\">\n\t\t\t\t<div class=\"elementor-element elementor-element-96e3e5e elementor-widget elementor-widget-heading\" data-id=\"96e3e5e\" data-element_type=\"widget\" data-widget_type=\"heading.default\">\n\t\t\t\t<div class=\"elementor-widget-container\">\n\t\t\t\t\t<h2 class=\"elementor-heading-title elementor-size-default\">L'h\u00f4pital face \u00e0 la mort : une transformation historique<\/h2>\t\t\t\t<\/div>\n\t\t\t\t<\/div>\n\t\t\t\t\t<\/div>\n\t\t\t\t<\/div>\n\t\t<div data-particle_enable=\"false\" data-particle-mobile-disabled=\"false\" class=\"elementor-element elementor-element-10d8775 e-flex e-con-boxed e-con e-parent\" data-id=\"10d8775\" data-element_type=\"container\" data-settings=\"{&quot;jet_parallax_layout_list&quot;:[]}\">\n\t\t\t\t\t<div class=\"e-con-inner\">\n\t\t\t\t<div class=\"elementor-element elementor-element-0cabcfb elementor-widget elementor-widget-text-editor\" data-id=\"0cabcfb\" data-element_type=\"widget\" data-widget_type=\"text-editor.default\">\n\t\t\t\t<div class=\"elementor-widget-container\">\n\t\t\t\t\t\t\t\t\t<p data-pm-slice=\"1 1 []\">Depuis un si\u00e8cle, l&#8217;organisation de l&#8217;h\u00f4pital a \u00e9volu\u00e9 sous l&#8217;influence croissante de la technique, de la rationalisation et des imp\u00e9ratifs de productivit\u00e9. Cette transformation a conduit \u00e0 un glissement progressif de l\u2019humanit\u00e9 vers une approche centr\u00e9e sur la technicit\u00e9 et l\u2019efficacit\u00e9. La rationalisation des soins s\u2019est traduite par une standardisation des pratiques et un recours accru aux protocoles, souvent au d\u00e9triment de la personnalisation et de la prise en compte des dimensions humaines et \u00e9motionnelles des patients et des soignants.<\/p><p>Parall\u00e8lement, le temps consacr\u00e9 aux patients s\u2019est consid\u00e9rablement r\u00e9duit en raison des pressions organisationnelles et \u00e9conomiques, renfor\u00e7ant une perception de &#8220;soins acc\u00e9l\u00e9r\u00e9s&#8221; o\u00f9 la rapidit\u00e9 prime sur la qualit\u00e9 relationnelle. La segmentation et la fragmentation du parcours de soins, avec une multiplication des intervenants et des actes sp\u00e9cialis\u00e9s, ont \u00e9galement contribu\u00e9 \u00e0 une dilution de la continuit\u00e9 des soins. Le patient, autrefois pris en charge dans sa globalit\u00e9 par un unique soignant, est d\u00e9sormais souvent per\u00e7u \u00e0 travers le prisme de sa pathologie ou de l\u2019organe d\u00e9faillant par de multiples soignants sp\u00e9cialis\u00e9s.<\/p><p>Cette organisation, bien qu\u2019efficace pour traiter des affections sp\u00e9cifiques, risque de d\u00e9shumaniser la relation soignant-soign\u00e9 et d\u2019accro\u00eetre les frustrations des soignants, contraints de s\u2019adapter \u00e0 des mod\u00e8les de soins parfois en d\u00e9calage avec leurs valeurs et leur vocation initiale, dont le paroxysme est la survenue de la mort.<\/p>\t\t\t\t\t\t\t\t<\/div>\n\t\t\t\t<\/div>\n\t\t\t\t\t<\/div>\n\t\t\t\t<\/div>\n\t\t<div data-particle_enable=\"false\" data-particle-mobile-disabled=\"false\" class=\"elementor-element elementor-element-844f43f e-flex e-con-boxed e-con e-parent\" data-id=\"844f43f\" data-element_type=\"container\" data-settings=\"{&quot;background_background&quot;:&quot;classic&quot;,&quot;jet_parallax_layout_list&quot;:[]}\">\n\t\t\t\t\t<div class=\"e-con-inner\">\n\t\t\t\t<div class=\"elementor-element elementor-element-6e1c275 elementor-widget elementor-widget-heading\" data-id=\"6e1c275\" data-element_type=\"widget\" data-widget_type=\"heading.default\">\n\t\t\t\t<div class=\"elementor-widget-container\">\n\t\t\t\t\t<h2 class=\"elementor-heading-title elementor-size-default\">L'impact de la mort sur les soignants<\/h2>\t\t\t\t<\/div>\n\t\t\t\t<\/div>\n\t\t\t\t\t<\/div>\n\t\t\t\t<\/div>\n\t\t<div data-particle_enable=\"false\" data-particle-mobile-disabled=\"false\" class=\"elementor-element elementor-element-cf35009 e-flex e-con-boxed e-con e-parent\" data-id=\"cf35009\" data-element_type=\"container\" data-settings=\"{&quot;jet_parallax_layout_list&quot;:[]}\">\n\t\t\t\t\t<div class=\"e-con-inner\">\n\t\t\t\t<div class=\"elementor-element elementor-element-95127fa elementor-widget elementor-widget-text-editor\" data-id=\"95127fa\" data-element_type=\"widget\" data-widget_type=\"text-editor.default\">\n\t\t\t\t<div class=\"elementor-widget-container\">\n\t\t\t\t\t\t\t\t\t<p data-pm-slice=\"1 1 []\">Les soignants sont confront\u00e9s quotidiennement \u00e0 la mort, ce qui g\u00e9n\u00e8re un stress \u00e9motionnel important. Diff\u00e9rents types de d\u00e9c\u00e8s impactent leur \u00e9quilibre psychologique :<\/p><ul><li data-pm-slice=\"1 1 []\"><strong>La mort brutale et inattendue<\/strong>, source de choc \u00e9motionnel. POur en savoir plus <a href=\"https:\/\/www.lessurvivants.org\/soignant\/la-mort-brutale-et-inattendue\/\" target=\"_blank\" rel=\"noopener\">CLIQUEZ ICI<\/a><\/li><li data-pm-slice=\"1 1 []\"><strong>La mort post-intervention<\/strong>, qui engendre un sentiment d&#8217;\u00e9chec. Pour en savoir plus <a href=\"https:\/\/www.lessurvivants.org\/soignant\/la-mort-post-intervention\/\" target=\"_blank\" rel=\"noopener\">CLIQUEZ ICI<\/a><\/li><li data-pm-slice=\"1 1 []\"><strong>La mort par maladie contagieuse, <\/strong> un d\u00e9fi suppl\u00e9mentaire. Pour en savoir plus <a href=\"https:\/\/www.lessurvivants.org\/soignant\/la-mort-par-maladie-contagieuse\/\" target=\"_blank\" rel=\"noopener\">CLIQUEZ ICI<\/a><\/li><li data-pm-slice=\"1 1 []\"><strong>La mort par d\u00e9cision m\u00e9dicale<\/strong>, qui pose des dilemmes \u00e9thiques complexes. Pour en savoir plus <a href=\"https:\/\/www.lessurvivants.org\/soignant\/la-mort-par-decision-medicale\/\" target=\"_blank\" rel=\"noopener\">CLIQUEZ ICI<\/a><\/li><li data-pm-slice=\"1 1 []\"><strong>La mort attendue en contexte de maladie chronique<\/strong>, qui met en lumi\u00e8re l&#8217;importance de l&#8217;accompagnement. Pour en savoir plus <a href=\"https:\/\/www.lessurvivants.org\/soignant\/la-mort-attendue-pathologie-chroniqu\/\" target=\"_blank\" rel=\"noopener\">CLIQUEZ ICI<\/a><\/li><\/ul><p>\u00a0<\/p><p>Dans cette m\u00e9decine technique, segment\u00e9e, acc\u00e9l\u00e9r\u00e9e, en partie d\u00e9shumanis\u00e9e, la gestion de la mort attendue par les soins palliatifs, bien que n\u00e9cessaire et utile, a permis \u00e0 de nombreux m\u00e9decins de s\u2019en distancer, d\u00e9l\u00e9guant la fin de vie \u00e0 ces sp\u00e9cialistes souvent appel\u00e9s tr\u00e8s tardivement. Quant aux morts brutales et autres formes, elles laissent le soignant face \u00e0 sa culpabilit\u00e9 et l\u2019incompr\u00e9hension des familles non pr\u00e9par\u00e9es \u00e0 un tel \u00e9v\u00e9nement.<\/p><p>La socialisation professionnelle fa\u00e7onne les attitudes et comportements des soignants face \u00e0 ces r\u00e9alit\u00e9s. Le sociologue Everett C. Hughes, dans son ouvrage <em>Men and Their Work<\/em>, explique que la formation m\u00e9dicale actuelle d\u00e9veloppe une distance \u00e9motionnelle et une ma\u00eetrise technique, souvent au d\u00e9triment d\u2019une prise en compte plus profonde des effets psychologiques de la confrontation \u00e0 la mort. Cette formation peut ainsi engendrer des m\u00e9canismes de d\u00e9fense comme le d\u00e9ni et la rationalisation, emp\u00eachant les soignants de g\u00e9rer pleinement leur propre angoisse et d\u2019accompagner leurs patients de mani\u00e8re plus humaine.<\/p>\t\t\t\t\t\t\t\t<\/div>\n\t\t\t\t<\/div>\n\t\t\t\t\t<\/div>\n\t\t\t\t<\/div>\n\t\t<div data-particle_enable=\"false\" data-particle-mobile-disabled=\"false\" class=\"elementor-element elementor-element-a2f2f1f e-flex e-con-boxed e-con e-parent\" data-id=\"a2f2f1f\" data-element_type=\"container\" data-settings=\"{&quot;background_background&quot;:&quot;classic&quot;,&quot;jet_parallax_layout_list&quot;:[]}\">\n\t\t\t\t\t<div class=\"e-con-inner\">\n\t\t\t\t<div class=\"elementor-element elementor-element-a829173 elementor-widget elementor-widget-heading\" data-id=\"a829173\" data-element_type=\"widget\" data-widget_type=\"heading.default\">\n\t\t\t\t<div class=\"elementor-widget-container\">\n\t\t\t\t\t<h2 class=\"elementor-heading-title elementor-size-default\">La relation patient-soignant face \u00e0 la fin de vie<\/h2>\t\t\t\t<\/div>\n\t\t\t\t<\/div>\n\t\t\t\t\t<\/div>\n\t\t\t\t<\/div>\n\t\t<div data-particle_enable=\"false\" data-particle-mobile-disabled=\"false\" class=\"elementor-element elementor-element-ff6abac e-flex e-con-boxed e-con e-parent\" data-id=\"ff6abac\" data-element_type=\"container\" data-settings=\"{&quot;jet_parallax_layout_list&quot;:[]}\">\n\t\t\t\t\t<div class=\"e-con-inner\">\n\t\t<div data-particle_enable=\"false\" data-particle-mobile-disabled=\"false\" class=\"elementor-element elementor-element-25cf600 e-con-full e-flex e-con e-child\" data-id=\"25cf600\" data-element_type=\"container\" data-settings=\"{&quot;jet_parallax_layout_list&quot;:[]}\">\n\t\t\t\t<div class=\"elementor-element elementor-element-b183656 elementor-widget elementor-widget-image\" data-id=\"b183656\" data-element_type=\"widget\" data-widget_type=\"image.default\">\n\t\t\t\t<div class=\"elementor-widget-container\">\n\t\t\t\t\t\t\t\t\t\t\t\t\t\t\t<img fetchpriority=\"high\" decoding=\"async\" width=\"300\" height=\"300\" src=\"https:\/\/www.lessurvivants.org\/wp-content\/uploads\/2025\/03\/La-mort-et-l-evolution-de-l-hopital-les-survivants-300x300.png\" class=\"attachment-medium size-medium wp-image-1360\" alt=\"\" srcset=\"https:\/\/www.lessurvivants.org\/wp-content\/uploads\/2025\/03\/La-mort-et-l-evolution-de-l-hopital-les-survivants-300x300.png 300w, https:\/\/www.lessurvivants.org\/wp-content\/uploads\/2025\/03\/La-mort-et-l-evolution-de-l-hopital-les-survivants-150x150.png 150w, https:\/\/www.lessurvivants.org\/wp-content\/uploads\/2025\/03\/La-mort-et-l-evolution-de-l-hopital-les-survivants-768x768.png 768w, https:\/\/www.lessurvivants.org\/wp-content\/uploads\/2025\/03\/La-mort-et-l-evolution-de-l-hopital-les-survivants.png 938w\" sizes=\"(max-width: 300px) 100vw, 300px\" \/>\t\t\t\t\t\t\t\t\t\t\t\t\t\t\t<\/div>\n\t\t\t\t<\/div>\n\t\t\t\t<\/div>\n\t\t<div data-particle_enable=\"false\" data-particle-mobile-disabled=\"false\" class=\"elementor-element elementor-element-a346a52 e-con-full e-flex e-con e-child\" data-id=\"a346a52\" data-element_type=\"container\" data-settings=\"{&quot;jet_parallax_layout_list&quot;:[]}\">\n\t\t\t\t<div class=\"elementor-element elementor-element-d8d5be5 elementor-widget__width-initial elementor-widget elementor-widget-text-editor\" data-id=\"d8d5be5\" data-element_type=\"widget\" data-widget_type=\"text-editor.default\">\n\t\t\t\t<div class=\"elementor-widget-container\">\n\t\t\t\t\t\t\t\t\t<p data-pm-slice=\"1 1 []\">Pour am\u00e9liorer la gestion de la mort \u00e0 l\u2019h\u00f4pital, plusieurs axes doivent \u00eatre d\u00e9velopp\u00e9s :<\/p><ul data-spread=\"false\"><li><p><strong>Former les soignants \u00e0 l\u2019accompagnement de la fin de vie<\/strong>, y compris sur l\u2019aspect \u00e9motionnel.<\/p><\/li><li><p><strong>Favoriser les soins palliatifs d\u00e8s l\u2019annonce d\u2019un pronostic grave<\/strong>, et non seulement en phase terminale.<\/p><\/li><li><p><strong>Encourager les espaces de parole pour les soignants<\/strong> afin de pr\u00e9venir l\u2019\u00e9puisement.<\/p><\/li><li><p><strong>D\u00e9velopper une approche plus humaine de la fin de vie<\/strong>, en int\u00e9grant les aspects psychologiques, sociaux et culturels.<\/p><\/li><li><p><strong>Int\u00e9grer l\u2019enseignement de la mort dans la formation m\u00e9dicale<\/strong> : la mort, longtemps per\u00e7ue comme un \u00e9chec par les soignants, n\u2019a \u00e9t\u00e9 incluse dans le programme officiel des \u00e9tudes m\u00e9dicales fran\u00e7aises qu\u2019en 2021 (item 14 de l\u2019internat), avec une approche principalement palliative. Il est essentiel de former tous les soignants d\u00e9j\u00e0 en exercice, par exemple via un Dipl\u00f4me Inter-Universitaire (DIU), pour combler ce retard. Pour en savoir plus sur le DIU de l&#8217;impact de la fin de vie sur les soignants <a href=\"https:\/\/www.lessurvivants.org\/blog\/le-diplome-universitaire-les-soignants-face-a-la-mort\/\" target=\"_blank\" rel=\"noopener\">CLIQUEZ ICI<\/a><\/p><\/li><\/ul>\t\t\t\t\t\t\t\t<\/div>\n\t\t\t\t<\/div>\n\t\t\t\t<\/div>\n\t\t\t\t\t<\/div>\n\t\t\t\t<\/div>\n\t\t<div data-particle_enable=\"false\" data-particle-mobile-disabled=\"false\" class=\"elementor-element elementor-element-6b1cada e-flex e-con-boxed e-con e-parent\" data-id=\"6b1cada\" data-element_type=\"container\" data-settings=\"{&quot;background_background&quot;:&quot;classic&quot;,&quot;jet_parallax_layout_list&quot;:[]}\">\n\t\t\t\t\t<div class=\"e-con-inner\">\n\t\t\t\t<div class=\"elementor-element elementor-element-90d3e75 elementor-widget elementor-widget-heading\" data-id=\"90d3e75\" data-element_type=\"widget\" data-widget_type=\"heading.default\">\n\t\t\t\t<div class=\"elementor-widget-container\">\n\t\t\t\t\t<h2 class=\"elementor-heading-title elementor-size-default\">Repenser l'accompagnement de la mort \u00e0 l'h\u00f4pital<\/h2>\t\t\t\t<\/div>\n\t\t\t\t<\/div>\n\t\t\t\t\t<\/div>\n\t\t\t\t<\/div>\n\t\t<div data-particle_enable=\"false\" data-particle-mobile-disabled=\"false\" class=\"elementor-element elementor-element-ea97139 e-flex e-con-boxed e-con e-parent\" data-id=\"ea97139\" data-element_type=\"container\" data-settings=\"{&quot;jet_parallax_layout_list&quot;:[]}\">\n\t\t\t\t\t<div class=\"e-con-inner\">\n\t\t\t\t<div class=\"elementor-element elementor-element-0716e79 elementor-widget elementor-widget-text-editor\" data-id=\"0716e79\" data-element_type=\"widget\" data-widget_type=\"text-editor.default\">\n\t\t\t\t<div class=\"elementor-widget-container\">\n\t\t\t\t\t\t\t\t\t<p data-pm-slice=\"1 1 []\">Pour am\u00e9liorer la gestion de la mort \u00e0 l\u2019h\u00f4pital, plusieurs axes doivent \u00eatre d\u00e9velopp\u00e9s :<\/p><ul data-spread=\"false\"><li><p><strong>Former les soignants \u00e0 l\u2019accompagnement de la fin de vie<\/strong>, y compris sur l\u2019aspect \u00e9motionnel.<\/p><\/li><li><p><strong>Favoriser les soins palliatifs d\u00e8s l\u2019annonce d\u2019un pronostic grave<\/strong>, et non seulement en phase terminale.<\/p><\/li><li><p><strong>Encourager les espaces de parole pour les soignants<\/strong> afin de pr\u00e9venir l\u2019\u00e9puisement.<\/p><\/li><li><p><strong>D\u00e9velopper une approche plus humaine de la fin de vie<\/strong>, en int\u00e9grant les aspects psychologiques, sociaux et culturels.<\/p><\/li><li><p><strong>Int\u00e9grer l\u2019enseignement de la mort dans la formation m\u00e9dicale<\/strong> : la mort, longtemps per\u00e7ue comme un \u00e9chec par les soignants, n\u2019a \u00e9t\u00e9 incluse dans le programme officiel des \u00e9tudes m\u00e9dicales fran\u00e7aises qu\u2019en 2021 (item 14 de l\u2019internat), avec une approche principalement palliative. Il est essentiel de former tous les soignants d\u00e9j\u00e0 en exercice, par exemple via un Dipl\u00f4me Inter-Universitaire (DIU), pour combler ce retard. Pour en savoir plus sur le DIU sur l&#8217;impact de la fin de vie sur les soignants, <a href=\"https:\/\/www.lessurvivants.org\/blog\/le-diplome-universitaire-les-soignants-face-a-la-mort\/\" target=\"_blank\" rel=\"noopener\">CLIQUEZ ICI<\/a><\/p><\/li><\/ul><p>L\u2019h\u00f4pital moderne doit repenser son rapport \u00e0 la mort pour mieux accompagner patients, familles et soignants. Briser le tabou autour de la fin de vie en milieu hospitalier est un enjeu essentiel pour construire une m\u00e9decine plus humaine, qui ne se limite pas \u00e0 la technicit\u00e9, mais qui int\u00e8gre pleinement l\u2019accompagnement de la derni\u00e8re \u00e9tape de la vie.<\/p>\t\t\t\t\t\t\t\t<\/div>\n\t\t\t\t<\/div>\n\t\t\t\t\t<\/div>\n\t\t\t\t<\/div>\n\t\t<div data-particle_enable=\"false\" data-particle-mobile-disabled=\"false\" class=\"elementor-element elementor-element-f1c0f81 e-flex e-con-boxed e-con e-parent\" data-id=\"f1c0f81\" data-element_type=\"container\" data-settings=\"{&quot;background_background&quot;:&quot;classic&quot;,&quot;jet_parallax_layout_list&quot;:[]}\">\n\t\t\t\t\t<div class=\"e-con-inner\">\n\t\t\t\t<div class=\"elementor-element elementor-element-a937489 elementor-widget elementor-widget-heading\" data-id=\"a937489\" data-element_type=\"widget\" data-widget_type=\"heading.default\">\n\t\t\t\t<div class=\"elementor-widget-container\">\n\t\t\t\t\t<h2 class=\"elementor-heading-title elementor-size-default\">Mourir \u00e0 l\u2019h\u00f4pital : un enjeu humain, \u00e9thique et institutionnel<\/h2>\t\t\t\t<\/div>\n\t\t\t\t<\/div>\n\t\t\t\t\t<\/div>\n\t\t\t\t<\/div>\n\t\t<div data-particle_enable=\"false\" data-particle-mobile-disabled=\"false\" class=\"elementor-element elementor-element-57ebce3 e-flex e-con-boxed e-con e-parent\" data-id=\"57ebce3\" data-element_type=\"container\" data-settings=\"{&quot;jet_parallax_layout_list&quot;:[]}\">\n\t\t\t\t\t<div class=\"e-con-inner\">\n\t\t\t\t<div class=\"elementor-element elementor-element-ff0e28f elementor-widget elementor-widget-text-editor\" data-id=\"ff0e28f\" data-element_type=\"widget\" data-widget_type=\"text-editor.default\">\n\t\t\t\t<div class=\"elementor-widget-container\">\n\t\t\t\t\t\t\t\t\t<p data-start=\"307\" data-end=\"1311\">Le rapport de l\u2019Inspection G\u00e9n\u00e9rale des Affaires Sociales sur <strong data-start=\"369\" data-end=\"392\">la mort \u00e0 l\u2019h\u00f4pital<\/strong> (RM2009-124P) met en lumi\u00e8re une r\u00e9alit\u00e9 persistante : plus d\u2019un Fran\u00e7ais sur deux meurt \u00e0 l\u2019h\u00f4pital, souvent dans des conditions encore inadapt\u00e9es \u00e0 une fin de vie apais\u00e9e. L\u2019\u00e9tude r\u00e9v\u00e8le que la <strong data-start=\"589\" data-end=\"635\">mort hospitali\u00e8re reste largement occult\u00e9e<\/strong>, per\u00e7ue comme un \u00e9chec m\u00e9dical plus que comme une \u00e9tape \u00e0 accompagner. Pourtant, la dignit\u00e9 du patient, l\u2019accueil des familles et la reconnaissance du r\u00f4le des soignants constituent des dimensions essentielles de la mission hospitali\u00e8re. Le rapport appelle \u00e0 <strong data-start=\"895\" data-end=\"970\">une v\u00e9ritable prise en compte de la mort dans les missions de l\u2019h\u00f4pital<\/strong>, \u00e0 l\u2019humanisation des services d\u2019urgence et de r\u00e9animation, et \u00e0 une meilleure articulation entre soins palliatifs, accompagnement des proches et soutien des \u00e9quipes soignantes. En redonnant sens \u00e0 la fin de vie \u00e0 l\u2019h\u00f4pital, c\u2019est toute la relation de soin et de confiance entre les patients, les familles et les soignants qui peut \u00e9voluer.<\/p>\t\t\t\t\t\t\t\t<\/div>\n\t\t\t\t<\/div>\n\t\t\t\t<div class=\"elementor-element elementor-element-230cc89 elementor-align-center elementor-widget elementor-widget-button\" data-id=\"230cc89\" data-element_type=\"widget\" data-widget_type=\"button.default\">\n\t\t\t\t<div class=\"elementor-widget-container\">\n\t\t\t\t\t\t\t\t\t<div class=\"elementor-button-wrapper\">\n\t\t\t\t\t<a class=\"elementor-button elementor-button-link elementor-size-sm\" href=\"https:\/\/www.lessurvivants.org\/soignant\/wp-content\/uploads\/sites\/2\/2025\/10\/La-mort-et-levolution-de-lhopital-les-survivants.pdf\" target=\"_blank\">\n\t\t\t\t\t\t<span class=\"elementor-button-content-wrapper\">\n\t\t\t\t\t\t\t\t\t<span class=\"elementor-button-text\">Consultez le document<\/span>\n\t\t\t\t\t<\/span>\n\t\t\t\t\t<\/a>\n\t\t\t\t<\/div>\n\t\t\t\t\t\t\t\t<\/div>\n\t\t\t\t<\/div>\n\t\t\t\t\t<\/div>\n\t\t\t\t<\/div>\n\t\t\t\t<\/div>\n\t\t","protected":false},"excerpt":{"rendered":"<p>La mort et l&#8217;\u00e9volution de l&#8217;h\u00f4pital La mort en milieu hospitalier est une r\u00e9alit\u00e9 omnipr\u00e9sente qui suscite de nombreuses interrogations \u00e9thiques, organisationnelles et humaines. Avec pr\u00e8s de 80 % des d\u00e9c\u00e8s survenant \u00e0 l\u2019h\u00f4pital, dont la majorit\u00e9 en dehors des unit\u00e9s de soins palliatifs, il est essentiel de comprendre comment l\u2019h\u00f4pital a \u00e9volu\u00e9 face \u00e0 [&hellip;]<\/p>\n","protected":false},"author":1,"featured_media":0,"parent":0,"menu_order":0,"comment_status":"closed","ping_status":"closed","template":"","meta":{"footnotes":""},"categories":[7],"tags":[],"class_list":["post-1000","page","type-page","status-publish","hentry","category-espace-soignant"],"yoast_head":"<!-- This site is optimized with the Yoast SEO Premium plugin v25.5 (Yoast SEO v25.5) - https:\/\/yoast.com\/wordpress\/plugins\/seo\/ -->\n<title>La mort et l\u2019\u00e9volution de l\u2019h\u00f4pital - Espace soignant<\/title>\n<meta name=\"robots\" content=\"index, follow, max-snippet:-1, max-image-preview:large, max-video-preview:-1\" \/>\n<link rel=\"canonical\" href=\"https:\/\/www.lessurvivants.org\/soignant\/la-mort-et-levolution-de-lhopital\/\" \/>\n<meta property=\"og:locale\" content=\"fr_FR\" \/>\n<meta property=\"og:type\" content=\"article\" \/>\n<meta property=\"og:title\" content=\"La mort et l\u2019\u00e9volution de l\u2019h\u00f4pital\" \/>\n<meta property=\"og:description\" content=\"La mort et l&#8217;\u00e9volution de l&#8217;h\u00f4pital La mort en milieu hospitalier est une r\u00e9alit\u00e9 omnipr\u00e9sente qui suscite de nombreuses interrogations \u00e9thiques, organisationnelles et humaines. Avec pr\u00e8s de 80 % des d\u00e9c\u00e8s survenant \u00e0 l\u2019h\u00f4pital, dont la majorit\u00e9 en dehors des unit\u00e9s de soins palliatifs, il est essentiel de comprendre comment l\u2019h\u00f4pital a \u00e9volu\u00e9 face \u00e0 [&hellip;]\" \/>\n<meta property=\"og:url\" content=\"https:\/\/www.lessurvivants.org\/soignant\/la-mort-et-levolution-de-lhopital\/\" \/>\n<meta property=\"og:site_name\" content=\"Espace soignant\" \/>\n<meta property=\"article:modified_time\" content=\"2025-10-28T17:17:15+00:00\" \/>\n<meta property=\"og:image\" content=\"https:\/\/www.lessurvivants.org\/wp-content\/uploads\/2025\/03\/La-mort-et-l-evolution-de-l-hopital-les-survivants.png\" \/>\n\t<meta property=\"og:image:width\" content=\"938\" \/>\n\t<meta property=\"og:image:height\" content=\"938\" \/>\n\t<meta property=\"og:image:type\" content=\"image\/png\" \/>\n<meta name=\"twitter:card\" content=\"summary_large_image\" \/>\n<meta name=\"twitter:label1\" content=\"Dur\u00e9e de lecture estim\u00e9e\" \/>\n\t<meta name=\"twitter:data1\" content=\"6 minutes\" \/>\n<script type=\"application\/ld+json\" class=\"yoast-schema-graph\">{\"@context\":\"https:\/\/schema.org\",\"@graph\":[{\"@type\":\"WebPage\",\"@id\":\"https:\/\/www.lessurvivants.org\/soignant\/la-mort-et-levolution-de-lhopital\/\",\"url\":\"https:\/\/www.lessurvivants.org\/soignant\/la-mort-et-levolution-de-lhopital\/\",\"name\":\"La mort et l\u2019\u00e9volution de l\u2019h\u00f4pital - Espace soignant\",\"isPartOf\":{\"@id\":\"https:\/\/www.lessurvivants.org\/soignant\/#website\"},\"primaryImageOfPage\":{\"@id\":\"https:\/\/www.lessurvivants.org\/soignant\/la-mort-et-levolution-de-lhopital\/#primaryimage\"},\"image\":{\"@id\":\"https:\/\/www.lessurvivants.org\/soignant\/la-mort-et-levolution-de-lhopital\/#primaryimage\"},\"thumbnailUrl\":\"https:\/\/www.lessurvivants.org\/wp-content\/uploads\/2025\/03\/La-mort-et-l-evolution-de-l-hopital-les-survivants-300x300.png\",\"datePublished\":\"2025-03-10T14:13:37+00:00\",\"dateModified\":\"2025-10-28T17:17:15+00:00\",\"breadcrumb\":{\"@id\":\"https:\/\/www.lessurvivants.org\/soignant\/la-mort-et-levolution-de-lhopital\/#breadcrumb\"},\"inLanguage\":\"fr-FR\",\"potentialAction\":[{\"@type\":\"ReadAction\",\"target\":[\"https:\/\/www.lessurvivants.org\/soignant\/la-mort-et-levolution-de-lhopital\/\"]}]},{\"@type\":\"ImageObject\",\"inLanguage\":\"fr-FR\",\"@id\":\"https:\/\/www.lessurvivants.org\/soignant\/la-mort-et-levolution-de-lhopital\/#primaryimage\",\"url\":\"https:\/\/www.lessurvivants.org\/wp-content\/uploads\/2025\/03\/La-mort-et-l-evolution-de-l-hopital-les-survivants-300x300.png\",\"contentUrl\":\"https:\/\/www.lessurvivants.org\/wp-content\/uploads\/2025\/03\/La-mort-et-l-evolution-de-l-hopital-les-survivants-300x300.png\"},{\"@type\":\"BreadcrumbList\",\"@id\":\"https:\/\/www.lessurvivants.org\/soignant\/la-mort-et-levolution-de-lhopital\/#breadcrumb\",\"itemListElement\":[{\"@type\":\"ListItem\",\"position\":1,\"name\":\"Accueil\",\"item\":\"https:\/\/www.lessurvivants.org\/soignant\/\"},{\"@type\":\"ListItem\",\"position\":2,\"name\":\"La mort et l\u2019\u00e9volution de l\u2019h\u00f4pital\"}]},{\"@type\":\"WebSite\",\"@id\":\"https:\/\/www.lessurvivants.org\/soignant\/#website\",\"url\":\"https:\/\/www.lessurvivants.org\/soignant\/\",\"name\":\"Espace soignant\",\"description\":\"\",\"publisher\":{\"@id\":\"https:\/\/www.lessurvivants.org\/soignant\/#organization\"},\"potentialAction\":[{\"@type\":\"SearchAction\",\"target\":{\"@type\":\"EntryPoint\",\"urlTemplate\":\"https:\/\/www.lessurvivants.org\/soignant\/?s={search_term_string}\"},\"query-input\":{\"@type\":\"PropertyValueSpecification\",\"valueRequired\":true,\"valueName\":\"search_term_string\"}}],\"inLanguage\":\"fr-FR\"},{\"@type\":\"Organization\",\"@id\":\"https:\/\/www.lessurvivants.org\/soignant\/#organization\",\"name\":\"Espace soignant\",\"url\":\"https:\/\/www.lessurvivants.org\/soignant\/\",\"logo\":{\"@type\":\"ImageObject\",\"inLanguage\":\"fr-FR\",\"@id\":\"https:\/\/www.lessurvivants.org\/soignant\/#\/schema\/logo\/image\/\",\"url\":\"https:\/\/www.lessurvivants.org\/wp-content\/uploads\/2025\/03\/logo-final-les-survivants_Plan-de-travail-1.png\",\"contentUrl\":\"https:\/\/www.lessurvivants.org\/wp-content\/uploads\/2025\/03\/logo-final-les-survivants_Plan-de-travail-1.png\",\"caption\":\"Espace soignant\"},\"image\":{\"@id\":\"https:\/\/www.lessurvivants.org\/soignant\/#\/schema\/logo\/image\/\"}}]}<\/script>\n<!-- \/ Yoast SEO Premium plugin. -->","yoast_head_json":{"title":"La mort et l\u2019\u00e9volution de l\u2019h\u00f4pital - Espace soignant","robots":{"index":"index","follow":"follow","max-snippet":"max-snippet:-1","max-image-preview":"max-image-preview:large","max-video-preview":"max-video-preview:-1"},"canonical":"https:\/\/www.lessurvivants.org\/soignant\/la-mort-et-levolution-de-lhopital\/","og_locale":"fr_FR","og_type":"article","og_title":"La mort et l\u2019\u00e9volution de l\u2019h\u00f4pital","og_description":"La mort et l&#8217;\u00e9volution de l&#8217;h\u00f4pital La mort en milieu hospitalier est une r\u00e9alit\u00e9 omnipr\u00e9sente qui suscite de nombreuses interrogations \u00e9thiques, organisationnelles et humaines. Avec pr\u00e8s de 80 % des d\u00e9c\u00e8s survenant \u00e0 l\u2019h\u00f4pital, dont la majorit\u00e9 en dehors des unit\u00e9s de soins palliatifs, il est essentiel de comprendre comment l\u2019h\u00f4pital a \u00e9volu\u00e9 face \u00e0 [&hellip;]","og_url":"https:\/\/www.lessurvivants.org\/soignant\/la-mort-et-levolution-de-lhopital\/","og_site_name":"Espace soignant","article_modified_time":"2025-10-28T17:17:15+00:00","og_image":[{"url":"https:\/\/www.lessurvivants.org\/wp-content\/uploads\/2025\/03\/La-mort-et-l-evolution-de-l-hopital-les-survivants.png","width":938,"height":938,"type":"image\/png"}],"twitter_card":"summary_large_image","twitter_misc":{"Dur\u00e9e de lecture estim\u00e9e":"6 minutes"},"schema":{"@context":"https:\/\/schema.org","@graph":[{"@type":"WebPage","@id":"https:\/\/www.lessurvivants.org\/soignant\/la-mort-et-levolution-de-lhopital\/","url":"https:\/\/www.lessurvivants.org\/soignant\/la-mort-et-levolution-de-lhopital\/","name":"La mort et l\u2019\u00e9volution de l\u2019h\u00f4pital - Espace soignant","isPartOf":{"@id":"https:\/\/www.lessurvivants.org\/soignant\/#website"},"primaryImageOfPage":{"@id":"https:\/\/www.lessurvivants.org\/soignant\/la-mort-et-levolution-de-lhopital\/#primaryimage"},"image":{"@id":"https:\/\/www.lessurvivants.org\/soignant\/la-mort-et-levolution-de-lhopital\/#primaryimage"},"thumbnailUrl":"https:\/\/www.lessurvivants.org\/wp-content\/uploads\/2025\/03\/La-mort-et-l-evolution-de-l-hopital-les-survivants-300x300.png","datePublished":"2025-03-10T14:13:37+00:00","dateModified":"2025-10-28T17:17:15+00:00","breadcrumb":{"@id":"https:\/\/www.lessurvivants.org\/soignant\/la-mort-et-levolution-de-lhopital\/#breadcrumb"},"inLanguage":"fr-FR","potentialAction":[{"@type":"ReadAction","target":["https:\/\/www.lessurvivants.org\/soignant\/la-mort-et-levolution-de-lhopital\/"]}]},{"@type":"ImageObject","inLanguage":"fr-FR","@id":"https:\/\/www.lessurvivants.org\/soignant\/la-mort-et-levolution-de-lhopital\/#primaryimage","url":"https:\/\/www.lessurvivants.org\/wp-content\/uploads\/2025\/03\/La-mort-et-l-evolution-de-l-hopital-les-survivants-300x300.png","contentUrl":"https:\/\/www.lessurvivants.org\/wp-content\/uploads\/2025\/03\/La-mort-et-l-evolution-de-l-hopital-les-survivants-300x300.png"},{"@type":"BreadcrumbList","@id":"https:\/\/www.lessurvivants.org\/soignant\/la-mort-et-levolution-de-lhopital\/#breadcrumb","itemListElement":[{"@type":"ListItem","position":1,"name":"Accueil","item":"https:\/\/www.lessurvivants.org\/soignant\/"},{"@type":"ListItem","position":2,"name":"La mort et l\u2019\u00e9volution de l\u2019h\u00f4pital"}]},{"@type":"WebSite","@id":"https:\/\/www.lessurvivants.org\/soignant\/#website","url":"https:\/\/www.lessurvivants.org\/soignant\/","name":"Espace soignant","description":"","publisher":{"@id":"https:\/\/www.lessurvivants.org\/soignant\/#organization"},"potentialAction":[{"@type":"SearchAction","target":{"@type":"EntryPoint","urlTemplate":"https:\/\/www.lessurvivants.org\/soignant\/?s={search_term_string}"},"query-input":{"@type":"PropertyValueSpecification","valueRequired":true,"valueName":"search_term_string"}}],"inLanguage":"fr-FR"},{"@type":"Organization","@id":"https:\/\/www.lessurvivants.org\/soignant\/#organization","name":"Espace soignant","url":"https:\/\/www.lessurvivants.org\/soignant\/","logo":{"@type":"ImageObject","inLanguage":"fr-FR","@id":"https:\/\/www.lessurvivants.org\/soignant\/#\/schema\/logo\/image\/","url":"https:\/\/www.lessurvivants.org\/wp-content\/uploads\/2025\/03\/logo-final-les-survivants_Plan-de-travail-1.png","contentUrl":"https:\/\/www.lessurvivants.org\/wp-content\/uploads\/2025\/03\/logo-final-les-survivants_Plan-de-travail-1.png","caption":"Espace soignant"},"image":{"@id":"https:\/\/www.lessurvivants.org\/soignant\/#\/schema\/logo\/image\/"}}]}},"_links":{"self":[{"href":"https:\/\/www.lessurvivants.org\/soignant\/wp-json\/wp\/v2\/pages\/1000","targetHints":{"allow":["GET"]}}],"collection":[{"href":"https:\/\/www.lessurvivants.org\/soignant\/wp-json\/wp\/v2\/pages"}],"about":[{"href":"https:\/\/www.lessurvivants.org\/soignant\/wp-json\/wp\/v2\/types\/page"}],"author":[{"embeddable":true,"href":"https:\/\/www.lessurvivants.org\/soignant\/wp-json\/wp\/v2\/users\/1"}],"replies":[{"embeddable":true,"href":"https:\/\/www.lessurvivants.org\/soignant\/wp-json\/wp\/v2\/comments?post=1000"}],"version-history":[{"count":16,"href":"https:\/\/www.lessurvivants.org\/soignant\/wp-json\/wp\/v2\/pages\/1000\/revisions"}],"predecessor-version":[{"id":2097,"href":"https:\/\/www.lessurvivants.org\/soignant\/wp-json\/wp\/v2\/pages\/1000\/revisions\/2097"}],"wp:attachment":[{"href":"https:\/\/www.lessurvivants.org\/soignant\/wp-json\/wp\/v2\/media?parent=1000"}],"wp:term":[{"taxonomy":"category","embeddable":true,"href":"https:\/\/www.lessurvivants.org\/soignant\/wp-json\/wp\/v2\/categories?post=1000"},{"taxonomy":"post_tag","embeddable":true,"href":"https:\/\/www.lessurvivants.org\/soignant\/wp-json\/wp\/v2\/tags?post=1000"}],"curies":[{"name":"wp","href":"https:\/\/api.w.org\/{rel}","templated":true}]}}