{"id":1011,"date":"2025-03-10T15:15:50","date_gmt":"2025-03-10T14:15:50","guid":{"rendered":"https:\/\/www.lessurvivants.org\/soignant\/?page_id=1011"},"modified":"2025-10-29T15:47:16","modified_gmt":"2025-10-29T14:47:16","slug":"pourquoi-les-directives-anticipees","status":"publish","type":"page","link":"https:\/\/www.lessurvivants.org\/soignant\/pourquoi-les-directives-anticipees\/","title":{"rendered":"Pourquoi les directives anticip\u00e9es"},"content":{"rendered":"\t\t<div data-elementor-type=\"wp-page\" data-elementor-id=\"1011\" class=\"elementor elementor-1011\" data-elementor-post-type=\"page\">\n\t\t\t\t<div data-particle_enable=\"false\" data-particle-mobile-disabled=\"false\" class=\"elementor-element elementor-element-524c19c e-flex e-con-boxed e-con e-parent\" data-id=\"524c19c\" data-element_type=\"container\" data-settings=\"{&quot;jet_parallax_layout_list&quot;:[]}\">\n\t\t\t\t\t<div class=\"e-con-inner\">\n\t\t\t\t<div class=\"elementor-element elementor-element-eb43be8 elementor-widget elementor-widget-heading\" data-id=\"eb43be8\" data-element_type=\"widget\" data-widget_type=\"heading.default\">\n\t\t\t\t<div class=\"elementor-widget-container\">\n\t\t\t\t\t<h1 class=\"elementor-heading-title elementor-size-default\">Pourquoi les directives anticip\u00e9es ?<\/h1>\t\t\t\t<\/div>\n\t\t\t\t<\/div>\n\t\t\t\t\t<\/div>\n\t\t\t\t<\/div>\n\t\t<div data-particle_enable=\"false\" data-particle-mobile-disabled=\"false\" class=\"elementor-element elementor-element-cb0ec07 e-flex e-con-boxed e-con e-parent\" data-id=\"cb0ec07\" data-element_type=\"container\" data-settings=\"{&quot;jet_parallax_layout_list&quot;:[]}\">\n\t\t\t\t\t<div class=\"e-con-inner\">\n\t\t\t\t<div class=\"elementor-element elementor-element-f8f8535 elementor-widget elementor-widget-text-editor\" data-id=\"f8f8535\" data-element_type=\"widget\" data-widget_type=\"text-editor.default\">\n\t\t\t\t<div class=\"elementor-widget-container\">\n\t\t\t\t\t\t\t\t\t<p data-start=\"9563\" data-end=\"9820\">Les <strong data-start=\"9567\" data-end=\"9592\">directives anticip\u00e9es<\/strong> permettent \u00e0 chaque patient d\u2019exprimer \u00e0 l\u2019avance ses souhaits pour sa fin de vie.<br data-start=\"9675\" data-end=\"9678\" \/>Pour les <strong data-start=\"9687\" data-end=\"9700\">soignants<\/strong>, elles sont une boussole pr\u00e9cieuse : elles orientent les d\u00e9cisions m\u00e9dicales tout en respectant la parole du patient.<\/p>\t\t\t\t\t\t\t\t<\/div>\n\t\t\t\t<\/div>\n\t\t\t\t\t<\/div>\n\t\t\t\t<\/div>\n\t\t<div data-particle_enable=\"false\" data-particle-mobile-disabled=\"false\" class=\"elementor-element elementor-element-907c71f e-flex e-con-boxed e-con e-parent\" data-id=\"907c71f\" data-element_type=\"container\" data-settings=\"{&quot;jet_parallax_layout_list&quot;:[]}\">\n\t\t\t\t\t<div class=\"e-con-inner\">\n\t\t\t\t<div class=\"elementor-element elementor-element-f5d1cc8 elementor-widget elementor-widget-heading\" data-id=\"f5d1cc8\" data-element_type=\"widget\" data-widget_type=\"heading.default\">\n\t\t\t\t<div class=\"elementor-widget-container\">\n\t\t\t\t\t<h2 class=\"elementor-heading-title elementor-size-default\">Les directives anticip\u00e9es : une libert\u00e9 pour le patient<\/h2>\t\t\t\t<\/div>\n\t\t\t\t<\/div>\n\t\t\t\t<div class=\"elementor-element elementor-element-cc5451b elementor-widget elementor-widget-text-editor\" data-id=\"cc5451b\" data-element_type=\"widget\" data-widget_type=\"text-editor.default\">\n\t\t\t\t<div class=\"elementor-widget-container\">\n\t\t\t\t\t\t\t\t\t<p data-start=\"9894\" data-end=\"10129\">Cr\u00e9\u00e9es par la <strong data-start=\"9908\" data-end=\"9931\">loi L\u00e9onetti (2005)<\/strong>, renforc\u00e9es en 2016, elles affirment le droit du patient \u00e0 choisir.<br data-start=\"9999\" data-end=\"10002\" \/>Elles favorisent une <strong data-start=\"10023\" data-end=\"10045\">autonomie \u00e9clair\u00e9e<\/strong>, r\u00e9duisent les malentendus et soulagent les \u00e9quipes dans les situations de crise.<\/p>\t\t\t\t\t\t\t\t<\/div>\n\t\t\t\t<\/div>\n\t\t\t\t\t<\/div>\n\t\t\t\t<\/div>\n\t\t<div data-particle_enable=\"false\" data-particle-mobile-disabled=\"false\" class=\"elementor-element elementor-element-5cd1a37 e-flex e-con-boxed e-con e-parent\" data-id=\"5cd1a37\" data-element_type=\"container\" data-settings=\"{&quot;jet_parallax_layout_list&quot;:[]}\">\n\t\t\t\t\t<div class=\"e-con-inner\">\n\t\t\t\t<div class=\"elementor-element elementor-element-82d1573 elementor-widget elementor-widget-heading\" data-id=\"82d1573\" data-element_type=\"widget\" data-widget_type=\"heading.default\">\n\t\t\t\t<div class=\"elementor-widget-container\">\n\t\t\t\t\t<h2 class=\"elementor-heading-title elementor-size-default\">Le r\u00f4le du soignant : m\u00e9diateur et accompagnant<\/h2>\t\t\t\t<\/div>\n\t\t\t\t<\/div>\n\t\t\t\t<div class=\"elementor-element elementor-element-891fa8a elementor-widget elementor-widget-text-editor\" data-id=\"891fa8a\" data-element_type=\"widget\" data-widget_type=\"text-editor.default\">\n\t\t\t\t<div class=\"elementor-widget-container\">\n\t\t\t\t\t\t\t\t\t<p data-start=\"10195\" data-end=\"10502\">Les <strong data-start=\"10199\" data-end=\"10212\">soignants<\/strong> ne se contentent pas d\u2019appliquer les directives : ils les expliquent, les contextualisent, les traduisent.<br data-start=\"10319\" data-end=\"10322\" \/>Leur r\u00f4le est d\u2019ouvrir un espace de parole, d\u2019\u00e9coute et de confiance.<br data-start=\"10391\" data-end=\"10394\" \/>Selon la HAS (2020), la qualit\u00e9 du dialogue autour des directives conditionne la qualit\u00e9 de la fin de vie.<\/p>\t\t\t\t\t\t\t\t<\/div>\n\t\t\t\t<\/div>\n\t\t\t\t\t<\/div>\n\t\t\t\t<\/div>\n\t\t<div data-particle_enable=\"false\" data-particle-mobile-disabled=\"false\" class=\"elementor-element elementor-element-4594d75 e-flex e-con-boxed e-con e-parent\" data-id=\"4594d75\" data-element_type=\"container\" data-settings=\"{&quot;jet_parallax_layout_list&quot;:[]}\">\n\t\t\t\t\t<div class=\"e-con-inner\">\n\t\t\t\t<div class=\"elementor-element elementor-element-f29437a elementor-widget elementor-widget-heading\" data-id=\"f29437a\" data-element_type=\"widget\" data-widget_type=\"heading.default\">\n\t\t\t\t<div class=\"elementor-widget-container\">\n\t\t\t\t\t<h2 class=\"elementor-heading-title elementor-size-default\">Limites et enjeux \u00e9thiques<\/h2>\t\t\t\t<\/div>\n\t\t\t\t<\/div>\n\t\t\t\t<div class=\"elementor-element elementor-element-b425160 elementor-widget elementor-widget-text-editor\" data-id=\"b425160\" data-element_type=\"widget\" data-widget_type=\"text-editor.default\">\n\t\t\t\t<div class=\"elementor-widget-container\">\n\t\t\t\t\t\t\t\t\t<p data-start=\"10547\" data-end=\"10780\">Les <strong data-start=\"10551\" data-end=\"10576\">directives anticip\u00e9es<\/strong> ne couvrent pas toutes les situations.<br data-start=\"10615\" data-end=\"10618\" \/>Elles doivent \u00eatre comprises comme un cadre de dialogue, non comme un ordre fig\u00e9.<br data-start=\"10699\" data-end=\"10702\" \/>Elles rappellent que la d\u00e9cision \u00e9thique reste vivante, partag\u00e9e, \u00e9volutive.<\/p><p data-start=\"10547\" data-end=\"10780\">\u00a0<\/p><p data-start=\"10804\" data-end=\"11036\">Pour les soignants, les <strong data-start=\"10828\" data-end=\"10853\">directives anticip\u00e9es<\/strong> ne sont pas une contrainte : elles sont un soutien.<br data-start=\"10905\" data-end=\"10908\" \/>Elles donnent du sens au soin, renforcent la confiance et permettent de respecter la dignit\u00e9 du patient jusque dans ses choix.<\/p>\t\t\t\t\t\t\t\t<\/div>\n\t\t\t\t<\/div>\n\t\t\t\t\t<\/div>\n\t\t\t\t<\/div>\n\t\t\t\t<\/div>\n\t\t","protected":false},"excerpt":{"rendered":"<p>Pourquoi les directives anticip\u00e9es ? Les directives anticip\u00e9es permettent \u00e0 chaque patient d\u2019exprimer \u00e0 l\u2019avance ses souhaits pour sa fin de vie.Pour les soignants, elles sont une boussole pr\u00e9cieuse : elles orientent les d\u00e9cisions m\u00e9dicales tout en respectant la parole du patient. Les directives anticip\u00e9es : une libert\u00e9 pour le patient Cr\u00e9\u00e9es par la loi [&hellip;]<\/p>\n","protected":false},"author":1,"featured_media":0,"parent":0,"menu_order":0,"comment_status":"closed","ping_status":"closed","template":"","meta":{"footnotes":""},"categories":[7],"tags":[],"class_list":["post-1011","page","type-page","status-publish","hentry","category-espace-soignant"],"yoast_head":"<!-- This site is optimized with the Yoast SEO Premium plugin v25.5 (Yoast SEO v25.5) - https:\/\/yoast.com\/wordpress\/plugins\/seo\/ -->\n<title>Pourquoi les directives anticip\u00e9es ? Outil \u00e9thique pour les soignants<\/title>\n<meta name=\"description\" content=\"Comprendre le r\u00f4le des directives anticip\u00e9es : un outil d\u2019\u00e9coute, de respect de la volont\u00e9 du patient et de soutien aux soignants.\" \/>\n<meta name=\"robots\" content=\"index, follow, max-snippet:-1, max-image-preview:large, max-video-preview:-1\" \/>\n<link rel=\"canonical\" href=\"https:\/\/www.lessurvivants.org\/soignant\/pourquoi-les-directives-anticipees\/\" \/>\n<meta property=\"og:locale\" content=\"fr_FR\" \/>\n<meta property=\"og:type\" content=\"article\" \/>\n<meta property=\"og:title\" content=\"Pourquoi les directives anticip\u00e9es\" \/>\n<meta property=\"og:description\" content=\"Comprendre le r\u00f4le des directives anticip\u00e9es : un outil d\u2019\u00e9coute, de respect de la volont\u00e9 du patient et de soutien aux soignants.\" \/>\n<meta property=\"og:url\" content=\"https:\/\/www.lessurvivants.org\/soignant\/pourquoi-les-directives-anticipees\/\" \/>\n<meta property=\"og:site_name\" content=\"Espace soignant\" \/>\n<meta property=\"article:modified_time\" content=\"2025-10-29T14:47:16+00:00\" \/>\n<meta name=\"twitter:card\" content=\"summary_large_image\" \/>\n<meta name=\"twitter:label1\" content=\"Dur\u00e9e de lecture estim\u00e9e\" \/>\n\t<meta name=\"twitter:data1\" content=\"2 minutes\" \/>\n<script type=\"application\/ld+json\" class=\"yoast-schema-graph\">{\"@context\":\"https:\/\/schema.org\",\"@graph\":[{\"@type\":\"WebPage\",\"@id\":\"https:\/\/www.lessurvivants.org\/soignant\/pourquoi-les-directives-anticipees\/\",\"url\":\"https:\/\/www.lessurvivants.org\/soignant\/pourquoi-les-directives-anticipees\/\",\"name\":\"Pourquoi les directives anticip\u00e9es ? Outil \u00e9thique pour les soignants\",\"isPartOf\":{\"@id\":\"https:\/\/www.lessurvivants.org\/soignant\/#website\"},\"datePublished\":\"2025-03-10T14:15:50+00:00\",\"dateModified\":\"2025-10-29T14:47:16+00:00\",\"description\":\"Comprendre le r\u00f4le des directives anticip\u00e9es : un outil d\u2019\u00e9coute, de respect de la volont\u00e9 du patient et de soutien aux soignants.\",\"breadcrumb\":{\"@id\":\"https:\/\/www.lessurvivants.org\/soignant\/pourquoi-les-directives-anticipees\/#breadcrumb\"},\"inLanguage\":\"fr-FR\",\"potentialAction\":[{\"@type\":\"ReadAction\",\"target\":[\"https:\/\/www.lessurvivants.org\/soignant\/pourquoi-les-directives-anticipees\/\"]}]},{\"@type\":\"BreadcrumbList\",\"@id\":\"https:\/\/www.lessurvivants.org\/soignant\/pourquoi-les-directives-anticipees\/#breadcrumb\",\"itemListElement\":[{\"@type\":\"ListItem\",\"position\":1,\"name\":\"Accueil\",\"item\":\"https:\/\/www.lessurvivants.org\/soignant\/\"},{\"@type\":\"ListItem\",\"position\":2,\"name\":\"Pourquoi les directives anticip\u00e9es\"}]},{\"@type\":\"WebSite\",\"@id\":\"https:\/\/www.lessurvivants.org\/soignant\/#website\",\"url\":\"https:\/\/www.lessurvivants.org\/soignant\/\",\"name\":\"Espace soignant\",\"description\":\"\",\"publisher\":{\"@id\":\"https:\/\/www.lessurvivants.org\/soignant\/#organization\"},\"potentialAction\":[{\"@type\":\"SearchAction\",\"target\":{\"@type\":\"EntryPoint\",\"urlTemplate\":\"https:\/\/www.lessurvivants.org\/soignant\/?s={search_term_string}\"},\"query-input\":{\"@type\":\"PropertyValueSpecification\",\"valueRequired\":true,\"valueName\":\"search_term_string\"}}],\"inLanguage\":\"fr-FR\"},{\"@type\":\"Organization\",\"@id\":\"https:\/\/www.lessurvivants.org\/soignant\/#organization\",\"name\":\"Espace soignant\",\"url\":\"https:\/\/www.lessurvivants.org\/soignant\/\",\"logo\":{\"@type\":\"ImageObject\",\"inLanguage\":\"fr-FR\",\"@id\":\"https:\/\/www.lessurvivants.org\/soignant\/#\/schema\/logo\/image\/\",\"url\":\"https:\/\/www.lessurvivants.org\/wp-content\/uploads\/2025\/03\/logo-final-les-survivants_Plan-de-travail-1.png\",\"contentUrl\":\"https:\/\/www.lessurvivants.org\/wp-content\/uploads\/2025\/03\/logo-final-les-survivants_Plan-de-travail-1.png\",\"caption\":\"Espace soignant\"},\"image\":{\"@id\":\"https:\/\/www.lessurvivants.org\/soignant\/#\/schema\/logo\/image\/\"}}]}<\/script>\n<!-- \/ Yoast SEO Premium plugin. -->","yoast_head_json":{"title":"Pourquoi les directives anticip\u00e9es ? Outil \u00e9thique pour les soignants","description":"Comprendre le r\u00f4le des directives anticip\u00e9es : un outil d\u2019\u00e9coute, de respect de la volont\u00e9 du patient et de soutien aux soignants.","robots":{"index":"index","follow":"follow","max-snippet":"max-snippet:-1","max-image-preview":"max-image-preview:large","max-video-preview":"max-video-preview:-1"},"canonical":"https:\/\/www.lessurvivants.org\/soignant\/pourquoi-les-directives-anticipees\/","og_locale":"fr_FR","og_type":"article","og_title":"Pourquoi les directives anticip\u00e9es","og_description":"Comprendre le r\u00f4le des directives anticip\u00e9es : un outil d\u2019\u00e9coute, de respect de la volont\u00e9 du patient et de soutien aux soignants.","og_url":"https:\/\/www.lessurvivants.org\/soignant\/pourquoi-les-directives-anticipees\/","og_site_name":"Espace soignant","article_modified_time":"2025-10-29T14:47:16+00:00","twitter_card":"summary_large_image","twitter_misc":{"Dur\u00e9e de lecture estim\u00e9e":"2 minutes"},"schema":{"@context":"https:\/\/schema.org","@graph":[{"@type":"WebPage","@id":"https:\/\/www.lessurvivants.org\/soignant\/pourquoi-les-directives-anticipees\/","url":"https:\/\/www.lessurvivants.org\/soignant\/pourquoi-les-directives-anticipees\/","name":"Pourquoi les directives anticip\u00e9es ? Outil \u00e9thique pour les soignants","isPartOf":{"@id":"https:\/\/www.lessurvivants.org\/soignant\/#website"},"datePublished":"2025-03-10T14:15:50+00:00","dateModified":"2025-10-29T14:47:16+00:00","description":"Comprendre le r\u00f4le des directives anticip\u00e9es : un outil d\u2019\u00e9coute, de respect de la volont\u00e9 du patient et de soutien aux soignants.","breadcrumb":{"@id":"https:\/\/www.lessurvivants.org\/soignant\/pourquoi-les-directives-anticipees\/#breadcrumb"},"inLanguage":"fr-FR","potentialAction":[{"@type":"ReadAction","target":["https:\/\/www.lessurvivants.org\/soignant\/pourquoi-les-directives-anticipees\/"]}]},{"@type":"BreadcrumbList","@id":"https:\/\/www.lessurvivants.org\/soignant\/pourquoi-les-directives-anticipees\/#breadcrumb","itemListElement":[{"@type":"ListItem","position":1,"name":"Accueil","item":"https:\/\/www.lessurvivants.org\/soignant\/"},{"@type":"ListItem","position":2,"name":"Pourquoi les directives anticip\u00e9es"}]},{"@type":"WebSite","@id":"https:\/\/www.lessurvivants.org\/soignant\/#website","url":"https:\/\/www.lessurvivants.org\/soignant\/","name":"Espace soignant","description":"","publisher":{"@id":"https:\/\/www.lessurvivants.org\/soignant\/#organization"},"potentialAction":[{"@type":"SearchAction","target":{"@type":"EntryPoint","urlTemplate":"https:\/\/www.lessurvivants.org\/soignant\/?s={search_term_string}"},"query-input":{"@type":"PropertyValueSpecification","valueRequired":true,"valueName":"search_term_string"}}],"inLanguage":"fr-FR"},{"@type":"Organization","@id":"https:\/\/www.lessurvivants.org\/soignant\/#organization","name":"Espace soignant","url":"https:\/\/www.lessurvivants.org\/soignant\/","logo":{"@type":"ImageObject","inLanguage":"fr-FR","@id":"https:\/\/www.lessurvivants.org\/soignant\/#\/schema\/logo\/image\/","url":"https:\/\/www.lessurvivants.org\/wp-content\/uploads\/2025\/03\/logo-final-les-survivants_Plan-de-travail-1.png","contentUrl":"https:\/\/www.lessurvivants.org\/wp-content\/uploads\/2025\/03\/logo-final-les-survivants_Plan-de-travail-1.png","caption":"Espace soignant"},"image":{"@id":"https:\/\/www.lessurvivants.org\/soignant\/#\/schema\/logo\/image\/"}}]}},"_links":{"self":[{"href":"https:\/\/www.lessurvivants.org\/soignant\/wp-json\/wp\/v2\/pages\/1011","targetHints":{"allow":["GET"]}}],"collection":[{"href":"https:\/\/www.lessurvivants.org\/soignant\/wp-json\/wp\/v2\/pages"}],"about":[{"href":"https:\/\/www.lessurvivants.org\/soignant\/wp-json\/wp\/v2\/types\/page"}],"author":[{"embeddable":true,"href":"https:\/\/www.lessurvivants.org\/soignant\/wp-json\/wp\/v2\/users\/1"}],"replies":[{"embeddable":true,"href":"https:\/\/www.lessurvivants.org\/soignant\/wp-json\/wp\/v2\/comments?post=1011"}],"version-history":[{"count":6,"href":"https:\/\/www.lessurvivants.org\/soignant\/wp-json\/wp\/v2\/pages\/1011\/revisions"}],"predecessor-version":[{"id":2164,"href":"https:\/\/www.lessurvivants.org\/soignant\/wp-json\/wp\/v2\/pages\/1011\/revisions\/2164"}],"wp:attachment":[{"href":"https:\/\/www.lessurvivants.org\/soignant\/wp-json\/wp\/v2\/media?parent=1011"}],"wp:term":[{"taxonomy":"category","embeddable":true,"href":"https:\/\/www.lessurvivants.org\/soignant\/wp-json\/wp\/v2\/categories?post=1011"},{"taxonomy":"post_tag","embeddable":true,"href":"https:\/\/www.lessurvivants.org\/soignant\/wp-json\/wp\/v2\/tags?post=1011"}],"curies":[{"name":"wp","href":"https:\/\/api.w.org\/{rel}","templated":true}]}}