{"id":1013,"date":"2025-03-10T15:16:03","date_gmt":"2025-03-10T14:16:03","guid":{"rendered":"https:\/\/www.lessurvivants.org\/soignant\/?page_id=1013"},"modified":"2025-10-29T15:19:53","modified_gmt":"2025-10-29T14:19:53","slug":"accompagner-ou-sauver","status":"publish","type":"page","link":"https:\/\/www.lessurvivants.org\/soignant\/accompagner-ou-sauver\/","title":{"rendered":"Accompagner ou Sauver ?"},"content":{"rendered":"\t\t<div data-elementor-type=\"wp-page\" data-elementor-id=\"1013\" class=\"elementor elementor-1013\" data-elementor-post-type=\"page\">\n\t\t\t\t<div data-particle_enable=\"false\" data-particle-mobile-disabled=\"false\" class=\"elementor-element elementor-element-0ee5530 e-flex e-con-boxed e-con e-parent\" data-id=\"0ee5530\" data-element_type=\"container\" data-settings=\"{&quot;jet_parallax_layout_list&quot;:[]}\">\n\t\t\t\t\t<div class=\"e-con-inner\">\n\t\t\t\t<div class=\"elementor-element elementor-element-8f26673 elementor-widget elementor-widget-heading\" data-id=\"8f26673\" data-element_type=\"widget\" data-widget_type=\"heading.default\">\n\t\t\t\t<div class=\"elementor-widget-container\">\n\t\t\t\t\t<h1 class=\"elementor-heading-title elementor-size-default\">Accompagner ou sauver : le dilemme du soin<\/h1>\t\t\t\t<\/div>\n\t\t\t\t<\/div>\n\t\t\t\t<div class=\"elementor-element elementor-element-9c4034a elementor-widget elementor-widget-text-editor\" data-id=\"9c4034a\" data-element_type=\"widget\" data-widget_type=\"text-editor.default\">\n\t\t\t\t<div class=\"elementor-widget-container\">\n\t\t\t\t\t\t\t\t\t<p data-start=\"7157\" data-end=\"7424\">Chaque <strong data-start=\"7164\" data-end=\"7176\">soignant<\/strong> conna\u00eet cette tension : jusqu\u2019o\u00f9 aller pour sauver ? Quand faut-il s\u2019arr\u00eater pour accompagner ?<br data-start=\"7272\" data-end=\"7275\" \/>Ce dilemme entre <strong data-start=\"7292\" data-end=\"7324\">accompagnement de fin de vie<\/strong> et <strong data-start=\"7328\" data-end=\"7352\">obligation de sauver<\/strong> r\u00e9v\u00e8le le c\u0153ur du soin : l\u2019\u00e9quilibre fragile entre science et humanit\u00e9.<\/p>\t\t\t\t\t\t\t\t<\/div>\n\t\t\t\t<\/div>\n\t\t\t\t\t<\/div>\n\t\t\t\t<\/div>\n\t\t<div data-particle_enable=\"false\" data-particle-mobile-disabled=\"false\" class=\"elementor-element elementor-element-aadc4bb e-flex e-con-boxed e-con e-parent\" data-id=\"aadc4bb\" data-element_type=\"container\" data-settings=\"{&quot;jet_parallax_layout_list&quot;:[]}\">\n\t\t\t\t\t<div class=\"e-con-inner\">\n\t\t\t\t<div class=\"elementor-element elementor-element-3c35ee8 elementor-widget elementor-widget-heading\" data-id=\"3c35ee8\" data-element_type=\"widget\" data-widget_type=\"heading.default\">\n\t\t\t\t<div class=\"elementor-widget-container\">\n\t\t\t\t\t<h2 class=\"elementor-heading-title elementor-size-default\">Le r\u00e9flexe de sauver : une identit\u00e9 professionnelle<\/h2>\t\t\t\t<\/div>\n\t\t\t\t<\/div>\n\t\t\t\t<div class=\"elementor-element elementor-element-37e5955 elementor-widget elementor-widget-text-editor\" data-id=\"37e5955\" data-element_type=\"widget\" data-widget_type=\"text-editor.default\">\n\t\t\t\t<div class=\"elementor-widget-container\">\n\t\t\t\t\t\t\t\t\t<p data-start=\"7494\" data-end=\"7801\">Le <strong data-start=\"7497\" data-end=\"7521\">r\u00e9flexe du sauvetage<\/strong> structure l\u2019identit\u00e9 soignante. Sauver, c\u2019est agir, prouver sa comp\u00e9tence, d\u00e9fendre la vie.<br data-start=\"7613\" data-end=\"7616\" \/>Mais parfois, prolonger la survie revient \u00e0 prolonger la souffrance.<br data-start=\"7684\" data-end=\"7687\" \/>Le Dr Dominique Pateron, m\u00e9decin urgentiste, rappelait : <em data-start=\"7723\" data-end=\"7799\">\u201cCe n\u2019est pas la mort qui est difficile, c\u2019est de savoir quand s\u2019arr\u00eater.\u201d<\/em><\/p>\t\t\t\t\t\t\t\t<\/div>\n\t\t\t\t<\/div>\n\t\t\t\t\t<\/div>\n\t\t\t\t<\/div>\n\t\t<div data-particle_enable=\"false\" data-particle-mobile-disabled=\"false\" class=\"elementor-element elementor-element-299d9dd e-flex e-con-boxed e-con e-parent\" data-id=\"299d9dd\" data-element_type=\"container\" data-settings=\"{&quot;jet_parallax_layout_list&quot;:[]}\">\n\t\t\t\t\t<div class=\"e-con-inner\">\n\t\t\t\t<div class=\"elementor-element elementor-element-f0b61f3 elementor-widget elementor-widget-heading\" data-id=\"f0b61f3\" data-element_type=\"widget\" data-widget_type=\"heading.default\">\n\t\t\t\t<div class=\"elementor-widget-container\">\n\t\t\t\t\t<h2 class=\"elementor-heading-title elementor-size-default\">L\u2019accompagnement : un soin actif et humaniste<\/h2>\t\t\t\t<\/div>\n\t\t\t\t<\/div>\n\t\t\t\t<div class=\"elementor-element elementor-element-226701f elementor-widget elementor-widget-text-editor\" data-id=\"226701f\" data-element_type=\"widget\" data-widget_type=\"text-editor.default\">\n\t\t\t\t<div class=\"elementor-widget-container\">\n\t\t\t\t\t\t\t\t\t<p data-start=\"7865\" data-end=\"8179\"><strong data-start=\"7865\" data-end=\"7880\">Accompagner<\/strong>, ce n\u2019est pas renoncer : c\u2019est soigner autrement.<br data-start=\"7930\" data-end=\"7933\" \/>Les <strong data-start=\"7937\" data-end=\"7957\">soins palliatifs<\/strong> ont montr\u00e9 qu\u2019apaiser la douleur, \u00e9couter, respecter la volont\u00e9 du patient sont des formes de soin \u00e0 part enti\u00e8re.<br data-start=\"8072\" data-end=\"8075\" \/>Cette approche redonne sens au m\u00e9tier de soignant et apaise les tensions entre efficacit\u00e9 et humanit\u00e9.<\/p>\t\t\t\t\t\t\t\t<\/div>\n\t\t\t\t<\/div>\n\t\t\t\t\t<\/div>\n\t\t\t\t<\/div>\n\t\t<div data-particle_enable=\"false\" data-particle-mobile-disabled=\"false\" class=\"elementor-element elementor-element-87ec94c e-flex e-con-boxed e-con e-parent\" data-id=\"87ec94c\" data-element_type=\"container\" data-settings=\"{&quot;jet_parallax_layout_list&quot;:[]}\">\n\t\t\t\t\t<div class=\"e-con-inner\">\n\t\t\t\t<div class=\"elementor-element elementor-element-7889f29 elementor-widget elementor-widget-heading\" data-id=\"7889f29\" data-element_type=\"widget\" data-widget_type=\"heading.default\">\n\t\t\t\t<div class=\"elementor-widget-container\">\n\t\t\t\t\t<h2 class=\"elementor-heading-title elementor-size-default\">Former au discernement \u00e9thique<\/h2>\t\t\t\t<\/div>\n\t\t\t\t<\/div>\n\t\t\t\t<div class=\"elementor-element elementor-element-0bc727e elementor-widget elementor-widget-text-editor\" data-id=\"0bc727e\" data-element_type=\"widget\" data-widget_type=\"text-editor.default\">\n\t\t\t\t<div class=\"elementor-widget-container\">\n\t\t\t\t\t\t\t\t\t<p data-start=\"8228\" data-end=\"8530\">La d\u00e9cision d\u2019<strong data-start=\"8242\" data-end=\"8267\">accompagner ou sauver<\/strong> n\u00e9cessite une r\u00e9flexion coll\u00e9giale.<br data-start=\"8303\" data-end=\"8306\" \/>La <strong data-start=\"8309\" data-end=\"8332\">loi L\u00e9onetti-Claeys<\/strong> et la <strong data-start=\"8339\" data-end=\"8364\">personne de confiance<\/strong> offrent un cadre, mais la sagesse collective reste essentielle.<br data-start=\"8428\" data-end=\"8431\" \/>Former les \u00e9quipes \u00e0 la d\u00e9lib\u00e9ration \u00e9thique r\u00e9duit la souffrance morale et renforce la coh\u00e9sion.<\/p><p data-start=\"8228\" data-end=\"8530\">\u00a0<\/p><p data-start=\"8228\" data-end=\"8530\">Sauver ou accompagner, c\u2019est choisir entre deux formes de fid\u00e9lit\u00e9 \u00e0 la vie.<br data-start=\"8630\" data-end=\"8633\" \/>Le <strong data-start=\"8636\" data-end=\"8654\">soignant juste<\/strong> n\u2019oppose pas ces deux gestes : il sait quand la pr\u00e9sence soigne plus que la technique.<\/p>\t\t\t\t\t\t\t\t<\/div>\n\t\t\t\t<\/div>\n\t\t\t\t\t<\/div>\n\t\t\t\t<\/div>\n\t\t\t\t<\/div>\n\t\t","protected":false},"excerpt":{"rendered":"<p>Accompagner ou sauver : le dilemme du soin Chaque soignant conna\u00eet cette tension : jusqu\u2019o\u00f9 aller pour sauver ? Quand faut-il s\u2019arr\u00eater pour accompagner ?Ce dilemme entre accompagnement de fin de vie et obligation de sauver r\u00e9v\u00e8le le c\u0153ur du soin : l\u2019\u00e9quilibre fragile entre science et humanit\u00e9. Le r\u00e9flexe de sauver : une identit\u00e9 [&hellip;]<\/p>\n","protected":false},"author":1,"featured_media":0,"parent":0,"menu_order":0,"comment_status":"closed","ping_status":"closed","template":"","meta":{"footnotes":""},"categories":[7],"tags":[],"class_list":["post-1013","page","type-page","status-publish","hentry","category-espace-soignant"],"yoast_head":"<!-- This site is optimized with the Yoast SEO Premium plugin v25.5 (Yoast SEO v25.5) - https:\/\/yoast.com\/wordpress\/plugins\/seo\/ -->\n<title>Accompagner ou sauver | Le dilemme du soin pour les soignants<\/title>\n<meta name=\"description\" content=\"Sauver ou accompagner ? Un dilemme pour les soignants entre geste technique et pr\u00e9sence humaine, \u00e9clair\u00e9 par l\u2019\u00e9thique et la compassion.\" \/>\n<meta name=\"robots\" content=\"index, follow, max-snippet:-1, max-image-preview:large, max-video-preview:-1\" \/>\n<link rel=\"canonical\" href=\"https:\/\/www.lessurvivants.org\/soignant\/accompagner-ou-sauver\/\" \/>\n<meta property=\"og:locale\" content=\"fr_FR\" \/>\n<meta property=\"og:type\" content=\"article\" \/>\n<meta property=\"og:title\" content=\"Accompagner ou Sauver ?\" \/>\n<meta property=\"og:description\" content=\"Sauver ou accompagner ? Un dilemme pour les soignants entre geste technique et pr\u00e9sence humaine, \u00e9clair\u00e9 par l\u2019\u00e9thique et la compassion.\" \/>\n<meta property=\"og:url\" content=\"https:\/\/www.lessurvivants.org\/soignant\/accompagner-ou-sauver\/\" \/>\n<meta property=\"og:site_name\" content=\"Espace soignant\" \/>\n<meta property=\"article:modified_time\" content=\"2025-10-29T14:19:53+00:00\" \/>\n<meta name=\"twitter:card\" content=\"summary_large_image\" \/>\n<meta name=\"twitter:label1\" content=\"Dur\u00e9e de lecture estim\u00e9e\" \/>\n\t<meta name=\"twitter:data1\" content=\"2 minutes\" \/>\n<script type=\"application\/ld+json\" class=\"yoast-schema-graph\">{\"@context\":\"https:\/\/schema.org\",\"@graph\":[{\"@type\":\"WebPage\",\"@id\":\"https:\/\/www.lessurvivants.org\/soignant\/accompagner-ou-sauver\/\",\"url\":\"https:\/\/www.lessurvivants.org\/soignant\/accompagner-ou-sauver\/\",\"name\":\"Accompagner ou sauver | Le dilemme du soin pour les soignants\",\"isPartOf\":{\"@id\":\"https:\/\/www.lessurvivants.org\/soignant\/#website\"},\"datePublished\":\"2025-03-10T14:16:03+00:00\",\"dateModified\":\"2025-10-29T14:19:53+00:00\",\"description\":\"Sauver ou accompagner ? Un dilemme pour les soignants entre geste technique et pr\u00e9sence humaine, \u00e9clair\u00e9 par l\u2019\u00e9thique et la compassion.\",\"breadcrumb\":{\"@id\":\"https:\/\/www.lessurvivants.org\/soignant\/accompagner-ou-sauver\/#breadcrumb\"},\"inLanguage\":\"fr-FR\",\"potentialAction\":[{\"@type\":\"ReadAction\",\"target\":[\"https:\/\/www.lessurvivants.org\/soignant\/accompagner-ou-sauver\/\"]}]},{\"@type\":\"BreadcrumbList\",\"@id\":\"https:\/\/www.lessurvivants.org\/soignant\/accompagner-ou-sauver\/#breadcrumb\",\"itemListElement\":[{\"@type\":\"ListItem\",\"position\":1,\"name\":\"Accueil\",\"item\":\"https:\/\/www.lessurvivants.org\/soignant\/\"},{\"@type\":\"ListItem\",\"position\":2,\"name\":\"Accompagner ou Sauver ?\"}]},{\"@type\":\"WebSite\",\"@id\":\"https:\/\/www.lessurvivants.org\/soignant\/#website\",\"url\":\"https:\/\/www.lessurvivants.org\/soignant\/\",\"name\":\"Espace soignant\",\"description\":\"\",\"publisher\":{\"@id\":\"https:\/\/www.lessurvivants.org\/soignant\/#organization\"},\"potentialAction\":[{\"@type\":\"SearchAction\",\"target\":{\"@type\":\"EntryPoint\",\"urlTemplate\":\"https:\/\/www.lessurvivants.org\/soignant\/?s={search_term_string}\"},\"query-input\":{\"@type\":\"PropertyValueSpecification\",\"valueRequired\":true,\"valueName\":\"search_term_string\"}}],\"inLanguage\":\"fr-FR\"},{\"@type\":\"Organization\",\"@id\":\"https:\/\/www.lessurvivants.org\/soignant\/#organization\",\"name\":\"Espace soignant\",\"url\":\"https:\/\/www.lessurvivants.org\/soignant\/\",\"logo\":{\"@type\":\"ImageObject\",\"inLanguage\":\"fr-FR\",\"@id\":\"https:\/\/www.lessurvivants.org\/soignant\/#\/schema\/logo\/image\/\",\"url\":\"https:\/\/www.lessurvivants.org\/wp-content\/uploads\/2025\/03\/logo-final-les-survivants_Plan-de-travail-1.png\",\"contentUrl\":\"https:\/\/www.lessurvivants.org\/wp-content\/uploads\/2025\/03\/logo-final-les-survivants_Plan-de-travail-1.png\",\"caption\":\"Espace soignant\"},\"image\":{\"@id\":\"https:\/\/www.lessurvivants.org\/soignant\/#\/schema\/logo\/image\/\"}}]}<\/script>\n<!-- \/ Yoast SEO Premium plugin. -->","yoast_head_json":{"title":"Accompagner ou sauver | Le dilemme du soin pour les soignants","description":"Sauver ou accompagner ? Un dilemme pour les soignants entre geste technique et pr\u00e9sence humaine, \u00e9clair\u00e9 par l\u2019\u00e9thique et la compassion.","robots":{"index":"index","follow":"follow","max-snippet":"max-snippet:-1","max-image-preview":"max-image-preview:large","max-video-preview":"max-video-preview:-1"},"canonical":"https:\/\/www.lessurvivants.org\/soignant\/accompagner-ou-sauver\/","og_locale":"fr_FR","og_type":"article","og_title":"Accompagner ou Sauver ?","og_description":"Sauver ou accompagner ? Un dilemme pour les soignants entre geste technique et pr\u00e9sence humaine, \u00e9clair\u00e9 par l\u2019\u00e9thique et la compassion.","og_url":"https:\/\/www.lessurvivants.org\/soignant\/accompagner-ou-sauver\/","og_site_name":"Espace soignant","article_modified_time":"2025-10-29T14:19:53+00:00","twitter_card":"summary_large_image","twitter_misc":{"Dur\u00e9e de lecture estim\u00e9e":"2 minutes"},"schema":{"@context":"https:\/\/schema.org","@graph":[{"@type":"WebPage","@id":"https:\/\/www.lessurvivants.org\/soignant\/accompagner-ou-sauver\/","url":"https:\/\/www.lessurvivants.org\/soignant\/accompagner-ou-sauver\/","name":"Accompagner ou sauver | Le dilemme du soin pour les soignants","isPartOf":{"@id":"https:\/\/www.lessurvivants.org\/soignant\/#website"},"datePublished":"2025-03-10T14:16:03+00:00","dateModified":"2025-10-29T14:19:53+00:00","description":"Sauver ou accompagner ? Un dilemme pour les soignants entre geste technique et pr\u00e9sence humaine, \u00e9clair\u00e9 par l\u2019\u00e9thique et la compassion.","breadcrumb":{"@id":"https:\/\/www.lessurvivants.org\/soignant\/accompagner-ou-sauver\/#breadcrumb"},"inLanguage":"fr-FR","potentialAction":[{"@type":"ReadAction","target":["https:\/\/www.lessurvivants.org\/soignant\/accompagner-ou-sauver\/"]}]},{"@type":"BreadcrumbList","@id":"https:\/\/www.lessurvivants.org\/soignant\/accompagner-ou-sauver\/#breadcrumb","itemListElement":[{"@type":"ListItem","position":1,"name":"Accueil","item":"https:\/\/www.lessurvivants.org\/soignant\/"},{"@type":"ListItem","position":2,"name":"Accompagner ou Sauver ?"}]},{"@type":"WebSite","@id":"https:\/\/www.lessurvivants.org\/soignant\/#website","url":"https:\/\/www.lessurvivants.org\/soignant\/","name":"Espace soignant","description":"","publisher":{"@id":"https:\/\/www.lessurvivants.org\/soignant\/#organization"},"potentialAction":[{"@type":"SearchAction","target":{"@type":"EntryPoint","urlTemplate":"https:\/\/www.lessurvivants.org\/soignant\/?s={search_term_string}"},"query-input":{"@type":"PropertyValueSpecification","valueRequired":true,"valueName":"search_term_string"}}],"inLanguage":"fr-FR"},{"@type":"Organization","@id":"https:\/\/www.lessurvivants.org\/soignant\/#organization","name":"Espace soignant","url":"https:\/\/www.lessurvivants.org\/soignant\/","logo":{"@type":"ImageObject","inLanguage":"fr-FR","@id":"https:\/\/www.lessurvivants.org\/soignant\/#\/schema\/logo\/image\/","url":"https:\/\/www.lessurvivants.org\/wp-content\/uploads\/2025\/03\/logo-final-les-survivants_Plan-de-travail-1.png","contentUrl":"https:\/\/www.lessurvivants.org\/wp-content\/uploads\/2025\/03\/logo-final-les-survivants_Plan-de-travail-1.png","caption":"Espace soignant"},"image":{"@id":"https:\/\/www.lessurvivants.org\/soignant\/#\/schema\/logo\/image\/"}}]}},"_links":{"self":[{"href":"https:\/\/www.lessurvivants.org\/soignant\/wp-json\/wp\/v2\/pages\/1013","targetHints":{"allow":["GET"]}}],"collection":[{"href":"https:\/\/www.lessurvivants.org\/soignant\/wp-json\/wp\/v2\/pages"}],"about":[{"href":"https:\/\/www.lessurvivants.org\/soignant\/wp-json\/wp\/v2\/types\/page"}],"author":[{"embeddable":true,"href":"https:\/\/www.lessurvivants.org\/soignant\/wp-json\/wp\/v2\/users\/1"}],"replies":[{"embeddable":true,"href":"https:\/\/www.lessurvivants.org\/soignant\/wp-json\/wp\/v2\/comments?post=1013"}],"version-history":[{"count":6,"href":"https:\/\/www.lessurvivants.org\/soignant\/wp-json\/wp\/v2\/pages\/1013\/revisions"}],"predecessor-version":[{"id":2151,"href":"https:\/\/www.lessurvivants.org\/soignant\/wp-json\/wp\/v2\/pages\/1013\/revisions\/2151"}],"wp:attachment":[{"href":"https:\/\/www.lessurvivants.org\/soignant\/wp-json\/wp\/v2\/media?parent=1013"}],"wp:term":[{"taxonomy":"category","embeddable":true,"href":"https:\/\/www.lessurvivants.org\/soignant\/wp-json\/wp\/v2\/categories?post=1013"},{"taxonomy":"post_tag","embeddable":true,"href":"https:\/\/www.lessurvivants.org\/soignant\/wp-json\/wp\/v2\/tags?post=1013"}],"curies":[{"name":"wp","href":"https:\/\/api.w.org\/{rel}","templated":true}]}}