{"id":1024,"date":"2025-03-10T15:17:45","date_gmt":"2025-03-10T14:17:45","guid":{"rendered":"https:\/\/www.lessurvivants.org\/soignant\/?page_id=1024"},"modified":"2025-10-29T14:29:45","modified_gmt":"2025-10-29T13:29:45","slug":"les-morts-personnels","status":"publish","type":"page","link":"https:\/\/www.lessurvivants.org\/soignant\/les-morts-personnels\/","title":{"rendered":"Les morts personnels"},"content":{"rendered":"\t\t<div data-elementor-type=\"wp-page\" data-elementor-id=\"1024\" class=\"elementor elementor-1024\" data-elementor-post-type=\"page\">\n\t\t\t\t<div data-particle_enable=\"false\" data-particle-mobile-disabled=\"false\" class=\"elementor-element elementor-element-62e9e12 e-flex e-con-boxed e-con e-parent\" data-id=\"62e9e12\" data-element_type=\"container\" data-settings=\"{&quot;jet_parallax_layout_list&quot;:[]}\">\n\t\t\t\t\t<div class=\"e-con-inner\">\n\t\t\t\t<div class=\"elementor-element elementor-element-c24d379 elementor-widget elementor-widget-heading\" data-id=\"c24d379\" data-element_type=\"widget\" data-widget_type=\"heading.default\">\n\t\t\t\t<div class=\"elementor-widget-container\">\n\t\t\t\t\t<h1 class=\"elementor-heading-title elementor-size-default\">LES MORTS PERSONNELLES \u2013 Le soignant face \u00e0 son propre deuil<\/h1>\t\t\t\t<\/div>\n\t\t\t\t<\/div>\n\t\t\t\t<div class=\"elementor-element elementor-element-f082a2e elementor-widget elementor-widget-text-editor\" data-id=\"f082a2e\" data-element_type=\"widget\" data-widget_type=\"text-editor.default\">\n\t\t\t\t<div class=\"elementor-widget-container\">\n\t\t\t\t\t\t\t\t\t<p>Les soignants sont confront\u00e9s quotidiennement \u00e0 la souffrance, \u00e0 la perte, \u00e0 la mort. Mais que se passe-t-il quand <strong data-start=\"680\" data-end=\"733\">la mort s\u2019invite dans leur propre vie personnelle<\/strong>\u202f? Quand un parent, un conjoint, un enfant, un ami dispara\u00eet\u202f? La douleur est intime, violente parfois. Pourtant, dans le syst\u00e8me de soin, <strong data-start=\"872\" data-end=\"925\">le deuil personnel du soignant est souvent ignor\u00e9<\/strong>, voire minimis\u00e9.<\/p>\t\t\t\t\t\t\t\t<\/div>\n\t\t\t\t<\/div>\n\t\t\t\t\t<\/div>\n\t\t\t\t<\/div>\n\t\t<div data-particle_enable=\"false\" data-particle-mobile-disabled=\"false\" class=\"elementor-element elementor-element-25739dc e-flex e-con-boxed e-con e-parent\" data-id=\"25739dc\" data-element_type=\"container\" data-settings=\"{&quot;jet_parallax_layout_list&quot;:[]}\">\n\t\t\t\t\t<div class=\"e-con-inner\">\n\t\t\t\t<div class=\"elementor-element elementor-element-55d19f3 elementor-widget elementor-widget-heading\" data-id=\"55d19f3\" data-element_type=\"widget\" data-widget_type=\"heading.default\">\n\t\t\t\t<div class=\"elementor-widget-container\">\n\t\t\t\t\t<h2 class=\"elementor-heading-title elementor-size-default\">Un double poids : porter la blouse et sa peine<\/h2>\t\t\t\t<\/div>\n\t\t\t\t<\/div>\n\t\t\t\t<div class=\"elementor-element elementor-element-4c97711 elementor-widget elementor-widget-text-editor\" data-id=\"4c97711\" data-element_type=\"widget\" data-widget_type=\"text-editor.default\">\n\t\t\t\t<div class=\"elementor-widget-container\">\n\t\t\t\t\t\t\t\t\t<p data-start=\"1004\" data-end=\"1295\">Dans beaucoup de services, <strong data-start=\"1031\" data-end=\"1067\">le deuil personnel est invisible<\/strong>. Les soignants reprennent leur poste apr\u00e8s quelques jours, parfois sans avoir le choix. Ils continuent d\u2019accompagner les patients, de rassurer les familles, de g\u00e9rer les urgences, <strong data-start=\"1248\" data-end=\"1294\">alors qu\u2019int\u00e9rieurement, ils sont en ruine<\/strong>.<\/p><p data-start=\"1297\" data-end=\"1325\">Ce d\u00e9calage peut entra\u00eener :<\/p><ul data-start=\"1327\" data-end=\"1504\"><li data-start=\"1327\" data-end=\"1363\"><p data-start=\"1329\" data-end=\"1363\">Un \u00e9puisement \u00e9motionnel important<\/p><\/li><li data-start=\"1364\" data-end=\"1406\"><p data-start=\"1366\" data-end=\"1406\">Une hyperactivit\u00e9 ou un repli silencieux<\/p><\/li><li data-start=\"1407\" data-end=\"1453\"><p data-start=\"1409\" data-end=\"1453\">Une perte de sens ou de rep\u00e8res dans le soin<\/p><\/li><li data-start=\"1454\" data-end=\"1504\"><p data-start=\"1456\" data-end=\"1504\">Une amplification du stress ou de l\u2019irritabilit\u00e9<\/p><\/li><\/ul>\t\t\t\t\t\t\t\t<\/div>\n\t\t\t\t<\/div>\n\t\t\t\t\t<\/div>\n\t\t\t\t<\/div>\n\t\t<div data-particle_enable=\"false\" data-particle-mobile-disabled=\"false\" class=\"elementor-element elementor-element-86122a2 e-flex e-con-boxed e-con e-parent\" data-id=\"86122a2\" data-element_type=\"container\" data-settings=\"{&quot;jet_parallax_layout_list&quot;:[]}\">\n\t\t\t\t\t<div class=\"e-con-inner\">\n\t\t<div data-particle_enable=\"false\" data-particle-mobile-disabled=\"false\" class=\"elementor-element elementor-element-284084d e-con-full e-flex e-con e-child\" data-id=\"284084d\" data-element_type=\"container\" data-settings=\"{&quot;jet_parallax_layout_list&quot;:[]}\">\n\t\t\t\t<div class=\"elementor-element elementor-element-b5eecc8 elementor-widget elementor-widget-heading\" data-id=\"b5eecc8\" data-element_type=\"widget\" data-widget_type=\"heading.default\">\n\t\t\t\t<div class=\"elementor-widget-container\">\n\t\t\t\t\t<h2 class=\"elementor-heading-title elementor-size-default\">\ud83d\udc49 Consultez la page L'impact de la mort sur les soignants : <\/h2>\t\t\t\t<\/div>\n\t\t\t\t<\/div>\n\t\t\t\t<\/div>\n\t\t<div data-particle_enable=\"false\" data-particle-mobile-disabled=\"false\" class=\"elementor-element elementor-element-32b456d e-con-full e-flex e-con e-child\" data-id=\"32b456d\" data-element_type=\"container\" data-settings=\"{&quot;jet_parallax_layout_list&quot;:[]}\">\n\t\t\t\t<div class=\"elementor-element elementor-element-3c46f58 elementor-align-center elementor-widget elementor-widget-button\" data-id=\"3c46f58\" data-element_type=\"widget\" data-widget_type=\"button.default\">\n\t\t\t\t<div class=\"elementor-widget-container\">\n\t\t\t\t\t\t\t\t\t<div class=\"elementor-button-wrapper\">\n\t\t\t\t\t<a class=\"elementor-button elementor-button-link elementor-size-sm\" href=\"https:\/\/www.lessurvivants.org\/soignant\/impact-de-la-mort-pour-le-soignant\/\" target=\"_blank\">\n\t\t\t\t\t\t<span class=\"elementor-button-content-wrapper\">\n\t\t\t\t\t\t\t\t\t<span class=\"elementor-button-text\">Cliquez ici<\/span>\n\t\t\t\t\t<\/span>\n\t\t\t\t\t<\/a>\n\t\t\t\t<\/div>\n\t\t\t\t\t\t\t\t<\/div>\n\t\t\t\t<\/div>\n\t\t\t\t<\/div>\n\t\t\t\t\t<\/div>\n\t\t\t\t<\/div>\n\t\t<div data-particle_enable=\"false\" data-particle-mobile-disabled=\"false\" class=\"elementor-element elementor-element-332d24a e-flex e-con-boxed e-con e-parent\" data-id=\"332d24a\" data-element_type=\"container\" data-settings=\"{&quot;jet_parallax_layout_list&quot;:[]}\">\n\t\t\t\t\t<div class=\"e-con-inner\">\n\t\t\t\t<div class=\"elementor-element elementor-element-6e522c4 elementor-widget elementor-widget-heading\" data-id=\"6e522c4\" data-element_type=\"widget\" data-widget_type=\"heading.default\">\n\t\t\t\t<div class=\"elementor-widget-container\">\n\t\t\t\t\t<h2 class=\"elementor-heading-title elementor-size-default\">S\u2019autoriser \u00e0 \u00eatre en deuil\u2026 m\u00eame quand on soigne<\/h2>\t\t\t\t<\/div>\n\t\t\t\t<\/div>\n\t\t\t\t<div class=\"elementor-element elementor-element-ac44308 elementor-widget elementor-widget-text-editor\" data-id=\"ac44308\" data-element_type=\"widget\" data-widget_type=\"text-editor.default\">\n\t\t\t\t<div class=\"elementor-widget-container\">\n\t\t\t\t\t\t\t\t\t<p data-start=\"1694\" data-end=\"1937\">Le soignant est souvent per\u00e7u (et se per\u00e7oit lui-m\u00eame) comme <strong data-start=\"1755\" data-end=\"1801\">celui qui tient, qui prend soin des autres<\/strong>. Mais cette posture devient insoutenable lorsqu\u2019elle se confronte \u00e0 une douleur intime non reconnue. Il est essentiel de rappeler que :<\/p><ul data-start=\"1939\" data-end=\"2114\"><li data-start=\"1939\" data-end=\"1987\"><p data-start=\"1941\" data-end=\"1987\">Le deuil n\u2019est pas un tabou, m\u00eame dans le soin<\/p><\/li><li data-start=\"1988\" data-end=\"2061\"><p data-start=\"1990\" data-end=\"2061\">Demander un temps d\u2019arr\u00eat ou un am\u00e9nagement de poste n\u2019est pas un \u00e9chec<\/p><\/li><li data-start=\"2062\" data-end=\"2114\"><p data-start=\"2064\" data-end=\"2114\">\u00catre soignant ne prot\u00e8ge en rien des effondrements<\/p><\/li><\/ul><p data-start=\"2116\" data-end=\"2187\">Accepter son humanit\u00e9, c\u2019est aussi accepter <strong data-start=\"2160\" data-end=\"2186\">de s\u2019effondrer parfois<\/strong>.<\/p>\t\t\t\t\t\t\t\t<\/div>\n\t\t\t\t<\/div>\n\t\t\t\t\t<\/div>\n\t\t\t\t<\/div>\n\t\t<div data-particle_enable=\"false\" data-particle-mobile-disabled=\"false\" class=\"elementor-element elementor-element-a80e335 e-flex e-con-boxed e-con e-parent\" data-id=\"a80e335\" data-element_type=\"container\" data-settings=\"{&quot;jet_parallax_layout_list&quot;:[]}\">\n\t\t\t\t\t<div class=\"e-con-inner\">\n\t\t<div data-particle_enable=\"false\" data-particle-mobile-disabled=\"false\" class=\"elementor-element elementor-element-5c63fda e-con-full e-flex e-con e-child\" data-id=\"5c63fda\" data-element_type=\"container\" data-settings=\"{&quot;jet_parallax_layout_list&quot;:[]}\">\n\t\t\t\t<div class=\"elementor-element elementor-element-7b1cb23 elementor-widget elementor-widget-image\" data-id=\"7b1cb23\" data-element_type=\"widget\" data-widget_type=\"image.default\">\n\t\t\t\t<div class=\"elementor-widget-container\">\n\t\t\t\t\t\t\t\t\t\t\t\t\t\t\t<img fetchpriority=\"high\" decoding=\"async\" width=\"800\" height=\"529\" src=\"https:\/\/www.lessurvivants.org\/soignant\/wp-content\/uploads\/sites\/2\/2025\/07\/les-morts-personnelles-les-survivants-1024x677.avif\" class=\"attachment-large size-large wp-image-1898 not-transparent\" alt=\"les-morts-personnelles-les-survivants\" srcset=\"https:\/\/www.lessurvivants.org\/soignant\/wp-content\/uploads\/sites\/2\/2025\/07\/les-morts-personnelles-les-survivants-1024x677.avif 1024w, https:\/\/www.lessurvivants.org\/soignant\/wp-content\/uploads\/sites\/2\/2025\/07\/les-morts-personnelles-les-survivants-300x198.avif 300w, https:\/\/www.lessurvivants.org\/soignant\/wp-content\/uploads\/sites\/2\/2025\/07\/les-morts-personnelles-les-survivants-768x508.avif 768w, https:\/\/www.lessurvivants.org\/soignant\/wp-content\/uploads\/sites\/2\/2025\/07\/les-morts-personnelles-les-survivants.avif 1334w\" sizes=\"(max-width: 800px) 100vw, 800px\" data-has-transparency=\"false\" data-dominant-color=\"49778f\" style=\"--dominant-color: #49778f\" \/>\t\t\t\t\t\t\t\t\t\t\t\t\t\t\t<\/div>\n\t\t\t\t<\/div>\n\t\t\t\t<\/div>\n\t\t<div data-particle_enable=\"false\" data-particle-mobile-disabled=\"false\" class=\"elementor-element elementor-element-7b2a0a7 e-con-full e-flex e-con e-child\" data-id=\"7b2a0a7\" data-element_type=\"container\" data-settings=\"{&quot;jet_parallax_layout_list&quot;:[]}\">\n\t\t\t\t<div class=\"elementor-element elementor-element-f50daa8 elementor-widget elementor-widget-heading\" data-id=\"f50daa8\" data-element_type=\"widget\" data-widget_type=\"heading.default\">\n\t\t\t\t<div class=\"elementor-widget-container\">\n\t\t\t\t\t<h2 class=\"elementor-heading-title elementor-size-default\">Trouver un espace pour parler, pleurer, d\u00e9poser<\/h2>\t\t\t\t<\/div>\n\t\t\t\t<\/div>\n\t\t\t\t<div class=\"elementor-element elementor-element-5714109 elementor-widget elementor-widget-text-editor\" data-id=\"5714109\" data-element_type=\"widget\" data-widget_type=\"text-editor.default\">\n\t\t\t\t<div class=\"elementor-widget-container\">\n\t\t\t\t\t\t\t\t\t<p data-start=\"2250\" data-end=\"2410\">Dans les p\u00e9riodes de deuil personnel, il est crucial d\u2019avoir <strong data-start=\"2311\" data-end=\"2356\">un espace o\u00f9 l\u2019on peut d\u00e9poser sa douleur<\/strong> en dehors de son r\u00f4le professionnel. Cela peut \u00eatre :<\/p><ul data-start=\"2412\" data-end=\"2574\"><li data-start=\"2412\" data-end=\"2455\"><p data-start=\"2414\" data-end=\"2455\">Un accompagnement psychologique ext\u00e9rieur<\/p><\/li><li data-start=\"2456\" data-end=\"2505\"><p data-start=\"2458\" data-end=\"2505\">Des groupes de parole ou de soutien entre pairs<\/p><\/li><li data-start=\"2506\" data-end=\"2574\"><p data-start=\"2508\" data-end=\"2574\">Une supervision avec un professionnel form\u00e9 \u00e0 la clinique du deuil<\/p><\/li><\/ul><p data-start=\"2576\" data-end=\"2711\">Et surtout, <strong data-start=\"2588\" data-end=\"2626\">le soutien du collectif de travail<\/strong> : ne pas \u00eatre jug\u00e9, ne pas \u00eatre isol\u00e9, pouvoir dire \u00ab je n\u2019y arrive pas \u00bb sans peur.<\/p>\t\t\t\t\t\t\t\t<\/div>\n\t\t\t\t<\/div>\n\t\t\t\t<\/div>\n\t\t\t\t\t<\/div>\n\t\t\t\t<\/div>\n\t\t<div data-particle_enable=\"false\" data-particle-mobile-disabled=\"false\" class=\"elementor-element elementor-element-ecd4863 e-flex e-con-boxed e-con e-parent\" data-id=\"ecd4863\" data-element_type=\"container\" data-settings=\"{&quot;jet_parallax_layout_list&quot;:[]}\">\n\t\t\t\t\t<div class=\"e-con-inner\">\n\t\t\t\t<div class=\"elementor-element elementor-element-eb4cf96 elementor-widget elementor-widget-heading\" data-id=\"eb4cf96\" data-element_type=\"widget\" data-widget_type=\"heading.default\">\n\t\t\t\t<div class=\"elementor-widget-container\">\n\t\t\t\t\t<h2 class=\"elementor-heading-title elementor-size-default\">Revenir au soin sans s\u2019oublier<\/h2>\t\t\t\t<\/div>\n\t\t\t\t<\/div>\n\t\t\t\t<div class=\"elementor-element elementor-element-63640d2 elementor-widget elementor-widget-text-editor\" data-id=\"63640d2\" data-element_type=\"widget\" data-widget_type=\"text-editor.default\">\n\t\t\t\t<div class=\"elementor-widget-container\">\n\t\t\t\t\t\t\t\t\t<p data-start=\"3001\" data-end=\"3217\">Le retour au travail peut \u00eatre une \u00e9tape difficile. Il peut raviver des blessures, cr\u00e9er des r\u00e9sonances avec certaines situations cliniques, ou d\u00e9clencher un d\u00e9sengagement affectif. Pour cela, il peut \u00eatre utile de\u202f:<\/p><ul data-start=\"3219\" data-end=\"3418\"><li data-start=\"3219\" data-end=\"3256\"><p data-start=\"3221\" data-end=\"3256\">R\u00e9fl\u00e9chir au moment juste du retour<\/p><\/li><li data-start=\"3257\" data-end=\"3293\"><p data-start=\"3259\" data-end=\"3293\">\u00catre accompagn\u00e9 dans cette reprise<\/p><\/li><li data-start=\"3294\" data-end=\"3364\"><p data-start=\"3296\" data-end=\"3364\">Se donner le droit de ralentir, d\u2019avoir des r\u00e9actions, d\u2019\u00eatre touch\u00e9<\/p><\/li><li data-start=\"3365\" data-end=\"3418\"><p data-start=\"3367\" data-end=\"3418\">Poser des limites, r\u00e9ajuster ses missions si besoin<\/p><\/li><\/ul>\t\t\t\t\t\t\t\t<\/div>\n\t\t\t\t<\/div>\n\t\t\t\t<div class=\"elementor-element elementor-element-9868d55 elementor-widget elementor-widget-text-editor\" data-id=\"9868d55\" data-element_type=\"widget\" data-widget_type=\"text-editor.default\">\n\t\t\t\t<div class=\"elementor-widget-container\">\n\t\t\t\t\t\t\t\t\t<p data-start=\"3441\" data-end=\"3720\">\u00catre soignant ne rend pas invuln\u00e9rable. Face \u00e0 la perte d\u2019un proche, <strong data-start=\"3510\" data-end=\"3555\">le professionnel n\u2019efface pas la personne<\/strong>. Reconna\u00eetre ses douleurs personnelles, c\u2019est aussi pr\u00e9server sa capacit\u00e9 \u00e0 accompagner celles des autres. Parce qu\u2019il n\u2019y a pas de soin juste sans soignant debout.<\/p>\t\t\t\t\t\t\t\t<\/div>\n\t\t\t\t<\/div>\n\t\t\t\t\t<\/div>\n\t\t\t\t<\/div>\n\t\t\t\t<\/div>\n\t\t","protected":false},"excerpt":{"rendered":"<p>LES MORTS PERSONNELLES \u2013 Le soignant face \u00e0 son propre deuil Les soignants sont confront\u00e9s quotidiennement \u00e0 la souffrance, \u00e0 la perte, \u00e0 la mort. Mais que se passe-t-il quand la mort s\u2019invite dans leur propre vie personnelle\u202f? Quand un parent, un conjoint, un enfant, un ami dispara\u00eet\u202f? La douleur est intime, violente parfois. Pourtant, [&hellip;]<\/p>\n","protected":false},"author":1,"featured_media":0,"parent":0,"menu_order":0,"comment_status":"closed","ping_status":"closed","template":"","meta":{"footnotes":""},"categories":[7],"tags":[],"class_list":["post-1024","page","type-page","status-publish","hentry","category-espace-soignant"],"yoast_head":"<!-- This site is optimized with the Yoast SEO Premium plugin v25.5 (Yoast SEO v25.5) - https:\/\/yoast.com\/wordpress\/plugins\/seo\/ -->\n<title>Les morts personnels - Espace soignant<\/title>\n<meta name=\"robots\" content=\"index, follow, max-snippet:-1, max-image-preview:large, max-video-preview:-1\" \/>\n<link rel=\"canonical\" href=\"https:\/\/www.lessurvivants.org\/soignant\/les-morts-personnels\/\" \/>\n<meta property=\"og:locale\" content=\"fr_FR\" \/>\n<meta property=\"og:type\" content=\"article\" \/>\n<meta property=\"og:title\" content=\"Les morts personnels\" \/>\n<meta property=\"og:description\" content=\"LES MORTS PERSONNELLES \u2013 Le soignant face \u00e0 son propre deuil Les soignants sont confront\u00e9s quotidiennement \u00e0 la souffrance, \u00e0 la perte, \u00e0 la mort. Mais que se passe-t-il quand la mort s\u2019invite dans leur propre vie personnelle\u202f? Quand un parent, un conjoint, un enfant, un ami dispara\u00eet\u202f? La douleur est intime, violente parfois. Pourtant, [&hellip;]\" \/>\n<meta property=\"og:url\" content=\"https:\/\/www.lessurvivants.org\/soignant\/les-morts-personnels\/\" \/>\n<meta property=\"og:site_name\" content=\"Espace soignant\" \/>\n<meta property=\"article:modified_time\" content=\"2025-10-29T13:29:45+00:00\" \/>\n<meta property=\"og:image\" content=\"https:\/\/www.lessurvivants.org\/soignant\/wp-content\/uploads\/sites\/2\/2025\/07\/les-morts-personnelles-les-survivants.avif\" \/>\n\t<meta property=\"og:image:width\" content=\"1334\" \/>\n\t<meta property=\"og:image:height\" content=\"882\" \/>\n\t<meta property=\"og:image:type\" content=\"image\/jpeg\" \/>\n<meta name=\"twitter:card\" content=\"summary_large_image\" \/>\n<meta name=\"twitter:label1\" content=\"Dur\u00e9e de lecture estim\u00e9e\" \/>\n\t<meta name=\"twitter:data1\" content=\"3 minutes\" \/>\n<script type=\"application\/ld+json\" class=\"yoast-schema-graph\">{\"@context\":\"https:\/\/schema.org\",\"@graph\":[{\"@type\":\"WebPage\",\"@id\":\"https:\/\/www.lessurvivants.org\/soignant\/les-morts-personnels\/\",\"url\":\"https:\/\/www.lessurvivants.org\/soignant\/les-morts-personnels\/\",\"name\":\"Les morts personnels - Espace soignant\",\"isPartOf\":{\"@id\":\"https:\/\/www.lessurvivants.org\/soignant\/#website\"},\"primaryImageOfPage\":{\"@id\":\"https:\/\/www.lessurvivants.org\/soignant\/les-morts-personnels\/#primaryimage\"},\"image\":{\"@id\":\"https:\/\/www.lessurvivants.org\/soignant\/les-morts-personnels\/#primaryimage\"},\"thumbnailUrl\":\"https:\/\/www.lessurvivants.org\/soignant\/wp-content\/uploads\/sites\/2\/2025\/07\/les-morts-personnelles-les-survivants-1024x677.avif\",\"datePublished\":\"2025-03-10T14:17:45+00:00\",\"dateModified\":\"2025-10-29T13:29:45+00:00\",\"breadcrumb\":{\"@id\":\"https:\/\/www.lessurvivants.org\/soignant\/les-morts-personnels\/#breadcrumb\"},\"inLanguage\":\"fr-FR\",\"potentialAction\":[{\"@type\":\"ReadAction\",\"target\":[\"https:\/\/www.lessurvivants.org\/soignant\/les-morts-personnels\/\"]}]},{\"@type\":\"ImageObject\",\"inLanguage\":\"fr-FR\",\"@id\":\"https:\/\/www.lessurvivants.org\/soignant\/les-morts-personnels\/#primaryimage\",\"url\":\"https:\/\/www.lessurvivants.org\/soignant\/wp-content\/uploads\/sites\/2\/2025\/07\/les-morts-personnelles-les-survivants.avif\",\"contentUrl\":\"https:\/\/www.lessurvivants.org\/soignant\/wp-content\/uploads\/sites\/2\/2025\/07\/les-morts-personnelles-les-survivants.avif\",\"width\":1334,\"height\":882,\"caption\":\"les-morts-personnelles-les-survivants\"},{\"@type\":\"BreadcrumbList\",\"@id\":\"https:\/\/www.lessurvivants.org\/soignant\/les-morts-personnels\/#breadcrumb\",\"itemListElement\":[{\"@type\":\"ListItem\",\"position\":1,\"name\":\"Accueil\",\"item\":\"https:\/\/www.lessurvivants.org\/soignant\/\"},{\"@type\":\"ListItem\",\"position\":2,\"name\":\"Les morts personnels\"}]},{\"@type\":\"WebSite\",\"@id\":\"https:\/\/www.lessurvivants.org\/soignant\/#website\",\"url\":\"https:\/\/www.lessurvivants.org\/soignant\/\",\"name\":\"Espace soignant\",\"description\":\"\",\"publisher\":{\"@id\":\"https:\/\/www.lessurvivants.org\/soignant\/#organization\"},\"potentialAction\":[{\"@type\":\"SearchAction\",\"target\":{\"@type\":\"EntryPoint\",\"urlTemplate\":\"https:\/\/www.lessurvivants.org\/soignant\/?s={search_term_string}\"},\"query-input\":{\"@type\":\"PropertyValueSpecification\",\"valueRequired\":true,\"valueName\":\"search_term_string\"}}],\"inLanguage\":\"fr-FR\"},{\"@type\":\"Organization\",\"@id\":\"https:\/\/www.lessurvivants.org\/soignant\/#organization\",\"name\":\"Espace soignant\",\"url\":\"https:\/\/www.lessurvivants.org\/soignant\/\",\"logo\":{\"@type\":\"ImageObject\",\"inLanguage\":\"fr-FR\",\"@id\":\"https:\/\/www.lessurvivants.org\/soignant\/#\/schema\/logo\/image\/\",\"url\":\"https:\/\/www.lessurvivants.org\/wp-content\/uploads\/2025\/03\/logo-final-les-survivants_Plan-de-travail-1.png\",\"contentUrl\":\"https:\/\/www.lessurvivants.org\/wp-content\/uploads\/2025\/03\/logo-final-les-survivants_Plan-de-travail-1.png\",\"caption\":\"Espace soignant\"},\"image\":{\"@id\":\"https:\/\/www.lessurvivants.org\/soignant\/#\/schema\/logo\/image\/\"}}]}<\/script>\n<!-- \/ Yoast SEO Premium plugin. -->","yoast_head_json":{"title":"Les morts personnels - Espace soignant","robots":{"index":"index","follow":"follow","max-snippet":"max-snippet:-1","max-image-preview":"max-image-preview:large","max-video-preview":"max-video-preview:-1"},"canonical":"https:\/\/www.lessurvivants.org\/soignant\/les-morts-personnels\/","og_locale":"fr_FR","og_type":"article","og_title":"Les morts personnels","og_description":"LES MORTS PERSONNELLES \u2013 Le soignant face \u00e0 son propre deuil Les soignants sont confront\u00e9s quotidiennement \u00e0 la souffrance, \u00e0 la perte, \u00e0 la mort. Mais que se passe-t-il quand la mort s\u2019invite dans leur propre vie personnelle\u202f? Quand un parent, un conjoint, un enfant, un ami dispara\u00eet\u202f? La douleur est intime, violente parfois. Pourtant, [&hellip;]","og_url":"https:\/\/www.lessurvivants.org\/soignant\/les-morts-personnels\/","og_site_name":"Espace soignant","article_modified_time":"2025-10-29T13:29:45+00:00","og_image":[{"width":1334,"height":882,"url":"https:\/\/www.lessurvivants.org\/soignant\/wp-content\/uploads\/sites\/2\/2025\/07\/les-morts-personnelles-les-survivants.avif","type":"image\/jpeg"}],"twitter_card":"summary_large_image","twitter_misc":{"Dur\u00e9e de lecture estim\u00e9e":"3 minutes"},"schema":{"@context":"https:\/\/schema.org","@graph":[{"@type":"WebPage","@id":"https:\/\/www.lessurvivants.org\/soignant\/les-morts-personnels\/","url":"https:\/\/www.lessurvivants.org\/soignant\/les-morts-personnels\/","name":"Les morts personnels - Espace soignant","isPartOf":{"@id":"https:\/\/www.lessurvivants.org\/soignant\/#website"},"primaryImageOfPage":{"@id":"https:\/\/www.lessurvivants.org\/soignant\/les-morts-personnels\/#primaryimage"},"image":{"@id":"https:\/\/www.lessurvivants.org\/soignant\/les-morts-personnels\/#primaryimage"},"thumbnailUrl":"https:\/\/www.lessurvivants.org\/soignant\/wp-content\/uploads\/sites\/2\/2025\/07\/les-morts-personnelles-les-survivants-1024x677.avif","datePublished":"2025-03-10T14:17:45+00:00","dateModified":"2025-10-29T13:29:45+00:00","breadcrumb":{"@id":"https:\/\/www.lessurvivants.org\/soignant\/les-morts-personnels\/#breadcrumb"},"inLanguage":"fr-FR","potentialAction":[{"@type":"ReadAction","target":["https:\/\/www.lessurvivants.org\/soignant\/les-morts-personnels\/"]}]},{"@type":"ImageObject","inLanguage":"fr-FR","@id":"https:\/\/www.lessurvivants.org\/soignant\/les-morts-personnels\/#primaryimage","url":"https:\/\/www.lessurvivants.org\/soignant\/wp-content\/uploads\/sites\/2\/2025\/07\/les-morts-personnelles-les-survivants.avif","contentUrl":"https:\/\/www.lessurvivants.org\/soignant\/wp-content\/uploads\/sites\/2\/2025\/07\/les-morts-personnelles-les-survivants.avif","width":1334,"height":882,"caption":"les-morts-personnelles-les-survivants"},{"@type":"BreadcrumbList","@id":"https:\/\/www.lessurvivants.org\/soignant\/les-morts-personnels\/#breadcrumb","itemListElement":[{"@type":"ListItem","position":1,"name":"Accueil","item":"https:\/\/www.lessurvivants.org\/soignant\/"},{"@type":"ListItem","position":2,"name":"Les morts personnels"}]},{"@type":"WebSite","@id":"https:\/\/www.lessurvivants.org\/soignant\/#website","url":"https:\/\/www.lessurvivants.org\/soignant\/","name":"Espace soignant","description":"","publisher":{"@id":"https:\/\/www.lessurvivants.org\/soignant\/#organization"},"potentialAction":[{"@type":"SearchAction","target":{"@type":"EntryPoint","urlTemplate":"https:\/\/www.lessurvivants.org\/soignant\/?s={search_term_string}"},"query-input":{"@type":"PropertyValueSpecification","valueRequired":true,"valueName":"search_term_string"}}],"inLanguage":"fr-FR"},{"@type":"Organization","@id":"https:\/\/www.lessurvivants.org\/soignant\/#organization","name":"Espace soignant","url":"https:\/\/www.lessurvivants.org\/soignant\/","logo":{"@type":"ImageObject","inLanguage":"fr-FR","@id":"https:\/\/www.lessurvivants.org\/soignant\/#\/schema\/logo\/image\/","url":"https:\/\/www.lessurvivants.org\/wp-content\/uploads\/2025\/03\/logo-final-les-survivants_Plan-de-travail-1.png","contentUrl":"https:\/\/www.lessurvivants.org\/wp-content\/uploads\/2025\/03\/logo-final-les-survivants_Plan-de-travail-1.png","caption":"Espace soignant"},"image":{"@id":"https:\/\/www.lessurvivants.org\/soignant\/#\/schema\/logo\/image\/"}}]}},"_links":{"self":[{"href":"https:\/\/www.lessurvivants.org\/soignant\/wp-json\/wp\/v2\/pages\/1024","targetHints":{"allow":["GET"]}}],"collection":[{"href":"https:\/\/www.lessurvivants.org\/soignant\/wp-json\/wp\/v2\/pages"}],"about":[{"href":"https:\/\/www.lessurvivants.org\/soignant\/wp-json\/wp\/v2\/types\/page"}],"author":[{"embeddable":true,"href":"https:\/\/www.lessurvivants.org\/soignant\/wp-json\/wp\/v2\/users\/1"}],"replies":[{"embeddable":true,"href":"https:\/\/www.lessurvivants.org\/soignant\/wp-json\/wp\/v2\/comments?post=1024"}],"version-history":[{"count":12,"href":"https:\/\/www.lessurvivants.org\/soignant\/wp-json\/wp\/v2\/pages\/1024\/revisions"}],"predecessor-version":[{"id":2133,"href":"https:\/\/www.lessurvivants.org\/soignant\/wp-json\/wp\/v2\/pages\/1024\/revisions\/2133"}],"wp:attachment":[{"href":"https:\/\/www.lessurvivants.org\/soignant\/wp-json\/wp\/v2\/media?parent=1024"}],"wp:term":[{"taxonomy":"category","embeddable":true,"href":"https:\/\/www.lessurvivants.org\/soignant\/wp-json\/wp\/v2\/categories?post=1024"},{"taxonomy":"post_tag","embeddable":true,"href":"https:\/\/www.lessurvivants.org\/soignant\/wp-json\/wp\/v2\/tags?post=1024"}],"curies":[{"name":"wp","href":"https:\/\/api.w.org\/{rel}","templated":true}]}}