{"id":1026,"date":"2025-03-10T15:17:57","date_gmt":"2025-03-10T14:17:57","guid":{"rendered":"https:\/\/www.lessurvivants.org\/soignant\/?page_id=1026"},"modified":"2025-10-29T14:28:56","modified_gmt":"2025-10-29T13:28:56","slug":"la-mort-dun-collegue","status":"publish","type":"page","link":"https:\/\/www.lessurvivants.org\/soignant\/la-mort-dun-collegue\/","title":{"rendered":"La mort d\u2019un coll\u00e8gue"},"content":{"rendered":"\t\t<div data-elementor-type=\"wp-page\" data-elementor-id=\"1026\" class=\"elementor elementor-1026\" data-elementor-post-type=\"page\">\n\t\t\t\t<div data-particle_enable=\"false\" data-particle-mobile-disabled=\"false\" class=\"elementor-element elementor-element-3f72832 e-flex e-con-boxed e-con e-parent\" data-id=\"3f72832\" data-element_type=\"container\" data-settings=\"{&quot;jet_parallax_layout_list&quot;:[]}\">\n\t\t\t\t\t<div class=\"e-con-inner\">\n\t\t\t\t<div class=\"elementor-element elementor-element-22f4337 elementor-widget elementor-widget-heading\" data-id=\"22f4337\" data-element_type=\"widget\" data-widget_type=\"heading.default\">\n\t\t\t\t<div class=\"elementor-widget-container\">\n\t\t\t\t\t<h1 class=\"elementor-heading-title elementor-size-default\">LA MORT D'UN COLL\u00c8GUE \u2013 Le deuil entre soignants<\/h1>\t\t\t\t<\/div>\n\t\t\t\t<\/div>\n\t\t\t\t<div class=\"elementor-element elementor-element-2722189 elementor-widget elementor-widget-text-editor\" data-id=\"2722189\" data-element_type=\"widget\" data-widget_type=\"text-editor.default\">\n\t\t\t\t<div class=\"elementor-widget-container\">\n\t\t\t\t\t\t\t\t\t<p data-start=\"469\" data-end=\"873\">Dans un service hospitalier ou m\u00e9dico-social, les liens entre coll\u00e8gues d\u00e9passent souvent le cadre strictement professionnel. On partage les tensions, les gardes, les doutes, les rires, les nuits\u2026 Alors, quand un coll\u00e8gue meurt \u2014 brutalement ou apr\u00e8s une maladie \u2014, c\u2019est un membre de la \u00ab famille du soin \u00bb qui dispara\u00eet. Ce deuil a des sp\u00e9cificit\u00e9s fortes, trop souvent n\u00e9glig\u00e9es dans les institutions.<\/p>\t\t\t\t\t\t\t\t<\/div>\n\t\t\t\t<\/div>\n\t\t\t\t<div class=\"elementor-element elementor-element-9cc5003 elementor-widget elementor-widget-heading\" data-id=\"9cc5003\" data-element_type=\"widget\" data-widget_type=\"heading.default\">\n\t\t\t\t<div class=\"elementor-widget-container\">\n\t\t\t\t\t<h2 class=\"elementor-heading-title elementor-size-default\">Un choc collectif souvent minimis\u00e9<\/h2>\t\t\t\t<\/div>\n\t\t\t\t<\/div>\n\t\t\t\t<div class=\"elementor-element elementor-element-ea3f6d0 elementor-widget elementor-widget-text-editor\" data-id=\"ea3f6d0\" data-element_type=\"widget\" data-widget_type=\"text-editor.default\">\n\t\t\t\t<div class=\"elementor-widget-container\">\n\t\t\t\t\t\t\t\t\t<p data-start=\"923\" data-end=\"1032\">La mort d\u2019un coll\u00e8gue est un \u00e9v\u00e9nement \u00e0 fort impact \u00e9motionnel, mais souvent invisible dans les structures\u202f:<\/p><ul data-start=\"1034\" data-end=\"1185\"><li data-start=\"1034\" data-end=\"1084\"><p data-start=\"1036\" data-end=\"1084\">Pas ou peu de reconnaissance officielle du deuil<\/p><\/li><li data-start=\"1085\" data-end=\"1127\"><p data-start=\"1087\" data-end=\"1127\">Reprise imm\u00e9diate de l\u2019activit\u00e9 clinique<\/p><\/li><li data-start=\"1128\" data-end=\"1185\"><p data-start=\"1130\" data-end=\"1185\">Absence d\u2019espace d\u00e9di\u00e9 au recueillement ou \u00e0 la m\u00e9moire<\/p><\/li><\/ul><p data-start=\"1187\" data-end=\"1307\">Et pourtant, cette disparition laisse un vide dans l\u2019\u00e9quipe, dans les habitudes de travail, dans les rep\u00e8res quotidiens.<\/p>\t\t\t\t\t\t\t\t<\/div>\n\t\t\t\t<\/div>\n\t\t\t\t\t<\/div>\n\t\t\t\t<\/div>\n\t\t<div data-particle_enable=\"false\" data-particle-mobile-disabled=\"false\" class=\"elementor-element elementor-element-faca668 e-flex e-con-boxed e-con e-parent\" data-id=\"faca668\" data-element_type=\"container\" data-settings=\"{&quot;jet_parallax_layout_list&quot;:[]}\">\n\t\t\t\t\t<div class=\"e-con-inner\">\n\t\t\t\t<div class=\"elementor-element elementor-element-afd955c elementor-widget elementor-widget-heading\" data-id=\"afd955c\" data-element_type=\"widget\" data-widget_type=\"heading.default\">\n\t\t\t\t<div class=\"elementor-widget-container\">\n\t\t\t\t\t<h2 class=\"elementor-heading-title elementor-size-default\">Une perte qui r\u00e9active les autres<\/h2>\t\t\t\t<\/div>\n\t\t\t\t<\/div>\n\t\t\t\t<div class=\"elementor-element elementor-element-88691de elementor-widget elementor-widget-text-editor\" data-id=\"88691de\" data-element_type=\"widget\" data-widget_type=\"text-editor.default\">\n\t\t\t\t<div class=\"elementor-widget-container\">\n\t\t\t\t\t\t\t\t\t<p data-start=\"1475\" data-end=\"1835\">La mort d\u2019un coll\u00e8gue peut r\u00e9veiller des deuils pass\u00e9s \u2014 personnels ou professionnels \u2014, mais aussi <strong data-start=\"1575\" data-end=\"1616\">renvoyer chacun \u00e0 sa propre mortalit\u00e9<\/strong>. C\u2019est parfois la premi\u00e8re fois que la mort entre si directement dans le service, hors du cadre du soin. Ce type de deuil confronte les soignants \u00e0 des \u00e9motions tr\u00e8s personnelles : injustice, col\u00e8re, peur, culpabilit\u00e9.<\/p>\t\t\t\t\t\t\t\t<\/div>\n\t\t\t\t<\/div>\n\t\t\t\t<div class=\"elementor-element elementor-element-028e349 elementor-widget elementor-widget-heading\" data-id=\"028e349\" data-element_type=\"widget\" data-widget_type=\"heading.default\">\n\t\t\t\t<div class=\"elementor-widget-container\">\n\t\t\t\t\t<h2 class=\"elementor-heading-title elementor-size-default\">Comment soutenir l\u2019\u00e9quipe apr\u00e8s un tel \u00e9v\u00e9nement\u202f?\n<\/h2>\t\t\t\t<\/div>\n\t\t\t\t<\/div>\n\t\t\t\t\t<\/div>\n\t\t\t\t<\/div>\n\t\t<div data-particle_enable=\"false\" data-particle-mobile-disabled=\"false\" class=\"elementor-element elementor-element-f031072 e-flex e-con-boxed e-con e-parent\" data-id=\"f031072\" data-element_type=\"container\" data-settings=\"{&quot;jet_parallax_layout_list&quot;:[]}\">\n\t\t\t\t\t<div class=\"e-con-inner\">\n\t\t<div data-particle_enable=\"false\" data-particle-mobile-disabled=\"false\" class=\"elementor-element elementor-element-0ec4947 e-con-full e-flex e-con e-child\" data-id=\"0ec4947\" data-element_type=\"container\" data-settings=\"{&quot;jet_parallax_layout_list&quot;:[]}\">\n\t\t\t\t<div class=\"elementor-element elementor-element-4f3cbcf elementor-widget elementor-widget-text-editor\" data-id=\"4f3cbcf\" data-element_type=\"widget\" data-widget_type=\"text-editor.default\">\n\t\t\t\t<div class=\"elementor-widget-container\">\n\t\t\t\t\t\t\t\t\t<p data-start=\"1901\" data-end=\"2105\">L\u2019organisation d\u2019un temps de recueillement collectif (symbolique, la\u00efque ou religieux), d\u2019une r\u00e9union d\u2019\u00e9quipe d\u00e9di\u00e9e, ou d\u2019un espace d\u2019\u00e9coute (psychologue du travail, cellule de soutien) est essentielle.<\/p><p data-start=\"2107\" data-end=\"2134\">Quelques pistes concr\u00e8tes :<\/p><ul data-start=\"2136\" data-end=\"2381\"><li data-start=\"2136\" data-end=\"2199\"><p data-start=\"2138\" data-end=\"2199\">Cr\u00e9er un mur du souvenir ou un espace m\u00e9moire dans le service<\/p><\/li><li data-start=\"2200\" data-end=\"2251\"><p data-start=\"2202\" data-end=\"2251\">Relayer les obs\u00e8ques (sans pression \u00e0 y assister)<\/p><\/li><li data-start=\"2252\" data-end=\"2317\"><p data-start=\"2254\" data-end=\"2317\">Mettre en place un soutien psychologique renforc\u00e9 \u00e0 moyen terme<\/p><\/li><li data-start=\"2318\" data-end=\"2381\"><p data-start=\"2320\" data-end=\"2381\">Autoriser des cong\u00e9s exceptionnels pour les coll\u00e8gues proches<\/p><\/li><\/ul><p data-start=\"2383\" data-end=\"2505\">\u00a0<\/p>\t\t\t\t\t\t\t\t<\/div>\n\t\t\t\t<\/div>\n\t\t\t\t<\/div>\n\t\t<div data-particle_enable=\"false\" data-particle-mobile-disabled=\"false\" class=\"elementor-element elementor-element-b5f87be e-con-full e-flex e-con e-child\" data-id=\"b5f87be\" data-element_type=\"container\" data-settings=\"{&quot;jet_parallax_layout_list&quot;:[]}\">\n\t\t\t\t<div class=\"elementor-element elementor-element-ecc8170 elementor-widget elementor-widget-image\" data-id=\"ecc8170\" data-element_type=\"widget\" data-widget_type=\"image.default\">\n\t\t\t\t<div class=\"elementor-widget-container\">\n\t\t\t\t\t\t\t\t\t\t\t\t\t\t\t<img fetchpriority=\"high\" decoding=\"async\" width=\"800\" height=\"530\" src=\"https:\/\/www.lessurvivants.org\/soignant\/wp-content\/uploads\/sites\/2\/2025\/07\/la-mort-d-un-collegue-les-survivants-1024x678.avif\" class=\"attachment-large size-large wp-image-1881 not-transparent\" alt=\"la-mort-d-un-collegue-les-survivants\" srcset=\"https:\/\/www.lessurvivants.org\/soignant\/wp-content\/uploads\/sites\/2\/2025\/07\/la-mort-d-un-collegue-les-survivants-1024x678.avif 1024w, https:\/\/www.lessurvivants.org\/soignant\/wp-content\/uploads\/sites\/2\/2025\/07\/la-mort-d-un-collegue-les-survivants-300x199.avif 300w, https:\/\/www.lessurvivants.org\/soignant\/wp-content\/uploads\/sites\/2\/2025\/07\/la-mort-d-un-collegue-les-survivants-768x508.avif 768w, https:\/\/www.lessurvivants.org\/soignant\/wp-content\/uploads\/sites\/2\/2025\/07\/la-mort-d-un-collegue-les-survivants.avif 1308w\" sizes=\"(max-width: 800px) 100vw, 800px\" data-has-transparency=\"false\" data-dominant-color=\"b48e6c\" style=\"--dominant-color: #b48e6c\" \/>\t\t\t\t\t\t\t\t\t\t\t\t\t\t\t<\/div>\n\t\t\t\t<\/div>\n\t\t\t\t<\/div>\n\t\t\t\t\t<\/div>\n\t\t\t\t<\/div>\n\t\t<div data-particle_enable=\"false\" data-particle-mobile-disabled=\"false\" class=\"elementor-element elementor-element-37bba2f e-flex e-con-boxed e-con e-parent\" data-id=\"37bba2f\" data-element_type=\"container\" data-settings=\"{&quot;jet_parallax_layout_list&quot;:[]}\">\n\t\t\t\t\t<div class=\"e-con-inner\">\n\t\t\t\t<div class=\"elementor-element elementor-element-547fdd7 elementor-widget elementor-widget-heading\" data-id=\"547fdd7\" data-element_type=\"widget\" data-widget_type=\"heading.default\">\n\t\t\t\t<div class=\"elementor-widget-container\">\n\t\t\t\t\t<h3 class=\"elementor-heading-title elementor-size-default\">\ud83d\udc49 VOIR AUSSI : L\u2019impact de la mort pour l\u2019\u00e9quipe<\/h3>\t\t\t\t<\/div>\n\t\t\t\t<\/div>\n\t\t\t\t<div class=\"elementor-element elementor-element-eae7c13 elementor-align-center elementor-widget elementor-widget-button\" data-id=\"eae7c13\" data-element_type=\"widget\" data-widget_type=\"button.default\">\n\t\t\t\t<div class=\"elementor-widget-container\">\n\t\t\t\t\t\t\t\t\t<div class=\"elementor-button-wrapper\">\n\t\t\t\t\t<a class=\"elementor-button elementor-button-link elementor-size-sm\" href=\"https:\/\/www.lessurvivants.org\/soignant\/impact-de-la-mort-pour-lequipe\/\" target=\"_blank\">\n\t\t\t\t\t\t<span class=\"elementor-button-content-wrapper\">\n\t\t\t\t\t\t\t\t\t<span class=\"elementor-button-text\">Cliquez ici<\/span>\n\t\t\t\t\t<\/span>\n\t\t\t\t\t<\/a>\n\t\t\t\t<\/div>\n\t\t\t\t\t\t\t\t<\/div>\n\t\t\t\t<\/div>\n\t\t\t\t<div class=\"elementor-element elementor-element-5c396d0 elementor-widget elementor-widget-heading\" data-id=\"5c396d0\" data-element_type=\"widget\" data-widget_type=\"heading.default\">\n\t\t\t\t<div class=\"elementor-widget-container\">\n\t\t\t\t\t<h2 class=\"elementor-heading-title elementor-size-default\">L\u2019apr\u00e8s : pr\u00e9venir l\u2019usure, raviver le collectif<\/h2>\t\t\t\t<\/div>\n\t\t\t\t<\/div>\n\t\t\t\t<div class=\"elementor-element elementor-element-b68d69f elementor-widget elementor-widget-text-editor\" data-id=\"b68d69f\" data-element_type=\"widget\" data-widget_type=\"text-editor.default\">\n\t\t\t\t<div class=\"elementor-widget-container\">\n\t\t\t\t\t\t\t\t\t<p data-start=\"2569\" data-end=\"2721\">Le deuil d\u2019un coll\u00e8gue peut, \u00e0 long terme, d\u00e9stabiliser l\u2019\u00e9quilibre d\u2019une \u00e9quipe. Il est donc important d&#8217;en parler, <strong data-start=\"2686\" data-end=\"2713\">m\u00eame des semaines apr\u00e8s<\/strong>, pour :<\/p><ul data-start=\"2723\" data-end=\"2890\"><li data-start=\"2723\" data-end=\"2781\"><p data-start=\"2725\" data-end=\"2781\">R\u00e9fl\u00e9chir collectivement \u00e0 ce que cette perte a signifi\u00e9<\/p><\/li><li data-start=\"2782\" data-end=\"2830\"><p data-start=\"2784\" data-end=\"2830\">Renforcer la coh\u00e9sion autour de ce v\u00e9cu commun<\/p><\/li><li data-start=\"2831\" data-end=\"2890\"><p data-start=\"2833\" data-end=\"2890\">S\u2019assurer que chacun trouve un espace d\u2019expression adapt\u00e9<\/p><\/li><\/ul>\t\t\t\t\t\t\t\t<\/div>\n\t\t\t\t<\/div>\n\t\t\t\t<div class=\"elementor-element elementor-element-0e23fdd elementor-widget elementor-widget-text-editor\" data-id=\"0e23fdd\" data-element_type=\"widget\" data-widget_type=\"text-editor.default\">\n\t\t\t\t<div class=\"elementor-widget-container\">\n\t\t\t\t\t\t\t\t\t<p data-start=\"2913\" data-end=\"3188\">Faire le deuil d\u2019un coll\u00e8gue, ce n\u2019est pas faire le deuil d\u2019un simple poste vacant. C\u2019est traverser l\u2019absence d\u2019un visage, d\u2019un rire, d\u2019un regard dans un couloir. Ce deuil m\u00e9rite sa place, son rythme, sa reconnaissance, dans nos vies de soignants comme dans nos institutions.<\/p>\t\t\t\t\t\t\t\t<\/div>\n\t\t\t\t<\/div>\n\t\t\t\t\t<\/div>\n\t\t\t\t<\/div>\n\t\t\t\t<\/div>\n\t\t","protected":false},"excerpt":{"rendered":"<p>LA MORT D&#8217;UN COLL\u00c8GUE \u2013 Le deuil entre soignants Dans un service hospitalier ou m\u00e9dico-social, les liens entre coll\u00e8gues d\u00e9passent souvent le cadre strictement professionnel. On partage les tensions, les gardes, les doutes, les rires, les nuits\u2026 Alors, quand un coll\u00e8gue meurt \u2014 brutalement ou apr\u00e8s une maladie \u2014, c\u2019est un membre de la \u00ab [&hellip;]<\/p>\n","protected":false},"author":1,"featured_media":0,"parent":0,"menu_order":0,"comment_status":"closed","ping_status":"closed","template":"","meta":{"footnotes":""},"categories":[7],"tags":[],"class_list":["post-1026","page","type-page","status-publish","hentry","category-espace-soignant"],"yoast_head":"<!-- This site is optimized with the Yoast SEO Premium plugin v25.5 (Yoast SEO v25.5) - https:\/\/yoast.com\/wordpress\/plugins\/seo\/ -->\n<title>La mort d\u2019un coll\u00e8gue - Espace soignant<\/title>\n<meta name=\"robots\" content=\"index, follow, max-snippet:-1, max-image-preview:large, max-video-preview:-1\" \/>\n<link rel=\"canonical\" href=\"https:\/\/www.lessurvivants.org\/soignant\/la-mort-dun-collegue\/\" \/>\n<meta property=\"og:locale\" content=\"fr_FR\" \/>\n<meta property=\"og:type\" content=\"article\" \/>\n<meta property=\"og:title\" content=\"La mort d\u2019un coll\u00e8gue\" \/>\n<meta property=\"og:description\" content=\"LA MORT D&#8217;UN COLL\u00c8GUE \u2013 Le deuil entre soignants Dans un service hospitalier ou m\u00e9dico-social, les liens entre coll\u00e8gues d\u00e9passent souvent le cadre strictement professionnel. On partage les tensions, les gardes, les doutes, les rires, les nuits\u2026 Alors, quand un coll\u00e8gue meurt \u2014 brutalement ou apr\u00e8s une maladie \u2014, c\u2019est un membre de la \u00ab [&hellip;]\" \/>\n<meta property=\"og:url\" content=\"https:\/\/www.lessurvivants.org\/soignant\/la-mort-dun-collegue\/\" \/>\n<meta property=\"og:site_name\" content=\"Espace soignant\" \/>\n<meta property=\"article:modified_time\" content=\"2025-10-29T13:28:56+00:00\" \/>\n<meta property=\"og:image\" content=\"https:\/\/www.lessurvivants.org\/soignant\/wp-content\/uploads\/sites\/2\/2025\/07\/la-mort-d-un-collegue-les-survivants.avif\" \/>\n\t<meta property=\"og:image:width\" content=\"1308\" \/>\n\t<meta property=\"og:image:height\" content=\"866\" \/>\n\t<meta property=\"og:image:type\" content=\"image\/jpeg\" \/>\n<meta name=\"twitter:card\" content=\"summary_large_image\" \/>\n<meta name=\"twitter:label1\" content=\"Dur\u00e9e de lecture estim\u00e9e\" \/>\n\t<meta name=\"twitter:data1\" content=\"3 minutes\" \/>\n<script type=\"application\/ld+json\" class=\"yoast-schema-graph\">{\"@context\":\"https:\/\/schema.org\",\"@graph\":[{\"@type\":\"WebPage\",\"@id\":\"https:\/\/www.lessurvivants.org\/soignant\/la-mort-dun-collegue\/\",\"url\":\"https:\/\/www.lessurvivants.org\/soignant\/la-mort-dun-collegue\/\",\"name\":\"La mort d\u2019un coll\u00e8gue - Espace soignant\",\"isPartOf\":{\"@id\":\"https:\/\/www.lessurvivants.org\/soignant\/#website\"},\"primaryImageOfPage\":{\"@id\":\"https:\/\/www.lessurvivants.org\/soignant\/la-mort-dun-collegue\/#primaryimage\"},\"image\":{\"@id\":\"https:\/\/www.lessurvivants.org\/soignant\/la-mort-dun-collegue\/#primaryimage\"},\"thumbnailUrl\":\"https:\/\/www.lessurvivants.org\/soignant\/wp-content\/uploads\/sites\/2\/2025\/07\/la-mort-d-un-collegue-les-survivants-1024x678.avif\",\"datePublished\":\"2025-03-10T14:17:57+00:00\",\"dateModified\":\"2025-10-29T13:28:56+00:00\",\"breadcrumb\":{\"@id\":\"https:\/\/www.lessurvivants.org\/soignant\/la-mort-dun-collegue\/#breadcrumb\"},\"inLanguage\":\"fr-FR\",\"potentialAction\":[{\"@type\":\"ReadAction\",\"target\":[\"https:\/\/www.lessurvivants.org\/soignant\/la-mort-dun-collegue\/\"]}]},{\"@type\":\"ImageObject\",\"inLanguage\":\"fr-FR\",\"@id\":\"https:\/\/www.lessurvivants.org\/soignant\/la-mort-dun-collegue\/#primaryimage\",\"url\":\"https:\/\/www.lessurvivants.org\/soignant\/wp-content\/uploads\/sites\/2\/2025\/07\/la-mort-d-un-collegue-les-survivants.avif\",\"contentUrl\":\"https:\/\/www.lessurvivants.org\/soignant\/wp-content\/uploads\/sites\/2\/2025\/07\/la-mort-d-un-collegue-les-survivants.avif\",\"width\":1308,\"height\":866,\"caption\":\"la-mort-d-un-collegue-les-survivants\"},{\"@type\":\"BreadcrumbList\",\"@id\":\"https:\/\/www.lessurvivants.org\/soignant\/la-mort-dun-collegue\/#breadcrumb\",\"itemListElement\":[{\"@type\":\"ListItem\",\"position\":1,\"name\":\"Accueil\",\"item\":\"https:\/\/www.lessurvivants.org\/soignant\/\"},{\"@type\":\"ListItem\",\"position\":2,\"name\":\"La mort d\u2019un coll\u00e8gue\"}]},{\"@type\":\"WebSite\",\"@id\":\"https:\/\/www.lessurvivants.org\/soignant\/#website\",\"url\":\"https:\/\/www.lessurvivants.org\/soignant\/\",\"name\":\"Espace soignant\",\"description\":\"\",\"publisher\":{\"@id\":\"https:\/\/www.lessurvivants.org\/soignant\/#organization\"},\"potentialAction\":[{\"@type\":\"SearchAction\",\"target\":{\"@type\":\"EntryPoint\",\"urlTemplate\":\"https:\/\/www.lessurvivants.org\/soignant\/?s={search_term_string}\"},\"query-input\":{\"@type\":\"PropertyValueSpecification\",\"valueRequired\":true,\"valueName\":\"search_term_string\"}}],\"inLanguage\":\"fr-FR\"},{\"@type\":\"Organization\",\"@id\":\"https:\/\/www.lessurvivants.org\/soignant\/#organization\",\"name\":\"Espace soignant\",\"url\":\"https:\/\/www.lessurvivants.org\/soignant\/\",\"logo\":{\"@type\":\"ImageObject\",\"inLanguage\":\"fr-FR\",\"@id\":\"https:\/\/www.lessurvivants.org\/soignant\/#\/schema\/logo\/image\/\",\"url\":\"https:\/\/www.lessurvivants.org\/wp-content\/uploads\/2025\/03\/logo-final-les-survivants_Plan-de-travail-1.png\",\"contentUrl\":\"https:\/\/www.lessurvivants.org\/wp-content\/uploads\/2025\/03\/logo-final-les-survivants_Plan-de-travail-1.png\",\"caption\":\"Espace soignant\"},\"image\":{\"@id\":\"https:\/\/www.lessurvivants.org\/soignant\/#\/schema\/logo\/image\/\"}}]}<\/script>\n<!-- \/ Yoast SEO Premium plugin. -->","yoast_head_json":{"title":"La mort d\u2019un coll\u00e8gue - Espace soignant","robots":{"index":"index","follow":"follow","max-snippet":"max-snippet:-1","max-image-preview":"max-image-preview:large","max-video-preview":"max-video-preview:-1"},"canonical":"https:\/\/www.lessurvivants.org\/soignant\/la-mort-dun-collegue\/","og_locale":"fr_FR","og_type":"article","og_title":"La mort d\u2019un coll\u00e8gue","og_description":"LA MORT D&#8217;UN COLL\u00c8GUE \u2013 Le deuil entre soignants Dans un service hospitalier ou m\u00e9dico-social, les liens entre coll\u00e8gues d\u00e9passent souvent le cadre strictement professionnel. On partage les tensions, les gardes, les doutes, les rires, les nuits\u2026 Alors, quand un coll\u00e8gue meurt \u2014 brutalement ou apr\u00e8s une maladie \u2014, c\u2019est un membre de la \u00ab [&hellip;]","og_url":"https:\/\/www.lessurvivants.org\/soignant\/la-mort-dun-collegue\/","og_site_name":"Espace soignant","article_modified_time":"2025-10-29T13:28:56+00:00","og_image":[{"width":1308,"height":866,"url":"https:\/\/www.lessurvivants.org\/soignant\/wp-content\/uploads\/sites\/2\/2025\/07\/la-mort-d-un-collegue-les-survivants.avif","type":"image\/jpeg"}],"twitter_card":"summary_large_image","twitter_misc":{"Dur\u00e9e de lecture estim\u00e9e":"3 minutes"},"schema":{"@context":"https:\/\/schema.org","@graph":[{"@type":"WebPage","@id":"https:\/\/www.lessurvivants.org\/soignant\/la-mort-dun-collegue\/","url":"https:\/\/www.lessurvivants.org\/soignant\/la-mort-dun-collegue\/","name":"La mort d\u2019un coll\u00e8gue - Espace soignant","isPartOf":{"@id":"https:\/\/www.lessurvivants.org\/soignant\/#website"},"primaryImageOfPage":{"@id":"https:\/\/www.lessurvivants.org\/soignant\/la-mort-dun-collegue\/#primaryimage"},"image":{"@id":"https:\/\/www.lessurvivants.org\/soignant\/la-mort-dun-collegue\/#primaryimage"},"thumbnailUrl":"https:\/\/www.lessurvivants.org\/soignant\/wp-content\/uploads\/sites\/2\/2025\/07\/la-mort-d-un-collegue-les-survivants-1024x678.avif","datePublished":"2025-03-10T14:17:57+00:00","dateModified":"2025-10-29T13:28:56+00:00","breadcrumb":{"@id":"https:\/\/www.lessurvivants.org\/soignant\/la-mort-dun-collegue\/#breadcrumb"},"inLanguage":"fr-FR","potentialAction":[{"@type":"ReadAction","target":["https:\/\/www.lessurvivants.org\/soignant\/la-mort-dun-collegue\/"]}]},{"@type":"ImageObject","inLanguage":"fr-FR","@id":"https:\/\/www.lessurvivants.org\/soignant\/la-mort-dun-collegue\/#primaryimage","url":"https:\/\/www.lessurvivants.org\/soignant\/wp-content\/uploads\/sites\/2\/2025\/07\/la-mort-d-un-collegue-les-survivants.avif","contentUrl":"https:\/\/www.lessurvivants.org\/soignant\/wp-content\/uploads\/sites\/2\/2025\/07\/la-mort-d-un-collegue-les-survivants.avif","width":1308,"height":866,"caption":"la-mort-d-un-collegue-les-survivants"},{"@type":"BreadcrumbList","@id":"https:\/\/www.lessurvivants.org\/soignant\/la-mort-dun-collegue\/#breadcrumb","itemListElement":[{"@type":"ListItem","position":1,"name":"Accueil","item":"https:\/\/www.lessurvivants.org\/soignant\/"},{"@type":"ListItem","position":2,"name":"La mort d\u2019un coll\u00e8gue"}]},{"@type":"WebSite","@id":"https:\/\/www.lessurvivants.org\/soignant\/#website","url":"https:\/\/www.lessurvivants.org\/soignant\/","name":"Espace soignant","description":"","publisher":{"@id":"https:\/\/www.lessurvivants.org\/soignant\/#organization"},"potentialAction":[{"@type":"SearchAction","target":{"@type":"EntryPoint","urlTemplate":"https:\/\/www.lessurvivants.org\/soignant\/?s={search_term_string}"},"query-input":{"@type":"PropertyValueSpecification","valueRequired":true,"valueName":"search_term_string"}}],"inLanguage":"fr-FR"},{"@type":"Organization","@id":"https:\/\/www.lessurvivants.org\/soignant\/#organization","name":"Espace soignant","url":"https:\/\/www.lessurvivants.org\/soignant\/","logo":{"@type":"ImageObject","inLanguage":"fr-FR","@id":"https:\/\/www.lessurvivants.org\/soignant\/#\/schema\/logo\/image\/","url":"https:\/\/www.lessurvivants.org\/wp-content\/uploads\/2025\/03\/logo-final-les-survivants_Plan-de-travail-1.png","contentUrl":"https:\/\/www.lessurvivants.org\/wp-content\/uploads\/2025\/03\/logo-final-les-survivants_Plan-de-travail-1.png","caption":"Espace soignant"},"image":{"@id":"https:\/\/www.lessurvivants.org\/soignant\/#\/schema\/logo\/image\/"}}]}},"_links":{"self":[{"href":"https:\/\/www.lessurvivants.org\/soignant\/wp-json\/wp\/v2\/pages\/1026","targetHints":{"allow":["GET"]}}],"collection":[{"href":"https:\/\/www.lessurvivants.org\/soignant\/wp-json\/wp\/v2\/pages"}],"about":[{"href":"https:\/\/www.lessurvivants.org\/soignant\/wp-json\/wp\/v2\/types\/page"}],"author":[{"embeddable":true,"href":"https:\/\/www.lessurvivants.org\/soignant\/wp-json\/wp\/v2\/users\/1"}],"replies":[{"embeddable":true,"href":"https:\/\/www.lessurvivants.org\/soignant\/wp-json\/wp\/v2\/comments?post=1026"}],"version-history":[{"count":12,"href":"https:\/\/www.lessurvivants.org\/soignant\/wp-json\/wp\/v2\/pages\/1026\/revisions"}],"predecessor-version":[{"id":2130,"href":"https:\/\/www.lessurvivants.org\/soignant\/wp-json\/wp\/v2\/pages\/1026\/revisions\/2130"}],"wp:attachment":[{"href":"https:\/\/www.lessurvivants.org\/soignant\/wp-json\/wp\/v2\/media?parent=1026"}],"wp:term":[{"taxonomy":"category","embeddable":true,"href":"https:\/\/www.lessurvivants.org\/soignant\/wp-json\/wp\/v2\/categories?post=1026"},{"taxonomy":"post_tag","embeddable":true,"href":"https:\/\/www.lessurvivants.org\/soignant\/wp-json\/wp\/v2\/tags?post=1026"}],"curies":[{"name":"wp","href":"https:\/\/api.w.org\/{rel}","templated":true}]}}