{"id":1028,"date":"2025-03-10T15:18:15","date_gmt":"2025-03-10T14:18:15","guid":{"rendered":"https:\/\/www.lessurvivants.org\/soignant\/?page_id=1028"},"modified":"2025-10-29T14:27:17","modified_gmt":"2025-10-29T13:27:17","slug":"la-mort-dun-proche-dun-collegue","status":"publish","type":"page","link":"https:\/\/www.lessurvivants.org\/soignant\/la-mort-dun-proche-dun-collegue\/","title":{"rendered":"La mort d\u2019un proche d\u2019un coll\u00e8gue"},"content":{"rendered":"\t\t<div data-elementor-type=\"wp-page\" data-elementor-id=\"1028\" class=\"elementor elementor-1028\" data-elementor-post-type=\"page\">\n\t\t\t\t<div data-particle_enable=\"false\" data-particle-mobile-disabled=\"false\" class=\"elementor-element elementor-element-5bf9a60 e-flex e-con-boxed e-con e-parent\" data-id=\"5bf9a60\" data-element_type=\"container\" data-settings=\"{&quot;jet_parallax_layout_list&quot;:[]}\">\n\t\t\t\t\t<div class=\"e-con-inner\">\n\t\t\t\t<div class=\"elementor-element elementor-element-836fe21 elementor-widget elementor-widget-heading\" data-id=\"836fe21\" data-element_type=\"widget\" data-widget_type=\"heading.default\">\n\t\t\t\t<div class=\"elementor-widget-container\">\n\t\t\t\t\t<h2 class=\"elementor-heading-title elementor-size-default\">LA MORT D'UN PROCHE - Quand le soignant devient endeuill\u00e9<\/h2>\t\t\t\t<\/div>\n\t\t\t\t<\/div>\n\t\t\t\t<div class=\"elementor-element elementor-element-85d9230 elementor-widget elementor-widget-text-editor\" data-id=\"85d9230\" data-element_type=\"widget\" data-widget_type=\"text-editor.default\">\n\t\t\t\t<div class=\"elementor-widget-container\">\n\t\t\t\t\t\t\t\t\t<p>Perdre un proche en tant que soignant peut \u00eatre une \u00e9preuve complexe, charg\u00e9e d\u2019\u00e9motions contradictoires. Entre empathie professionnelle et douleur intime, il n\u2019est pas toujours facile de trouver sa place, de s&#8217;autoriser \u00e0 vivre pleinement le deuil, ni m\u00eame d\u2019obtenir le soutien n\u00e9cessaire. Cette page explore cette exp\u00e9rience \u00e0 part, souvent m\u00e9connue dans les institutions de soin.<\/p>\t\t\t\t\t\t\t\t<\/div>\n\t\t\t\t<\/div>\n\t\t\t\t\t<\/div>\n\t\t\t\t<\/div>\n\t\t<div data-particle_enable=\"false\" data-particle-mobile-disabled=\"false\" class=\"elementor-element elementor-element-e7fdf3f e-flex e-con-boxed e-con e-parent\" data-id=\"e7fdf3f\" data-element_type=\"container\" data-settings=\"{&quot;jet_parallax_layout_list&quot;:[]}\">\n\t\t\t\t\t<div class=\"e-con-inner\">\n\t\t\t\t<div class=\"elementor-element elementor-element-ca647de elementor-widget elementor-widget-heading\" data-id=\"ca647de\" data-element_type=\"widget\" data-widget_type=\"heading.default\">\n\t\t\t\t<div class=\"elementor-widget-container\">\n\t\t\t\t\t<h2 class=\"elementor-heading-title elementor-size-default\">Le soignant confront\u00e9 \u00e0 sa propre peine<\/h2>\t\t\t\t<\/div>\n\t\t\t\t<\/div>\n\t\t\t\t<div class=\"elementor-element elementor-element-0b5c68e elementor-widget elementor-widget-text-editor\" data-id=\"0b5c68e\" data-element_type=\"widget\" data-widget_type=\"text-editor.default\">\n\t\t\t\t<div class=\"elementor-widget-container\">\n\t\t\t\t\t\t\t\t\t<p data-start=\"962\" data-end=\"1213\">Les soignants sont souvent per\u00e7us comme des figures de soutien face \u00e0 la mort. Mais que se passe-t-il quand c\u2019est <strong data-start=\"1076\" data-end=\"1083\">eux<\/strong> qui perdent un \u00eatre cher\u202f? Le deuil personnel peut alors entrer en conflit avec le r\u00f4le professionnel, cr\u00e9ant un double fardeau :<\/p><ul data-start=\"1215\" data-end=\"1437\"><li data-start=\"1215\" data-end=\"1288\"><p data-start=\"1217\" data-end=\"1288\">Continuer \u00e0 accompagner la souffrance d\u2019autrui tout en vivant la sienne<\/p><\/li><li data-start=\"1289\" data-end=\"1365\"><p data-start=\"1291\" data-end=\"1365\">Reprendre le travail trop t\u00f4t par culpabilit\u00e9 ou pression institutionnelle<\/p><\/li><li data-start=\"1366\" data-end=\"1437\"><p data-start=\"1368\" data-end=\"1437\">Se sentir coupable d\u2019\u00eatre affect\u00e9 quand on est cens\u00e9 \u00ab savoir g\u00e9rer \u00bb<\/p><\/li><\/ul>\t\t\t\t\t\t\t\t<\/div>\n\t\t\t\t<\/div>\n\t\t\t\t<div class=\"elementor-element elementor-element-c843263 elementor-widget elementor-widget-heading\" data-id=\"c843263\" data-element_type=\"widget\" data-widget_type=\"heading.default\">\n\t\t\t\t<div class=\"elementor-widget-container\">\n\t\t\t\t\t<h3 class=\"elementor-heading-title elementor-size-default\">\ud83d\udc49 VOIR AUSSI : Les diff\u00e9rentes phases du deuil pour le soignant<\/h3>\t\t\t\t<\/div>\n\t\t\t\t<\/div>\n\t\t\t\t<div class=\"elementor-element elementor-element-925fd23 elementor-align-center elementor-widget elementor-widget-button\" data-id=\"925fd23\" data-element_type=\"widget\" data-widget_type=\"button.default\">\n\t\t\t\t<div class=\"elementor-widget-container\">\n\t\t\t\t\t\t\t\t\t<div class=\"elementor-button-wrapper\">\n\t\t\t\t\t<a class=\"elementor-button elementor-button-link elementor-size-sm\" href=\"https:\/\/www.lessurvivants.org\/soignant\/les-differentes-phases-du-deuil-pour-le-soignant\/\" target=\"_blank\">\n\t\t\t\t\t\t<span class=\"elementor-button-content-wrapper\">\n\t\t\t\t\t\t\t\t\t<span class=\"elementor-button-text\">Cliquez ici<\/span>\n\t\t\t\t\t<\/span>\n\t\t\t\t\t<\/a>\n\t\t\t\t<\/div>\n\t\t\t\t\t\t\t\t<\/div>\n\t\t\t\t<\/div>\n\t\t\t\t\t<\/div>\n\t\t\t\t<\/div>\n\t\t<div data-particle_enable=\"false\" data-particle-mobile-disabled=\"false\" class=\"elementor-element elementor-element-97cb47c e-flex e-con-boxed e-con e-parent\" data-id=\"97cb47c\" data-element_type=\"container\" data-settings=\"{&quot;jet_parallax_layout_list&quot;:[]}\">\n\t\t\t\t\t<div class=\"e-con-inner\">\n\t\t<div data-particle_enable=\"false\" data-particle-mobile-disabled=\"false\" class=\"elementor-element elementor-element-c43afe1 e-con-full e-flex e-con e-child\" data-id=\"c43afe1\" data-element_type=\"container\" data-settings=\"{&quot;jet_parallax_layout_list&quot;:[]}\">\n\t\t\t\t<div class=\"elementor-element elementor-element-97ee11a elementor-widget elementor-widget-heading\" data-id=\"97ee11a\" data-element_type=\"widget\" data-widget_type=\"heading.default\">\n\t\t\t\t<div class=\"elementor-widget-container\">\n\t\t\t\t\t<h2 class=\"elementor-heading-title elementor-size-default\">Des r\u00e9actions \u00e9motionnelles sp\u00e9cifiques<\/h2>\t\t\t\t<\/div>\n\t\t\t\t<\/div>\n\t\t\t\t<div class=\"elementor-element elementor-element-9c33cbd elementor-widget elementor-widget-text-editor\" data-id=\"9c33cbd\" data-element_type=\"widget\" data-widget_type=\"text-editor.default\">\n\t\t\t\t<div class=\"elementor-widget-container\">\n\t\t\t\t\t\t\t\t\t<p data-start=\"1592\" data-end=\"1806\">Le soignant endeuill\u00e9 peut traverser un \u00e9ventail d\u2019\u00e9motions puissantes : chagrin profond, col\u00e8re, vide, mais aussi un sentiment d\u2019injustice d\u2019avoir \u201ctout compris\u201d \u00e0 la mort sans avoir pu s\u2019y pr\u00e9parer pour lui-m\u00eame.<\/p><p data-start=\"1808\" data-end=\"1919\">L\u2019exposition quotidienne \u00e0 la mort peut, paradoxalement, accentuer la difficult\u00e9 \u00e0 vivre <strong data-start=\"1897\" data-end=\"1904\">son<\/strong> propre deuil\u202f:<\/p><ul data-start=\"1921\" data-end=\"2029\"><li data-start=\"1921\" data-end=\"1954\"><p data-start=\"1923\" data-end=\"1954\">Difficult\u00e9 \u00e0 demander de l\u2019aide<\/p><\/li><li data-start=\"1955\" data-end=\"1981\"><p data-start=\"1957\" data-end=\"1981\">Minimisation de sa peine<\/p><\/li><li data-start=\"1982\" data-end=\"2029\"><p data-start=\"1984\" data-end=\"2029\">R\u00e9activation de deuils pr\u00e9c\u00e9dents non r\u00e9solus<\/p><\/li><\/ul>\t\t\t\t\t\t\t\t<\/div>\n\t\t\t\t<\/div>\n\t\t\t\t<\/div>\n\t\t<div data-particle_enable=\"false\" data-particle-mobile-disabled=\"false\" class=\"elementor-element elementor-element-c58cf28 e-con-full e-flex e-con e-child\" data-id=\"c58cf28\" data-element_type=\"container\" data-settings=\"{&quot;jet_parallax_layout_list&quot;:[]}\">\n\t\t\t\t<div class=\"elementor-element elementor-element-eb05eb7 elementor-widget elementor-widget-image\" data-id=\"eb05eb7\" data-element_type=\"widget\" data-widget_type=\"image.default\">\n\t\t\t\t<div class=\"elementor-widget-container\">\n\t\t\t\t\t\t\t\t\t\t\t\t\t\t\t<img fetchpriority=\"high\" decoding=\"async\" width=\"800\" height=\"527\" src=\"https:\/\/www.lessurvivants.org\/soignant\/wp-content\/uploads\/sites\/2\/2025\/07\/la-mort-d-un-proche-les-survivants-1024x675.avif\" class=\"attachment-large size-large wp-image-1868 not-transparent\" alt=\"la-mort-d-un-proche-les-survivants\" srcset=\"https:\/\/www.lessurvivants.org\/soignant\/wp-content\/uploads\/sites\/2\/2025\/07\/la-mort-d-un-proche-les-survivants-1024x675.avif 1024w, https:\/\/www.lessurvivants.org\/soignant\/wp-content\/uploads\/sites\/2\/2025\/07\/la-mort-d-un-proche-les-survivants-300x198.avif 300w, https:\/\/www.lessurvivants.org\/soignant\/wp-content\/uploads\/sites\/2\/2025\/07\/la-mort-d-un-proche-les-survivants-768x506.avif 768w, https:\/\/www.lessurvivants.org\/soignant\/wp-content\/uploads\/sites\/2\/2025\/07\/la-mort-d-un-proche-les-survivants.avif 1350w\" sizes=\"(max-width: 800px) 100vw, 800px\" data-has-transparency=\"false\" data-dominant-color=\"7c7988\" style=\"--dominant-color: #7c7988\" \/>\t\t\t\t\t\t\t\t\t\t\t\t\t\t\t<\/div>\n\t\t\t\t<\/div>\n\t\t\t\t<\/div>\n\t\t\t\t\t<\/div>\n\t\t\t\t<\/div>\n\t\t<div data-particle_enable=\"false\" data-particle-mobile-disabled=\"false\" class=\"elementor-element elementor-element-73efdef e-flex e-con-boxed e-con e-parent\" data-id=\"73efdef\" data-element_type=\"container\" data-settings=\"{&quot;jet_parallax_layout_list&quot;:[]}\">\n\t\t\t\t\t<div class=\"e-con-inner\">\n\t\t\t\t<div class=\"elementor-element elementor-element-603a3ef elementor-widget elementor-widget-heading\" data-id=\"603a3ef\" data-element_type=\"widget\" data-widget_type=\"heading.default\">\n\t\t\t\t<div class=\"elementor-widget-container\">\n\t\t\t\t\t<h2 class=\"elementor-heading-title elementor-size-default\">Parler, \u00eatre entendu : un besoin fondamental<\/h2>\t\t\t\t<\/div>\n\t\t\t\t<\/div>\n\t\t\t\t<div class=\"elementor-element elementor-element-a49de58 elementor-widget elementor-widget-text-editor\" data-id=\"a49de58\" data-element_type=\"widget\" data-widget_type=\"text-editor.default\">\n\t\t\t\t<div class=\"elementor-widget-container\">\n\t\t\t\t\t\t\t\t\t<p>Il est crucial de ne pas rester seul face \u00e0 cette douleur. Le soutien entre coll\u00e8gues, les espaces de parole (groupes de debriefing, cellules d\u2019\u00e9coute), et les consultations psychologiques peuvent faire une vraie diff\u00e9rence<\/p>\t\t\t\t\t\t\t\t<\/div>\n\t\t\t\t<\/div>\n\t\t\t\t\t<\/div>\n\t\t\t\t<\/div>\n\t\t<div data-particle_enable=\"false\" data-particle-mobile-disabled=\"false\" class=\"elementor-element elementor-element-008d924 e-flex e-con-boxed e-con e-parent\" data-id=\"008d924\" data-element_type=\"container\" data-settings=\"{&quot;jet_parallax_layout_list&quot;:[]}\">\n\t\t\t\t\t<div class=\"e-con-inner\">\n\t\t\t\t<div class=\"elementor-element elementor-element-65e3a4a elementor-widget elementor-widget-heading\" data-id=\"65e3a4a\" data-element_type=\"widget\" data-widget_type=\"heading.default\">\n\t\t\t\t<div class=\"elementor-widget-container\">\n\t\t\t\t\t<h2 class=\"elementor-heading-title elementor-size-default\">Quand la souffrance persiste : reconna\u00eetre un deuil compliqu\u00e9<\/h2>\t\t\t\t<\/div>\n\t\t\t\t<\/div>\n\t\t\t\t<div class=\"elementor-element elementor-element-59854e7 elementor-widget elementor-widget-text-editor\" data-id=\"59854e7\" data-element_type=\"widget\" data-widget_type=\"text-editor.default\">\n\t\t\t\t<div class=\"elementor-widget-container\">\n\t\t\t\t\t\t\t\t\t<p data-start=\"2463\" data-end=\"2613\">Dans certains cas, un deuil mal accompagn\u00e9 peut \u00e9voluer vers un <strong data-start=\"2527\" data-end=\"2549\">deuil pathologique<\/strong> (trouble prolong\u00e9 du deuil). Certains signaux doivent alerter :<\/p><ul data-start=\"2615\" data-end=\"2771\"><li data-start=\"2615\" data-end=\"2675\"><p data-start=\"2617\" data-end=\"2675\">Impossibilit\u00e9 de reprendre une vie professionnelle normale<\/p><\/li><li data-start=\"2676\" data-end=\"2692\"><p data-start=\"2678\" data-end=\"2692\">Retrait social<\/p><\/li><li data-start=\"2693\" data-end=\"2735\"><p data-start=\"2695\" data-end=\"2735\">Sympt\u00f4mes d\u00e9pressifs ou anxieux durables<\/p><\/li><li data-start=\"2736\" data-end=\"2771\"><p data-start=\"2738\" data-end=\"2771\">\u00c9puisement \u00e9motionnel ou physique<\/p><\/li><\/ul><p data-start=\"2773\" data-end=\"2827\">Un suivi professionnel est alors fortement recommand\u00e9.<\/p>\t\t\t\t\t\t\t\t<\/div>\n\t\t\t\t<\/div>\n\t\t\t\t\t<\/div>\n\t\t\t\t<\/div>\n\t\t<div data-particle_enable=\"false\" data-particle-mobile-disabled=\"false\" class=\"elementor-element elementor-element-2d0fbc2 e-flex e-con-boxed e-con e-parent\" data-id=\"2d0fbc2\" data-element_type=\"container\" data-settings=\"{&quot;jet_parallax_layout_list&quot;:[]}\">\n\t\t\t\t\t<div class=\"e-con-inner\">\n\t\t<div data-particle_enable=\"false\" data-particle-mobile-disabled=\"false\" class=\"elementor-element elementor-element-537a442 e-con-full e-flex e-con e-child\" data-id=\"537a442\" data-element_type=\"container\" data-settings=\"{&quot;jet_parallax_layout_list&quot;:[]}\">\n\t\t\t\t<div class=\"elementor-element elementor-element-ff6378c elementor-widget elementor-widget-heading\" data-id=\"ff6378c\" data-element_type=\"widget\" data-widget_type=\"heading.default\">\n\t\t\t\t<div class=\"elementor-widget-container\">\n\t\t\t\t\t<h3 class=\"elementor-heading-title elementor-size-default\">\ud83d\udc49 Pour en savoir plus sur : Le deuil pathologique<\/h3>\t\t\t\t<\/div>\n\t\t\t\t<\/div>\n\t\t\t\t<\/div>\n\t\t<div data-particle_enable=\"false\" data-particle-mobile-disabled=\"false\" class=\"elementor-element elementor-element-c9cc177 e-con-full e-flex e-con e-child\" data-id=\"c9cc177\" data-element_type=\"container\" data-settings=\"{&quot;jet_parallax_layout_list&quot;:[]}\">\n\t\t\t\t<div class=\"elementor-element elementor-element-0408752 elementor-align-center elementor-widget elementor-widget-button\" data-id=\"0408752\" data-element_type=\"widget\" data-widget_type=\"button.default\">\n\t\t\t\t<div class=\"elementor-widget-container\">\n\t\t\t\t\t\t\t\t\t<div class=\"elementor-button-wrapper\">\n\t\t\t\t\t<a class=\"elementor-button elementor-button-link elementor-size-sm\" href=\"https:\/\/www.lessurvivants.org\/soignant\/le-deuil-pathologique\/\" target=\"_blank\">\n\t\t\t\t\t\t<span class=\"elementor-button-content-wrapper\">\n\t\t\t\t\t\t\t\t\t<span class=\"elementor-button-text\">Cliquez ici<\/span>\n\t\t\t\t\t<\/span>\n\t\t\t\t\t<\/a>\n\t\t\t\t<\/div>\n\t\t\t\t\t\t\t\t<\/div>\n\t\t\t\t<\/div>\n\t\t\t\t<\/div>\n\t\t\t\t\t<\/div>\n\t\t\t\t<\/div>\n\t\t<div data-particle_enable=\"false\" data-particle-mobile-disabled=\"false\" class=\"elementor-element elementor-element-0f40686 e-flex e-con-boxed e-con e-parent\" data-id=\"0f40686\" data-element_type=\"container\" data-settings=\"{&quot;jet_parallax_layout_list&quot;:[]}\">\n\t\t\t\t\t<div class=\"e-con-inner\">\n\t\t\t\t<div class=\"elementor-element elementor-element-a884c3d elementor-widget elementor-widget-text-editor\" data-id=\"a884c3d\" data-element_type=\"widget\" data-widget_type=\"text-editor.default\">\n\t\t\t\t<div class=\"elementor-widget-container\">\n\t\t\t\t\t\t\t\t\t<p data-start=\"2850\" data-end=\"3077\">Les soignants aussi ont le droit d\u2019\u00eatre vuln\u00e9rables, de pleurer, de se retirer temporairement du soin pour prendre soin d\u2019eux-m\u00eames. Reconna\u00eetre cette l\u00e9gitimit\u00e9, c\u2019est renforcer leur humanit\u00e9 et leur long\u00e9vit\u00e9 professionnelle.<\/p>\t\t\t\t\t\t\t\t<\/div>\n\t\t\t\t<\/div>\n\t\t\t\t\t<\/div>\n\t\t\t\t<\/div>\n\t\t\t\t<\/div>\n\t\t","protected":false},"excerpt":{"rendered":"<p>LA MORT D&#8217;UN PROCHE &#8211; Quand le soignant devient endeuill\u00e9 Perdre un proche en tant que soignant peut \u00eatre une \u00e9preuve complexe, charg\u00e9e d\u2019\u00e9motions contradictoires. Entre empathie professionnelle et douleur intime, il n\u2019est pas toujours facile de trouver sa place, de s&#8217;autoriser \u00e0 vivre pleinement le deuil, ni m\u00eame d\u2019obtenir le soutien n\u00e9cessaire. Cette page [&hellip;]<\/p>\n","protected":false},"author":1,"featured_media":0,"parent":0,"menu_order":0,"comment_status":"closed","ping_status":"closed","template":"","meta":{"footnotes":""},"categories":[7],"tags":[],"class_list":["post-1028","page","type-page","status-publish","hentry","category-espace-soignant"],"yoast_head":"<!-- This site is optimized with the Yoast SEO Premium plugin v25.5 (Yoast SEO v25.5) - https:\/\/yoast.com\/wordpress\/plugins\/seo\/ -->\n<title>La mort d\u2019un proche d\u2019un coll\u00e8gue - Espace soignant<\/title>\n<meta name=\"robots\" content=\"index, follow, max-snippet:-1, max-image-preview:large, max-video-preview:-1\" \/>\n<link rel=\"canonical\" href=\"https:\/\/www.lessurvivants.org\/soignant\/la-mort-dun-proche-dun-collegue\/\" \/>\n<meta property=\"og:locale\" content=\"fr_FR\" \/>\n<meta property=\"og:type\" content=\"article\" \/>\n<meta property=\"og:title\" content=\"La mort d\u2019un proche d\u2019un coll\u00e8gue\" \/>\n<meta property=\"og:description\" content=\"LA MORT D&#8217;UN PROCHE &#8211; Quand le soignant devient endeuill\u00e9 Perdre un proche en tant que soignant peut \u00eatre une \u00e9preuve complexe, charg\u00e9e d\u2019\u00e9motions contradictoires. Entre empathie professionnelle et douleur intime, il n\u2019est pas toujours facile de trouver sa place, de s&#8217;autoriser \u00e0 vivre pleinement le deuil, ni m\u00eame d\u2019obtenir le soutien n\u00e9cessaire. Cette page [&hellip;]\" \/>\n<meta property=\"og:url\" content=\"https:\/\/www.lessurvivants.org\/soignant\/la-mort-dun-proche-dun-collegue\/\" \/>\n<meta property=\"og:site_name\" content=\"Espace soignant\" \/>\n<meta property=\"article:modified_time\" content=\"2025-10-29T13:27:17+00:00\" \/>\n<meta property=\"og:image\" content=\"https:\/\/www.lessurvivants.org\/soignant\/wp-content\/uploads\/sites\/2\/2025\/07\/la-mort-d-un-proche-les-survivants.avif\" \/>\n\t<meta property=\"og:image:width\" content=\"1350\" \/>\n\t<meta property=\"og:image:height\" content=\"890\" \/>\n\t<meta property=\"og:image:type\" content=\"image\/jpeg\" \/>\n<meta name=\"twitter:card\" content=\"summary_large_image\" \/>\n<meta name=\"twitter:label1\" content=\"Dur\u00e9e de lecture estim\u00e9e\" \/>\n\t<meta name=\"twitter:data1\" content=\"3 minutes\" \/>\n<script type=\"application\/ld+json\" class=\"yoast-schema-graph\">{\"@context\":\"https:\/\/schema.org\",\"@graph\":[{\"@type\":\"WebPage\",\"@id\":\"https:\/\/www.lessurvivants.org\/soignant\/la-mort-dun-proche-dun-collegue\/\",\"url\":\"https:\/\/www.lessurvivants.org\/soignant\/la-mort-dun-proche-dun-collegue\/\",\"name\":\"La mort d\u2019un proche d\u2019un coll\u00e8gue - Espace soignant\",\"isPartOf\":{\"@id\":\"https:\/\/www.lessurvivants.org\/soignant\/#website\"},\"primaryImageOfPage\":{\"@id\":\"https:\/\/www.lessurvivants.org\/soignant\/la-mort-dun-proche-dun-collegue\/#primaryimage\"},\"image\":{\"@id\":\"https:\/\/www.lessurvivants.org\/soignant\/la-mort-dun-proche-dun-collegue\/#primaryimage\"},\"thumbnailUrl\":\"https:\/\/www.lessurvivants.org\/soignant\/wp-content\/uploads\/sites\/2\/2025\/07\/la-mort-d-un-proche-les-survivants-1024x675.avif\",\"datePublished\":\"2025-03-10T14:18:15+00:00\",\"dateModified\":\"2025-10-29T13:27:17+00:00\",\"breadcrumb\":{\"@id\":\"https:\/\/www.lessurvivants.org\/soignant\/la-mort-dun-proche-dun-collegue\/#breadcrumb\"},\"inLanguage\":\"fr-FR\",\"potentialAction\":[{\"@type\":\"ReadAction\",\"target\":[\"https:\/\/www.lessurvivants.org\/soignant\/la-mort-dun-proche-dun-collegue\/\"]}]},{\"@type\":\"ImageObject\",\"inLanguage\":\"fr-FR\",\"@id\":\"https:\/\/www.lessurvivants.org\/soignant\/la-mort-dun-proche-dun-collegue\/#primaryimage\",\"url\":\"https:\/\/www.lessurvivants.org\/soignant\/wp-content\/uploads\/sites\/2\/2025\/07\/la-mort-d-un-proche-les-survivants.avif\",\"contentUrl\":\"https:\/\/www.lessurvivants.org\/soignant\/wp-content\/uploads\/sites\/2\/2025\/07\/la-mort-d-un-proche-les-survivants.avif\",\"width\":1350,\"height\":890,\"caption\":\"la-mort-d-un-proche-les-survivants\"},{\"@type\":\"BreadcrumbList\",\"@id\":\"https:\/\/www.lessurvivants.org\/soignant\/la-mort-dun-proche-dun-collegue\/#breadcrumb\",\"itemListElement\":[{\"@type\":\"ListItem\",\"position\":1,\"name\":\"Accueil\",\"item\":\"https:\/\/www.lessurvivants.org\/soignant\/\"},{\"@type\":\"ListItem\",\"position\":2,\"name\":\"La mort d\u2019un proche d\u2019un coll\u00e8gue\"}]},{\"@type\":\"WebSite\",\"@id\":\"https:\/\/www.lessurvivants.org\/soignant\/#website\",\"url\":\"https:\/\/www.lessurvivants.org\/soignant\/\",\"name\":\"Espace soignant\",\"description\":\"\",\"publisher\":{\"@id\":\"https:\/\/www.lessurvivants.org\/soignant\/#organization\"},\"potentialAction\":[{\"@type\":\"SearchAction\",\"target\":{\"@type\":\"EntryPoint\",\"urlTemplate\":\"https:\/\/www.lessurvivants.org\/soignant\/?s={search_term_string}\"},\"query-input\":{\"@type\":\"PropertyValueSpecification\",\"valueRequired\":true,\"valueName\":\"search_term_string\"}}],\"inLanguage\":\"fr-FR\"},{\"@type\":\"Organization\",\"@id\":\"https:\/\/www.lessurvivants.org\/soignant\/#organization\",\"name\":\"Espace soignant\",\"url\":\"https:\/\/www.lessurvivants.org\/soignant\/\",\"logo\":{\"@type\":\"ImageObject\",\"inLanguage\":\"fr-FR\",\"@id\":\"https:\/\/www.lessurvivants.org\/soignant\/#\/schema\/logo\/image\/\",\"url\":\"https:\/\/www.lessurvivants.org\/wp-content\/uploads\/2025\/03\/logo-final-les-survivants_Plan-de-travail-1.png\",\"contentUrl\":\"https:\/\/www.lessurvivants.org\/wp-content\/uploads\/2025\/03\/logo-final-les-survivants_Plan-de-travail-1.png\",\"caption\":\"Espace soignant\"},\"image\":{\"@id\":\"https:\/\/www.lessurvivants.org\/soignant\/#\/schema\/logo\/image\/\"}}]}<\/script>\n<!-- \/ Yoast SEO Premium plugin. -->","yoast_head_json":{"title":"La mort d\u2019un proche d\u2019un coll\u00e8gue - Espace soignant","robots":{"index":"index","follow":"follow","max-snippet":"max-snippet:-1","max-image-preview":"max-image-preview:large","max-video-preview":"max-video-preview:-1"},"canonical":"https:\/\/www.lessurvivants.org\/soignant\/la-mort-dun-proche-dun-collegue\/","og_locale":"fr_FR","og_type":"article","og_title":"La mort d\u2019un proche d\u2019un coll\u00e8gue","og_description":"LA MORT D&#8217;UN PROCHE &#8211; Quand le soignant devient endeuill\u00e9 Perdre un proche en tant que soignant peut \u00eatre une \u00e9preuve complexe, charg\u00e9e d\u2019\u00e9motions contradictoires. Entre empathie professionnelle et douleur intime, il n\u2019est pas toujours facile de trouver sa place, de s&#8217;autoriser \u00e0 vivre pleinement le deuil, ni m\u00eame d\u2019obtenir le soutien n\u00e9cessaire. Cette page [&hellip;]","og_url":"https:\/\/www.lessurvivants.org\/soignant\/la-mort-dun-proche-dun-collegue\/","og_site_name":"Espace soignant","article_modified_time":"2025-10-29T13:27:17+00:00","og_image":[{"width":1350,"height":890,"url":"https:\/\/www.lessurvivants.org\/soignant\/wp-content\/uploads\/sites\/2\/2025\/07\/la-mort-d-un-proche-les-survivants.avif","type":"image\/jpeg"}],"twitter_card":"summary_large_image","twitter_misc":{"Dur\u00e9e de lecture estim\u00e9e":"3 minutes"},"schema":{"@context":"https:\/\/schema.org","@graph":[{"@type":"WebPage","@id":"https:\/\/www.lessurvivants.org\/soignant\/la-mort-dun-proche-dun-collegue\/","url":"https:\/\/www.lessurvivants.org\/soignant\/la-mort-dun-proche-dun-collegue\/","name":"La mort d\u2019un proche d\u2019un coll\u00e8gue - Espace soignant","isPartOf":{"@id":"https:\/\/www.lessurvivants.org\/soignant\/#website"},"primaryImageOfPage":{"@id":"https:\/\/www.lessurvivants.org\/soignant\/la-mort-dun-proche-dun-collegue\/#primaryimage"},"image":{"@id":"https:\/\/www.lessurvivants.org\/soignant\/la-mort-dun-proche-dun-collegue\/#primaryimage"},"thumbnailUrl":"https:\/\/www.lessurvivants.org\/soignant\/wp-content\/uploads\/sites\/2\/2025\/07\/la-mort-d-un-proche-les-survivants-1024x675.avif","datePublished":"2025-03-10T14:18:15+00:00","dateModified":"2025-10-29T13:27:17+00:00","breadcrumb":{"@id":"https:\/\/www.lessurvivants.org\/soignant\/la-mort-dun-proche-dun-collegue\/#breadcrumb"},"inLanguage":"fr-FR","potentialAction":[{"@type":"ReadAction","target":["https:\/\/www.lessurvivants.org\/soignant\/la-mort-dun-proche-dun-collegue\/"]}]},{"@type":"ImageObject","inLanguage":"fr-FR","@id":"https:\/\/www.lessurvivants.org\/soignant\/la-mort-dun-proche-dun-collegue\/#primaryimage","url":"https:\/\/www.lessurvivants.org\/soignant\/wp-content\/uploads\/sites\/2\/2025\/07\/la-mort-d-un-proche-les-survivants.avif","contentUrl":"https:\/\/www.lessurvivants.org\/soignant\/wp-content\/uploads\/sites\/2\/2025\/07\/la-mort-d-un-proche-les-survivants.avif","width":1350,"height":890,"caption":"la-mort-d-un-proche-les-survivants"},{"@type":"BreadcrumbList","@id":"https:\/\/www.lessurvivants.org\/soignant\/la-mort-dun-proche-dun-collegue\/#breadcrumb","itemListElement":[{"@type":"ListItem","position":1,"name":"Accueil","item":"https:\/\/www.lessurvivants.org\/soignant\/"},{"@type":"ListItem","position":2,"name":"La mort d\u2019un proche d\u2019un coll\u00e8gue"}]},{"@type":"WebSite","@id":"https:\/\/www.lessurvivants.org\/soignant\/#website","url":"https:\/\/www.lessurvivants.org\/soignant\/","name":"Espace soignant","description":"","publisher":{"@id":"https:\/\/www.lessurvivants.org\/soignant\/#organization"},"potentialAction":[{"@type":"SearchAction","target":{"@type":"EntryPoint","urlTemplate":"https:\/\/www.lessurvivants.org\/soignant\/?s={search_term_string}"},"query-input":{"@type":"PropertyValueSpecification","valueRequired":true,"valueName":"search_term_string"}}],"inLanguage":"fr-FR"},{"@type":"Organization","@id":"https:\/\/www.lessurvivants.org\/soignant\/#organization","name":"Espace soignant","url":"https:\/\/www.lessurvivants.org\/soignant\/","logo":{"@type":"ImageObject","inLanguage":"fr-FR","@id":"https:\/\/www.lessurvivants.org\/soignant\/#\/schema\/logo\/image\/","url":"https:\/\/www.lessurvivants.org\/wp-content\/uploads\/2025\/03\/logo-final-les-survivants_Plan-de-travail-1.png","contentUrl":"https:\/\/www.lessurvivants.org\/wp-content\/uploads\/2025\/03\/logo-final-les-survivants_Plan-de-travail-1.png","caption":"Espace soignant"},"image":{"@id":"https:\/\/www.lessurvivants.org\/soignant\/#\/schema\/logo\/image\/"}}]}},"_links":{"self":[{"href":"https:\/\/www.lessurvivants.org\/soignant\/wp-json\/wp\/v2\/pages\/1028","targetHints":{"allow":["GET"]}}],"collection":[{"href":"https:\/\/www.lessurvivants.org\/soignant\/wp-json\/wp\/v2\/pages"}],"about":[{"href":"https:\/\/www.lessurvivants.org\/soignant\/wp-json\/wp\/v2\/types\/page"}],"author":[{"embeddable":true,"href":"https:\/\/www.lessurvivants.org\/soignant\/wp-json\/wp\/v2\/users\/1"}],"replies":[{"embeddable":true,"href":"https:\/\/www.lessurvivants.org\/soignant\/wp-json\/wp\/v2\/comments?post=1028"}],"version-history":[{"count":18,"href":"https:\/\/www.lessurvivants.org\/soignant\/wp-json\/wp\/v2\/pages\/1028\/revisions"}],"predecessor-version":[{"id":2126,"href":"https:\/\/www.lessurvivants.org\/soignant\/wp-json\/wp\/v2\/pages\/1028\/revisions\/2126"}],"wp:attachment":[{"href":"https:\/\/www.lessurvivants.org\/soignant\/wp-json\/wp\/v2\/media?parent=1028"}],"wp:term":[{"taxonomy":"category","embeddable":true,"href":"https:\/\/www.lessurvivants.org\/soignant\/wp-json\/wp\/v2\/categories?post=1028"},{"taxonomy":"post_tag","embeddable":true,"href":"https:\/\/www.lessurvivants.org\/soignant\/wp-json\/wp\/v2\/tags?post=1028"}],"curies":[{"name":"wp","href":"https:\/\/api.w.org\/{rel}","templated":true}]}}