{"id":1030,"date":"2025-03-10T15:18:27","date_gmt":"2025-03-10T14:18:27","guid":{"rendered":"https:\/\/www.lessurvivants.org\/soignant\/?page_id=1030"},"modified":"2025-07-09T16:26:40","modified_gmt":"2025-07-09T14:26:40","slug":"la-mort-attendue-pathologie-chroniqu","status":"publish","type":"page","link":"https:\/\/www.lessurvivants.org\/soignant\/la-mort-attendue-pathologie-chroniqu\/","title":{"rendered":"La mort attendue, pathologie chronique"},"content":{"rendered":"\t\t<div data-elementor-type=\"wp-page\" data-elementor-id=\"1030\" class=\"elementor elementor-1030\" data-elementor-post-type=\"page\">\n\t\t\t\t<div data-particle_enable=\"false\" data-particle-mobile-disabled=\"false\" class=\"elementor-element elementor-element-6c513ed e-flex e-con-boxed e-con e-parent\" data-id=\"6c513ed\" data-element_type=\"container\" data-settings=\"{&quot;jet_parallax_layout_list&quot;:[]}\">\n\t\t\t\t\t<div class=\"e-con-inner\">\n\t\t\t\t<div class=\"elementor-element elementor-element-08c08c2 elementor-widget elementor-widget-heading\" data-id=\"08c08c2\" data-element_type=\"widget\" data-widget_type=\"heading.default\">\n\t\t\t\t<div class=\"elementor-widget-container\">\n\t\t\t\t\t<h1 class=\"elementor-heading-title elementor-size-default\">La Mort Attendue et la Pathologie Chronique<\/h1>\t\t\t\t<\/div>\n\t\t\t\t<\/div>\n\t\t\t\t<div class=\"elementor-element elementor-element-bd0eea7 elementor-widget elementor-widget-text-editor\" data-id=\"bd0eea7\" data-element_type=\"widget\" data-widget_type=\"text-editor.default\">\n\t\t\t\t<div class=\"elementor-widget-container\">\n\t\t\t\t\t\t\t\t\t<p>Lorsqu\u2019elle survient \u00e0 la suite d\u2019une maladie, la mort peut-\u00eatre anticip\u00e9e et pr\u00e9par\u00e9e. Toutefois, la gestion ambulatoire des patients et la multiplicit\u00e9 des acteurs autours des patients fait que les soignants n\u2019ont pas le temps d\u2019aborder la mort ou la d\u00e9l\u00e8gue au prochain coll\u00e8gue. Pour autant une mort ou un mauvais pronostic anticip\u00e9 peut favoriser la phase de pr\u00e9-deuil et diminuer l\u2019impact du deuil chez les SURvivants (soignants ou patient). Ce processus, bien qu\u2019\u00e9motionnellement \u00e9prouvant, permet aux soignants et \u00e0 la famille d\u2019accompagner progressivement le patient vers la fin de vie. L\u2019alliance th\u00e9rapeutique s\u2019inscrit alors dans la dur\u00e9e quand elle est possible, permettant une adaptation graduelle. Cette anticipation att\u00e9nue g\u00e9n\u00e9ralement le choc et facilite la construction d\u2019un deuil plus apais\u00e9. Par ailleurs, l\u2019\u00e9tude de Weng HC (2008) montre que l\u2019intelligence \u00e9motionnelle du m\u00e9decin joue un r\u00f4le cl\u00e9 dans la construction d\u2019une relation de confiance et l\u2019am\u00e9lioration de la satisfaction du patient, soulignant ainsi l\u2019importance d\u2019une approche empathique face \u00e0 la mort et la n\u00e9cessite pour les soignants de ne pas fuir ou nier cet aspect de leur m\u00e9tier.<\/p>\t\t\t\t\t\t\t\t<\/div>\n\t\t\t\t<\/div>\n\t\t\t\t<div class=\"elementor-element elementor-element-7a859b8 elementor-widget elementor-widget-heading\" data-id=\"7a859b8\" data-element_type=\"widget\" data-widget_type=\"heading.default\">\n\t\t\t\t<div class=\"elementor-widget-container\">\n\t\t\t\t\t<h2 class=\"elementor-heading-title elementor-size-default\">La mort attendue : Une Mort Pr\u00e9visible, mais Difficile \u00e0 Accompagner<\/h2>\t\t\t\t<\/div>\n\t\t\t\t<\/div>\n\t\t\t\t\t<\/div>\n\t\t\t\t<\/div>\n\t\t<div data-particle_enable=\"false\" data-particle-mobile-disabled=\"false\" class=\"elementor-element elementor-element-d0397db e-flex e-con-boxed e-con e-parent\" data-id=\"d0397db\" data-element_type=\"container\" data-settings=\"{&quot;jet_parallax_layout_list&quot;:[]}\">\n\t\t\t\t\t<div class=\"e-con-inner\">\n\t\t<div data-particle_enable=\"false\" data-particle-mobile-disabled=\"false\" class=\"elementor-element elementor-element-f53402e e-con-full e-flex e-con e-child\" data-id=\"f53402e\" data-element_type=\"container\" data-settings=\"{&quot;jet_parallax_layout_list&quot;:[]}\">\n\t\t\t\t<div class=\"elementor-element elementor-element-8e7e257 elementor-widget elementor-widget-image\" data-id=\"8e7e257\" data-element_type=\"widget\" data-widget_type=\"image.default\">\n\t\t\t\t<div class=\"elementor-widget-container\">\n\t\t\t\t\t\t\t\t\t\t\t\t\t\t\t<img fetchpriority=\"high\" decoding=\"async\" width=\"800\" height=\"533\" src=\"https:\/\/www.lessurvivants.org\/wp-content\/uploads\/2025\/03\/soignant-patient-maladie-chronique-les-surviants-1024x682.jpg\" class=\"attachment-large size-large wp-image-1340\" alt=\"\" srcset=\"https:\/\/www.lessurvivants.org\/wp-content\/uploads\/2025\/03\/soignant-patient-maladie-chronique-les-surviants-1024x682.jpg 1024w, https:\/\/www.lessurvivants.org\/wp-content\/uploads\/2025\/03\/soignant-patient-maladie-chronique-les-surviants-300x200.jpg 300w, https:\/\/www.lessurvivants.org\/wp-content\/uploads\/2025\/03\/soignant-patient-maladie-chronique-les-surviants-768x512.jpg 768w, https:\/\/www.lessurvivants.org\/wp-content\/uploads\/2025\/03\/soignant-patient-maladie-chronique-les-surviants-1536x1024.jpg 1536w, https:\/\/www.lessurvivants.org\/wp-content\/uploads\/2025\/03\/soignant-patient-maladie-chronique-les-surviants.avif 2000w\" sizes=\"(max-width: 800px) 100vw, 800px\" \/>\t\t\t\t\t\t\t\t\t\t\t\t\t\t\t<\/div>\n\t\t\t\t<\/div>\n\t\t\t\t<\/div>\n\t\t<div data-particle_enable=\"false\" data-particle-mobile-disabled=\"false\" class=\"elementor-element elementor-element-d73319f e-con-full e-flex e-con e-child\" data-id=\"d73319f\" data-element_type=\"container\" data-settings=\"{&quot;jet_parallax_layout_list&quot;:[]}\">\n\t\t\t\t<div class=\"elementor-element elementor-element-8a8c483 elementor-widget elementor-widget-text-editor\" data-id=\"8a8c483\" data-element_type=\"widget\" data-widget_type=\"text-editor.default\">\n\t\t\t\t<div class=\"elementor-widget-container\">\n\t\t\t\t\t\t\t\t\t<p>M\u00eame lorsque la mort est pr\u00e9visible et fait partie du parcours de soin, l\u2019accompagnement en fin de vie reste un d\u00e9fi pour les soignants. Le manque de temps et de formation dans cette phase critique est un obstacle majeur \u00e0 une prise en charge optimale. La gestion de l\u2019agonie et de la souffrance est rendue encore plus complexe par l\u2019absence de structures de soutien adapt\u00e9es. Cela cr\u00e9e une pression \u00e9motionnelle consid\u00e9rable, surtout pour les soignants qui doivent faire face \u00e0 cette perte tout en continuant \u00e0 prodiguer des soins.<\/p>\t\t\t\t\t\t\t\t<\/div>\n\t\t\t\t<\/div>\n\t\t\t\t<\/div>\n\t\t\t\t\t<\/div>\n\t\t\t\t<\/div>\n\t\t<div data-particle_enable=\"false\" data-particle-mobile-disabled=\"false\" class=\"elementor-element elementor-element-179ea31 e-flex e-con-boxed e-con e-parent\" data-id=\"179ea31\" data-element_type=\"container\" data-settings=\"{&quot;jet_parallax_layout_list&quot;:[]}\">\n\t\t\t\t\t<div class=\"e-con-inner\">\n\t\t\t\t<div class=\"elementor-element elementor-element-7554767 elementor-widget elementor-widget-heading\" data-id=\"7554767\" data-element_type=\"widget\" data-widget_type=\"heading.default\">\n\t\t\t\t<div class=\"elementor-widget-container\">\n\t\t\t\t\t<h2 class=\"elementor-heading-title elementor-size-default\">D\u00e9ni ou \u00c9vitement du Sujet<\/h2>\t\t\t\t<\/div>\n\t\t\t\t<\/div>\n\t\t\t\t<div class=\"elementor-element elementor-element-62f5fa3 elementor-widget elementor-widget-text-editor\" data-id=\"62f5fa3\" data-element_type=\"widget\" data-widget_type=\"text-editor.default\">\n\t\t\t\t<div class=\"elementor-widget-container\">\n\t\t\t\t\t\t\t\t\t<p>Parfois, les soignants \u00e9vitent d\u2019\u00e9voquer la mort avec les patients, de peur d\u2019aggraver la souffrance ou de briser une forme d\u2019espoir, m\u00eame lorsque la fin est imminente. Pourtant, cette \u00e9vitement peut nuire \u00e0 la qualit\u00e9 de la relation th\u00e9rapeutique et rendre l\u2019accompagnement encore plus difficile. Il est essentiel de cultiver une alliance th\u00e9rapeutique forte et sinc\u00e8re pour aborder la fin de vie de mani\u00e8re ouverte, afin que les soignants puissent offrir un soutien adapt\u00e9 aux patients en fin de vie et \u00e0 leurs proches.<\/p>\t\t\t\t\t\t\t\t<\/div>\n\t\t\t\t<\/div>\n\t\t\t\t\t<\/div>\n\t\t\t\t<\/div>\n\t\t<div data-particle_enable=\"false\" data-particle-mobile-disabled=\"false\" class=\"elementor-element elementor-element-a9f8caa e-flex e-con-boxed e-con e-parent\" data-id=\"a9f8caa\" data-element_type=\"container\" data-settings=\"{&quot;background_background&quot;:&quot;classic&quot;,&quot;jet_parallax_layout_list&quot;:[]}\">\n\t\t\t\t\t<div class=\"e-con-inner\">\n\t\t\t\t<div class=\"elementor-element elementor-element-cc08f7d elementor-widget elementor-widget-heading\" data-id=\"cc08f7d\" data-element_type=\"widget\" data-widget_type=\"heading.default\">\n\t\t\t\t<div class=\"elementor-widget-container\">\n\t\t\t\t\t<h2 class=\"elementor-heading-title elementor-size-default\">Am\u00e9lioration des Pratiques<\/h2>\t\t\t\t<\/div>\n\t\t\t\t<\/div>\n\t\t\t\t\t<\/div>\n\t\t\t\t<\/div>\n\t\t<div data-particle_enable=\"false\" data-particle-mobile-disabled=\"false\" class=\"elementor-element elementor-element-ba6951f e-flex e-con-boxed e-con e-parent\" data-id=\"ba6951f\" data-element_type=\"container\" data-settings=\"{&quot;jet_parallax_layout_list&quot;:[]}\">\n\t\t\t\t\t<div class=\"e-con-inner\">\n\t\t\t\t<div class=\"elementor-element elementor-element-62332fe elementor-widget elementor-widget-text-editor\" data-id=\"62332fe\" data-element_type=\"widget\" data-widget_type=\"text-editor.default\">\n\t\t\t\t<div class=\"elementor-widget-container\">\n\t\t\t\t\t\t\t\t\t<div class=\"flex max-w-full flex-col flex-grow\"><div class=\"min-h-8 text-message relative flex w-full flex-col items-end gap-2 whitespace-normal break-words text-start [.text-message+&amp;]:mt-5\" dir=\"auto\" data-message-author-role=\"assistant\" data-message-id=\"86bcb648-b756-4bab-9cb0-7310774b765d\" data-message-model-slug=\"gpt-4o-mini\"><div class=\"flex w-full flex-col gap-1 empty:hidden first:pt-[3px]\"><div class=\"markdown prose w-full break-words dark:prose-invert light\"><p data-start=\"10365\" data-end=\"10898\" data-is-last-node=\"\" data-is-only-node=\"\">L\u2019int\u00e9gration pr\u00e9coce des <strong>soins palliatifs<\/strong> dans le parcours de soins est une strat\u00e9gie cl\u00e9 pour am\u00e9liorer l\u2019accompagnement des patients en fin de vie. De plus, la formation des soignants \u00e0 la <strong>communication en fin de vie<\/strong> est indispensable pour aborder ce sujet d\u00e9licat de mani\u00e8re professionnelle et empathique. Enfin, il est crucial d\u2019encourager un <strong>suivi \u00e9motionnel des \u00e9quipes soignantes<\/strong> et des SURvivants, afin de garantir leur bien-\u00eatre tout au long du processus, et de les aider \u00e0 g\u00e9rer le poids \u00e9motionnel d&#8217;une telle exp\u00e9rience.<\/p><\/div><\/div><\/div><\/div>\t\t\t\t\t\t\t\t<\/div>\n\t\t\t\t<\/div>\n\t\t\t\t\t<\/div>\n\t\t\t\t<\/div>\n\t\t\t\t<\/div>\n\t\t","protected":false},"excerpt":{"rendered":"<p>La Mort Attendue et la Pathologie Chronique Lorsqu\u2019elle survient \u00e0 la suite d\u2019une maladie, la mort peut-\u00eatre anticip\u00e9e et pr\u00e9par\u00e9e. Toutefois, la gestion ambulatoire des patients et la multiplicit\u00e9 des acteurs autours des patients fait que les soignants n\u2019ont pas le temps d\u2019aborder la mort ou la d\u00e9l\u00e8gue au prochain coll\u00e8gue. Pour autant une mort [&hellip;]<\/p>\n","protected":false},"author":1,"featured_media":0,"parent":0,"menu_order":0,"comment_status":"closed","ping_status":"closed","template":"","meta":{"footnotes":""},"categories":[7],"tags":[],"class_list":["post-1030","page","type-page","status-publish","hentry","category-espace-soignant"],"yoast_head":"<!-- This site is optimized with the Yoast SEO Premium plugin v25.5 (Yoast SEO v25.5) - https:\/\/yoast.com\/wordpress\/plugins\/seo\/ -->\n<title>La mort attendue, pathologie chronique - Espace soignant<\/title>\n<meta name=\"robots\" content=\"index, follow, max-snippet:-1, max-image-preview:large, max-video-preview:-1\" \/>\n<link rel=\"canonical\" href=\"https:\/\/www.lessurvivants.org\/soignant\/la-mort-attendue-pathologie-chroniqu\/\" \/>\n<meta property=\"og:locale\" content=\"fr_FR\" \/>\n<meta property=\"og:type\" content=\"article\" \/>\n<meta property=\"og:title\" content=\"La mort attendue, pathologie chronique\" \/>\n<meta property=\"og:description\" content=\"La Mort Attendue et la Pathologie Chronique Lorsqu\u2019elle survient \u00e0 la suite d\u2019une maladie, la mort peut-\u00eatre anticip\u00e9e et pr\u00e9par\u00e9e. Toutefois, la gestion ambulatoire des patients et la multiplicit\u00e9 des acteurs autours des patients fait que les soignants n\u2019ont pas le temps d\u2019aborder la mort ou la d\u00e9l\u00e8gue au prochain coll\u00e8gue. Pour autant une mort [&hellip;]\" \/>\n<meta property=\"og:url\" content=\"https:\/\/www.lessurvivants.org\/soignant\/la-mort-attendue-pathologie-chroniqu\/\" \/>\n<meta property=\"og:site_name\" content=\"Espace soignant\" \/>\n<meta property=\"article:modified_time\" content=\"2025-07-09T14:26:40+00:00\" \/>\n<meta name=\"twitter:card\" content=\"summary_large_image\" \/>\n<meta name=\"twitter:label1\" content=\"Dur\u00e9e de lecture estim\u00e9e\" \/>\n\t<meta name=\"twitter:data1\" content=\"3 minutes\" \/>\n<script type=\"application\/ld+json\" class=\"yoast-schema-graph\">{\"@context\":\"https:\/\/schema.org\",\"@graph\":[{\"@type\":\"WebPage\",\"@id\":\"https:\/\/www.lessurvivants.org\/soignant\/la-mort-attendue-pathologie-chroniqu\/\",\"url\":\"https:\/\/www.lessurvivants.org\/soignant\/la-mort-attendue-pathologie-chroniqu\/\",\"name\":\"La mort attendue, pathologie chronique - Espace soignant\",\"isPartOf\":{\"@id\":\"https:\/\/www.lessurvivants.org\/soignant\/#website\"},\"primaryImageOfPage\":{\"@id\":\"https:\/\/www.lessurvivants.org\/soignant\/la-mort-attendue-pathologie-chroniqu\/#primaryimage\"},\"image\":{\"@id\":\"https:\/\/www.lessurvivants.org\/soignant\/la-mort-attendue-pathologie-chroniqu\/#primaryimage\"},\"thumbnailUrl\":\"https:\/\/www.lessurvivants.org\/wp-content\/uploads\/2025\/03\/soignant-patient-maladie-chronique-les-surviants-1024x682.jpg\",\"datePublished\":\"2025-03-10T14:18:27+00:00\",\"dateModified\":\"2025-07-09T14:26:40+00:00\",\"breadcrumb\":{\"@id\":\"https:\/\/www.lessurvivants.org\/soignant\/la-mort-attendue-pathologie-chroniqu\/#breadcrumb\"},\"inLanguage\":\"fr-FR\",\"potentialAction\":[{\"@type\":\"ReadAction\",\"target\":[\"https:\/\/www.lessurvivants.org\/soignant\/la-mort-attendue-pathologie-chroniqu\/\"]}]},{\"@type\":\"ImageObject\",\"inLanguage\":\"fr-FR\",\"@id\":\"https:\/\/www.lessurvivants.org\/soignant\/la-mort-attendue-pathologie-chroniqu\/#primaryimage\",\"url\":\"https:\/\/www.lessurvivants.org\/wp-content\/uploads\/2025\/03\/soignant-patient-maladie-chronique-les-surviants-1024x682.jpg\",\"contentUrl\":\"https:\/\/www.lessurvivants.org\/wp-content\/uploads\/2025\/03\/soignant-patient-maladie-chronique-les-surviants-1024x682.jpg\"},{\"@type\":\"BreadcrumbList\",\"@id\":\"https:\/\/www.lessurvivants.org\/soignant\/la-mort-attendue-pathologie-chroniqu\/#breadcrumb\",\"itemListElement\":[{\"@type\":\"ListItem\",\"position\":1,\"name\":\"Accueil\",\"item\":\"https:\/\/www.lessurvivants.org\/soignant\/\"},{\"@type\":\"ListItem\",\"position\":2,\"name\":\"La mort attendue, pathologie chronique\"}]},{\"@type\":\"WebSite\",\"@id\":\"https:\/\/www.lessurvivants.org\/soignant\/#website\",\"url\":\"https:\/\/www.lessurvivants.org\/soignant\/\",\"name\":\"Espace soignant\",\"description\":\"\",\"publisher\":{\"@id\":\"https:\/\/www.lessurvivants.org\/soignant\/#organization\"},\"potentialAction\":[{\"@type\":\"SearchAction\",\"target\":{\"@type\":\"EntryPoint\",\"urlTemplate\":\"https:\/\/www.lessurvivants.org\/soignant\/?s={search_term_string}\"},\"query-input\":{\"@type\":\"PropertyValueSpecification\",\"valueRequired\":true,\"valueName\":\"search_term_string\"}}],\"inLanguage\":\"fr-FR\"},{\"@type\":\"Organization\",\"@id\":\"https:\/\/www.lessurvivants.org\/soignant\/#organization\",\"name\":\"Espace soignant\",\"url\":\"https:\/\/www.lessurvivants.org\/soignant\/\",\"logo\":{\"@type\":\"ImageObject\",\"inLanguage\":\"fr-FR\",\"@id\":\"https:\/\/www.lessurvivants.org\/soignant\/#\/schema\/logo\/image\/\",\"url\":\"https:\/\/www.lessurvivants.org\/wp-content\/uploads\/2025\/03\/logo-final-les-survivants_Plan-de-travail-1.png\",\"contentUrl\":\"https:\/\/www.lessurvivants.org\/wp-content\/uploads\/2025\/03\/logo-final-les-survivants_Plan-de-travail-1.png\",\"caption\":\"Espace soignant\"},\"image\":{\"@id\":\"https:\/\/www.lessurvivants.org\/soignant\/#\/schema\/logo\/image\/\"}}]}<\/script>\n<!-- \/ Yoast SEO Premium plugin. -->","yoast_head_json":{"title":"La mort attendue, pathologie chronique - Espace soignant","robots":{"index":"index","follow":"follow","max-snippet":"max-snippet:-1","max-image-preview":"max-image-preview:large","max-video-preview":"max-video-preview:-1"},"canonical":"https:\/\/www.lessurvivants.org\/soignant\/la-mort-attendue-pathologie-chroniqu\/","og_locale":"fr_FR","og_type":"article","og_title":"La mort attendue, pathologie chronique","og_description":"La Mort Attendue et la Pathologie Chronique Lorsqu\u2019elle survient \u00e0 la suite d\u2019une maladie, la mort peut-\u00eatre anticip\u00e9e et pr\u00e9par\u00e9e. Toutefois, la gestion ambulatoire des patients et la multiplicit\u00e9 des acteurs autours des patients fait que les soignants n\u2019ont pas le temps d\u2019aborder la mort ou la d\u00e9l\u00e8gue au prochain coll\u00e8gue. Pour autant une mort [&hellip;]","og_url":"https:\/\/www.lessurvivants.org\/soignant\/la-mort-attendue-pathologie-chroniqu\/","og_site_name":"Espace soignant","article_modified_time":"2025-07-09T14:26:40+00:00","twitter_card":"summary_large_image","twitter_misc":{"Dur\u00e9e de lecture estim\u00e9e":"3 minutes"},"schema":{"@context":"https:\/\/schema.org","@graph":[{"@type":"WebPage","@id":"https:\/\/www.lessurvivants.org\/soignant\/la-mort-attendue-pathologie-chroniqu\/","url":"https:\/\/www.lessurvivants.org\/soignant\/la-mort-attendue-pathologie-chroniqu\/","name":"La mort attendue, pathologie chronique - Espace soignant","isPartOf":{"@id":"https:\/\/www.lessurvivants.org\/soignant\/#website"},"primaryImageOfPage":{"@id":"https:\/\/www.lessurvivants.org\/soignant\/la-mort-attendue-pathologie-chroniqu\/#primaryimage"},"image":{"@id":"https:\/\/www.lessurvivants.org\/soignant\/la-mort-attendue-pathologie-chroniqu\/#primaryimage"},"thumbnailUrl":"https:\/\/www.lessurvivants.org\/wp-content\/uploads\/2025\/03\/soignant-patient-maladie-chronique-les-surviants-1024x682.jpg","datePublished":"2025-03-10T14:18:27+00:00","dateModified":"2025-07-09T14:26:40+00:00","breadcrumb":{"@id":"https:\/\/www.lessurvivants.org\/soignant\/la-mort-attendue-pathologie-chroniqu\/#breadcrumb"},"inLanguage":"fr-FR","potentialAction":[{"@type":"ReadAction","target":["https:\/\/www.lessurvivants.org\/soignant\/la-mort-attendue-pathologie-chroniqu\/"]}]},{"@type":"ImageObject","inLanguage":"fr-FR","@id":"https:\/\/www.lessurvivants.org\/soignant\/la-mort-attendue-pathologie-chroniqu\/#primaryimage","url":"https:\/\/www.lessurvivants.org\/wp-content\/uploads\/2025\/03\/soignant-patient-maladie-chronique-les-surviants-1024x682.jpg","contentUrl":"https:\/\/www.lessurvivants.org\/wp-content\/uploads\/2025\/03\/soignant-patient-maladie-chronique-les-surviants-1024x682.jpg"},{"@type":"BreadcrumbList","@id":"https:\/\/www.lessurvivants.org\/soignant\/la-mort-attendue-pathologie-chroniqu\/#breadcrumb","itemListElement":[{"@type":"ListItem","position":1,"name":"Accueil","item":"https:\/\/www.lessurvivants.org\/soignant\/"},{"@type":"ListItem","position":2,"name":"La mort attendue, pathologie chronique"}]},{"@type":"WebSite","@id":"https:\/\/www.lessurvivants.org\/soignant\/#website","url":"https:\/\/www.lessurvivants.org\/soignant\/","name":"Espace soignant","description":"","publisher":{"@id":"https:\/\/www.lessurvivants.org\/soignant\/#organization"},"potentialAction":[{"@type":"SearchAction","target":{"@type":"EntryPoint","urlTemplate":"https:\/\/www.lessurvivants.org\/soignant\/?s={search_term_string}"},"query-input":{"@type":"PropertyValueSpecification","valueRequired":true,"valueName":"search_term_string"}}],"inLanguage":"fr-FR"},{"@type":"Organization","@id":"https:\/\/www.lessurvivants.org\/soignant\/#organization","name":"Espace soignant","url":"https:\/\/www.lessurvivants.org\/soignant\/","logo":{"@type":"ImageObject","inLanguage":"fr-FR","@id":"https:\/\/www.lessurvivants.org\/soignant\/#\/schema\/logo\/image\/","url":"https:\/\/www.lessurvivants.org\/wp-content\/uploads\/2025\/03\/logo-final-les-survivants_Plan-de-travail-1.png","contentUrl":"https:\/\/www.lessurvivants.org\/wp-content\/uploads\/2025\/03\/logo-final-les-survivants_Plan-de-travail-1.png","caption":"Espace soignant"},"image":{"@id":"https:\/\/www.lessurvivants.org\/soignant\/#\/schema\/logo\/image\/"}}]}},"_links":{"self":[{"href":"https:\/\/www.lessurvivants.org\/soignant\/wp-json\/wp\/v2\/pages\/1030","targetHints":{"allow":["GET"]}}],"collection":[{"href":"https:\/\/www.lessurvivants.org\/soignant\/wp-json\/wp\/v2\/pages"}],"about":[{"href":"https:\/\/www.lessurvivants.org\/soignant\/wp-json\/wp\/v2\/types\/page"}],"author":[{"embeddable":true,"href":"https:\/\/www.lessurvivants.org\/soignant\/wp-json\/wp\/v2\/users\/1"}],"replies":[{"embeddable":true,"href":"https:\/\/www.lessurvivants.org\/soignant\/wp-json\/wp\/v2\/comments?post=1030"}],"version-history":[{"count":17,"href":"https:\/\/www.lessurvivants.org\/soignant\/wp-json\/wp\/v2\/pages\/1030\/revisions"}],"predecessor-version":[{"id":1862,"href":"https:\/\/www.lessurvivants.org\/soignant\/wp-json\/wp\/v2\/pages\/1030\/revisions\/1862"}],"wp:attachment":[{"href":"https:\/\/www.lessurvivants.org\/soignant\/wp-json\/wp\/v2\/media?parent=1030"}],"wp:term":[{"taxonomy":"category","embeddable":true,"href":"https:\/\/www.lessurvivants.org\/soignant\/wp-json\/wp\/v2\/categories?post=1030"},{"taxonomy":"post_tag","embeddable":true,"href":"https:\/\/www.lessurvivants.org\/soignant\/wp-json\/wp\/v2\/tags?post=1030"}],"curies":[{"name":"wp","href":"https:\/\/api.w.org\/{rel}","templated":true}]}}