{"id":1032,"date":"2025-03-10T15:18:41","date_gmt":"2025-03-10T14:18:41","guid":{"rendered":"https:\/\/www.lessurvivants.org\/soignant\/?page_id=1032"},"modified":"2025-10-29T14:26:07","modified_gmt":"2025-10-29T13:26:07","slug":"la-mort-par-decision-medicale","status":"publish","type":"page","link":"https:\/\/www.lessurvivants.org\/soignant\/la-mort-par-decision-medicale\/","title":{"rendered":"La mort par d\u00e9cision m\u00e9dicale"},"content":{"rendered":"\t\t<div data-elementor-type=\"wp-page\" data-elementor-id=\"1032\" class=\"elementor elementor-1032\" data-elementor-post-type=\"page\">\n\t\t\t\t<div data-particle_enable=\"false\" data-particle-mobile-disabled=\"false\" class=\"elementor-element elementor-element-03a99c3 e-flex e-con-boxed e-con e-parent\" data-id=\"03a99c3\" data-element_type=\"container\" data-settings=\"{&quot;jet_parallax_layout_list&quot;:[]}\">\n\t\t\t\t\t<div class=\"e-con-inner\">\n\t\t\t\t<div class=\"elementor-element elementor-element-4ec722b elementor-widget elementor-widget-heading\" data-id=\"4ec722b\" data-element_type=\"widget\" data-widget_type=\"heading.default\">\n\t\t\t\t<div class=\"elementor-widget-container\">\n\t\t\t\t\t<h1 class=\"elementor-heading-title elementor-size-default\">la mort par d\u00e9cision m\u00e9dicale<\/h1>\t\t\t\t<\/div>\n\t\t\t\t<\/div>\n\t\t\t\t\t<\/div>\n\t\t\t\t<\/div>\n\t\t<div data-particle_enable=\"false\" data-particle-mobile-disabled=\"false\" class=\"elementor-element elementor-element-2010d1d e-flex e-con-boxed e-con e-parent\" data-id=\"2010d1d\" data-element_type=\"container\" data-settings=\"{&quot;jet_parallax_layout_list&quot;:[]}\">\n\t\t\t\t\t<div class=\"e-con-inner\">\n\t\t<div data-particle_enable=\"false\" data-particle-mobile-disabled=\"false\" class=\"elementor-element elementor-element-0af2b6e e-con-full e-flex e-con e-child\" data-id=\"0af2b6e\" data-element_type=\"container\" data-settings=\"{&quot;jet_parallax_layout_list&quot;:[]}\">\n\t\t\t\t<div class=\"elementor-element elementor-element-7aad9d9 elementor-widget elementor-widget-image\" data-id=\"7aad9d9\" data-element_type=\"widget\" data-widget_type=\"image.default\">\n\t\t\t\t<div class=\"elementor-widget-container\">\n\t\t\t\t\t\t\t\t\t\t\t\t\t\t\t<img fetchpriority=\"high\" decoding=\"async\" width=\"744\" height=\"1024\" src=\"https:\/\/www.lessurvivants.org\/wp-content\/uploads\/2025\/03\/mort-par-decision-medicale-les-survivants-744x1024.jpg\" class=\"attachment-large size-large wp-image-1305\" alt=\"\" srcset=\"https:\/\/www.lessurvivants.org\/wp-content\/uploads\/2025\/03\/mort-par-decision-medicale-les-survivants-744x1024.jpg 744w, https:\/\/www.lessurvivants.org\/wp-content\/uploads\/2025\/03\/mort-par-decision-medicale-les-survivants-218x300.jpg 218w, https:\/\/www.lessurvivants.org\/wp-content\/uploads\/2025\/03\/mort-par-decision-medicale-les-survivants-768x1057.jpg 768w, https:\/\/www.lessurvivants.org\/wp-content\/uploads\/2025\/03\/mort-par-decision-medicale-les-survivants.jpg 792w\" sizes=\"(max-width: 744px) 100vw, 744px\" \/>\t\t\t\t\t\t\t\t\t\t\t\t\t\t\t<\/div>\n\t\t\t\t<\/div>\n\t\t\t\t<\/div>\n\t\t<div data-particle_enable=\"false\" data-particle-mobile-disabled=\"false\" class=\"elementor-element elementor-element-e931a1b e-con-full e-flex e-con e-child\" data-id=\"e931a1b\" data-element_type=\"container\" data-settings=\"{&quot;jet_parallax_layout_list&quot;:[]}\">\n\t\t\t\t<div class=\"elementor-element elementor-element-5e6b7db elementor-widget elementor-widget-text-editor\" data-id=\"5e6b7db\" data-element_type=\"widget\" data-widget_type=\"text-editor.default\">\n\t\t\t\t<div class=\"elementor-widget-container\">\n\t\t\t\t\t\t\t\t\t<p data-start=\"6162\" data-end=\"6723\">La mort par d\u00e9cision m\u00e9dicale, survenant apr\u00e8s une d\u00e9cision consciente de ne pas appliquer un traitement ou une prise en charge potentiellement salvatrice (par exemple, une non-greffe, un nontransfert en r\u00e9animation, une proth\u00e8se percutan\u00e9 (TAVI), pontage,\u2026etc, ou de diff\u00e9rer ou arr\u00eater des soins etc\u2026), est une r\u00e9alit\u00e9 complexe pour les soignants et leurs \u00e9quipes. Ces d\u00e9cisions, qu\u2019elles soient prises de mani\u00e8re urgente et individuelle ou isol\u00e9e (la nuit lors des gardes notamment) ou apr\u00e8s d\u00e9lib\u00e9ration collective (staff, RCP), peuvent \u00eatre sources de profondes tensions \u00e9thiques, surtout lorsque tous les membres de l\u2019\u00e9quipe ne partagent pas le m\u00eame avis ou quelle repose principalement sur la personne ayant autorit\u00e9 vis-\u00e0-vis de l\u2019\u00e9quipe. S\u2019ajoute \u00e0 cela, la possibilit\u00e9 que la d\u00e9cision soit prise sans conna\u00eetre le patient ni sa famille par ses soignants ou la difficult\u00e9 de restituer une telle d\u00e9cision au patient sans forc\u00e9ment la partager ou l\u2019avoir comprise. La d\u00e9cision d&#8217;arr\u00eater ou de limiter les soins d\u2019un patient est un processus lourd de sens et de responsabilit\u00e9s. Les SURvivants, qu\u2019ils soient soignants ou proches, doivent faire face aux cons\u00e9quences de ces d\u00e9cisions, g\u00e9rer leur douleur \u00e9motionnelle, et trouver des moyens d\u2019accepter et d\u2019assumer ce fardeau moral.<\/p>\t\t\t\t\t\t\t\t<\/div>\n\t\t\t\t<\/div>\n\t\t\t\t<\/div>\n\t\t\t\t\t<\/div>\n\t\t\t\t<\/div>\n\t\t<div data-particle_enable=\"false\" data-particle-mobile-disabled=\"false\" class=\"elementor-element elementor-element-a8247a0 e-flex e-con-boxed e-con e-parent\" data-id=\"a8247a0\" data-element_type=\"container\" data-settings=\"{&quot;jet_parallax_layout_list&quot;:[]}\">\n\t\t\t\t\t<div class=\"e-con-inner\">\n\t\t\t\t<div class=\"elementor-element elementor-element-1ddf890 elementor-widget elementor-widget-heading\" data-id=\"1ddf890\" data-element_type=\"widget\" data-widget_type=\"heading.default\">\n\t\t\t\t<div class=\"elementor-widget-container\">\n\t\t\t\t\t<h2 class=\"elementor-heading-title elementor-size-default\">Conflit \u00c9thique et Pression de la D\u00e9cision<\/h2>\t\t\t\t<\/div>\n\t\t\t\t<\/div>\n\t\t\t\t<div class=\"elementor-element elementor-element-43aee0d elementor-widget elementor-widget-text-editor\" data-id=\"43aee0d\" data-element_type=\"widget\" data-widget_type=\"text-editor.default\">\n\t\t\t\t<div class=\"elementor-widget-container\">\n\t\t\t\t\t\t\t\t\t<p>Pour les soignants, cette situation engendre souvent des conflits \u00e9thiques internes, opposant le respect de la vie \u00e0 la qualit\u00e9 de vie per\u00e7ue pour le patient. Le sentiment de responsabilit\u00e9 directe dans la mort du patient peut peser lourdement, accentuant le poids \u00e9motionnel et conduisant, dans certains cas, \u00e0 une fatigue morale, surtout lorsque ces d\u00e9cisions se r\u00e9p\u00e8tent au fil du temps. Ce climat de doute et de culpabilit\u00e9 peut affecter les soignants sur le long terme, cr\u00e9ant un v\u00e9ritable dilemme moral pour ceux qui doivent vivre avec ces d\u00e9cisions.<\/p>\t\t\t\t\t\t\t\t<\/div>\n\t\t\t\t<\/div>\n\t\t\t\t<div class=\"elementor-element elementor-element-3384b78 elementor-widget elementor-widget-heading\" data-id=\"3384b78\" data-element_type=\"widget\" data-widget_type=\"heading.default\">\n\t\t\t\t<div class=\"elementor-widget-container\">\n\t\t\t\t\t<h2 class=\"elementor-heading-title elementor-size-default\">Tensions au Sein des \u00c9quipes suite \u00e0 la mort par d\u00e9cision m\u00e9dicale d'un patient<\/h2>\t\t\t\t<\/div>\n\t\t\t\t<\/div>\n\t\t\t\t\t<\/div>\n\t\t\t\t<\/div>\n\t\t<div data-particle_enable=\"false\" data-particle-mobile-disabled=\"false\" class=\"elementor-element elementor-element-01f0a35 e-flex e-con-boxed e-con e-parent\" data-id=\"01f0a35\" data-element_type=\"container\" data-settings=\"{&quot;jet_parallax_layout_list&quot;:[]}\">\n\t\t\t\t\t<div class=\"e-con-inner\">\n\t\t\t\t<div class=\"elementor-element elementor-element-a6cbf85 elementor-widget elementor-widget-text-editor\" data-id=\"a6cbf85\" data-element_type=\"widget\" data-widget_type=\"text-editor.default\">\n\t\t\t\t<div class=\"elementor-widget-container\">\n\t\t\t\t\t\t\t\t\t<p>Au niveau des \u00e9quipes, ces d\u00e9cisions peuvent provoquer une fragmentation des opinions, surtout si le consensus n\u2019est pas atteint. Cela peut entra\u00eener des tensions interpersonnelles et des divisions internes, n\u00e9cessitant des discussions \u00e9thiques approfondies pour apaiser les dissensions. Ces d\u00e9fis mettent en lumi\u00e8re la <strong>n\u00e9cessit\u00e9 d\u2019un cadre d\u00e9cisionnel structur\u00e9 et partag\u00e9<\/strong>, d\u2019une <strong>communication claire entre les soignants<\/strong>, et d\u2019une attention particuli\u00e8re port\u00e9e \u00e0 la sant\u00e9 mentale des professionnels concern\u00e9s.<\/p><p data-start=\"7368\" data-end=\"7901\">Les soignants doivent \u00eatre soutenus pour surmonter les tensions qui peuvent \u00e9merger apr\u00e8s de telles d\u00e9cisions, afin d&#8217;\u00e9viter que l\u2019\u00e9quipe ne soit fractur\u00e9e par des d\u00e9saccords professionnels et \u00e9motionnels.<\/p>\t\t\t\t\t\t\t\t<\/div>\n\t\t\t\t<\/div>\n\t\t\t\t\t<\/div>\n\t\t\t\t<\/div>\n\t\t\t\t<\/div>\n\t\t","protected":false},"excerpt":{"rendered":"<p>la mort par d\u00e9cision m\u00e9dicale La mort par d\u00e9cision m\u00e9dicale, survenant apr\u00e8s une d\u00e9cision consciente de ne pas appliquer un traitement ou une prise en charge potentiellement salvatrice (par exemple, une non-greffe, un nontransfert en r\u00e9animation, une proth\u00e8se percutan\u00e9 (TAVI), pontage,\u2026etc, ou de diff\u00e9rer ou arr\u00eater des soins etc\u2026), est une r\u00e9alit\u00e9 complexe pour les [&hellip;]<\/p>\n","protected":false},"author":1,"featured_media":0,"parent":0,"menu_order":0,"comment_status":"closed","ping_status":"closed","template":"","meta":{"footnotes":""},"categories":[7],"tags":[],"class_list":["post-1032","page","type-page","status-publish","hentry","category-espace-soignant"],"yoast_head":"<!-- This site is optimized with the Yoast SEO Premium plugin v25.5 (Yoast SEO v25.5) - https:\/\/yoast.com\/wordpress\/plugins\/seo\/ -->\n<title>La mort par d\u00e9cision m\u00e9dicale - Espace soignant<\/title>\n<meta name=\"robots\" content=\"index, follow, max-snippet:-1, max-image-preview:large, max-video-preview:-1\" \/>\n<link rel=\"canonical\" href=\"https:\/\/www.lessurvivants.org\/soignant\/la-mort-par-decision-medicale\/\" \/>\n<meta property=\"og:locale\" content=\"fr_FR\" \/>\n<meta property=\"og:type\" content=\"article\" \/>\n<meta property=\"og:title\" content=\"La mort par d\u00e9cision m\u00e9dicale\" \/>\n<meta property=\"og:description\" content=\"la mort par d\u00e9cision m\u00e9dicale La mort par d\u00e9cision m\u00e9dicale, survenant apr\u00e8s une d\u00e9cision consciente de ne pas appliquer un traitement ou une prise en charge potentiellement salvatrice (par exemple, une non-greffe, un nontransfert en r\u00e9animation, une proth\u00e8se percutan\u00e9 (TAVI), pontage,\u2026etc, ou de diff\u00e9rer ou arr\u00eater des soins etc\u2026), est une r\u00e9alit\u00e9 complexe pour les [&hellip;]\" \/>\n<meta property=\"og:url\" content=\"https:\/\/www.lessurvivants.org\/soignant\/la-mort-par-decision-medicale\/\" \/>\n<meta property=\"og:site_name\" content=\"Espace soignant\" \/>\n<meta property=\"article:modified_time\" content=\"2025-10-29T13:26:07+00:00\" \/>\n<meta property=\"og:image\" content=\"https:\/\/www.lessurvivants.org\/wp-content\/uploads\/2025\/03\/mort-par-decision-medicale-les-survivants.jpg\" \/>\n\t<meta property=\"og:image:width\" content=\"792\" \/>\n\t<meta property=\"og:image:height\" content=\"1090\" \/>\n\t<meta property=\"og:image:type\" content=\"image\/jpeg\" \/>\n<meta name=\"twitter:card\" content=\"summary_large_image\" \/>\n<meta name=\"twitter:label1\" content=\"Dur\u00e9e de lecture estim\u00e9e\" \/>\n\t<meta name=\"twitter:data1\" content=\"3 minutes\" \/>\n<script type=\"application\/ld+json\" class=\"yoast-schema-graph\">{\"@context\":\"https:\/\/schema.org\",\"@graph\":[{\"@type\":\"WebPage\",\"@id\":\"https:\/\/www.lessurvivants.org\/soignant\/la-mort-par-decision-medicale\/\",\"url\":\"https:\/\/www.lessurvivants.org\/soignant\/la-mort-par-decision-medicale\/\",\"name\":\"La mort par d\u00e9cision m\u00e9dicale - Espace soignant\",\"isPartOf\":{\"@id\":\"https:\/\/www.lessurvivants.org\/soignant\/#website\"},\"primaryImageOfPage\":{\"@id\":\"https:\/\/www.lessurvivants.org\/soignant\/la-mort-par-decision-medicale\/#primaryimage\"},\"image\":{\"@id\":\"https:\/\/www.lessurvivants.org\/soignant\/la-mort-par-decision-medicale\/#primaryimage\"},\"thumbnailUrl\":\"https:\/\/www.lessurvivants.org\/wp-content\/uploads\/2025\/03\/mort-par-decision-medicale-les-survivants-744x1024.jpg\",\"datePublished\":\"2025-03-10T14:18:41+00:00\",\"dateModified\":\"2025-10-29T13:26:07+00:00\",\"breadcrumb\":{\"@id\":\"https:\/\/www.lessurvivants.org\/soignant\/la-mort-par-decision-medicale\/#breadcrumb\"},\"inLanguage\":\"fr-FR\",\"potentialAction\":[{\"@type\":\"ReadAction\",\"target\":[\"https:\/\/www.lessurvivants.org\/soignant\/la-mort-par-decision-medicale\/\"]}]},{\"@type\":\"ImageObject\",\"inLanguage\":\"fr-FR\",\"@id\":\"https:\/\/www.lessurvivants.org\/soignant\/la-mort-par-decision-medicale\/#primaryimage\",\"url\":\"https:\/\/www.lessurvivants.org\/wp-content\/uploads\/2025\/03\/mort-par-decision-medicale-les-survivants-744x1024.jpg\",\"contentUrl\":\"https:\/\/www.lessurvivants.org\/wp-content\/uploads\/2025\/03\/mort-par-decision-medicale-les-survivants-744x1024.jpg\"},{\"@type\":\"BreadcrumbList\",\"@id\":\"https:\/\/www.lessurvivants.org\/soignant\/la-mort-par-decision-medicale\/#breadcrumb\",\"itemListElement\":[{\"@type\":\"ListItem\",\"position\":1,\"name\":\"Accueil\",\"item\":\"https:\/\/www.lessurvivants.org\/soignant\/\"},{\"@type\":\"ListItem\",\"position\":2,\"name\":\"La mort par d\u00e9cision m\u00e9dicale\"}]},{\"@type\":\"WebSite\",\"@id\":\"https:\/\/www.lessurvivants.org\/soignant\/#website\",\"url\":\"https:\/\/www.lessurvivants.org\/soignant\/\",\"name\":\"Espace soignant\",\"description\":\"\",\"publisher\":{\"@id\":\"https:\/\/www.lessurvivants.org\/soignant\/#organization\"},\"potentialAction\":[{\"@type\":\"SearchAction\",\"target\":{\"@type\":\"EntryPoint\",\"urlTemplate\":\"https:\/\/www.lessurvivants.org\/soignant\/?s={search_term_string}\"},\"query-input\":{\"@type\":\"PropertyValueSpecification\",\"valueRequired\":true,\"valueName\":\"search_term_string\"}}],\"inLanguage\":\"fr-FR\"},{\"@type\":\"Organization\",\"@id\":\"https:\/\/www.lessurvivants.org\/soignant\/#organization\",\"name\":\"Espace soignant\",\"url\":\"https:\/\/www.lessurvivants.org\/soignant\/\",\"logo\":{\"@type\":\"ImageObject\",\"inLanguage\":\"fr-FR\",\"@id\":\"https:\/\/www.lessurvivants.org\/soignant\/#\/schema\/logo\/image\/\",\"url\":\"https:\/\/www.lessurvivants.org\/wp-content\/uploads\/2025\/03\/logo-final-les-survivants_Plan-de-travail-1.png\",\"contentUrl\":\"https:\/\/www.lessurvivants.org\/wp-content\/uploads\/2025\/03\/logo-final-les-survivants_Plan-de-travail-1.png\",\"caption\":\"Espace soignant\"},\"image\":{\"@id\":\"https:\/\/www.lessurvivants.org\/soignant\/#\/schema\/logo\/image\/\"}}]}<\/script>\n<!-- \/ Yoast SEO Premium plugin. -->","yoast_head_json":{"title":"La mort par d\u00e9cision m\u00e9dicale - Espace soignant","robots":{"index":"index","follow":"follow","max-snippet":"max-snippet:-1","max-image-preview":"max-image-preview:large","max-video-preview":"max-video-preview:-1"},"canonical":"https:\/\/www.lessurvivants.org\/soignant\/la-mort-par-decision-medicale\/","og_locale":"fr_FR","og_type":"article","og_title":"La mort par d\u00e9cision m\u00e9dicale","og_description":"la mort par d\u00e9cision m\u00e9dicale La mort par d\u00e9cision m\u00e9dicale, survenant apr\u00e8s une d\u00e9cision consciente de ne pas appliquer un traitement ou une prise en charge potentiellement salvatrice (par exemple, une non-greffe, un nontransfert en r\u00e9animation, une proth\u00e8se percutan\u00e9 (TAVI), pontage,\u2026etc, ou de diff\u00e9rer ou arr\u00eater des soins etc\u2026), est une r\u00e9alit\u00e9 complexe pour les [&hellip;]","og_url":"https:\/\/www.lessurvivants.org\/soignant\/la-mort-par-decision-medicale\/","og_site_name":"Espace soignant","article_modified_time":"2025-10-29T13:26:07+00:00","og_image":[{"url":"https:\/\/www.lessurvivants.org\/wp-content\/uploads\/2025\/03\/mort-par-decision-medicale-les-survivants.jpg","width":792,"height":1090,"type":"image\/jpeg"}],"twitter_card":"summary_large_image","twitter_misc":{"Dur\u00e9e de lecture estim\u00e9e":"3 minutes"},"schema":{"@context":"https:\/\/schema.org","@graph":[{"@type":"WebPage","@id":"https:\/\/www.lessurvivants.org\/soignant\/la-mort-par-decision-medicale\/","url":"https:\/\/www.lessurvivants.org\/soignant\/la-mort-par-decision-medicale\/","name":"La mort par d\u00e9cision m\u00e9dicale - Espace soignant","isPartOf":{"@id":"https:\/\/www.lessurvivants.org\/soignant\/#website"},"primaryImageOfPage":{"@id":"https:\/\/www.lessurvivants.org\/soignant\/la-mort-par-decision-medicale\/#primaryimage"},"image":{"@id":"https:\/\/www.lessurvivants.org\/soignant\/la-mort-par-decision-medicale\/#primaryimage"},"thumbnailUrl":"https:\/\/www.lessurvivants.org\/wp-content\/uploads\/2025\/03\/mort-par-decision-medicale-les-survivants-744x1024.jpg","datePublished":"2025-03-10T14:18:41+00:00","dateModified":"2025-10-29T13:26:07+00:00","breadcrumb":{"@id":"https:\/\/www.lessurvivants.org\/soignant\/la-mort-par-decision-medicale\/#breadcrumb"},"inLanguage":"fr-FR","potentialAction":[{"@type":"ReadAction","target":["https:\/\/www.lessurvivants.org\/soignant\/la-mort-par-decision-medicale\/"]}]},{"@type":"ImageObject","inLanguage":"fr-FR","@id":"https:\/\/www.lessurvivants.org\/soignant\/la-mort-par-decision-medicale\/#primaryimage","url":"https:\/\/www.lessurvivants.org\/wp-content\/uploads\/2025\/03\/mort-par-decision-medicale-les-survivants-744x1024.jpg","contentUrl":"https:\/\/www.lessurvivants.org\/wp-content\/uploads\/2025\/03\/mort-par-decision-medicale-les-survivants-744x1024.jpg"},{"@type":"BreadcrumbList","@id":"https:\/\/www.lessurvivants.org\/soignant\/la-mort-par-decision-medicale\/#breadcrumb","itemListElement":[{"@type":"ListItem","position":1,"name":"Accueil","item":"https:\/\/www.lessurvivants.org\/soignant\/"},{"@type":"ListItem","position":2,"name":"La mort par d\u00e9cision m\u00e9dicale"}]},{"@type":"WebSite","@id":"https:\/\/www.lessurvivants.org\/soignant\/#website","url":"https:\/\/www.lessurvivants.org\/soignant\/","name":"Espace soignant","description":"","publisher":{"@id":"https:\/\/www.lessurvivants.org\/soignant\/#organization"},"potentialAction":[{"@type":"SearchAction","target":{"@type":"EntryPoint","urlTemplate":"https:\/\/www.lessurvivants.org\/soignant\/?s={search_term_string}"},"query-input":{"@type":"PropertyValueSpecification","valueRequired":true,"valueName":"search_term_string"}}],"inLanguage":"fr-FR"},{"@type":"Organization","@id":"https:\/\/www.lessurvivants.org\/soignant\/#organization","name":"Espace soignant","url":"https:\/\/www.lessurvivants.org\/soignant\/","logo":{"@type":"ImageObject","inLanguage":"fr-FR","@id":"https:\/\/www.lessurvivants.org\/soignant\/#\/schema\/logo\/image\/","url":"https:\/\/www.lessurvivants.org\/wp-content\/uploads\/2025\/03\/logo-final-les-survivants_Plan-de-travail-1.png","contentUrl":"https:\/\/www.lessurvivants.org\/wp-content\/uploads\/2025\/03\/logo-final-les-survivants_Plan-de-travail-1.png","caption":"Espace soignant"},"image":{"@id":"https:\/\/www.lessurvivants.org\/soignant\/#\/schema\/logo\/image\/"}}]}},"_links":{"self":[{"href":"https:\/\/www.lessurvivants.org\/soignant\/wp-json\/wp\/v2\/pages\/1032","targetHints":{"allow":["GET"]}}],"collection":[{"href":"https:\/\/www.lessurvivants.org\/soignant\/wp-json\/wp\/v2\/pages"}],"about":[{"href":"https:\/\/www.lessurvivants.org\/soignant\/wp-json\/wp\/v2\/types\/page"}],"author":[{"embeddable":true,"href":"https:\/\/www.lessurvivants.org\/soignant\/wp-json\/wp\/v2\/users\/1"}],"replies":[{"embeddable":true,"href":"https:\/\/www.lessurvivants.org\/soignant\/wp-json\/wp\/v2\/comments?post=1032"}],"version-history":[{"count":13,"href":"https:\/\/www.lessurvivants.org\/soignant\/wp-json\/wp\/v2\/pages\/1032\/revisions"}],"predecessor-version":[{"id":2123,"href":"https:\/\/www.lessurvivants.org\/soignant\/wp-json\/wp\/v2\/pages\/1032\/revisions\/2123"}],"wp:attachment":[{"href":"https:\/\/www.lessurvivants.org\/soignant\/wp-json\/wp\/v2\/media?parent=1032"}],"wp:term":[{"taxonomy":"category","embeddable":true,"href":"https:\/\/www.lessurvivants.org\/soignant\/wp-json\/wp\/v2\/categories?post=1032"},{"taxonomy":"post_tag","embeddable":true,"href":"https:\/\/www.lessurvivants.org\/soignant\/wp-json\/wp\/v2\/tags?post=1032"}],"curies":[{"name":"wp","href":"https:\/\/api.w.org\/{rel}","templated":true}]}}