{"id":1034,"date":"2025-03-10T15:18:55","date_gmt":"2025-03-10T14:18:55","guid":{"rendered":"https:\/\/www.lessurvivants.org\/soignant\/?page_id=1034"},"modified":"2025-10-29T13:58:20","modified_gmt":"2025-10-29T12:58:20","slug":"la-mort-par-maladie-contagieuse","status":"publish","type":"page","link":"https:\/\/www.lessurvivants.org\/soignant\/la-mort-par-maladie-contagieuse\/","title":{"rendered":"La mort par maladie contagieuse"},"content":{"rendered":"\t\t<div data-elementor-type=\"wp-page\" data-elementor-id=\"1034\" class=\"elementor elementor-1034\" data-elementor-post-type=\"page\">\n\t\t\t\t<div data-particle_enable=\"false\" data-particle-mobile-disabled=\"false\" class=\"elementor-element elementor-element-2b62526 e-flex e-con-boxed e-con e-parent\" data-id=\"2b62526\" data-element_type=\"container\" data-settings=\"{&quot;jet_parallax_layout_list&quot;:[]}\">\n\t\t\t\t\t<div class=\"e-con-inner\">\n\t\t\t\t<div class=\"elementor-element elementor-element-2354a21 elementor-widget elementor-widget-heading\" data-id=\"2354a21\" data-element_type=\"widget\" data-widget_type=\"heading.default\">\n\t\t\t\t<div class=\"elementor-widget-container\">\n\t\t\t\t\t<h1 class=\"elementor-heading-title elementor-size-default\">Risques \u00e9pid\u00e9miologiques et mort : la mort par maladie contagieuse<\/h1>\t\t\t\t<\/div>\n\t\t\t\t<\/div>\n\t\t\t\t\t<\/div>\n\t\t\t\t<\/div>\n\t\t<div data-particle_enable=\"false\" data-particle-mobile-disabled=\"false\" class=\"elementor-element elementor-element-f0935df e-flex e-con-boxed e-con e-parent\" data-id=\"f0935df\" data-element_type=\"container\" data-settings=\"{&quot;jet_parallax_layout_list&quot;:[]}\">\n\t\t\t\t\t<div class=\"e-con-inner\">\n\t\t\t\t<div class=\"elementor-element elementor-element-2356c51 elementor-widget elementor-widget-text-editor\" data-id=\"2356c51\" data-element_type=\"widget\" data-widget_type=\"text-editor.default\">\n\t\t\t\t<div class=\"elementor-widget-container\">\n\t\t\t\t\t\t\t\t\t<p data-start=\"3301\" data-end=\"4124\">Les \u00e9pid\u00e9mies et pand\u00e9mies pr\u00e9sentent des d\u00e9fis uniques pour les soignants, bien au-del\u00e0 de la simple gestion des d\u00e9c\u00e8s. En plus de devoir faire face \u00e0 la souffrance et \u00e0 la perte, ils sont \u00e9galement expos\u00e9s \u00e0 des risques de contamination, ce qui ajoute une pression suppl\u00e9mentaire sur leurs \u00e9paules. Les d\u00e9c\u00e8s li\u00e9s \u00e0 des maladies contagieuses, comme la COVID-19 ou le SRAS, accentuent la d\u00e9tresse psychologique des soignants. Le climat d\u2019incertitude et de peur peut renforcer les sentiments d\u2019impuissance et de culpabilit\u00e9, non seulement en raison des pertes humaines, mais aussi du danger personnel auquel ils sont confront\u00e9s. Dans ce contexte, les SURvivants doivent apprendre \u00e0 surmonter ces \u00e9preuves, \u00e0 g\u00e9rer leur peur, et \u00e0 trouver des moyens de continuer \u00e0 avancer dans un environnement incertain et souvent hostile.<\/p>\t\t\t\t\t\t\t\t<\/div>\n\t\t\t\t<\/div>\n\t\t\t\t\t<\/div>\n\t\t\t\t<\/div>\n\t\t<div data-particle_enable=\"false\" data-particle-mobile-disabled=\"false\" class=\"elementor-element elementor-element-e15f9d4 e-flex e-con-boxed e-con e-parent\" data-id=\"e15f9d4\" data-element_type=\"container\" data-settings=\"{&quot;jet_parallax_layout_list&quot;:[]}\">\n\t\t\t\t\t<div class=\"e-con-inner\">\n\t\t\t\t<div class=\"elementor-element elementor-element-9f53c03 elementor-widget elementor-widget-heading\" data-id=\"9f53c03\" data-element_type=\"widget\" data-widget_type=\"heading.default\">\n\t\t\t\t<div class=\"elementor-widget-container\">\n\t\t\t\t\t<h2 class=\"elementor-heading-title elementor-size-default\">Un D\u00e9fi Suppl\u00e9mentaire pour les Soignants<\/h2>\t\t\t\t<\/div>\n\t\t\t\t<\/div>\n\t\t\t\t<div class=\"elementor-element elementor-element-2a8ef82 elementor-widget elementor-widget-text-editor\" data-id=\"2a8ef82\" data-element_type=\"widget\" data-widget_type=\"text-editor.default\">\n\t\t\t\t<div class=\"elementor-widget-container\">\n\t\t\t\t\t\t\t\t\t<p data-start=\"4173\" data-end=\"4843\">Le d\u00e9c\u00e8s d\u2019un patient \u00e0 cause d\u2019une maladie contagieuse repr\u00e9sente un d\u00e9fi consid\u00e9rable pour les soignants. D\u2019une part, l\u2019isolement des patients, souvent s\u00e9par\u00e9s de leurs familles pour limiter la propagation de la maladie, rend la gestion de la douleur et de la souffrance encore plus difficile. D\u2019autre part, les soignants sont eux-m\u00eames soumis \u00e0 un risque constant de contamination, ce qui met leur propre sant\u00e9 en jeu. Cette pression suppl\u00e9mentaire alourdit leur travail quotidien, g\u00e9n\u00e9rant un stress intense. Les SURvivants, qu\u2019ils soient soignants ou proches, doivent surmonter cette peur persistante et continuer \u00e0 prodiguer des soins dans un climat d&#8217;incertitude.<\/p>\t\t\t\t\t\t\t\t<\/div>\n\t\t\t\t<\/div>\n\t\t\t\t\t<\/div>\n\t\t\t\t<\/div>\n\t\t<div data-particle_enable=\"false\" data-particle-mobile-disabled=\"false\" class=\"elementor-element elementor-element-debdf42 e-flex e-con-boxed e-con e-parent\" data-id=\"debdf42\" data-element_type=\"container\" data-settings=\"{&quot;jet_parallax_layout_list&quot;:[]}\">\n\t\t\t\t\t<div class=\"e-con-inner\">\n\t\t<div data-particle_enable=\"false\" data-particle-mobile-disabled=\"false\" class=\"elementor-element elementor-element-06e9eab e-con-full e-flex e-con e-child\" data-id=\"06e9eab\" data-element_type=\"container\" data-settings=\"{&quot;jet_parallax_layout_list&quot;:[]}\">\n\t\t\t\t<\/div>\n\t\t<div data-particle_enable=\"false\" data-particle-mobile-disabled=\"false\" class=\"elementor-element elementor-element-4446032 e-con-full e-flex e-con e-child\" data-id=\"4446032\" data-element_type=\"container\" data-settings=\"{&quot;jet_parallax_layout_list&quot;:[]}\">\n\t\t\t\t<div class=\"elementor-element elementor-element-fbedec9 elementor-widget elementor-widget-image\" data-id=\"fbedec9\" data-element_type=\"widget\" data-widget_type=\"image.default\">\n\t\t\t\t<div class=\"elementor-widget-container\">\n\t\t\t\t\t\t\t\t\t\t\t\t\t\t\t<img fetchpriority=\"high\" decoding=\"async\" width=\"800\" height=\"600\" src=\"https:\/\/www.lessurvivants.org\/wp-content\/uploads\/2025\/03\/cellules-virales-la-mort-par-maladie-contagieuse-1024x768.jpg\" class=\"attachment-large size-large wp-image-1296\" alt=\"\" srcset=\"https:\/\/www.lessurvivants.org\/wp-content\/uploads\/2025\/03\/cellules-virales-la-mort-par-maladie-contagieuse-1024x768.jpg 1024w, https:\/\/www.lessurvivants.org\/wp-content\/uploads\/2025\/03\/cellules-virales-la-mort-par-maladie-contagieuse-300x225.jpg 300w, https:\/\/www.lessurvivants.org\/wp-content\/uploads\/2025\/03\/cellules-virales-la-mort-par-maladie-contagieuse-768x576.jpg 768w, https:\/\/www.lessurvivants.org\/wp-content\/uploads\/2025\/03\/cellules-virales-la-mort-par-maladie-contagieuse-1536x1152.jpg 1536w, https:\/\/www.lessurvivants.org\/wp-content\/uploads\/2025\/03\/cellules-virales-la-mort-par-maladie-contagieuse.jpg 1800w\" sizes=\"(max-width: 800px) 100vw, 800px\" \/>\t\t\t\t\t\t\t\t\t\t\t\t\t\t\t<\/div>\n\t\t\t\t<\/div>\n\t\t\t\t<\/div>\n\t\t<div data-particle_enable=\"false\" data-particle-mobile-disabled=\"false\" class=\"elementor-element elementor-element-b5cac99 e-con-full e-flex e-con e-child\" data-id=\"b5cac99\" data-element_type=\"container\" data-settings=\"{&quot;jet_parallax_layout_list&quot;:[]}\">\n\t\t\t\t<\/div>\n\t\t\t\t\t<\/div>\n\t\t\t\t<\/div>\n\t\t<div data-particle_enable=\"false\" data-particle-mobile-disabled=\"false\" class=\"elementor-element elementor-element-9aa94b7 e-flex e-con-boxed e-con e-parent\" data-id=\"9aa94b7\" data-element_type=\"container\" data-settings=\"{&quot;jet_parallax_layout_list&quot;:[]}\">\n\t\t\t\t\t<div class=\"e-con-inner\">\n\t\t\t\t<div class=\"elementor-element elementor-element-31202dc elementor-widget elementor-widget-heading\" data-id=\"31202dc\" data-element_type=\"widget\" data-widget_type=\"heading.default\">\n\t\t\t\t<div class=\"elementor-widget-container\">\n\t\t\t\t\t<h2 class=\"elementor-heading-title elementor-size-default\">Culpabilit\u00e9 et Peur du Contaminant<\/h2>\t\t\t\t<\/div>\n\t\t\t\t<\/div>\n\t\t\t\t<div class=\"elementor-element elementor-element-3a47b10 elementor-widget elementor-widget-text-editor\" data-id=\"3a47b10\" data-element_type=\"widget\" data-widget_type=\"text-editor.default\">\n\t\t\t\t<div class=\"elementor-widget-container\">\n\t\t\t\t\t\t\t\t\t<p data-start=\"4885\" data-end=\"5475\">Face aux protocoles stricts de s\u00e9curit\u00e9, les soignants peuvent \u00e9prouver un sentiment d\u2019impuissance. Ils sont contraints de respecter des mesures de pr\u00e9vention, parfois per\u00e7ues comme insuffisantes ou mal adapt\u00e9es \u00e0 la situation. De plus, la pression de maintenir la continuit\u00e9 des soins, m\u00eame en p\u00e9riode \u00e9pid\u00e9mique, renforce ce <strong>sentiment de culpabilit\u00e9<\/strong>, surtout lorsque des coll\u00e8gues ou des proches sont touch\u00e9s par la maladie. Le soutien aux SURvivants, qui peuvent ressentir une peur persistante du contaminant, est essentiel pour pr\u00e9server leur sant\u00e9 mentale et leur bien-\u00eatre.<\/p>\t\t\t\t\t\t\t\t<\/div>\n\t\t\t\t<\/div>\n\t\t\t\t\t<\/div>\n\t\t\t\t<\/div>\n\t\t<div data-particle_enable=\"false\" data-particle-mobile-disabled=\"false\" class=\"elementor-element elementor-element-5941c37 e-flex e-con-boxed e-con e-parent\" data-id=\"5941c37\" data-element_type=\"container\" data-settings=\"{&quot;background_background&quot;:&quot;classic&quot;,&quot;jet_parallax_layout_list&quot;:[]}\">\n\t\t\t\t\t<div class=\"e-con-inner\">\n\t\t\t\t<div class=\"elementor-element elementor-element-7606614 elementor-widget elementor-widget-heading\" data-id=\"7606614\" data-element_type=\"widget\" data-widget_type=\"heading.default\">\n\t\t\t\t<div class=\"elementor-widget-container\">\n\t\t\t\t\t<h2 class=\"elementor-heading-title elementor-size-default\">Pr\u00e9vention du Burn-Out<\/h2>\t\t\t\t<\/div>\n\t\t\t\t<\/div>\n\t\t\t\t\t<\/div>\n\t\t\t\t<\/div>\n\t\t<div data-particle_enable=\"false\" data-particle-mobile-disabled=\"false\" class=\"elementor-element elementor-element-860dd2f e-flex e-con-boxed e-con e-parent\" data-id=\"860dd2f\" data-element_type=\"container\" data-settings=\"{&quot;jet_parallax_layout_list&quot;:[]}\">\n\t\t\t\t\t<div class=\"e-con-inner\">\n\t\t\t\t<div class=\"elementor-element elementor-element-d5b6994 elementor-widget elementor-widget-text-editor\" data-id=\"d5b6994\" data-element_type=\"widget\" data-widget_type=\"text-editor.default\">\n\t\t\t\t<div class=\"elementor-widget-container\">\n\t\t\t\t\t\t\t\t\t<p>La reconnaissance du r\u00f4le vital des soignants pendant une \u00e9pid\u00e9mie est fondamentale pour pr\u00e9venir le burn-out. Les institutions doivent mettre en place des soutiens ad\u00e9quats, y compris un <strong>acc\u00e8s facilit\u00e9 \u00e0 des aides psychologiques<\/strong>. Apr\u00e8s la perte de coll\u00e8gues ou de proches, un accompagnement sp\u00e9cifique est \u00e9galement n\u00e9cessaire pour aider les SURvivants \u00e0 traverser ces p\u00e9riodes de deuil tout en continuant \u00e0 exercer leur m\u00e9tier dans des conditions difficiles. Cela permettra de pr\u00e9venir un \u00e9puisement \u00e9motionnel qui pourrait nuire \u00e0 la qualit\u00e9 des soins et \u00e0 la sant\u00e9 des soignants eux-m\u00eames.<\/p>\t\t\t\t\t\t\t\t<\/div>\n\t\t\t\t<\/div>\n\t\t\t\t\t<\/div>\n\t\t\t\t<\/div>\n\t\t\t\t<\/div>\n\t\t","protected":false},"excerpt":{"rendered":"<p>Risques \u00e9pid\u00e9miologiques et mort : la mort par maladie contagieuse Les \u00e9pid\u00e9mies et pand\u00e9mies pr\u00e9sentent des d\u00e9fis uniques pour les soignants, bien au-del\u00e0 de la simple gestion des d\u00e9c\u00e8s. En plus de devoir faire face \u00e0 la souffrance et \u00e0 la perte, ils sont \u00e9galement expos\u00e9s \u00e0 des risques de contamination, ce qui ajoute une [&hellip;]<\/p>\n","protected":false},"author":1,"featured_media":0,"parent":0,"menu_order":0,"comment_status":"closed","ping_status":"closed","template":"","meta":{"footnotes":""},"categories":[7],"tags":[],"class_list":["post-1034","page","type-page","status-publish","hentry","category-espace-soignant"],"yoast_head":"<!-- This site is optimized with the Yoast SEO Premium plugin v25.5 (Yoast SEO v25.5) - https:\/\/yoast.com\/wordpress\/plugins\/seo\/ -->\n<title>La mort par maladie contagieuse - Espace soignant<\/title>\n<meta name=\"robots\" content=\"index, follow, max-snippet:-1, max-image-preview:large, max-video-preview:-1\" \/>\n<link rel=\"canonical\" href=\"https:\/\/www.lessurvivants.org\/soignant\/la-mort-par-maladie-contagieuse\/\" \/>\n<meta property=\"og:locale\" content=\"fr_FR\" \/>\n<meta property=\"og:type\" content=\"article\" \/>\n<meta property=\"og:title\" content=\"La mort par maladie contagieuse\" \/>\n<meta property=\"og:description\" content=\"Risques \u00e9pid\u00e9miologiques et mort : la mort par maladie contagieuse Les \u00e9pid\u00e9mies et pand\u00e9mies pr\u00e9sentent des d\u00e9fis uniques pour les soignants, bien au-del\u00e0 de la simple gestion des d\u00e9c\u00e8s. En plus de devoir faire face \u00e0 la souffrance et \u00e0 la perte, ils sont \u00e9galement expos\u00e9s \u00e0 des risques de contamination, ce qui ajoute une [&hellip;]\" \/>\n<meta property=\"og:url\" content=\"https:\/\/www.lessurvivants.org\/soignant\/la-mort-par-maladie-contagieuse\/\" \/>\n<meta property=\"og:site_name\" content=\"Espace soignant\" \/>\n<meta property=\"article:modified_time\" content=\"2025-10-29T12:58:20+00:00\" \/>\n<meta property=\"og:image\" content=\"https:\/\/www.lessurvivants.org\/wp-content\/uploads\/2025\/03\/cellules-virales-la-mort-par-maladie-contagieuse.jpg\" \/>\n\t<meta property=\"og:image:width\" content=\"1800\" \/>\n\t<meta property=\"og:image:height\" content=\"1350\" \/>\n\t<meta property=\"og:image:type\" content=\"image\/jpeg\" \/>\n<meta name=\"twitter:card\" content=\"summary_large_image\" \/>\n<meta name=\"twitter:label1\" content=\"Dur\u00e9e de lecture estim\u00e9e\" \/>\n\t<meta name=\"twitter:data1\" content=\"3 minutes\" \/>\n<script type=\"application\/ld+json\" class=\"yoast-schema-graph\">{\"@context\":\"https:\/\/schema.org\",\"@graph\":[{\"@type\":\"WebPage\",\"@id\":\"https:\/\/www.lessurvivants.org\/soignant\/la-mort-par-maladie-contagieuse\/\",\"url\":\"https:\/\/www.lessurvivants.org\/soignant\/la-mort-par-maladie-contagieuse\/\",\"name\":\"La mort par maladie contagieuse - Espace soignant\",\"isPartOf\":{\"@id\":\"https:\/\/www.lessurvivants.org\/soignant\/#website\"},\"primaryImageOfPage\":{\"@id\":\"https:\/\/www.lessurvivants.org\/soignant\/la-mort-par-maladie-contagieuse\/#primaryimage\"},\"image\":{\"@id\":\"https:\/\/www.lessurvivants.org\/soignant\/la-mort-par-maladie-contagieuse\/#primaryimage\"},\"thumbnailUrl\":\"https:\/\/www.lessurvivants.org\/wp-content\/uploads\/2025\/03\/cellules-virales-la-mort-par-maladie-contagieuse-1024x768.jpg\",\"datePublished\":\"2025-03-10T14:18:55+00:00\",\"dateModified\":\"2025-10-29T12:58:20+00:00\",\"breadcrumb\":{\"@id\":\"https:\/\/www.lessurvivants.org\/soignant\/la-mort-par-maladie-contagieuse\/#breadcrumb\"},\"inLanguage\":\"fr-FR\",\"potentialAction\":[{\"@type\":\"ReadAction\",\"target\":[\"https:\/\/www.lessurvivants.org\/soignant\/la-mort-par-maladie-contagieuse\/\"]}]},{\"@type\":\"ImageObject\",\"inLanguage\":\"fr-FR\",\"@id\":\"https:\/\/www.lessurvivants.org\/soignant\/la-mort-par-maladie-contagieuse\/#primaryimage\",\"url\":\"https:\/\/www.lessurvivants.org\/wp-content\/uploads\/2025\/03\/cellules-virales-la-mort-par-maladie-contagieuse-1024x768.jpg\",\"contentUrl\":\"https:\/\/www.lessurvivants.org\/wp-content\/uploads\/2025\/03\/cellules-virales-la-mort-par-maladie-contagieuse-1024x768.jpg\"},{\"@type\":\"BreadcrumbList\",\"@id\":\"https:\/\/www.lessurvivants.org\/soignant\/la-mort-par-maladie-contagieuse\/#breadcrumb\",\"itemListElement\":[{\"@type\":\"ListItem\",\"position\":1,\"name\":\"Accueil\",\"item\":\"https:\/\/www.lessurvivants.org\/soignant\/\"},{\"@type\":\"ListItem\",\"position\":2,\"name\":\"La mort par maladie contagieuse\"}]},{\"@type\":\"WebSite\",\"@id\":\"https:\/\/www.lessurvivants.org\/soignant\/#website\",\"url\":\"https:\/\/www.lessurvivants.org\/soignant\/\",\"name\":\"Espace soignant\",\"description\":\"\",\"publisher\":{\"@id\":\"https:\/\/www.lessurvivants.org\/soignant\/#organization\"},\"potentialAction\":[{\"@type\":\"SearchAction\",\"target\":{\"@type\":\"EntryPoint\",\"urlTemplate\":\"https:\/\/www.lessurvivants.org\/soignant\/?s={search_term_string}\"},\"query-input\":{\"@type\":\"PropertyValueSpecification\",\"valueRequired\":true,\"valueName\":\"search_term_string\"}}],\"inLanguage\":\"fr-FR\"},{\"@type\":\"Organization\",\"@id\":\"https:\/\/www.lessurvivants.org\/soignant\/#organization\",\"name\":\"Espace soignant\",\"url\":\"https:\/\/www.lessurvivants.org\/soignant\/\",\"logo\":{\"@type\":\"ImageObject\",\"inLanguage\":\"fr-FR\",\"@id\":\"https:\/\/www.lessurvivants.org\/soignant\/#\/schema\/logo\/image\/\",\"url\":\"https:\/\/www.lessurvivants.org\/wp-content\/uploads\/2025\/03\/logo-final-les-survivants_Plan-de-travail-1.png\",\"contentUrl\":\"https:\/\/www.lessurvivants.org\/wp-content\/uploads\/2025\/03\/logo-final-les-survivants_Plan-de-travail-1.png\",\"caption\":\"Espace soignant\"},\"image\":{\"@id\":\"https:\/\/www.lessurvivants.org\/soignant\/#\/schema\/logo\/image\/\"}}]}<\/script>\n<!-- \/ Yoast SEO Premium plugin. -->","yoast_head_json":{"title":"La mort par maladie contagieuse - Espace soignant","robots":{"index":"index","follow":"follow","max-snippet":"max-snippet:-1","max-image-preview":"max-image-preview:large","max-video-preview":"max-video-preview:-1"},"canonical":"https:\/\/www.lessurvivants.org\/soignant\/la-mort-par-maladie-contagieuse\/","og_locale":"fr_FR","og_type":"article","og_title":"La mort par maladie contagieuse","og_description":"Risques \u00e9pid\u00e9miologiques et mort : la mort par maladie contagieuse Les \u00e9pid\u00e9mies et pand\u00e9mies pr\u00e9sentent des d\u00e9fis uniques pour les soignants, bien au-del\u00e0 de la simple gestion des d\u00e9c\u00e8s. En plus de devoir faire face \u00e0 la souffrance et \u00e0 la perte, ils sont \u00e9galement expos\u00e9s \u00e0 des risques de contamination, ce qui ajoute une [&hellip;]","og_url":"https:\/\/www.lessurvivants.org\/soignant\/la-mort-par-maladie-contagieuse\/","og_site_name":"Espace soignant","article_modified_time":"2025-10-29T12:58:20+00:00","og_image":[{"url":"https:\/\/www.lessurvivants.org\/wp-content\/uploads\/2025\/03\/cellules-virales-la-mort-par-maladie-contagieuse.jpg","width":1800,"height":1350,"type":"image\/jpeg"}],"twitter_card":"summary_large_image","twitter_misc":{"Dur\u00e9e de lecture estim\u00e9e":"3 minutes"},"schema":{"@context":"https:\/\/schema.org","@graph":[{"@type":"WebPage","@id":"https:\/\/www.lessurvivants.org\/soignant\/la-mort-par-maladie-contagieuse\/","url":"https:\/\/www.lessurvivants.org\/soignant\/la-mort-par-maladie-contagieuse\/","name":"La mort par maladie contagieuse - Espace soignant","isPartOf":{"@id":"https:\/\/www.lessurvivants.org\/soignant\/#website"},"primaryImageOfPage":{"@id":"https:\/\/www.lessurvivants.org\/soignant\/la-mort-par-maladie-contagieuse\/#primaryimage"},"image":{"@id":"https:\/\/www.lessurvivants.org\/soignant\/la-mort-par-maladie-contagieuse\/#primaryimage"},"thumbnailUrl":"https:\/\/www.lessurvivants.org\/wp-content\/uploads\/2025\/03\/cellules-virales-la-mort-par-maladie-contagieuse-1024x768.jpg","datePublished":"2025-03-10T14:18:55+00:00","dateModified":"2025-10-29T12:58:20+00:00","breadcrumb":{"@id":"https:\/\/www.lessurvivants.org\/soignant\/la-mort-par-maladie-contagieuse\/#breadcrumb"},"inLanguage":"fr-FR","potentialAction":[{"@type":"ReadAction","target":["https:\/\/www.lessurvivants.org\/soignant\/la-mort-par-maladie-contagieuse\/"]}]},{"@type":"ImageObject","inLanguage":"fr-FR","@id":"https:\/\/www.lessurvivants.org\/soignant\/la-mort-par-maladie-contagieuse\/#primaryimage","url":"https:\/\/www.lessurvivants.org\/wp-content\/uploads\/2025\/03\/cellules-virales-la-mort-par-maladie-contagieuse-1024x768.jpg","contentUrl":"https:\/\/www.lessurvivants.org\/wp-content\/uploads\/2025\/03\/cellules-virales-la-mort-par-maladie-contagieuse-1024x768.jpg"},{"@type":"BreadcrumbList","@id":"https:\/\/www.lessurvivants.org\/soignant\/la-mort-par-maladie-contagieuse\/#breadcrumb","itemListElement":[{"@type":"ListItem","position":1,"name":"Accueil","item":"https:\/\/www.lessurvivants.org\/soignant\/"},{"@type":"ListItem","position":2,"name":"La mort par maladie contagieuse"}]},{"@type":"WebSite","@id":"https:\/\/www.lessurvivants.org\/soignant\/#website","url":"https:\/\/www.lessurvivants.org\/soignant\/","name":"Espace soignant","description":"","publisher":{"@id":"https:\/\/www.lessurvivants.org\/soignant\/#organization"},"potentialAction":[{"@type":"SearchAction","target":{"@type":"EntryPoint","urlTemplate":"https:\/\/www.lessurvivants.org\/soignant\/?s={search_term_string}"},"query-input":{"@type":"PropertyValueSpecification","valueRequired":true,"valueName":"search_term_string"}}],"inLanguage":"fr-FR"},{"@type":"Organization","@id":"https:\/\/www.lessurvivants.org\/soignant\/#organization","name":"Espace soignant","url":"https:\/\/www.lessurvivants.org\/soignant\/","logo":{"@type":"ImageObject","inLanguage":"fr-FR","@id":"https:\/\/www.lessurvivants.org\/soignant\/#\/schema\/logo\/image\/","url":"https:\/\/www.lessurvivants.org\/wp-content\/uploads\/2025\/03\/logo-final-les-survivants_Plan-de-travail-1.png","contentUrl":"https:\/\/www.lessurvivants.org\/wp-content\/uploads\/2025\/03\/logo-final-les-survivants_Plan-de-travail-1.png","caption":"Espace soignant"},"image":{"@id":"https:\/\/www.lessurvivants.org\/soignant\/#\/schema\/logo\/image\/"}}]}},"_links":{"self":[{"href":"https:\/\/www.lessurvivants.org\/soignant\/wp-json\/wp\/v2\/pages\/1034","targetHints":{"allow":["GET"]}}],"collection":[{"href":"https:\/\/www.lessurvivants.org\/soignant\/wp-json\/wp\/v2\/pages"}],"about":[{"href":"https:\/\/www.lessurvivants.org\/soignant\/wp-json\/wp\/v2\/types\/page"}],"author":[{"embeddable":true,"href":"https:\/\/www.lessurvivants.org\/soignant\/wp-json\/wp\/v2\/users\/1"}],"replies":[{"embeddable":true,"href":"https:\/\/www.lessurvivants.org\/soignant\/wp-json\/wp\/v2\/comments?post=1034"}],"version-history":[{"count":16,"href":"https:\/\/www.lessurvivants.org\/soignant\/wp-json\/wp\/v2\/pages\/1034\/revisions"}],"predecessor-version":[{"id":2119,"href":"https:\/\/www.lessurvivants.org\/soignant\/wp-json\/wp\/v2\/pages\/1034\/revisions\/2119"}],"wp:attachment":[{"href":"https:\/\/www.lessurvivants.org\/soignant\/wp-json\/wp\/v2\/media?parent=1034"}],"wp:term":[{"taxonomy":"category","embeddable":true,"href":"https:\/\/www.lessurvivants.org\/soignant\/wp-json\/wp\/v2\/categories?post=1034"},{"taxonomy":"post_tag","embeddable":true,"href":"https:\/\/www.lessurvivants.org\/soignant\/wp-json\/wp\/v2\/tags?post=1034"}],"curies":[{"name":"wp","href":"https:\/\/api.w.org\/{rel}","templated":true}]}}