{"id":1036,"date":"2025-03-10T15:19:09","date_gmt":"2025-03-10T14:19:09","guid":{"rendered":"https:\/\/www.lessurvivants.org\/soignant\/?page_id=1036"},"modified":"2025-10-29T13:48:37","modified_gmt":"2025-10-29T12:48:37","slug":"la-mort-post-intervention","status":"publish","type":"page","link":"https:\/\/www.lessurvivants.org\/soignant\/la-mort-post-intervention\/","title":{"rendered":"La mort post-intervention"},"content":{"rendered":"\t\t<div data-elementor-type=\"wp-page\" data-elementor-id=\"1036\" class=\"elementor elementor-1036\" data-elementor-post-type=\"page\">\n\t\t\t\t<div data-particle_enable=\"false\" data-particle-mobile-disabled=\"false\" class=\"elementor-element elementor-element-268b2ff e-flex e-con-boxed e-con e-parent\" data-id=\"268b2ff\" data-element_type=\"container\" data-settings=\"{&quot;jet_parallax_layout_list&quot;:[]}\">\n\t\t\t\t\t<div class=\"e-con-inner\">\n\t\t\t\t<div class=\"elementor-element elementor-element-8443ba1 elementor-widget elementor-widget-heading\" data-id=\"8443ba1\" data-element_type=\"widget\" data-widget_type=\"heading.default\">\n\t\t\t\t<div class=\"elementor-widget-container\">\n\t\t\t\t\t<h1 class=\"elementor-heading-title elementor-size-default\">La mort post-intervention<\/h1>\t\t\t\t<\/div>\n\t\t\t\t<\/div>\n\t\t\t\t\t<\/div>\n\t\t\t\t<\/div>\n\t\t<div data-particle_enable=\"false\" data-particle-mobile-disabled=\"false\" class=\"elementor-element elementor-element-8bb2e2a e-flex e-con-boxed e-con e-parent\" data-id=\"8bb2e2a\" data-element_type=\"container\" data-settings=\"{&quot;jet_parallax_layout_list&quot;:[]}\">\n\t\t\t\t\t<div class=\"e-con-inner\">\n\t\t<div data-particle_enable=\"false\" data-particle-mobile-disabled=\"false\" class=\"elementor-element elementor-element-89cad9f e-con-full e-flex e-con e-child\" data-id=\"89cad9f\" data-element_type=\"container\" data-settings=\"{&quot;jet_parallax_layout_list&quot;:[]}\">\n\t\t\t\t<div class=\"elementor-element elementor-element-35bfb62 elementor-widget elementor-widget-text-editor\" data-id=\"35bfb62\" data-element_type=\"widget\" data-widget_type=\"text-editor.default\">\n\t\t\t\t<div class=\"elementor-widget-container\">\n\t\t\t\t\t\t\t\t\t<p>La mort post-intervention, ou le d\u00e9c\u00e8s d&#8217;un patient suite \u00e0 une intervention m\u00e9dicale ou chirurgicale g\u00e9n\u00e8re un traumatisme imm\u00e9diat, tant pour les proches que les soignants. les soignants sont confront\u00e9s \u00e0 un dilemme psychologique profond. D&#8217;un c\u00f4t\u00e9, il y a la volont\u00e9 de sauver des vies, d\u2019apporter des solutions \u00e0 la souffrance et de r\u00e9parer ce qui peut l\u2019\u00eatre. De l\u2019autre, la reconnaissance de leurs propres limites face \u00e0 une situation irr\u00e9versible. Cette dualit\u00e9 engendre une d\u00e9tresse morale, particuli\u00e8rement marqu\u00e9e dans le contexte des interventions complexes. Le d\u00e9c\u00e8s apr\u00e8s une proc\u00e9dure m\u00e9dicale soul\u00e8ve des questions \u00e9thiques et pratiques importantes, notamment sur la mani\u00e8re de communiquer avec les familles, les ajustements \u00e0 op\u00e9rer dans les pratiques m\u00e9dicales, ainsi que les implications \u00e9motionnelles pour les soignants. Les SURvivants, qu\u2019ils soient membres de l\u2019\u00e9quipe soignante ou proches du patient, sont contraints d\u2019affronter cette r\u00e9alit\u00e9 avec un poids \u00e9motionnel immense.\u00a0<\/p>\t\t\t\t\t\t\t\t<\/div>\n\t\t\t\t<\/div>\n\t\t\t\t<\/div>\n\t\t<div data-particle_enable=\"false\" data-particle-mobile-disabled=\"false\" class=\"elementor-element elementor-element-6f43819 e-con-full e-flex e-con e-child\" data-id=\"6f43819\" data-element_type=\"container\" data-settings=\"{&quot;jet_parallax_layout_list&quot;:[]}\">\n\t\t\t\t<div class=\"elementor-element elementor-element-b5ab076 elementor-widget elementor-widget-image\" data-id=\"b5ab076\" data-element_type=\"widget\" data-widget_type=\"image.default\">\n\t\t\t\t<div class=\"elementor-widget-container\">\n\t\t\t\t\t\t\t\t\t\t\t\t\t\t\t<img fetchpriority=\"high\" decoding=\"async\" width=\"800\" height=\"533\" src=\"https:\/\/www.lessurvivants.org\/wp-content\/uploads\/2025\/03\/la-mort-post-intervention-survivants-1024x682.jpg\" class=\"attachment-large size-large wp-image-1281\" alt=\"\" srcset=\"https:\/\/www.lessurvivants.org\/wp-content\/uploads\/2025\/03\/la-mort-post-intervention-survivants-1024x682.jpg 1024w, https:\/\/www.lessurvivants.org\/wp-content\/uploads\/2025\/03\/la-mort-post-intervention-survivants-300x200.jpg 300w, https:\/\/www.lessurvivants.org\/wp-content\/uploads\/2025\/03\/la-mort-post-intervention-survivants-768x512.jpg 768w, https:\/\/www.lessurvivants.org\/wp-content\/uploads\/2025\/03\/la-mort-post-intervention-survivants.jpg 1280w\" sizes=\"(max-width: 800px) 100vw, 800px\" \/>\t\t\t\t\t\t\t\t\t\t\t\t\t\t\t<\/div>\n\t\t\t\t<\/div>\n\t\t\t\t<\/div>\n\t\t\t\t\t<\/div>\n\t\t\t\t<\/div>\n\t\t<div data-particle_enable=\"false\" data-particle-mobile-disabled=\"false\" class=\"elementor-element elementor-element-bd2b035 e-flex e-con-boxed e-con e-parent\" data-id=\"bd2b035\" data-element_type=\"container\" data-settings=\"{&quot;jet_parallax_layout_list&quot;:[]}\">\n\t\t\t\t\t<div class=\"e-con-inner\">\n\t\t\t\t<div class=\"elementor-element elementor-element-b750699 elementor-widget elementor-widget-heading\" data-id=\"b750699\" data-element_type=\"widget\" data-widget_type=\"heading.default\">\n\t\t\t\t<div class=\"elementor-widget-container\">\n\t\t\t\t\t<h2 class=\"elementor-heading-title elementor-size-default\">La Perception d\u2019un \u00c9chec Th\u00e9rapeutique<\/h2>\t\t\t\t<\/div>\n\t\t\t\t<\/div>\n\t\t\t\t<div class=\"elementor-element elementor-element-80eba64 elementor-widget elementor-widget-text-editor\" data-id=\"80eba64\" data-element_type=\"widget\" data-widget_type=\"text-editor.default\">\n\t\t\t\t<div class=\"elementor-widget-container\">\n\t\t\t\t\t\t\t\t\t<p data-start=\"985\" data-end=\"1588\">Lorsque la mort survient apr\u00e8s une intervention, le sentiment d\u2019\u00e9chec est souvent amplifi\u00e9 par l\u2019id\u00e9e que les soignants n\u2019ont pas r\u00e9ussi \u00e0 accomplir leur mission, qui est de sauver des vies. Cela peut \u00eatre particuli\u00e8rement difficile \u00e0 accepter lorsque le patient nourrissait des attentes positives vis-\u00e0-vis du traitement, voire un espoir de gu\u00e9rison. Le contraste entre ces attentes et le r\u00e9sultat final g\u00e9n\u00e8re un sentiment de culpabilit\u00e9, amplifi\u00e9 par la perception d&#8217;un \u00e9chec th\u00e9rapeutique et\/ou par les ocns\u00e9quences de la d\u00e9cision m\u00e9dicale (plus ou moins partag\u00e9e) et de r\u00e9alisation du geste.\u00a0<\/p><p data-start=\"985\" data-end=\"1588\">L&#8217;impact psychologique de ces \u00e9v\u00e8nements est profond. Le soignant peut d\u00e9velopper un syndrome de stress post-traumatique ou une remise en question de ses comp\u00e9tences.<\/p>\t\t\t\t\t\t\t\t<\/div>\n\t\t\t\t<\/div>\n\t\t\t\t\t<\/div>\n\t\t\t\t<\/div>\n\t\t<div data-particle_enable=\"false\" data-particle-mobile-disabled=\"false\" class=\"elementor-element elementor-element-4d3485a e-flex e-con-boxed e-con e-parent\" data-id=\"4d3485a\" data-element_type=\"container\" data-settings=\"{&quot;jet_parallax_layout_list&quot;:[]}\">\n\t\t\t\t\t<div class=\"e-con-inner\">\n\t\t\t\t<div class=\"elementor-element elementor-element-b404984 elementor-widget elementor-widget-heading\" data-id=\"b404984\" data-element_type=\"widget\" data-widget_type=\"heading.default\">\n\t\t\t\t<div class=\"elementor-widget-container\">\n\t\t\t\t\t<h2 class=\"elementor-heading-title elementor-size-default\">Le Dilemme de l\u2019Information au Patient<\/h2>\t\t\t\t<\/div>\n\t\t\t\t<\/div>\n\t\t\t\t<div class=\"elementor-element elementor-element-7d954c5 elementor-widget elementor-widget-text-editor\" data-id=\"7d954c5\" data-element_type=\"widget\" data-widget_type=\"text-editor.default\">\n\t\t\t\t<div class=\"elementor-widget-container\">\n\t\t\t\t\t\t\t\t\t<p>Un autre aspect crucial est le dilemme de la transparence face \u00e0 la communication des risques aux patients. Se pose alors la question de l&#8217;implication du patient dans la d\u00e9cision m\u00e9dicales qui a conduit au geste. Peut-on tout dire au patient comme il est recommand\u00e9 par l&#8217;HAS, est ce que le patient est pr\u00eat \u00e0 tout entendre ? Les soignants se retrouvent souvent \u00e0 devoir juger de la quantit\u00e9 et de la nature de l\u2019information qu\u2019ils d\u00e9livrent.\u00a0 Ce dilemme peut cr\u00e9er un conflit int\u00e9rieur, notamment si le patient \u00e9tait pr\u00eat \u00e0 affronter la v\u00e9rit\u00e9. En parall\u00e8le, l\u2019\u00e9quipe m\u00e9dicale doit g\u00e9rer l\u2019impact \u00e9motionnel de ces d\u00e9cisions sur les soignants eux-m\u00eames, les proches du patient qui vivent cette exp\u00e9rience avec un sentiment d\u2019impuissance, de col\u00e8re ou de confusion.<\/p>\t\t\t\t\t\t\t\t<\/div>\n\t\t\t\t<\/div>\n\t\t\t\t\t<\/div>\n\t\t\t\t<\/div>\n\t\t<div data-particle_enable=\"false\" data-particle-mobile-disabled=\"false\" class=\"elementor-element elementor-element-93de0d6 e-flex e-con-boxed e-con e-parent\" data-id=\"93de0d6\" data-element_type=\"container\" data-settings=\"{&quot;background_background&quot;:&quot;classic&quot;,&quot;jet_parallax_layout_list&quot;:[]}\">\n\t\t\t\t\t<div class=\"e-con-inner\">\n\t\t\t\t<div class=\"elementor-element elementor-element-bbbe462 elementor-widget elementor-widget-heading\" data-id=\"bbbe462\" data-element_type=\"widget\" data-widget_type=\"heading.default\">\n\t\t\t\t<div class=\"elementor-widget-container\">\n\t\t\t\t\t<h2 class=\"elementor-heading-title elementor-size-default\">La \"Logique du soin\" pour accompagner les soignants<\/h2>\t\t\t\t<\/div>\n\t\t\t\t<\/div>\n\t\t\t\t\t<\/div>\n\t\t\t\t<\/div>\n\t\t<div data-particle_enable=\"false\" data-particle-mobile-disabled=\"false\" class=\"elementor-element elementor-element-55ba2b6 e-flex e-con-boxed e-con e-parent\" data-id=\"55ba2b6\" data-element_type=\"container\" data-settings=\"{&quot;jet_parallax_layout_list&quot;:[]}\">\n\t\t\t\t\t<div class=\"e-con-inner\">\n\t\t\t\t<div class=\"elementor-element elementor-element-b75e747 elementor-widget elementor-widget-text-editor\" data-id=\"b75e747\" data-element_type=\"widget\" data-widget_type=\"text-editor.default\">\n\t\t\t\t<div class=\"elementor-widget-container\">\n\t\t\t\t\t\t\t\t\t<p>Afin de surmonter cette \u00e9preuve, un accompagnement post-intervention est essentiel pour les soignants. <em>Mol AM<\/em>, sociologue et philosophe, d\u00e9veloppe une critique du mod\u00e8le dominant de la prise de d\u00e9cision m\u00e9dicale bas\u00e9 sur l\u2019autonomie du patient. Elle propose une <strong>\u00ab logique du soin \u00bb<\/strong> qui met en lumi\u00e8re l&#8217;importance des relations, de la pratique collective et du pragmatisme dans l\u2019acte de soigner. Dans ce cadre, la mort est envisag\u00e9e non comme un \u00e9chec mais comme une partie int\u00e9grante du parcours de soin, ce qui red\u00e9finit la posture du soignant et r\u00e9duit la culpabilit\u00e9 li\u00e9e aux d\u00e9c\u00e8s inattendus.\u00a0<\/p><p>Il devient alors essentiel de mettre en place des dispositifs de soutien psychologique pour les soignants, leur permettant de verbaliser ces exp\u00e9riences et d\u2019int\u00e9grer ces \u00e9v\u00e9nements sans sombrer dans l\u2019isolement ou l\u2019\u00e9puisement \u00e9motionnel.<\/p>\t\t\t\t\t\t\t\t<\/div>\n\t\t\t\t<\/div>\n\t\t\t\t\t<\/div>\n\t\t\t\t<\/div>\n\t\t\t\t<\/div>\n\t\t","protected":false},"excerpt":{"rendered":"<p>La mort post-intervention La mort post-intervention, ou le d\u00e9c\u00e8s d&#8217;un patient suite \u00e0 une intervention m\u00e9dicale ou chirurgicale g\u00e9n\u00e8re un traumatisme imm\u00e9diat, tant pour les proches que les soignants. les soignants sont confront\u00e9s \u00e0 un dilemme psychologique profond. D&#8217;un c\u00f4t\u00e9, il y a la volont\u00e9 de sauver des vies, d\u2019apporter des solutions \u00e0 la souffrance [&hellip;]<\/p>\n","protected":false},"author":1,"featured_media":0,"parent":0,"menu_order":0,"comment_status":"closed","ping_status":"closed","template":"","meta":{"footnotes":""},"categories":[7],"tags":[],"class_list":["post-1036","page","type-page","status-publish","hentry","category-espace-soignant"],"yoast_head":"<!-- This site is optimized with the Yoast SEO Premium plugin v25.5 (Yoast SEO v25.5) - https:\/\/yoast.com\/wordpress\/plugins\/seo\/ -->\n<title>La mort post-intervention - Espace soignant<\/title>\n<meta name=\"robots\" content=\"index, follow, max-snippet:-1, max-image-preview:large, max-video-preview:-1\" \/>\n<link rel=\"canonical\" href=\"https:\/\/www.lessurvivants.org\/soignant\/la-mort-post-intervention\/\" \/>\n<meta property=\"og:locale\" content=\"fr_FR\" \/>\n<meta property=\"og:type\" content=\"article\" \/>\n<meta property=\"og:title\" content=\"La mort post-intervention\" \/>\n<meta property=\"og:description\" content=\"La mort post-intervention La mort post-intervention, ou le d\u00e9c\u00e8s d&#8217;un patient suite \u00e0 une intervention m\u00e9dicale ou chirurgicale g\u00e9n\u00e8re un traumatisme imm\u00e9diat, tant pour les proches que les soignants. les soignants sont confront\u00e9s \u00e0 un dilemme psychologique profond. D&#8217;un c\u00f4t\u00e9, il y a la volont\u00e9 de sauver des vies, d\u2019apporter des solutions \u00e0 la souffrance [&hellip;]\" \/>\n<meta property=\"og:url\" content=\"https:\/\/www.lessurvivants.org\/soignant\/la-mort-post-intervention\/\" \/>\n<meta property=\"og:site_name\" content=\"Espace soignant\" \/>\n<meta property=\"article:modified_time\" content=\"2025-10-29T12:48:37+00:00\" \/>\n<meta property=\"og:image\" content=\"https:\/\/www.lessurvivants.org\/wp-content\/uploads\/2025\/03\/la-mort-post-intervention-survivants.jpg\" \/>\n\t<meta property=\"og:image:width\" content=\"1280\" \/>\n\t<meta property=\"og:image:height\" content=\"853\" \/>\n\t<meta property=\"og:image:type\" content=\"image\/jpeg\" \/>\n<meta name=\"twitter:card\" content=\"summary_large_image\" \/>\n<meta name=\"twitter:label1\" content=\"Dur\u00e9e de lecture estim\u00e9e\" \/>\n\t<meta name=\"twitter:data1\" content=\"3 minutes\" \/>\n<script type=\"application\/ld+json\" class=\"yoast-schema-graph\">{\"@context\":\"https:\/\/schema.org\",\"@graph\":[{\"@type\":\"WebPage\",\"@id\":\"https:\/\/www.lessurvivants.org\/soignant\/la-mort-post-intervention\/\",\"url\":\"https:\/\/www.lessurvivants.org\/soignant\/la-mort-post-intervention\/\",\"name\":\"La mort post-intervention - Espace soignant\",\"isPartOf\":{\"@id\":\"https:\/\/www.lessurvivants.org\/soignant\/#website\"},\"primaryImageOfPage\":{\"@id\":\"https:\/\/www.lessurvivants.org\/soignant\/la-mort-post-intervention\/#primaryimage\"},\"image\":{\"@id\":\"https:\/\/www.lessurvivants.org\/soignant\/la-mort-post-intervention\/#primaryimage\"},\"thumbnailUrl\":\"https:\/\/www.lessurvivants.org\/wp-content\/uploads\/2025\/03\/la-mort-post-intervention-survivants-1024x682.jpg\",\"datePublished\":\"2025-03-10T14:19:09+00:00\",\"dateModified\":\"2025-10-29T12:48:37+00:00\",\"breadcrumb\":{\"@id\":\"https:\/\/www.lessurvivants.org\/soignant\/la-mort-post-intervention\/#breadcrumb\"},\"inLanguage\":\"fr-FR\",\"potentialAction\":[{\"@type\":\"ReadAction\",\"target\":[\"https:\/\/www.lessurvivants.org\/soignant\/la-mort-post-intervention\/\"]}]},{\"@type\":\"ImageObject\",\"inLanguage\":\"fr-FR\",\"@id\":\"https:\/\/www.lessurvivants.org\/soignant\/la-mort-post-intervention\/#primaryimage\",\"url\":\"https:\/\/www.lessurvivants.org\/wp-content\/uploads\/2025\/03\/la-mort-post-intervention-survivants-1024x682.jpg\",\"contentUrl\":\"https:\/\/www.lessurvivants.org\/wp-content\/uploads\/2025\/03\/la-mort-post-intervention-survivants-1024x682.jpg\"},{\"@type\":\"BreadcrumbList\",\"@id\":\"https:\/\/www.lessurvivants.org\/soignant\/la-mort-post-intervention\/#breadcrumb\",\"itemListElement\":[{\"@type\":\"ListItem\",\"position\":1,\"name\":\"Accueil\",\"item\":\"https:\/\/www.lessurvivants.org\/soignant\/\"},{\"@type\":\"ListItem\",\"position\":2,\"name\":\"La mort post-intervention\"}]},{\"@type\":\"WebSite\",\"@id\":\"https:\/\/www.lessurvivants.org\/soignant\/#website\",\"url\":\"https:\/\/www.lessurvivants.org\/soignant\/\",\"name\":\"Espace soignant\",\"description\":\"\",\"publisher\":{\"@id\":\"https:\/\/www.lessurvivants.org\/soignant\/#organization\"},\"potentialAction\":[{\"@type\":\"SearchAction\",\"target\":{\"@type\":\"EntryPoint\",\"urlTemplate\":\"https:\/\/www.lessurvivants.org\/soignant\/?s={search_term_string}\"},\"query-input\":{\"@type\":\"PropertyValueSpecification\",\"valueRequired\":true,\"valueName\":\"search_term_string\"}}],\"inLanguage\":\"fr-FR\"},{\"@type\":\"Organization\",\"@id\":\"https:\/\/www.lessurvivants.org\/soignant\/#organization\",\"name\":\"Espace soignant\",\"url\":\"https:\/\/www.lessurvivants.org\/soignant\/\",\"logo\":{\"@type\":\"ImageObject\",\"inLanguage\":\"fr-FR\",\"@id\":\"https:\/\/www.lessurvivants.org\/soignant\/#\/schema\/logo\/image\/\",\"url\":\"https:\/\/www.lessurvivants.org\/wp-content\/uploads\/2025\/03\/logo-final-les-survivants_Plan-de-travail-1.png\",\"contentUrl\":\"https:\/\/www.lessurvivants.org\/wp-content\/uploads\/2025\/03\/logo-final-les-survivants_Plan-de-travail-1.png\",\"caption\":\"Espace soignant\"},\"image\":{\"@id\":\"https:\/\/www.lessurvivants.org\/soignant\/#\/schema\/logo\/image\/\"}}]}<\/script>\n<!-- \/ Yoast SEO Premium plugin. -->","yoast_head_json":{"title":"La mort post-intervention - Espace soignant","robots":{"index":"index","follow":"follow","max-snippet":"max-snippet:-1","max-image-preview":"max-image-preview:large","max-video-preview":"max-video-preview:-1"},"canonical":"https:\/\/www.lessurvivants.org\/soignant\/la-mort-post-intervention\/","og_locale":"fr_FR","og_type":"article","og_title":"La mort post-intervention","og_description":"La mort post-intervention La mort post-intervention, ou le d\u00e9c\u00e8s d&#8217;un patient suite \u00e0 une intervention m\u00e9dicale ou chirurgicale g\u00e9n\u00e8re un traumatisme imm\u00e9diat, tant pour les proches que les soignants. les soignants sont confront\u00e9s \u00e0 un dilemme psychologique profond. D&#8217;un c\u00f4t\u00e9, il y a la volont\u00e9 de sauver des vies, d\u2019apporter des solutions \u00e0 la souffrance [&hellip;]","og_url":"https:\/\/www.lessurvivants.org\/soignant\/la-mort-post-intervention\/","og_site_name":"Espace soignant","article_modified_time":"2025-10-29T12:48:37+00:00","og_image":[{"url":"https:\/\/www.lessurvivants.org\/wp-content\/uploads\/2025\/03\/la-mort-post-intervention-survivants.jpg","width":1280,"height":853,"type":"image\/jpeg"}],"twitter_card":"summary_large_image","twitter_misc":{"Dur\u00e9e de lecture estim\u00e9e":"3 minutes"},"schema":{"@context":"https:\/\/schema.org","@graph":[{"@type":"WebPage","@id":"https:\/\/www.lessurvivants.org\/soignant\/la-mort-post-intervention\/","url":"https:\/\/www.lessurvivants.org\/soignant\/la-mort-post-intervention\/","name":"La mort post-intervention - Espace soignant","isPartOf":{"@id":"https:\/\/www.lessurvivants.org\/soignant\/#website"},"primaryImageOfPage":{"@id":"https:\/\/www.lessurvivants.org\/soignant\/la-mort-post-intervention\/#primaryimage"},"image":{"@id":"https:\/\/www.lessurvivants.org\/soignant\/la-mort-post-intervention\/#primaryimage"},"thumbnailUrl":"https:\/\/www.lessurvivants.org\/wp-content\/uploads\/2025\/03\/la-mort-post-intervention-survivants-1024x682.jpg","datePublished":"2025-03-10T14:19:09+00:00","dateModified":"2025-10-29T12:48:37+00:00","breadcrumb":{"@id":"https:\/\/www.lessurvivants.org\/soignant\/la-mort-post-intervention\/#breadcrumb"},"inLanguage":"fr-FR","potentialAction":[{"@type":"ReadAction","target":["https:\/\/www.lessurvivants.org\/soignant\/la-mort-post-intervention\/"]}]},{"@type":"ImageObject","inLanguage":"fr-FR","@id":"https:\/\/www.lessurvivants.org\/soignant\/la-mort-post-intervention\/#primaryimage","url":"https:\/\/www.lessurvivants.org\/wp-content\/uploads\/2025\/03\/la-mort-post-intervention-survivants-1024x682.jpg","contentUrl":"https:\/\/www.lessurvivants.org\/wp-content\/uploads\/2025\/03\/la-mort-post-intervention-survivants-1024x682.jpg"},{"@type":"BreadcrumbList","@id":"https:\/\/www.lessurvivants.org\/soignant\/la-mort-post-intervention\/#breadcrumb","itemListElement":[{"@type":"ListItem","position":1,"name":"Accueil","item":"https:\/\/www.lessurvivants.org\/soignant\/"},{"@type":"ListItem","position":2,"name":"La mort post-intervention"}]},{"@type":"WebSite","@id":"https:\/\/www.lessurvivants.org\/soignant\/#website","url":"https:\/\/www.lessurvivants.org\/soignant\/","name":"Espace soignant","description":"","publisher":{"@id":"https:\/\/www.lessurvivants.org\/soignant\/#organization"},"potentialAction":[{"@type":"SearchAction","target":{"@type":"EntryPoint","urlTemplate":"https:\/\/www.lessurvivants.org\/soignant\/?s={search_term_string}"},"query-input":{"@type":"PropertyValueSpecification","valueRequired":true,"valueName":"search_term_string"}}],"inLanguage":"fr-FR"},{"@type":"Organization","@id":"https:\/\/www.lessurvivants.org\/soignant\/#organization","name":"Espace soignant","url":"https:\/\/www.lessurvivants.org\/soignant\/","logo":{"@type":"ImageObject","inLanguage":"fr-FR","@id":"https:\/\/www.lessurvivants.org\/soignant\/#\/schema\/logo\/image\/","url":"https:\/\/www.lessurvivants.org\/wp-content\/uploads\/2025\/03\/logo-final-les-survivants_Plan-de-travail-1.png","contentUrl":"https:\/\/www.lessurvivants.org\/wp-content\/uploads\/2025\/03\/logo-final-les-survivants_Plan-de-travail-1.png","caption":"Espace soignant"},"image":{"@id":"https:\/\/www.lessurvivants.org\/soignant\/#\/schema\/logo\/image\/"}}]}},"_links":{"self":[{"href":"https:\/\/www.lessurvivants.org\/soignant\/wp-json\/wp\/v2\/pages\/1036","targetHints":{"allow":["GET"]}}],"collection":[{"href":"https:\/\/www.lessurvivants.org\/soignant\/wp-json\/wp\/v2\/pages"}],"about":[{"href":"https:\/\/www.lessurvivants.org\/soignant\/wp-json\/wp\/v2\/types\/page"}],"author":[{"embeddable":true,"href":"https:\/\/www.lessurvivants.org\/soignant\/wp-json\/wp\/v2\/users\/1"}],"replies":[{"embeddable":true,"href":"https:\/\/www.lessurvivants.org\/soignant\/wp-json\/wp\/v2\/comments?post=1036"}],"version-history":[{"count":16,"href":"https:\/\/www.lessurvivants.org\/soignant\/wp-json\/wp\/v2\/pages\/1036\/revisions"}],"predecessor-version":[{"id":2116,"href":"https:\/\/www.lessurvivants.org\/soignant\/wp-json\/wp\/v2\/pages\/1036\/revisions\/2116"}],"wp:attachment":[{"href":"https:\/\/www.lessurvivants.org\/soignant\/wp-json\/wp\/v2\/media?parent=1036"}],"wp:term":[{"taxonomy":"category","embeddable":true,"href":"https:\/\/www.lessurvivants.org\/soignant\/wp-json\/wp\/v2\/categories?post=1036"},{"taxonomy":"post_tag","embeddable":true,"href":"https:\/\/www.lessurvivants.org\/soignant\/wp-json\/wp\/v2\/tags?post=1036"}],"curies":[{"name":"wp","href":"https:\/\/api.w.org\/{rel}","templated":true}]}}