{"id":1038,"date":"2025-03-10T15:19:21","date_gmt":"2025-03-10T14:19:21","guid":{"rendered":"https:\/\/www.lessurvivants.org\/soignant\/?page_id=1038"},"modified":"2025-10-29T13:45:05","modified_gmt":"2025-10-29T12:45:05","slug":"la-mort-brutale-et-inattendue","status":"publish","type":"page","link":"https:\/\/www.lessurvivants.org\/soignant\/la-mort-brutale-et-inattendue\/","title":{"rendered":"La mort brutale et inattendue"},"content":{"rendered":"\t\t<div data-elementor-type=\"wp-page\" data-elementor-id=\"1038\" class=\"elementor elementor-1038\" data-elementor-post-type=\"page\">\n\t\t\t\t<div data-particle_enable=\"false\" data-particle-mobile-disabled=\"false\" class=\"elementor-element elementor-element-55521f8 e-flex e-con-boxed e-con e-parent\" data-id=\"55521f8\" data-element_type=\"container\" data-settings=\"{&quot;jet_parallax_layout_list&quot;:[]}\">\n\t\t\t\t\t<div class=\"e-con-inner\">\n\t\t\t\t<div class=\"elementor-element elementor-element-bba2599 elementor-widget elementor-widget-heading\" data-id=\"bba2599\" data-element_type=\"widget\" data-widget_type=\"heading.default\">\n\t\t\t\t<div class=\"elementor-widget-container\">\n\t\t\t\t\t<h1 class=\"elementor-heading-title elementor-size-default\">la mort brutale et inattendue : mort subite \u00e0 l'hopital<\/h1>\t\t\t\t<\/div>\n\t\t\t\t<\/div>\n\t\t\t\t\t<\/div>\n\t\t\t\t<\/div>\n\t\t<div data-particle_enable=\"false\" data-particle-mobile-disabled=\"false\" class=\"elementor-element elementor-element-c88c27a e-flex e-con-boxed e-con e-parent\" data-id=\"c88c27a\" data-element_type=\"container\" data-settings=\"{&quot;jet_parallax_layout_list&quot;:[]}\">\n\t\t\t\t\t<div class=\"e-con-inner\">\n\t\t\t\t<div class=\"elementor-element elementor-element-99d89db elementor-widget elementor-widget-text-editor\" data-id=\"99d89db\" data-element_type=\"widget\" data-widget_type=\"text-editor.default\">\n\t\t\t\t<div class=\"elementor-widget-container\">\n\t\t\t\t\t\t\t\t\t<p data-pm-slice=\"1 1 []\">La mort brutale et inattendue survient de fa\u00e7on impr\u00e9visible et souvent rapide, sans signe avant coureur \u00e9vident. Elle est l\u2019une des exp\u00e9riences les plus traumatisantes pour les soignants et les plongent les soignants dans un choc \u00e9motionnel intense. Contrairement \u00e0 une mort anticip\u00e9e, elle ne laisse aucun temps de pr\u00e9paration psychologique et confronte imm\u00e9diatement les soignants \u00e0 l\u2019impuissance et \u00e0 l\u2019incompr\u00e9hension. Les SURvivants, qu&#8217;ils soient coll\u00e8gues, proches ou soignants eux-m\u00eames, se retrouvent confront\u00e9s \u00e0 une violence \u00e9motionnelle qui peut les marquer durablement.<\/p>\t\t\t\t\t\t\t\t<\/div>\n\t\t\t\t<\/div>\n\t\t\t\t\t<\/div>\n\t\t\t\t<\/div>\n\t\t<div data-particle_enable=\"false\" data-particle-mobile-disabled=\"false\" class=\"elementor-element elementor-element-a8d7d61 e-flex e-con-boxed e-con e-parent\" data-id=\"a8d7d61\" data-element_type=\"container\" data-settings=\"{&quot;background_background&quot;:&quot;classic&quot;,&quot;jet_parallax_layout_list&quot;:[]}\">\n\t\t\t\t\t<div class=\"e-con-inner\">\n\t\t\t\t<div class=\"elementor-element elementor-element-b881869 elementor-widget elementor-widget-heading\" data-id=\"b881869\" data-element_type=\"widget\" data-widget_type=\"heading.default\">\n\t\t\t\t<div class=\"elementor-widget-container\">\n\t\t\t\t\t<h2 class=\"elementor-heading-title elementor-size-default\">La mort brutale et inattendue engendre un Sentiment d'\u00c9chec et une Culpabilit\u00e9<\/h2>\t\t\t\t<\/div>\n\t\t\t\t<\/div>\n\t\t\t\t\t<\/div>\n\t\t\t\t<\/div>\n\t\t<div data-particle_enable=\"false\" data-particle-mobile-disabled=\"false\" class=\"elementor-element elementor-element-aefe284 e-flex e-con-boxed e-con e-parent\" data-id=\"aefe284\" data-element_type=\"container\" data-settings=\"{&quot;jet_parallax_layout_list&quot;:[]}\">\n\t\t\t\t\t<div class=\"e-con-inner\">\n\t\t<div data-particle_enable=\"false\" data-particle-mobile-disabled=\"false\" class=\"elementor-element elementor-element-01bc26b e-con-full e-flex e-con e-child\" data-id=\"01bc26b\" data-element_type=\"container\" data-settings=\"{&quot;jet_parallax_layout_list&quot;:[]}\">\n\t\t\t\t<div class=\"elementor-element elementor-element-e8cd02b elementor-widget elementor-widget-text-editor\" data-id=\"e8cd02b\" data-element_type=\"widget\" data-widget_type=\"text-editor.default\">\n\t\t\t\t<div class=\"elementor-widget-container\">\n\t\t\t\t\t\t\t\t\t<p>Le soignant peut ressentir un \u00e9chec personnel suite au v\u00e9cu d&#8217;une mort subite \u00e0 l&#8217;h\u00f4pital, m\u00eame si les circonstances d\u00e9passent son contr\u00f4le. Ce type de d\u00e9c\u00e8s remet parfois en question les comp\u00e9tences professionnelles ou le bien fond\u00e9 des d\u00e9cisions cliniques prises en amont, amplifiant le sentiment de responsabilit\u00e9. De plus, le choc \u00e9motionnel peut entrainer un stress post-traumatique, surtout si la situation a \u00e9t\u00e9 particuli\u00e8rement dramatique, comme lors d&#8217;une r\u00e9animation infructueuse.\u00a0<\/p>\t\t\t\t\t\t\t\t<\/div>\n\t\t\t\t<\/div>\n\t\t\t\t<\/div>\n\t\t<div data-particle_enable=\"false\" data-particle-mobile-disabled=\"false\" class=\"elementor-element elementor-element-a9eb8eb e-con-full e-flex e-con e-child\" data-id=\"a9eb8eb\" data-element_type=\"container\" data-settings=\"{&quot;jet_parallax_layout_list&quot;:[]}\">\n\t\t\t\t<div class=\"elementor-element elementor-element-2ec3c8a elementor-widget elementor-widget-image\" data-id=\"2ec3c8a\" data-element_type=\"widget\" data-widget_type=\"image.default\">\n\t\t\t\t<div class=\"elementor-widget-container\">\n\t\t\t\t\t\t\t\t\t\t\t\t\t\t\t<img fetchpriority=\"high\" decoding=\"async\" width=\"800\" height=\"533\" src=\"https:\/\/www.lessurvivants.org\/wp-content\/uploads\/2025\/03\/mort-brutale-et-inattendue-survivants-1024x682.jpg\" class=\"attachment-large size-large wp-image-1272\" alt=\"\" srcset=\"https:\/\/www.lessurvivants.org\/wp-content\/uploads\/2025\/03\/mort-brutale-et-inattendue-survivants-1024x682.jpg 1024w, https:\/\/www.lessurvivants.org\/wp-content\/uploads\/2025\/03\/mort-brutale-et-inattendue-survivants-300x200.jpg 300w, https:\/\/www.lessurvivants.org\/wp-content\/uploads\/2025\/03\/mort-brutale-et-inattendue-survivants-768x511.jpg 768w, https:\/\/www.lessurvivants.org\/wp-content\/uploads\/2025\/03\/mort-brutale-et-inattendue-survivants.jpg 1280w\" sizes=\"(max-width: 800px) 100vw, 800px\" \/>\t\t\t\t\t\t\t\t\t\t\t\t\t\t\t<\/div>\n\t\t\t\t<\/div>\n\t\t\t\t<\/div>\n\t\t\t\t\t<\/div>\n\t\t\t\t<\/div>\n\t\t<div data-particle_enable=\"false\" data-particle-mobile-disabled=\"false\" class=\"elementor-element elementor-element-f83027e e-flex e-con-boxed e-con e-parent\" data-id=\"f83027e\" data-element_type=\"container\" data-settings=\"{&quot;background_background&quot;:&quot;classic&quot;,&quot;jet_parallax_layout_list&quot;:[]}\">\n\t\t\t\t\t<div class=\"e-con-inner\">\n\t\t\t\t<div class=\"elementor-element elementor-element-56bfebd elementor-widget elementor-widget-heading\" data-id=\"56bfebd\" data-element_type=\"widget\" data-widget_type=\"heading.default\">\n\t\t\t\t<div class=\"elementor-widget-container\">\n\t\t\t\t\t<h2 class=\"elementor-heading-title elementor-size-default\">La gestion des r\u00e9actions familiales suite a une mort brutale et inattendue<\/h2>\t\t\t\t<\/div>\n\t\t\t\t<\/div>\n\t\t\t\t\t<\/div>\n\t\t\t\t<\/div>\n\t\t<div data-particle_enable=\"false\" data-particle-mobile-disabled=\"false\" class=\"elementor-element elementor-element-f6e3d43 e-flex e-con-boxed e-con e-parent\" data-id=\"f6e3d43\" data-element_type=\"container\" data-settings=\"{&quot;jet_parallax_layout_list&quot;:[]}\">\n\t\t\t\t\t<div class=\"e-con-inner\">\n\t\t\t\t<div class=\"elementor-element elementor-element-b28392f elementor-widget elementor-widget-text-editor\" data-id=\"b28392f\" data-element_type=\"widget\" data-widget_type=\"text-editor.default\">\n\t\t\t\t<div class=\"elementor-widget-container\">\n\t\t\t\t\t\t\t\t\t<p>La col\u00e8re et l&#8217;incompr\u00e9hension de la famille et des proches alourdit le fardeau psychologique du soignant et de son \u00e9quipe, augmentant le risque de fatigue \u00e9motionnelle ou de burn-out.\u00a0 Le soignant se trouve souvent confront\u00e9 \u00e0 des \u00e9motions intenses et \u00e0 des attentes difficiles \u00e0 g\u00e9rer, tout en essayant de r\u00e9pondre au mieux aux besoins des patients. Cette situation g\u00e9n\u00e8re une pression suppl\u00e9mentaire sur les soignants, qui doivent non seulement faire face \u00e0 leurs propres \u00e9motions, mais aussi fournir un soutien constant aux proches, souvent perdus dans leur douleur et leur incompr\u00e9hension. Il est donc essentiel de soutenir les SURvivants, en leur offrant un espace d\u2019\u00e9coute et de compr\u00e9hension face \u00e0 la souffrance v\u00e9cue.<\/p>\t\t\t\t\t\t\t\t<\/div>\n\t\t\t\t<\/div>\n\t\t\t\t\t<\/div>\n\t\t\t\t<\/div>\n\t\t<div data-particle_enable=\"false\" data-particle-mobile-disabled=\"false\" class=\"elementor-element elementor-element-3cf738b e-flex e-con-boxed e-con e-parent\" data-id=\"3cf738b\" data-element_type=\"container\" data-settings=\"{&quot;background_background&quot;:&quot;classic&quot;,&quot;jet_parallax_layout_list&quot;:[]}\">\n\t\t\t\t\t<div class=\"e-con-inner\">\n\t\t\t\t<div class=\"elementor-element elementor-element-1b94ef5 elementor-widget elementor-widget-heading\" data-id=\"1b94ef5\" data-element_type=\"widget\" data-widget_type=\"heading.default\">\n\t\t\t\t<div class=\"elementor-widget-container\">\n\t\t\t\t\t<h2 class=\"elementor-heading-title elementor-size-default\">Une strat\u00e9gie de soutien aux soignants<\/h2>\t\t\t\t<\/div>\n\t\t\t\t<\/div>\n\t\t\t\t\t<\/div>\n\t\t\t\t<\/div>\n\t\t<div data-particle_enable=\"false\" data-particle-mobile-disabled=\"false\" class=\"elementor-element elementor-element-2cc9534 e-flex e-con-boxed e-con e-parent\" data-id=\"2cc9534\" data-element_type=\"container\" data-settings=\"{&quot;jet_parallax_layout_list&quot;:[]}\">\n\t\t\t\t\t<div class=\"e-con-inner\">\n\t\t\t\t<div class=\"elementor-element elementor-element-1b8bca3 elementor-widget elementor-widget-text-editor\" data-id=\"1b8bca3\" data-element_type=\"widget\" data-widget_type=\"text-editor.default\">\n\t\t\t\t<div class=\"elementor-widget-container\">\n\t\t\t\t\t\t\t\t\t<div class=\"flex max-w-full flex-col flex-grow\"><div class=\"min-h-8 text-message relative flex w-full flex-col items-end gap-2 whitespace-normal break-words text-start [.text-message+&amp;]:mt-5\" dir=\"auto\" data-message-author-role=\"assistant\" data-message-id=\"bc07d3ef-9fd4-4343-96c6-784d1b761889\" data-message-model-slug=\"gpt-4o-mini\"><div class=\"flex w-full flex-col gap-1 empty:hidden first:pt-[3px]\"><div class=\"markdown prose w-full break-words dark:prose-invert light\"><p data-start=\"0\" data-end=\"784\" data-is-last-node=\"\" data-is-only-node=\"\">Pour accompagner les soignants face aux d\u00e9fis \u00e9motionnels li\u00e9s \u00e0 leur travail, des plans peuvent \u00eatre mis en place. Parmi ces strat\u00e9gies, <strong>les groupes de parole et la supervision clinique<\/strong> offrent un espace pour \u00e9changer et traiter les \u00e9motions v\u00e9cues. La mise en place de protocoles de d\u00e9briefing apr\u00e8s des \u00e9v\u00e9nements traumatisants permet d&#8217;analyser et de mieux comprendre les exp\u00e9riences v\u00e9cues, tout en favorisant le soutien mutuel. Enfin, le principe de <strong>pair-aidance<\/strong> entre soignants contribue \u00e0 renforcer le sentiment de solidarit\u00e9 et \u00e0 promouvoir un environnement de travail plus sain.<\/p><\/div><\/div><\/div><\/div>\t\t\t\t\t\t\t\t<\/div>\n\t\t\t\t<\/div>\n\t\t\t\t\t<\/div>\n\t\t\t\t<\/div>\n\t\t\t\t<\/div>\n\t\t","protected":false},"excerpt":{"rendered":"<p>la mort brutale et inattendue : mort subite \u00e0 l&#8217;hopital La mort brutale et inattendue survient de fa\u00e7on impr\u00e9visible et souvent rapide, sans signe avant coureur \u00e9vident. Elle est l\u2019une des exp\u00e9riences les plus traumatisantes pour les soignants et les plongent les soignants dans un choc \u00e9motionnel intense. Contrairement \u00e0 une mort anticip\u00e9e, elle ne [&hellip;]<\/p>\n","protected":false},"author":1,"featured_media":0,"parent":0,"menu_order":0,"comment_status":"closed","ping_status":"closed","template":"","meta":{"footnotes":""},"categories":[7],"tags":[],"class_list":["post-1038","page","type-page","status-publish","hentry","category-espace-soignant"],"yoast_head":"<!-- This site is optimized with the Yoast SEO Premium plugin v25.5 (Yoast SEO v25.5) - https:\/\/yoast.com\/wordpress\/plugins\/seo\/ -->\n<title>La mort brutale et inattendue - Espace soignant<\/title>\n<meta name=\"robots\" content=\"index, follow, max-snippet:-1, max-image-preview:large, max-video-preview:-1\" \/>\n<link rel=\"canonical\" href=\"https:\/\/www.lessurvivants.org\/soignant\/la-mort-brutale-et-inattendue\/\" \/>\n<meta property=\"og:locale\" content=\"fr_FR\" \/>\n<meta property=\"og:type\" content=\"article\" \/>\n<meta property=\"og:title\" content=\"La mort brutale et inattendue\" \/>\n<meta property=\"og:description\" content=\"la mort brutale et inattendue : mort subite \u00e0 l&#8217;hopital La mort brutale et inattendue survient de fa\u00e7on impr\u00e9visible et souvent rapide, sans signe avant coureur \u00e9vident. Elle est l\u2019une des exp\u00e9riences les plus traumatisantes pour les soignants et les plongent les soignants dans un choc \u00e9motionnel intense. Contrairement \u00e0 une mort anticip\u00e9e, elle ne [&hellip;]\" \/>\n<meta property=\"og:url\" content=\"https:\/\/www.lessurvivants.org\/soignant\/la-mort-brutale-et-inattendue\/\" \/>\n<meta property=\"og:site_name\" content=\"Espace soignant\" \/>\n<meta property=\"article:modified_time\" content=\"2025-10-29T12:45:05+00:00\" \/>\n<meta property=\"og:image\" content=\"https:\/\/www.lessurvivants.org\/wp-content\/uploads\/2025\/03\/mort-brutale-et-inattendue-survivants.jpg\" \/>\n\t<meta property=\"og:image:width\" content=\"1280\" \/>\n\t<meta property=\"og:image:height\" content=\"852\" \/>\n\t<meta property=\"og:image:type\" content=\"image\/jpeg\" \/>\n<meta name=\"twitter:card\" content=\"summary_large_image\" \/>\n<meta name=\"twitter:label1\" content=\"Dur\u00e9e de lecture estim\u00e9e\" \/>\n\t<meta name=\"twitter:data1\" content=\"3 minutes\" \/>\n<script type=\"application\/ld+json\" class=\"yoast-schema-graph\">{\"@context\":\"https:\/\/schema.org\",\"@graph\":[{\"@type\":\"WebPage\",\"@id\":\"https:\/\/www.lessurvivants.org\/soignant\/la-mort-brutale-et-inattendue\/\",\"url\":\"https:\/\/www.lessurvivants.org\/soignant\/la-mort-brutale-et-inattendue\/\",\"name\":\"La mort brutale et inattendue - Espace soignant\",\"isPartOf\":{\"@id\":\"https:\/\/www.lessurvivants.org\/soignant\/#website\"},\"primaryImageOfPage\":{\"@id\":\"https:\/\/www.lessurvivants.org\/soignant\/la-mort-brutale-et-inattendue\/#primaryimage\"},\"image\":{\"@id\":\"https:\/\/www.lessurvivants.org\/soignant\/la-mort-brutale-et-inattendue\/#primaryimage\"},\"thumbnailUrl\":\"https:\/\/www.lessurvivants.org\/wp-content\/uploads\/2025\/03\/mort-brutale-et-inattendue-survivants-1024x682.jpg\",\"datePublished\":\"2025-03-10T14:19:21+00:00\",\"dateModified\":\"2025-10-29T12:45:05+00:00\",\"breadcrumb\":{\"@id\":\"https:\/\/www.lessurvivants.org\/soignant\/la-mort-brutale-et-inattendue\/#breadcrumb\"},\"inLanguage\":\"fr-FR\",\"potentialAction\":[{\"@type\":\"ReadAction\",\"target\":[\"https:\/\/www.lessurvivants.org\/soignant\/la-mort-brutale-et-inattendue\/\"]}]},{\"@type\":\"ImageObject\",\"inLanguage\":\"fr-FR\",\"@id\":\"https:\/\/www.lessurvivants.org\/soignant\/la-mort-brutale-et-inattendue\/#primaryimage\",\"url\":\"https:\/\/www.lessurvivants.org\/wp-content\/uploads\/2025\/03\/mort-brutale-et-inattendue-survivants-1024x682.jpg\",\"contentUrl\":\"https:\/\/www.lessurvivants.org\/wp-content\/uploads\/2025\/03\/mort-brutale-et-inattendue-survivants-1024x682.jpg\"},{\"@type\":\"BreadcrumbList\",\"@id\":\"https:\/\/www.lessurvivants.org\/soignant\/la-mort-brutale-et-inattendue\/#breadcrumb\",\"itemListElement\":[{\"@type\":\"ListItem\",\"position\":1,\"name\":\"Accueil\",\"item\":\"https:\/\/www.lessurvivants.org\/soignant\/\"},{\"@type\":\"ListItem\",\"position\":2,\"name\":\"La mort brutale et inattendue\"}]},{\"@type\":\"WebSite\",\"@id\":\"https:\/\/www.lessurvivants.org\/soignant\/#website\",\"url\":\"https:\/\/www.lessurvivants.org\/soignant\/\",\"name\":\"Espace soignant\",\"description\":\"\",\"publisher\":{\"@id\":\"https:\/\/www.lessurvivants.org\/soignant\/#organization\"},\"potentialAction\":[{\"@type\":\"SearchAction\",\"target\":{\"@type\":\"EntryPoint\",\"urlTemplate\":\"https:\/\/www.lessurvivants.org\/soignant\/?s={search_term_string}\"},\"query-input\":{\"@type\":\"PropertyValueSpecification\",\"valueRequired\":true,\"valueName\":\"search_term_string\"}}],\"inLanguage\":\"fr-FR\"},{\"@type\":\"Organization\",\"@id\":\"https:\/\/www.lessurvivants.org\/soignant\/#organization\",\"name\":\"Espace soignant\",\"url\":\"https:\/\/www.lessurvivants.org\/soignant\/\",\"logo\":{\"@type\":\"ImageObject\",\"inLanguage\":\"fr-FR\",\"@id\":\"https:\/\/www.lessurvivants.org\/soignant\/#\/schema\/logo\/image\/\",\"url\":\"https:\/\/www.lessurvivants.org\/wp-content\/uploads\/2025\/03\/logo-final-les-survivants_Plan-de-travail-1.png\",\"contentUrl\":\"https:\/\/www.lessurvivants.org\/wp-content\/uploads\/2025\/03\/logo-final-les-survivants_Plan-de-travail-1.png\",\"caption\":\"Espace soignant\"},\"image\":{\"@id\":\"https:\/\/www.lessurvivants.org\/soignant\/#\/schema\/logo\/image\/\"}}]}<\/script>\n<!-- \/ Yoast SEO Premium plugin. -->","yoast_head_json":{"title":"La mort brutale et inattendue - Espace soignant","robots":{"index":"index","follow":"follow","max-snippet":"max-snippet:-1","max-image-preview":"max-image-preview:large","max-video-preview":"max-video-preview:-1"},"canonical":"https:\/\/www.lessurvivants.org\/soignant\/la-mort-brutale-et-inattendue\/","og_locale":"fr_FR","og_type":"article","og_title":"La mort brutale et inattendue","og_description":"la mort brutale et inattendue : mort subite \u00e0 l&#8217;hopital La mort brutale et inattendue survient de fa\u00e7on impr\u00e9visible et souvent rapide, sans signe avant coureur \u00e9vident. Elle est l\u2019une des exp\u00e9riences les plus traumatisantes pour les soignants et les plongent les soignants dans un choc \u00e9motionnel intense. Contrairement \u00e0 une mort anticip\u00e9e, elle ne [&hellip;]","og_url":"https:\/\/www.lessurvivants.org\/soignant\/la-mort-brutale-et-inattendue\/","og_site_name":"Espace soignant","article_modified_time":"2025-10-29T12:45:05+00:00","og_image":[{"url":"https:\/\/www.lessurvivants.org\/wp-content\/uploads\/2025\/03\/mort-brutale-et-inattendue-survivants.jpg","width":1280,"height":852,"type":"image\/jpeg"}],"twitter_card":"summary_large_image","twitter_misc":{"Dur\u00e9e de lecture estim\u00e9e":"3 minutes"},"schema":{"@context":"https:\/\/schema.org","@graph":[{"@type":"WebPage","@id":"https:\/\/www.lessurvivants.org\/soignant\/la-mort-brutale-et-inattendue\/","url":"https:\/\/www.lessurvivants.org\/soignant\/la-mort-brutale-et-inattendue\/","name":"La mort brutale et inattendue - Espace soignant","isPartOf":{"@id":"https:\/\/www.lessurvivants.org\/soignant\/#website"},"primaryImageOfPage":{"@id":"https:\/\/www.lessurvivants.org\/soignant\/la-mort-brutale-et-inattendue\/#primaryimage"},"image":{"@id":"https:\/\/www.lessurvivants.org\/soignant\/la-mort-brutale-et-inattendue\/#primaryimage"},"thumbnailUrl":"https:\/\/www.lessurvivants.org\/wp-content\/uploads\/2025\/03\/mort-brutale-et-inattendue-survivants-1024x682.jpg","datePublished":"2025-03-10T14:19:21+00:00","dateModified":"2025-10-29T12:45:05+00:00","breadcrumb":{"@id":"https:\/\/www.lessurvivants.org\/soignant\/la-mort-brutale-et-inattendue\/#breadcrumb"},"inLanguage":"fr-FR","potentialAction":[{"@type":"ReadAction","target":["https:\/\/www.lessurvivants.org\/soignant\/la-mort-brutale-et-inattendue\/"]}]},{"@type":"ImageObject","inLanguage":"fr-FR","@id":"https:\/\/www.lessurvivants.org\/soignant\/la-mort-brutale-et-inattendue\/#primaryimage","url":"https:\/\/www.lessurvivants.org\/wp-content\/uploads\/2025\/03\/mort-brutale-et-inattendue-survivants-1024x682.jpg","contentUrl":"https:\/\/www.lessurvivants.org\/wp-content\/uploads\/2025\/03\/mort-brutale-et-inattendue-survivants-1024x682.jpg"},{"@type":"BreadcrumbList","@id":"https:\/\/www.lessurvivants.org\/soignant\/la-mort-brutale-et-inattendue\/#breadcrumb","itemListElement":[{"@type":"ListItem","position":1,"name":"Accueil","item":"https:\/\/www.lessurvivants.org\/soignant\/"},{"@type":"ListItem","position":2,"name":"La mort brutale et inattendue"}]},{"@type":"WebSite","@id":"https:\/\/www.lessurvivants.org\/soignant\/#website","url":"https:\/\/www.lessurvivants.org\/soignant\/","name":"Espace soignant","description":"","publisher":{"@id":"https:\/\/www.lessurvivants.org\/soignant\/#organization"},"potentialAction":[{"@type":"SearchAction","target":{"@type":"EntryPoint","urlTemplate":"https:\/\/www.lessurvivants.org\/soignant\/?s={search_term_string}"},"query-input":{"@type":"PropertyValueSpecification","valueRequired":true,"valueName":"search_term_string"}}],"inLanguage":"fr-FR"},{"@type":"Organization","@id":"https:\/\/www.lessurvivants.org\/soignant\/#organization","name":"Espace soignant","url":"https:\/\/www.lessurvivants.org\/soignant\/","logo":{"@type":"ImageObject","inLanguage":"fr-FR","@id":"https:\/\/www.lessurvivants.org\/soignant\/#\/schema\/logo\/image\/","url":"https:\/\/www.lessurvivants.org\/wp-content\/uploads\/2025\/03\/logo-final-les-survivants_Plan-de-travail-1.png","contentUrl":"https:\/\/www.lessurvivants.org\/wp-content\/uploads\/2025\/03\/logo-final-les-survivants_Plan-de-travail-1.png","caption":"Espace soignant"},"image":{"@id":"https:\/\/www.lessurvivants.org\/soignant\/#\/schema\/logo\/image\/"}}]}},"_links":{"self":[{"href":"https:\/\/www.lessurvivants.org\/soignant\/wp-json\/wp\/v2\/pages\/1038","targetHints":{"allow":["GET"]}}],"collection":[{"href":"https:\/\/www.lessurvivants.org\/soignant\/wp-json\/wp\/v2\/pages"}],"about":[{"href":"https:\/\/www.lessurvivants.org\/soignant\/wp-json\/wp\/v2\/types\/page"}],"author":[{"embeddable":true,"href":"https:\/\/www.lessurvivants.org\/soignant\/wp-json\/wp\/v2\/users\/1"}],"replies":[{"embeddable":true,"href":"https:\/\/www.lessurvivants.org\/soignant\/wp-json\/wp\/v2\/comments?post=1038"}],"version-history":[{"count":10,"href":"https:\/\/www.lessurvivants.org\/soignant\/wp-json\/wp\/v2\/pages\/1038\/revisions"}],"predecessor-version":[{"id":2112,"href":"https:\/\/www.lessurvivants.org\/soignant\/wp-json\/wp\/v2\/pages\/1038\/revisions\/2112"}],"wp:attachment":[{"href":"https:\/\/www.lessurvivants.org\/soignant\/wp-json\/wp\/v2\/media?parent=1038"}],"wp:term":[{"taxonomy":"category","embeddable":true,"href":"https:\/\/www.lessurvivants.org\/soignant\/wp-json\/wp\/v2\/categories?post=1038"},{"taxonomy":"post_tag","embeddable":true,"href":"https:\/\/www.lessurvivants.org\/soignant\/wp-json\/wp\/v2\/tags?post=1038"}],"curies":[{"name":"wp","href":"https:\/\/api.w.org\/{rel}","templated":true}]}}