{"id":1049,"date":"2025-03-10T15:20:42","date_gmt":"2025-03-10T14:20:42","guid":{"rendered":"https:\/\/www.lessurvivants.org\/soignant\/?page_id=1049"},"modified":"2025-07-15T17:12:23","modified_gmt":"2025-07-15T15:12:23","slug":"limpact-de-la-mort-pour-la-sante-publique","status":"publish","type":"page","link":"https:\/\/www.lessurvivants.org\/soignant\/limpact-de-la-mort-pour-la-sante-publique\/","title":{"rendered":"L&#8217;impact de la mort pour la sant\u00e9 publique"},"content":{"rendered":"\t\t<div data-elementor-type=\"wp-page\" data-elementor-id=\"1049\" class=\"elementor elementor-1049\" data-elementor-post-type=\"page\">\n\t\t\t\t<div data-particle_enable=\"false\" data-particle-mobile-disabled=\"false\" class=\"elementor-element elementor-element-2b081ea e-flex e-con-boxed e-con e-parent\" data-id=\"2b081ea\" data-element_type=\"container\" data-settings=\"{&quot;jet_parallax_layout_list&quot;:[]}\">\n\t\t\t\t\t<div class=\"e-con-inner\">\n\t\t\t\t<div class=\"elementor-element elementor-element-26c1ec1 elementor-widget elementor-widget-heading\" data-id=\"26c1ec1\" data-element_type=\"widget\" data-widget_type=\"heading.default\">\n\t\t\t\t<div class=\"elementor-widget-container\">\n\t\t\t\t\t<h1 class=\"elementor-heading-title elementor-size-default\">L'IMPACT DE LA MORT POUR LA SANT\u00c9 PUBLIQUE<\/h1>\t\t\t\t<\/div>\n\t\t\t\t<\/div>\n\t\t\t\t<div class=\"elementor-element elementor-element-5bedf1e elementor-widget elementor-widget-text-editor\" data-id=\"5bedf1e\" data-element_type=\"widget\" data-widget_type=\"text-editor.default\">\n\t\t\t\t<div class=\"elementor-widget-container\">\n\t\t\t\t\t\t\t\t\t<p data-start=\"453\" data-end=\"960\">La mort, bien qu\u2019individuelle et intime, a des r\u00e9percussions collectives. Elle interpelle la soci\u00e9t\u00e9 dans ses fondements, mais aussi dans sa capacit\u00e9 \u00e0 organiser, anticiper, accompagner. En sant\u00e9 publique, elle n\u2019est pas qu\u2019un indicateur statistique : elle refl\u00e8te l\u2019\u00e9tat des syst\u00e8mes de soins, les in\u00e9galit\u00e9s d\u2019acc\u00e8s, les priorit\u00e9s de pr\u00e9vention et les choix politiques en mati\u00e8re de sant\u00e9. Elle interroge la mani\u00e8re dont les professionnels sont soutenus, les ressources mobilis\u00e9es, et la dignit\u00e9 garantie.<\/p>\t\t\t\t\t\t\t\t<\/div>\n\t\t\t\t<\/div>\n\t\t\t\t\t<\/div>\n\t\t\t\t<\/div>\n\t\t<div data-particle_enable=\"false\" data-particle-mobile-disabled=\"false\" class=\"elementor-element elementor-element-61bde01 e-flex e-con-boxed e-con e-parent\" data-id=\"61bde01\" data-element_type=\"container\" data-settings=\"{&quot;jet_parallax_layout_list&quot;:[]}\">\n\t\t\t\t\t<div class=\"e-con-inner\">\n\t\t\t\t<div class=\"elementor-element elementor-element-b6c0212 elementor-widget elementor-widget-heading\" data-id=\"b6c0212\" data-element_type=\"widget\" data-widget_type=\"heading.default\">\n\t\t\t\t<div class=\"elementor-widget-container\">\n\t\t\t\t\t<h2 class=\"elementor-heading-title elementor-size-default\">Un indicateur de performance et d\u2019in\u00e9galit\u00e9s<\/h2>\t\t\t\t<\/div>\n\t\t\t\t<\/div>\n\t\t\t\t<div class=\"elementor-element elementor-element-21fa381 elementor-widget elementor-widget-text-editor\" data-id=\"21fa381\" data-element_type=\"widget\" data-widget_type=\"text-editor.default\">\n\t\t\t\t<div class=\"elementor-widget-container\">\n\t\t\t\t\t\t\t\t\t<p data-start=\"1099\" data-end=\"1446\">Chaque d\u00e9c\u00e8s, surtout lorsqu\u2019il est \u00e9vitable, r\u00e9v\u00e8le une fragilit\u00e9 du syst\u00e8me : retards de diagnostic, rupture de parcours, manque de pr\u00e9vention, isolement social, barri\u00e8res \u00e9conomiques ou culturelles. La mortalit\u00e9 pr\u00e9matur\u00e9e, les d\u00e9c\u00e8s par suicide, les morts maternelles ou infantiles sont des signaux d\u2019alerte forts pour les politiques de sant\u00e9.<\/p><p data-start=\"1448\" data-end=\"1661\">La pand\u00e9mie de COVID-19 a brutalement mis en lumi\u00e8re les vuln\u00e9rabilit\u00e9s des populations et les limites des infrastructures sanitaires. La question n\u2019est plus seulement m\u00e9dicale, elle est structurelle et politique.<\/p><p data-start=\"1663\" data-end=\"1787\"><strong data-start=\"1663\" data-end=\"1681\">\u00c0 lire aussi :<\/strong> <a class=\"\" href=\"https:\/\/www.lessurvivants.org\/soignant\/la-mort-par-maladie-contagieuse\/\" target=\"_blank\" rel=\"noopener\" data-start=\"1682\" data-end=\"1787\">La mort par maladie contagieuse<\/a><\/p>\t\t\t\t\t\t\t\t<\/div>\n\t\t\t\t<\/div>\n\t\t\t\t\t<\/div>\n\t\t\t\t<\/div>\n\t\t<div data-particle_enable=\"false\" data-particle-mobile-disabled=\"false\" class=\"elementor-element elementor-element-2a19ea7 e-flex e-con-boxed e-con e-parent\" data-id=\"2a19ea7\" data-element_type=\"container\" data-settings=\"{&quot;jet_parallax_layout_list&quot;:[]}\">\n\t\t\t\t\t<div class=\"e-con-inner\">\n\t\t\t\t<div class=\"elementor-element elementor-element-b06b9e1 elementor-widget elementor-widget-heading\" data-id=\"b06b9e1\" data-element_type=\"widget\" data-widget_type=\"heading.default\">\n\t\t\t\t<div class=\"elementor-widget-container\">\n\t\t\t\t\t<h2 class=\"elementor-heading-title elementor-size-default\">L\u2019impact sur les professionnels et les ressources<\/h2>\t\t\t\t<\/div>\n\t\t\t\t<\/div>\n\t\t\t\t<div class=\"elementor-element elementor-element-9d1ff20 elementor-widget elementor-widget-text-editor\" data-id=\"9d1ff20\" data-element_type=\"widget\" data-widget_type=\"text-editor.default\">\n\t\t\t\t<div class=\"elementor-widget-container\">\n\t\t\t\t\t\t\t\t\t<p data-start=\"1855\" data-end=\"2109\">Les d\u00e9c\u00e8s r\u00e9p\u00e9t\u00e9s dans un service (EHPAD, urgences, r\u00e9animation, soins palliatifs, psychiatrie\u2026) peuvent entra\u00eener une usure \u00e9motionnelle, des burnouts, des d\u00e9missions. La sant\u00e9 publique ne peut n\u00e9gliger cet impact silencieux sur ses ressources humaines.<\/p><p data-start=\"2111\" data-end=\"2264\">En parall\u00e8le, le manque de formation au deuil, \u00e0 l\u2019annonce, au soutien psychologique rend encore plus vuln\u00e9rables des professionnels pourtant essentiels.<\/p>\t\t\t\t\t\t\t\t<\/div>\n\t\t\t\t<\/div>\n\t\t\t\t\t<\/div>\n\t\t\t\t<\/div>\n\t\t<div data-particle_enable=\"false\" data-particle-mobile-disabled=\"false\" class=\"elementor-element elementor-element-204a2e1 e-flex e-con-boxed e-con e-parent\" data-id=\"204a2e1\" data-element_type=\"container\" data-settings=\"{&quot;jet_parallax_layout_list&quot;:[]}\">\n\t\t\t\t\t<div class=\"e-con-inner\">\n\t\t<div data-particle_enable=\"false\" data-particle-mobile-disabled=\"false\" class=\"elementor-element elementor-element-c4f703b e-con-full e-flex e-con e-child\" data-id=\"c4f703b\" data-element_type=\"container\" data-settings=\"{&quot;jet_parallax_layout_list&quot;:[]}\">\n\t\t\t\t<div class=\"elementor-element elementor-element-7732bad elementor-widget elementor-widget-heading\" data-id=\"7732bad\" data-element_type=\"widget\" data-widget_type=\"heading.default\">\n\t\t\t\t<div class=\"elementor-widget-container\">\n\t\t\t\t\t<h3 class=\"elementor-heading-title elementor-size-default\">Consultez la page : L'impact de la mort pour le soignant<\/h3>\t\t\t\t<\/div>\n\t\t\t\t<\/div>\n\t\t\t\t<div class=\"elementor-element elementor-element-64b99f9 elementor-align-center elementor-widget elementor-widget-button\" data-id=\"64b99f9\" data-element_type=\"widget\" data-widget_type=\"button.default\">\n\t\t\t\t<div class=\"elementor-widget-container\">\n\t\t\t\t\t\t\t\t\t<div class=\"elementor-button-wrapper\">\n\t\t\t\t\t<a class=\"elementor-button elementor-button-link elementor-size-sm\" href=\"https:\/\/www.lessurvivants.org\/soignant\/impact-de-la-mort-pour-le-soignant\/\" target=\"_blank\">\n\t\t\t\t\t\t<span class=\"elementor-button-content-wrapper\">\n\t\t\t\t\t\t\t\t\t<span class=\"elementor-button-text\">Cliquez ici<\/span>\n\t\t\t\t\t<\/span>\n\t\t\t\t\t<\/a>\n\t\t\t\t<\/div>\n\t\t\t\t\t\t\t\t<\/div>\n\t\t\t\t<\/div>\n\t\t\t\t<\/div>\n\t\t<div data-particle_enable=\"false\" data-particle-mobile-disabled=\"false\" class=\"elementor-element elementor-element-e146c5d e-con-full e-flex e-con e-child\" data-id=\"e146c5d\" data-element_type=\"container\" data-settings=\"{&quot;jet_parallax_layout_list&quot;:[]}\">\n\t\t\t\t<div class=\"elementor-element elementor-element-15ffd96 elementor-widget elementor-widget-video\" data-id=\"15ffd96\" data-element_type=\"widget\" data-settings=\"{&quot;youtube_url&quot;:&quot;https:\\\/\\\/youtu.be\\\/vPGrmZ6YeBI&quot;,&quot;video_type&quot;:&quot;youtube&quot;,&quot;controls&quot;:&quot;yes&quot;}\" data-widget_type=\"video.default\">\n\t\t\t\t<div class=\"elementor-widget-container\">\n\t\t\t\t\t\t\t<div class=\"elementor-wrapper elementor-open-inline\">\n\t\t\t<div class=\"elementor-video\"><\/div>\t\t<\/div>\n\t\t\t\t\t\t<\/div>\n\t\t\t\t<\/div>\n\t\t\t\t<\/div>\n\t\t<div data-particle_enable=\"false\" data-particle-mobile-disabled=\"false\" class=\"elementor-element elementor-element-6e68a36 e-con-full e-flex e-con e-child\" data-id=\"6e68a36\" data-element_type=\"container\" data-settings=\"{&quot;jet_parallax_layout_list&quot;:[]}\">\n\t\t\t\t<div class=\"elementor-element elementor-element-302b1fb elementor-widget elementor-widget-heading\" data-id=\"302b1fb\" data-element_type=\"widget\" data-widget_type=\"heading.default\">\n\t\t\t\t<div class=\"elementor-widget-container\">\n\t\t\t\t\t<h3 class=\"elementor-heading-title elementor-size-default\">Consultez la page : Le deuil pathologique chez le soignant<\/h3>\t\t\t\t<\/div>\n\t\t\t\t<\/div>\n\t\t\t\t<div class=\"elementor-element elementor-element-3c5d084 elementor-align-center elementor-widget elementor-widget-button\" data-id=\"3c5d084\" data-element_type=\"widget\" data-widget_type=\"button.default\">\n\t\t\t\t<div class=\"elementor-widget-container\">\n\t\t\t\t\t\t\t\t\t<div class=\"elementor-button-wrapper\">\n\t\t\t\t\t<a class=\"elementor-button elementor-button-link elementor-size-sm\" href=\"https:\/\/www.lessurvivants.org\/soignant\/le-deuil-pathologique\/\" target=\"_blank\">\n\t\t\t\t\t\t<span class=\"elementor-button-content-wrapper\">\n\t\t\t\t\t\t\t\t\t<span class=\"elementor-button-text\">Cliquez ici<\/span>\n\t\t\t\t\t<\/span>\n\t\t\t\t\t<\/a>\n\t\t\t\t<\/div>\n\t\t\t\t\t\t\t\t<\/div>\n\t\t\t\t<\/div>\n\t\t\t\t<\/div>\n\t\t\t\t\t<\/div>\n\t\t\t\t<\/div>\n\t\t<div data-particle_enable=\"false\" data-particle-mobile-disabled=\"false\" class=\"elementor-element elementor-element-29ba54b e-flex e-con-boxed e-con e-parent\" data-id=\"29ba54b\" data-element_type=\"container\" data-settings=\"{&quot;jet_parallax_layout_list&quot;:[]}\">\n\t\t\t\t\t<div class=\"e-con-inner\">\n\t\t\t\t<div class=\"elementor-element elementor-element-4c9a17a elementor-widget elementor-widget-heading\" data-id=\"4c9a17a\" data-element_type=\"widget\" data-widget_type=\"heading.default\">\n\t\t\t\t<div class=\"elementor-widget-container\">\n\t\t\t\t\t<h2 class=\"elementor-heading-title elementor-size-default\">Un enjeu d\u2019organisation collective et de lieux symboliques<\/h2>\t\t\t\t<\/div>\n\t\t\t\t<\/div>\n\t\t\t\t<div class=\"elementor-element elementor-element-eead05b elementor-widget elementor-widget-text-editor\" data-id=\"eead05b\" data-element_type=\"widget\" data-widget_type=\"text-editor.default\">\n\t\t\t\t<div class=\"elementor-widget-container\">\n\t\t\t\t\t\t\t\t\t<p data-start=\"2585\" data-end=\"2722\">Les h\u00f4pitaux, les EHPAD, les cliniques sont aussi des lieux de fin de vie. Il est essentiel d\u2019int\u00e9grer la mort dans leur organisation :<\/p><ul data-start=\"2723\" data-end=\"2969\"><li data-start=\"2723\" data-end=\"2762\"><p data-start=\"2725\" data-end=\"2762\">cr\u00e9ation de lieux de recueillement,<\/p><\/li><li data-start=\"2763\" data-end=\"2818\"><p data-start=\"2765\" data-end=\"2818\">protocoles respectueux pour le transfert des corps,<\/p><\/li><li data-start=\"2819\" data-end=\"2843\"><p data-start=\"2821\" data-end=\"2843\">soutien aux \u00e9quipes,<\/p><\/li><li data-start=\"2844\" data-end=\"2885\"><p data-start=\"2846\" data-end=\"2885\">prise en charge administrative digne,<\/p><\/li><li data-start=\"2886\" data-end=\"2969\"><p data-start=\"2888\" data-end=\"2969\">temps institutionnels pour penser la mort (groupes de parole, comit\u00e9s \u00e9thiques\u2026).<\/p><\/li><\/ul><p data-start=\"2971\" data-end=\"3138\">Certaines structures d\u00e9veloppent des initiatives innovantes comme des \u00ab salons des adieux \u00bb, des espaces m\u00e9moriels, ou des rituels d\u2019hommage pour les patients d\u00e9c\u00e9d\u00e9s.<\/p>\t\t\t\t\t\t\t\t<\/div>\n\t\t\t\t<\/div>\n\t\t\t\t\t<\/div>\n\t\t\t\t<\/div>\n\t\t<div data-particle_enable=\"false\" data-particle-mobile-disabled=\"false\" class=\"elementor-element elementor-element-5e25464 e-flex e-con-boxed e-con e-parent\" data-id=\"5e25464\" data-element_type=\"container\" data-settings=\"{&quot;jet_parallax_layout_list&quot;:[]}\">\n\t\t\t\t\t<div class=\"e-con-inner\">\n\t\t\t\t<div class=\"elementor-element elementor-element-66433bf elementor-widget elementor-widget-heading\" data-id=\"66433bf\" data-element_type=\"widget\" data-widget_type=\"heading.default\">\n\t\t\t\t<div class=\"elementor-widget-container\">\n\t\t\t\t\t<h2 class=\"elementor-heading-title elementor-size-default\">Une responsabilit\u00e9 politique et \u00e9thique<\/h2>\t\t\t\t<\/div>\n\t\t\t\t<\/div>\n\t\t\t\t<div class=\"elementor-element elementor-element-5c9450c elementor-widget elementor-widget-text-editor\" data-id=\"5c9450c\" data-element_type=\"widget\" data-widget_type=\"text-editor.default\">\n\t\t\t\t<div class=\"elementor-widget-container\">\n\t\t\t\t\t\t\t\t\t<p data-start=\"3196\" data-end=\"3493\">La sant\u00e9 publique ne peut se contenter de r\u00e9duire les d\u00e9c\u00e8s. Elle doit garantir une <strong data-start=\"3280\" data-end=\"3318\">mort digne, accompagn\u00e9e, anticip\u00e9e<\/strong>. Cela implique de promouvoir les <strong data-start=\"3352\" data-end=\"3377\">directives anticip\u00e9es<\/strong>, d\u2019investir dans les <strong data-start=\"3399\" data-end=\"3419\">soins palliatifs<\/strong>, de former \u00e0 l\u2019accompagnement et de soutenir les proches dans leur deuil.<\/p><p data-start=\"3495\" data-end=\"3661\">Cela signifie aussi \u00e9couter les professionnels de terrain, tirer les le\u00e7ons des \u00e9v\u00e9nements critiques, et faire de la mort un <strong data-start=\"3620\" data-end=\"3646\">enjeu collectif assum\u00e9<\/strong>, non un tabou.<\/p>\t\t\t\t\t\t\t\t<\/div>\n\t\t\t\t<\/div>\n\t\t\t\t\t<\/div>\n\t\t\t\t<\/div>\n\t\t<div data-particle_enable=\"false\" data-particle-mobile-disabled=\"false\" class=\"elementor-element elementor-element-a954a26 e-flex e-con-boxed e-con e-parent\" data-id=\"a954a26\" data-element_type=\"container\" data-settings=\"{&quot;jet_parallax_layout_list&quot;:[]}\">\n\t\t\t\t\t<div class=\"e-con-inner\">\n\t\t\t\t<div class=\"elementor-element elementor-element-04b6ded elementor-widget elementor-widget-heading\" data-id=\"04b6ded\" data-element_type=\"widget\" data-widget_type=\"heading.default\">\n\t\t\t\t<div class=\"elementor-widget-container\">\n\t\t\t\t\t<h2 class=\"elementor-heading-title elementor-size-default\">Une responsabilit\u00e9 politique et \u00e9thique<\/h2>\t\t\t\t<\/div>\n\t\t\t\t<\/div>\n\t\t\t\t<div class=\"elementor-element elementor-element-1863156 elementor-widget elementor-widget-text-editor\" data-id=\"1863156\" data-element_type=\"widget\" data-widget_type=\"text-editor.default\">\n\t\t\t\t<div class=\"elementor-widget-container\">\n\t\t\t\t\t\t\t\t\t<p data-start=\"1049\" data-end=\"1270\">La sant\u00e9 publique ne peut se contenter de r\u00e9duire les d\u00e9c\u00e8s. Elle doit garantir une <strong data-start=\"1133\" data-end=\"1171\">mort digne, accompagn\u00e9e, anticip\u00e9e<\/strong>, qui fait partie int\u00e9grante des politiques de sant\u00e9. Cela implique plusieurs engagements forts :<\/p><ul data-start=\"1271\" data-end=\"1790\"><li data-start=\"1271\" data-end=\"1359\"><p data-start=\"1273\" data-end=\"1359\"><strong data-start=\"1273\" data-end=\"1313\">Promouvoir les directives anticip\u00e9es<\/strong> et l\u2019\u00e9ducation des citoyens \u00e0 leurs droits,<\/p><\/li><li data-start=\"1360\" data-end=\"1466\"><p data-start=\"1362\" data-end=\"1466\"><strong data-start=\"1362\" data-end=\"1400\">Investir dans les soins palliatifs<\/strong> (formation, disponibilit\u00e9 territoriale, temps de coordination),<\/p><\/li><li data-start=\"1467\" data-end=\"1568\"><p data-start=\"1469\" data-end=\"1568\"><strong data-start=\"1469\" data-end=\"1525\">D\u00e9fendre une \u00e9galit\u00e9 d\u2019acc\u00e8s aux soins en fin de vie<\/strong>, en luttant contre les d\u00e9serts m\u00e9dicaux,<\/p><\/li><li data-start=\"1569\" data-end=\"1686\"><p data-start=\"1571\" data-end=\"1686\"><strong data-start=\"1571\" data-end=\"1602\">Soutenir les professionnels<\/strong> (dispositifs de soutien psychologique, reconnaissance du traumatisme secondaire),<\/p><\/li><li data-start=\"1687\" data-end=\"1790\"><p data-start=\"1689\" data-end=\"1790\"><strong data-start=\"1689\" data-end=\"1724\">Inclure les r\u00e9alit\u00e9s de la mort<\/strong> dans les politiques hospitali\u00e8res, m\u00e9dico-sociales et sanitaires.<\/p><\/li><\/ul><p data-start=\"1792\" data-end=\"2024\">La mort ne peut rester un angle mort des politiques de sant\u00e9. Les choix faits aujourd\u2019hui \u2014 ou leur absence \u2014 ont un impact sur la qualit\u00e9 de la fin de vie des citoyens et sur la capacit\u00e9 des \u00e9quipes \u00e0 exercer leur m\u00e9tier avec sens.<\/p>\t\t\t\t\t\t\t\t<\/div>\n\t\t\t\t<\/div>\n\t\t\t\t\t<\/div>\n\t\t\t\t<\/div>\n\t\t<div data-particle_enable=\"false\" data-particle-mobile-disabled=\"false\" class=\"elementor-element elementor-element-f3e0850 e-flex e-con-boxed e-con e-parent\" data-id=\"f3e0850\" data-element_type=\"container\" data-settings=\"{&quot;jet_parallax_layout_list&quot;:[]}\">\n\t\t\t\t\t<div class=\"e-con-inner\">\n\t\t\t\t<div class=\"elementor-element elementor-element-7ab2c20 elementor-widget elementor-widget-text-editor\" data-id=\"7ab2c20\" data-element_type=\"widget\" data-widget_type=\"text-editor.default\">\n\t\t\t\t<div class=\"elementor-widget-container\">\n\t\t\t\t\t\t\t\t\t<p data-start=\"3688\" data-end=\"3979\">Penser la mort comme un sujet de sant\u00e9 publique, c\u2019est replacer la personne au c\u0153ur du syst\u00e8me. C\u2019est consid\u00e9rer que l\u2019accompagnement des derniers instants est aussi important que la gu\u00e9rison. C\u2019est d\u00e9fendre une m\u00e9decine humaine, durable, et align\u00e9e avec les valeurs d\u2019une soci\u00e9t\u00e9 solidaire.<\/p>\t\t\t\t\t\t\t\t<\/div>\n\t\t\t\t<\/div>\n\t\t\t\t\t<\/div>\n\t\t\t\t<\/div>\n\t\t\t\t<\/div>\n\t\t","protected":false},"excerpt":{"rendered":"<p>L&#8217;IMPACT DE LA MORT POUR LA SANT\u00c9 PUBLIQUE La mort, bien qu\u2019individuelle et intime, a des r\u00e9percussions collectives. Elle interpelle la soci\u00e9t\u00e9 dans ses fondements, mais aussi dans sa capacit\u00e9 \u00e0 organiser, anticiper, accompagner. En sant\u00e9 publique, elle n\u2019est pas qu\u2019un indicateur statistique : elle refl\u00e8te l\u2019\u00e9tat des syst\u00e8mes de soins, les in\u00e9galit\u00e9s d\u2019acc\u00e8s, les [&hellip;]<\/p>\n","protected":false},"author":1,"featured_media":0,"parent":0,"menu_order":0,"comment_status":"closed","ping_status":"closed","template":"","meta":{"footnotes":""},"categories":[],"tags":[],"class_list":["post-1049","page","type-page","status-publish","hentry"],"yoast_head":"<!-- This site is optimized with the Yoast SEO Premium plugin v25.5 (Yoast SEO v25.5) - https:\/\/yoast.com\/wordpress\/plugins\/seo\/ -->\n<title>L&#039;impact de la mort pour la sant\u00e9 publique - Espace soignant<\/title>\n<meta name=\"robots\" content=\"index, follow, max-snippet:-1, max-image-preview:large, max-video-preview:-1\" \/>\n<link rel=\"canonical\" href=\"https:\/\/www.lessurvivants.org\/soignant\/limpact-de-la-mort-pour-la-sante-publique\/\" \/>\n<meta property=\"og:locale\" content=\"fr_FR\" \/>\n<meta property=\"og:type\" content=\"article\" \/>\n<meta property=\"og:title\" content=\"L&#039;impact de la mort pour la sant\u00e9 publique\" \/>\n<meta property=\"og:description\" content=\"L&#8217;IMPACT DE LA MORT POUR LA SANT\u00c9 PUBLIQUE La mort, bien qu\u2019individuelle et intime, a des r\u00e9percussions collectives. Elle interpelle la soci\u00e9t\u00e9 dans ses fondements, mais aussi dans sa capacit\u00e9 \u00e0 organiser, anticiper, accompagner. En sant\u00e9 publique, elle n\u2019est pas qu\u2019un indicateur statistique : elle refl\u00e8te l\u2019\u00e9tat des syst\u00e8mes de soins, les in\u00e9galit\u00e9s d\u2019acc\u00e8s, les [&hellip;]\" \/>\n<meta property=\"og:url\" content=\"https:\/\/www.lessurvivants.org\/soignant\/limpact-de-la-mort-pour-la-sante-publique\/\" \/>\n<meta property=\"og:site_name\" content=\"Espace soignant\" \/>\n<meta property=\"article:modified_time\" content=\"2025-07-15T15:12:23+00:00\" \/>\n<meta name=\"twitter:card\" content=\"summary_large_image\" \/>\n<meta name=\"twitter:label1\" content=\"Dur\u00e9e de lecture estim\u00e9e\" \/>\n\t<meta name=\"twitter:data1\" content=\"4 minutes\" \/>\n<script type=\"application\/ld+json\" class=\"yoast-schema-graph\">{\"@context\":\"https:\/\/schema.org\",\"@graph\":[{\"@type\":\"WebPage\",\"@id\":\"https:\/\/www.lessurvivants.org\/soignant\/limpact-de-la-mort-pour-la-sante-publique\/\",\"url\":\"https:\/\/www.lessurvivants.org\/soignant\/limpact-de-la-mort-pour-la-sante-publique\/\",\"name\":\"L'impact de la mort pour la sant\u00e9 publique - Espace soignant\",\"isPartOf\":{\"@id\":\"https:\/\/www.lessurvivants.org\/soignant\/#website\"},\"datePublished\":\"2025-03-10T14:20:42+00:00\",\"dateModified\":\"2025-07-15T15:12:23+00:00\",\"breadcrumb\":{\"@id\":\"https:\/\/www.lessurvivants.org\/soignant\/limpact-de-la-mort-pour-la-sante-publique\/#breadcrumb\"},\"inLanguage\":\"fr-FR\",\"potentialAction\":[{\"@type\":\"ReadAction\",\"target\":[\"https:\/\/www.lessurvivants.org\/soignant\/limpact-de-la-mort-pour-la-sante-publique\/\"]}]},{\"@type\":\"BreadcrumbList\",\"@id\":\"https:\/\/www.lessurvivants.org\/soignant\/limpact-de-la-mort-pour-la-sante-publique\/#breadcrumb\",\"itemListElement\":[{\"@type\":\"ListItem\",\"position\":1,\"name\":\"Accueil\",\"item\":\"https:\/\/www.lessurvivants.org\/soignant\/\"},{\"@type\":\"ListItem\",\"position\":2,\"name\":\"L&#8217;impact de la mort pour la sant\u00e9 publique\"}]},{\"@type\":\"WebSite\",\"@id\":\"https:\/\/www.lessurvivants.org\/soignant\/#website\",\"url\":\"https:\/\/www.lessurvivants.org\/soignant\/\",\"name\":\"Espace soignant\",\"description\":\"\",\"publisher\":{\"@id\":\"https:\/\/www.lessurvivants.org\/soignant\/#organization\"},\"potentialAction\":[{\"@type\":\"SearchAction\",\"target\":{\"@type\":\"EntryPoint\",\"urlTemplate\":\"https:\/\/www.lessurvivants.org\/soignant\/?s={search_term_string}\"},\"query-input\":{\"@type\":\"PropertyValueSpecification\",\"valueRequired\":true,\"valueName\":\"search_term_string\"}}],\"inLanguage\":\"fr-FR\"},{\"@type\":\"Organization\",\"@id\":\"https:\/\/www.lessurvivants.org\/soignant\/#organization\",\"name\":\"Espace soignant\",\"url\":\"https:\/\/www.lessurvivants.org\/soignant\/\",\"logo\":{\"@type\":\"ImageObject\",\"inLanguage\":\"fr-FR\",\"@id\":\"https:\/\/www.lessurvivants.org\/soignant\/#\/schema\/logo\/image\/\",\"url\":\"https:\/\/www.lessurvivants.org\/wp-content\/uploads\/2025\/03\/logo-final-les-survivants_Plan-de-travail-1.png\",\"contentUrl\":\"https:\/\/www.lessurvivants.org\/wp-content\/uploads\/2025\/03\/logo-final-les-survivants_Plan-de-travail-1.png\",\"caption\":\"Espace soignant\"},\"image\":{\"@id\":\"https:\/\/www.lessurvivants.org\/soignant\/#\/schema\/logo\/image\/\"}}]}<\/script>\n<!-- \/ Yoast SEO Premium plugin. -->","yoast_head_json":{"title":"L'impact de la mort pour la sant\u00e9 publique - Espace soignant","robots":{"index":"index","follow":"follow","max-snippet":"max-snippet:-1","max-image-preview":"max-image-preview:large","max-video-preview":"max-video-preview:-1"},"canonical":"https:\/\/www.lessurvivants.org\/soignant\/limpact-de-la-mort-pour-la-sante-publique\/","og_locale":"fr_FR","og_type":"article","og_title":"L'impact de la mort pour la sant\u00e9 publique","og_description":"L&#8217;IMPACT DE LA MORT POUR LA SANT\u00c9 PUBLIQUE La mort, bien qu\u2019individuelle et intime, a des r\u00e9percussions collectives. Elle interpelle la soci\u00e9t\u00e9 dans ses fondements, mais aussi dans sa capacit\u00e9 \u00e0 organiser, anticiper, accompagner. En sant\u00e9 publique, elle n\u2019est pas qu\u2019un indicateur statistique : elle refl\u00e8te l\u2019\u00e9tat des syst\u00e8mes de soins, les in\u00e9galit\u00e9s d\u2019acc\u00e8s, les [&hellip;]","og_url":"https:\/\/www.lessurvivants.org\/soignant\/limpact-de-la-mort-pour-la-sante-publique\/","og_site_name":"Espace soignant","article_modified_time":"2025-07-15T15:12:23+00:00","twitter_card":"summary_large_image","twitter_misc":{"Dur\u00e9e de lecture estim\u00e9e":"4 minutes"},"schema":{"@context":"https:\/\/schema.org","@graph":[{"@type":"WebPage","@id":"https:\/\/www.lessurvivants.org\/soignant\/limpact-de-la-mort-pour-la-sante-publique\/","url":"https:\/\/www.lessurvivants.org\/soignant\/limpact-de-la-mort-pour-la-sante-publique\/","name":"L'impact de la mort pour la sant\u00e9 publique - Espace soignant","isPartOf":{"@id":"https:\/\/www.lessurvivants.org\/soignant\/#website"},"datePublished":"2025-03-10T14:20:42+00:00","dateModified":"2025-07-15T15:12:23+00:00","breadcrumb":{"@id":"https:\/\/www.lessurvivants.org\/soignant\/limpact-de-la-mort-pour-la-sante-publique\/#breadcrumb"},"inLanguage":"fr-FR","potentialAction":[{"@type":"ReadAction","target":["https:\/\/www.lessurvivants.org\/soignant\/limpact-de-la-mort-pour-la-sante-publique\/"]}]},{"@type":"BreadcrumbList","@id":"https:\/\/www.lessurvivants.org\/soignant\/limpact-de-la-mort-pour-la-sante-publique\/#breadcrumb","itemListElement":[{"@type":"ListItem","position":1,"name":"Accueil","item":"https:\/\/www.lessurvivants.org\/soignant\/"},{"@type":"ListItem","position":2,"name":"L&#8217;impact de la mort pour la sant\u00e9 publique"}]},{"@type":"WebSite","@id":"https:\/\/www.lessurvivants.org\/soignant\/#website","url":"https:\/\/www.lessurvivants.org\/soignant\/","name":"Espace soignant","description":"","publisher":{"@id":"https:\/\/www.lessurvivants.org\/soignant\/#organization"},"potentialAction":[{"@type":"SearchAction","target":{"@type":"EntryPoint","urlTemplate":"https:\/\/www.lessurvivants.org\/soignant\/?s={search_term_string}"},"query-input":{"@type":"PropertyValueSpecification","valueRequired":true,"valueName":"search_term_string"}}],"inLanguage":"fr-FR"},{"@type":"Organization","@id":"https:\/\/www.lessurvivants.org\/soignant\/#organization","name":"Espace soignant","url":"https:\/\/www.lessurvivants.org\/soignant\/","logo":{"@type":"ImageObject","inLanguage":"fr-FR","@id":"https:\/\/www.lessurvivants.org\/soignant\/#\/schema\/logo\/image\/","url":"https:\/\/www.lessurvivants.org\/wp-content\/uploads\/2025\/03\/logo-final-les-survivants_Plan-de-travail-1.png","contentUrl":"https:\/\/www.lessurvivants.org\/wp-content\/uploads\/2025\/03\/logo-final-les-survivants_Plan-de-travail-1.png","caption":"Espace soignant"},"image":{"@id":"https:\/\/www.lessurvivants.org\/soignant\/#\/schema\/logo\/image\/"}}]}},"_links":{"self":[{"href":"https:\/\/www.lessurvivants.org\/soignant\/wp-json\/wp\/v2\/pages\/1049","targetHints":{"allow":["GET"]}}],"collection":[{"href":"https:\/\/www.lessurvivants.org\/soignant\/wp-json\/wp\/v2\/pages"}],"about":[{"href":"https:\/\/www.lessurvivants.org\/soignant\/wp-json\/wp\/v2\/types\/page"}],"author":[{"embeddable":true,"href":"https:\/\/www.lessurvivants.org\/soignant\/wp-json\/wp\/v2\/users\/1"}],"replies":[{"embeddable":true,"href":"https:\/\/www.lessurvivants.org\/soignant\/wp-json\/wp\/v2\/comments?post=1049"}],"version-history":[{"count":20,"href":"https:\/\/www.lessurvivants.org\/soignant\/wp-json\/wp\/v2\/pages\/1049\/revisions"}],"predecessor-version":[{"id":1972,"href":"https:\/\/www.lessurvivants.org\/soignant\/wp-json\/wp\/v2\/pages\/1049\/revisions\/1972"}],"wp:attachment":[{"href":"https:\/\/www.lessurvivants.org\/soignant\/wp-json\/wp\/v2\/media?parent=1049"}],"wp:term":[{"taxonomy":"category","embeddable":true,"href":"https:\/\/www.lessurvivants.org\/soignant\/wp-json\/wp\/v2\/categories?post=1049"},{"taxonomy":"post_tag","embeddable":true,"href":"https:\/\/www.lessurvivants.org\/soignant\/wp-json\/wp\/v2\/tags?post=1049"}],"curies":[{"name":"wp","href":"https:\/\/api.w.org\/{rel}","templated":true}]}}