{"id":1051,"date":"2025-03-10T15:20:53","date_gmt":"2025-03-10T14:20:53","guid":{"rendered":"https:\/\/www.lessurvivants.org\/soignant\/?page_id=1051"},"modified":"2025-07-15T16:46:14","modified_gmt":"2025-07-15T14:46:14","slug":"impact-de-la-mort-pour-le-patient","status":"publish","type":"page","link":"https:\/\/www.lessurvivants.org\/soignant\/impact-de-la-mort-pour-le-patient\/","title":{"rendered":"L&#8217;Impact de la mort pour le patient"},"content":{"rendered":"\t\t<div data-elementor-type=\"wp-page\" data-elementor-id=\"1051\" class=\"elementor elementor-1051\" data-elementor-post-type=\"page\">\n\t\t\t\t<div data-particle_enable=\"false\" data-particle-mobile-disabled=\"false\" class=\"elementor-element elementor-element-25a343d e-flex e-con-boxed e-con e-parent\" data-id=\"25a343d\" data-element_type=\"container\" data-settings=\"{&quot;jet_parallax_layout_list&quot;:[]}\">\n\t\t\t\t\t<div class=\"e-con-inner\">\n\t\t\t\t<div class=\"elementor-element elementor-element-1644766 elementor-widget elementor-widget-heading\" data-id=\"1644766\" data-element_type=\"widget\" data-widget_type=\"heading.default\">\n\t\t\t\t<div class=\"elementor-widget-container\">\n\t\t\t\t\t<h2 class=\"elementor-heading-title elementor-size-default\">L'IMPACT DE LA MORT POUR LE PATIENT<\/h2>\t\t\t\t<\/div>\n\t\t\t\t<\/div>\n\t\t\t\t<div class=\"elementor-element elementor-element-6b33679 elementor-widget elementor-widget-text-editor\" data-id=\"6b33679\" data-element_type=\"widget\" data-widget_type=\"text-editor.default\">\n\t\t\t\t<div class=\"elementor-widget-container\">\n\t\t\t\t\t\t\t\t\t<p data-start=\"869\" data-end=\"1193\">Quand la mort entre dans la vie du patient, c\u2019est un monde qui bascule. Que ce soit \u00e0 travers une annonce de fin de vie, une maladie incurable, une hospitalisation qui prend une tournure grave, ou une simple prise de conscience li\u00e9e \u00e0 l\u2019\u00e2ge ou \u00e0 la fatigue, <strong data-start=\"1127\" data-end=\"1191\">le rapport \u00e0 soi-m\u00eame, aux autres et au temps se transforme.<\/strong><\/p><p data-start=\"1195\" data-end=\"1345\">Pour le soignant, il est essentiel de saisir <strong data-start=\"1240\" data-end=\"1274\">l\u2019ampleur de ce bouleversement<\/strong>. Car si la m\u00e9decine avance, la peur de mourir, elle, ne dispara\u00eet pas.<\/p>\t\t\t\t\t\t\t\t<\/div>\n\t\t\t\t<\/div>\n\t\t\t\t\t<\/div>\n\t\t\t\t<\/div>\n\t\t<div data-particle_enable=\"false\" data-particle-mobile-disabled=\"false\" class=\"elementor-element elementor-element-fc931d2 e-flex e-con-boxed e-con e-parent\" data-id=\"fc931d2\" data-element_type=\"container\" data-settings=\"{&quot;jet_parallax_layout_list&quot;:[]}\">\n\t\t\t\t\t<div class=\"e-con-inner\">\n\t\t\t\t<div class=\"elementor-element elementor-element-c1e7b84 elementor-widget elementor-widget-heading\" data-id=\"c1e7b84\" data-element_type=\"widget\" data-widget_type=\"heading.default\">\n\t\t\t\t<div class=\"elementor-widget-container\">\n\t\t\t\t\t<h2 class=\"elementor-heading-title elementor-size-default\">Une conscience aigu\u00eb de sa finitude<\/h2>\t\t\t\t<\/div>\n\t\t\t\t<\/div>\n\t\t\t\t<div class=\"elementor-element elementor-element-3be57ec elementor-widget elementor-widget-text-editor\" data-id=\"3be57ec\" data-element_type=\"widget\" data-widget_type=\"text-editor.default\">\n\t\t\t\t<div class=\"elementor-widget-container\">\n\t\t\t\t\t\t\t\t\t<p data-start=\"1394\" data-end=\"1616\">D\u00e8s l\u2019instant o\u00f9 la mort devient une possibilit\u00e9 r\u00e9elle \u2014 imminente ou lointaine \u2014, le patient entre dans un <strong data-start=\"1503\" data-end=\"1532\">espace mental particulier<\/strong>. Il n\u2019est plus seulement un &#8220;malade&#8221;, mais un \u00eatre en sursis. Cela peut provoquer\u202f:<\/p><ul data-start=\"1618\" data-end=\"1896\"><li data-start=\"1618\" data-end=\"1661\"><p data-start=\"1620\" data-end=\"1661\">Une <strong data-start=\"1624\" data-end=\"1650\">angoisse existentielle<\/strong> profonde<\/p><\/li><li data-start=\"1662\" data-end=\"1735\"><p data-start=\"1664\" data-end=\"1735\">Une volont\u00e9 de <strong data-start=\"1679\" data-end=\"1703\">revoir ses priorit\u00e9s<\/strong> (famille, sens, spiritualit\u00e9)<\/p><\/li><li data-start=\"1736\" data-end=\"1816\"><p data-start=\"1738\" data-end=\"1816\">Une peur de <strong data-start=\"1750\" data-end=\"1762\">souffrir<\/strong>, de <strong data-start=\"1767\" data-end=\"1788\">devenir d\u00e9pendant<\/strong>, de <strong data-start=\"1793\" data-end=\"1814\">perdre sa dignit\u00e9<\/strong><\/p><\/li><li data-start=\"1817\" data-end=\"1896\"><p data-start=\"1819\" data-end=\"1896\">Parfois, une forme de <strong data-start=\"1841\" data-end=\"1864\">s\u00e9r\u00e9nit\u00e9 inattendue<\/strong>, quand l\u2019acceptation s\u2019installe<\/p><\/li><\/ul><p data-start=\"1898\" data-end=\"2165\">Chaque patient vit cette travers\u00e9e de mani\u00e8re diff\u00e9rente. Certains veulent tout savoir, tout contr\u00f4ler. D&#8217;autres pr\u00e9f\u00e8rent le silence, l\u2019\u00e9vitement ou le d\u00e9ni. Il n\u2019y a pas une bonne fa\u00e7on de mourir : <strong data-start=\"2098\" data-end=\"2164\">il y a une infinit\u00e9 de fa\u00e7ons de se confronter \u00e0 sa propre fin<\/strong>.<\/p>\t\t\t\t\t\t\t\t<\/div>\n\t\t\t\t<\/div>\n\t\t\t\t\t<\/div>\n\t\t\t\t<\/div>\n\t\t<div data-particle_enable=\"false\" data-particle-mobile-disabled=\"false\" class=\"elementor-element elementor-element-c938d75 e-flex e-con-boxed e-con e-parent\" data-id=\"c938d75\" data-element_type=\"container\" data-settings=\"{&quot;jet_parallax_layout_list&quot;:[]}\">\n\t\t\t\t\t<div class=\"e-con-inner\">\n\t\t<div data-particle_enable=\"false\" data-particle-mobile-disabled=\"false\" class=\"elementor-element elementor-element-b8a451e e-con-full e-flex e-con e-child\" data-id=\"b8a451e\" data-element_type=\"container\" data-settings=\"{&quot;jet_parallax_layout_list&quot;:[]}\">\n\t\t\t\t<div class=\"elementor-element elementor-element-40d88d1 elementor-widget elementor-widget-heading\" data-id=\"40d88d1\" data-element_type=\"widget\" data-widget_type=\"heading.default\">\n\t\t\t\t<div class=\"elementor-widget-container\">\n\t\t\t\t\t<h2 class=\"elementor-heading-title elementor-size-default\">La solitude du face-\u00e0-face<\/h2>\t\t\t\t<\/div>\n\t\t\t\t<\/div>\n\t\t\t\t<div class=\"elementor-element elementor-element-d425591 elementor-widget elementor-widget-text-editor\" data-id=\"d425591\" data-element_type=\"widget\" data-widget_type=\"text-editor.default\">\n\t\t\t\t<div class=\"elementor-widget-container\">\n\t\t\t\t\t\t\t\t\t<p data-start=\"2205\" data-end=\"2567\">M\u00eame entour\u00e9, le patient se retrouve souvent <strong data-start=\"2250\" data-end=\"2273\">seul face \u00e0 sa mort<\/strong>. Les proches peuvent \u00eatre maladroits ou dans le refus. Les soignants, pris dans la technicit\u00e9 du soin, peuvent oublier de laisser un espace \u00e0 la parole. Et l\u2019institution hospitali\u00e8re, avec ses rythmes, ses couloirs, ses lits \u00e0 lib\u00e9rer, n\u2019est pas toujours pens\u00e9e pour l\u2019intimit\u00e9 de cette \u00e9tape.<\/p><p data-start=\"2569\" data-end=\"2621\">Pour le patient, cette solitude peut \u00eatre lourde :<\/p><ul data-start=\"2622\" data-end=\"2768\"><li data-start=\"2622\" data-end=\"2655\"><p data-start=\"2624\" data-end=\"2655\">&#8220;Je ne veux pas mourir seul.&#8221;<\/p><\/li><li data-start=\"2656\" data-end=\"2697\"><p data-start=\"2658\" data-end=\"2697\">&#8220;Je n\u2019ai pas tout dit \u00e0 mes enfants.&#8221;<\/p><\/li><li data-start=\"2698\" data-end=\"2768\"><p data-start=\"2700\" data-end=\"2768\">&#8220;Est-ce que j\u2019ai encore le droit de r\u00eaver, m\u00eame si je vais mourir\u202f?&#8221;<\/p><\/li><\/ul><p data-start=\"2770\" data-end=\"2861\">\ud83d\udc49 <strong data-start=\"2773\" data-end=\"2808\">\u00c9couter, sans juger ni corriger<\/strong>, devient alors un acte th\u00e9rapeutique \u00e0 part enti\u00e8re.<\/p>\t\t\t\t\t\t\t\t<\/div>\n\t\t\t\t<\/div>\n\t\t\t\t<\/div>\n\t\t<div data-particle_enable=\"false\" data-particle-mobile-disabled=\"false\" class=\"elementor-element elementor-element-b8f4bf1 e-con-full e-flex e-con e-child\" data-id=\"b8f4bf1\" data-element_type=\"container\" data-settings=\"{&quot;jet_parallax_layout_list&quot;:[]}\">\n\t\t\t\t<div class=\"elementor-element elementor-element-1dfe7c4 elementor-widget elementor-widget-image\" data-id=\"1dfe7c4\" data-element_type=\"widget\" data-widget_type=\"image.default\">\n\t\t\t\t<div class=\"elementor-widget-container\">\n\t\t\t\t\t\t\t\t\t\t\t\t\t\t\t<img fetchpriority=\"high\" decoding=\"async\" width=\"594\" height=\"890\" src=\"https:\/\/www.lessurvivants.org\/soignant\/wp-content\/uploads\/sites\/2\/2025\/07\/limpact-de-la-mort-pour-le-patient-les-survivants.avif\" class=\"attachment-large size-large wp-image-1943 not-transparent\" alt=\"limpact-de-la-mort-pour-le-patient-les-survivants\" srcset=\"https:\/\/www.lessurvivants.org\/soignant\/wp-content\/uploads\/sites\/2\/2025\/07\/limpact-de-la-mort-pour-le-patient-les-survivants.avif 594w, https:\/\/www.lessurvivants.org\/soignant\/wp-content\/uploads\/sites\/2\/2025\/07\/limpact-de-la-mort-pour-le-patient-les-survivants-200x300.avif 200w\" sizes=\"(max-width: 594px) 100vw, 594px\" data-has-transparency=\"false\" data-dominant-color=\"508578\" style=\"--dominant-color: #508578\" \/>\t\t\t\t\t\t\t\t\t\t\t\t\t\t\t<\/div>\n\t\t\t\t<\/div>\n\t\t\t\t<\/div>\n\t\t\t\t\t<\/div>\n\t\t\t\t<\/div>\n\t\t<div data-particle_enable=\"false\" data-particle-mobile-disabled=\"false\" class=\"elementor-element elementor-element-22cd8fc e-flex e-con-boxed e-con e-parent\" data-id=\"22cd8fc\" data-element_type=\"container\" data-settings=\"{&quot;jet_parallax_layout_list&quot;:[]}\">\n\t\t\t\t\t<div class=\"e-con-inner\">\n\t\t\t\t<div class=\"elementor-element elementor-element-7e34f25 elementor-widget elementor-widget-heading\" data-id=\"7e34f25\" data-element_type=\"widget\" data-widget_type=\"heading.default\">\n\t\t\t\t<div class=\"elementor-widget-container\">\n\t\t\t\t\t<h2 class=\"elementor-heading-title elementor-size-default\">Le besoin de sens et de reconnaissance<\/h2>\t\t\t\t<\/div>\n\t\t\t\t<\/div>\n\t\t\t\t<div class=\"elementor-element elementor-element-36e9967 elementor-widget elementor-widget-text-editor\" data-id=\"36e9967\" data-element_type=\"widget\" data-widget_type=\"text-editor.default\">\n\t\t\t\t<div class=\"elementor-widget-container\">\n\t\t\t\t\t\t\t\t\t<p data-start=\"2913\" data-end=\"3007\">Quand la mort approche, <strong data-start=\"2937\" data-end=\"2974\">la qu\u00eate de sens devient centrale<\/strong>. Le patient peut questionner\u202f:<\/p><ul data-start=\"3008\" data-end=\"3122\"><li data-start=\"3008\" data-end=\"3026\"><p data-start=\"3010\" data-end=\"3026\">Pourquoi moi\u202f?<\/p><\/li><li data-start=\"3027\" data-end=\"3065\"><p data-start=\"3029\" data-end=\"3065\">Est-ce que j\u2019ai eu une belle vie\u202f?<\/p><\/li><li data-start=\"3066\" data-end=\"3099\"><p data-start=\"3068\" data-end=\"3099\">Qu\u2019est-ce que j\u2019ai transmis\u202f?<\/p><\/li><li data-start=\"3100\" data-end=\"3122\"><p data-start=\"3102\" data-end=\"3122\">\u00c0 quoi ai-je servi\u202f?<\/p><\/li><\/ul>\t\t\t\t\t\t\t\t<\/div>\n\t\t\t\t<\/div>\n\t\t\t\t<div class=\"elementor-element elementor-element-9b6f647 elementor-widget elementor-widget-text-editor\" data-id=\"9b6f647\" data-element_type=\"widget\" data-widget_type=\"text-editor.default\">\n\t\t\t\t<div class=\"elementor-widget-container\">\n\t\t\t\t\t\t\t\t\t<p data-start=\"3124\" data-end=\"3362\">Il peut aussi avoir besoin de <strong data-start=\"3154\" data-end=\"3175\">laisser une trace<\/strong> : \u00e9crire une lettre, transmettre un objet, enregistrer un message vocal, donner un dernier conseil\u2026 Ces gestes sont des tentatives de r\u00e9int\u00e9grer <strong data-start=\"3321\" data-end=\"3362\">sa propre mort dans le fil de sa vie.<\/strong><\/p><p data-start=\"3364\" data-end=\"3623\">Le r\u00f4le du soignant ici n\u2019est pas de r\u00e9pondre, mais <strong data-start=\"3416\" data-end=\"3472\">d\u2019ouvrir un espace o\u00f9 ces questions peuvent exister.<\/strong> L\u2019accompagnement spirituel, la pr\u00e9sence d\u2019un psychologue ou simplement une posture d\u2019\u00e9coute peuvent profond\u00e9ment soulager ce besoin de reconnaissance.<\/p>\t\t\t\t\t\t\t\t<\/div>\n\t\t\t\t<\/div>\n\t\t\t\t\t<\/div>\n\t\t\t\t<\/div>\n\t\t<div data-particle_enable=\"false\" data-particle-mobile-disabled=\"false\" class=\"elementor-element elementor-element-1d169e1 e-flex e-con-boxed e-con e-parent\" data-id=\"1d169e1\" data-element_type=\"container\" data-settings=\"{&quot;jet_parallax_layout_list&quot;:[]}\">\n\t\t\t\t\t<div class=\"e-con-inner\">\n\t\t\t\t<div class=\"elementor-element elementor-element-45a6b46 elementor-widget elementor-widget-heading\" data-id=\"45a6b46\" data-element_type=\"widget\" data-widget_type=\"heading.default\">\n\t\t\t\t<div class=\"elementor-widget-container\">\n\t\t\t\t\t<h2 class=\"elementor-heading-title elementor-size-default\">Le corps qui devient territoire de fin<\/h2>\t\t\t\t<\/div>\n\t\t\t\t<\/div>\n\t\t\t\t<div class=\"elementor-element elementor-element-3c6de3e elementor-widget elementor-widget-text-editor\" data-id=\"3c6de3e\" data-element_type=\"widget\" data-widget_type=\"text-editor.default\">\n\t\t\t\t<div class=\"elementor-widget-container\">\n\t\t\t\t\t\t\t\t\t<p data-start=\"3675\" data-end=\"3822\">La mort imminente transforme aussi <strong data-start=\"3710\" data-end=\"3733\">le rapport au corps<\/strong>. Il devient douloureux, fragile, d\u00e9pendant. Le regard du patient sur lui-m\u00eame \u00e9volue :<\/p><ul data-start=\"3823\" data-end=\"3933\"><li data-start=\"3823\" data-end=\"3865\"><p data-start=\"3825\" data-end=\"3865\">Honte de ne plus pouvoir se laver seul<\/p><\/li><li data-start=\"3866\" data-end=\"3892\"><p data-start=\"3868\" data-end=\"3892\">Peur d\u2019\u00eatre une charge<\/p><\/li><li data-start=\"3893\" data-end=\"3933\"><p data-start=\"3895\" data-end=\"3933\">Difficult\u00e9 \u00e0 \u00eatre touch\u00e9 ou auscult\u00e9<\/p><\/li><\/ul><p data-start=\"3935\" data-end=\"4203\">Face \u00e0 cela, <strong data-start=\"3948\" data-end=\"4024\">la douceur, la pudeur, l\u2019attention aux petits gestes comptent \u00e9norm\u00e9ment<\/strong>. Le soin corporel devient un soin d\u2019\u00e2me. Il peut \u00eatre un lieu de r\u00e9paration symbolique ou, au contraire, une \u00e9preuve si le rythme hospitalier ne laisse pas de place \u00e0 la lenteur.<\/p>\t\t\t\t\t\t\t\t<\/div>\n\t\t\t\t<\/div>\n\t\t\t\t\t<\/div>\n\t\t\t\t<\/div>\n\t\t<div data-particle_enable=\"false\" data-particle-mobile-disabled=\"false\" class=\"elementor-element elementor-element-50926d2 e-flex e-con-boxed e-con e-parent\" data-id=\"50926d2\" data-element_type=\"container\" data-settings=\"{&quot;jet_parallax_layout_list&quot;:[]}\">\n\t\t\t\t\t<div class=\"e-con-inner\">\n\t\t\t\t<div class=\"elementor-element elementor-element-eb78cf3 elementor-widget elementor-widget-heading\" data-id=\"eb78cf3\" data-element_type=\"widget\" data-widget_type=\"heading.default\">\n\t\t\t\t<div class=\"elementor-widget-container\">\n\t\t\t\t\t<h2 class=\"elementor-heading-title elementor-size-default\">L\u2019(in)certitude du temps qui reste<\/h2>\t\t\t\t<\/div>\n\t\t\t\t<\/div>\n\t\t\t\t<div class=\"elementor-element elementor-element-a21b003 elementor-widget elementor-widget-text-editor\" data-id=\"a21b003\" data-element_type=\"widget\" data-widget_type=\"text-editor.default\">\n\t\t\t\t<div class=\"elementor-widget-container\">\n\t\t\t\t\t\t\t\t\t<p data-start=\"4251\" data-end=\"4462\">La temporalit\u00e9 de la fin de vie est incertaine. Un patient peut vivre avec un pronostic r\u00e9serv\u00e9 pendant des semaines\u2026 ou mourir soudainement. Cette impr\u00e9visibilit\u00e9 est source de stress, mais aussi de paradoxes\u202f:<\/p><ul data-start=\"4464\" data-end=\"4670\"><li data-start=\"4464\" data-end=\"4518\"><p data-start=\"4466\" data-end=\"4518\">Certains patients veulent &#8220;savoir&#8221;, pour anticiper<\/p><\/li><li data-start=\"4519\" data-end=\"4571\"><p data-start=\"4521\" data-end=\"4571\">D\u2019autres refusent qu\u2019on les &#8220;programme \u00e0 mourir&#8221;<\/p><\/li><li data-start=\"4572\" data-end=\"4670\"><p data-start=\"4574\" data-end=\"4670\">Beaucoup oscillent entre espoir et r\u00e9signation, entre lucidit\u00e9 et besoin de protection psychique<\/p><\/li><\/ul><p data-start=\"4672\" data-end=\"4801\">\ud83d\udc49 Le soignant doit ici faire preuve d\u2019une <strong data-start=\"4715\" data-end=\"4750\">immense souplesse relationnelle<\/strong>, en ajustant son discours, ses gestes, son timing.<\/p>\t\t\t\t\t\t\t\t<\/div>\n\t\t\t\t<\/div>\n\t\t\t\t<div class=\"elementor-element elementor-element-224241b elementor-widget elementor-widget-text-editor\" data-id=\"224241b\" data-element_type=\"widget\" data-widget_type=\"text-editor.default\">\n\t\t\t\t<div class=\"elementor-widget-container\">\n\t\t\t\t\t\t\t\t\t<p data-start=\"4825\" data-end=\"5165\">L\u2019impact de la mort pour le patient est <strong data-start=\"4865\" data-end=\"4875\">global<\/strong> : il touche le corps, l\u2019\u00e2me, le rapport au monde, \u00e0 ses proches, \u00e0 son histoire. Accompagner cette travers\u00e9e, c\u2019est bien plus que &#8220;faire des soins palliatifs&#8221;. C\u2019est offrir une <strong data-start=\"5053\" data-end=\"5100\">pr\u00e9sence humaine, stable, juste et discr\u00e8te<\/strong>, capable de soutenir sans envahir, de respecter sans s\u2019absenter.<\/p><p data-start=\"5167\" data-end=\"5337\">C\u2019est aussi <strong data-start=\"5179\" data-end=\"5229\">accepter que le patient reste ma\u00eetre de sa fin<\/strong>, dans la mesure de ses choix, de son rythme, de sa parole. M\u00eame face \u00e0 la mort, il reste vivant \u2014 et digne.<\/p>\t\t\t\t\t\t\t\t<\/div>\n\t\t\t\t<\/div>\n\t\t\t\t\t<\/div>\n\t\t\t\t<\/div>\n\t\t<div data-particle_enable=\"false\" data-particle-mobile-disabled=\"false\" class=\"elementor-element elementor-element-7bbbf09 e-flex e-con-boxed e-con e-parent\" data-id=\"7bbbf09\" data-element_type=\"container\" data-settings=\"{&quot;jet_parallax_layout_list&quot;:[]}\">\n\t\t\t\t\t<div class=\"e-con-inner\">\n\t\t<div data-particle_enable=\"false\" data-particle-mobile-disabled=\"false\" class=\"elementor-element elementor-element-b4e1b11 e-con-full e-flex e-con e-child\" data-id=\"b4e1b11\" data-element_type=\"container\" data-settings=\"{&quot;jet_parallax_layout_list&quot;:[]}\">\n\t\t\t\t<div class=\"elementor-element elementor-element-e38d09b elementor-widget elementor-widget-heading\" data-id=\"e38d09b\" data-element_type=\"widget\" data-widget_type=\"heading.default\">\n\t\t\t\t<div class=\"elementor-widget-container\">\n\t\t\t\t\t<h2 class=\"elementor-heading-title elementor-size-default\">Consultez la page \ud83d\udc49 Accompagner la fin de vie<\/h2>\t\t\t\t<\/div>\n\t\t\t\t<\/div>\n\t\t\t\t<div class=\"elementor-element elementor-element-e90686b elementor-align-center elementor-widget elementor-widget-button\" data-id=\"e90686b\" data-element_type=\"widget\" data-widget_type=\"button.default\">\n\t\t\t\t<div class=\"elementor-widget-container\">\n\t\t\t\t\t\t\t\t\t<div class=\"elementor-button-wrapper\">\n\t\t\t\t\t<a class=\"elementor-button elementor-button-link elementor-size-sm\" href=\"https:\/\/www.lessurvivants.org\/soignant\/accompagner-la-fin-de-vie\" target=\"_blank\">\n\t\t\t\t\t\t<span class=\"elementor-button-content-wrapper\">\n\t\t\t\t\t\t\t\t\t<span class=\"elementor-button-text\">Cliquez ici<\/span>\n\t\t\t\t\t<\/span>\n\t\t\t\t\t<\/a>\n\t\t\t\t<\/div>\n\t\t\t\t\t\t\t\t<\/div>\n\t\t\t\t<\/div>\n\t\t\t\t<\/div>\n\t\t<div data-particle_enable=\"false\" data-particle-mobile-disabled=\"false\" class=\"elementor-element elementor-element-3bfe0c0 e-con-full e-flex e-con e-child\" data-id=\"3bfe0c0\" data-element_type=\"container\" data-settings=\"{&quot;jet_parallax_layout_list&quot;:[]}\">\n\t\t\t\t<div class=\"elementor-element elementor-element-c0a4b67 elementor-widget elementor-widget-heading\" data-id=\"c0a4b67\" data-element_type=\"widget\" data-widget_type=\"heading.default\">\n\t\t\t\t<div class=\"elementor-widget-container\">\n\t\t\t\t\t<h2 class=\"elementor-heading-title elementor-size-default\">Consultez la page \ud83d\udc49 Pr\u00e9venir l\u2019impact pour le patient<\/h2>\t\t\t\t<\/div>\n\t\t\t\t<\/div>\n\t\t\t\t<div class=\"elementor-element elementor-element-97e84e7 elementor-align-center elementor-widget elementor-widget-button\" data-id=\"97e84e7\" data-element_type=\"widget\" data-widget_type=\"button.default\">\n\t\t\t\t<div class=\"elementor-widget-container\">\n\t\t\t\t\t\t\t\t\t<div class=\"elementor-button-wrapper\">\n\t\t\t\t\t<a class=\"elementor-button elementor-button-link elementor-size-sm\" href=\"https:\/\/www.lessurvivants.org\/soignant\/prevenir-impact-pour-le-patient\" target=\"_blank\">\n\t\t\t\t\t\t<span class=\"elementor-button-content-wrapper\">\n\t\t\t\t\t\t\t\t\t<span class=\"elementor-button-text\">Cliquez ici<\/span>\n\t\t\t\t\t<\/span>\n\t\t\t\t\t<\/a>\n\t\t\t\t<\/div>\n\t\t\t\t\t\t\t\t<\/div>\n\t\t\t\t<\/div>\n\t\t\t\t<\/div>\n\t\t\t\t\t<\/div>\n\t\t\t\t<\/div>\n\t\t\t\t<\/div>\n\t\t","protected":false},"excerpt":{"rendered":"<p>L&#8217;IMPACT DE LA MORT POUR LE PATIENT Quand la mort entre dans la vie du patient, c\u2019est un monde qui bascule. Que ce soit \u00e0 travers une annonce de fin de vie, une maladie incurable, une hospitalisation qui prend une tournure grave, ou une simple prise de conscience li\u00e9e \u00e0 l\u2019\u00e2ge ou \u00e0 la fatigue, [&hellip;]<\/p>\n","protected":false},"author":1,"featured_media":0,"parent":0,"menu_order":0,"comment_status":"closed","ping_status":"closed","template":"","meta":{"footnotes":""},"categories":[],"tags":[],"class_list":["post-1051","page","type-page","status-publish","hentry"],"yoast_head":"<!-- This site is optimized with the Yoast SEO Premium plugin v25.5 (Yoast SEO v25.5) - https:\/\/yoast.com\/wordpress\/plugins\/seo\/ -->\n<title>L&#039;Impact de la mort pour le patient - Espace soignant<\/title>\n<meta name=\"robots\" content=\"index, follow, max-snippet:-1, max-image-preview:large, max-video-preview:-1\" \/>\n<link rel=\"canonical\" href=\"https:\/\/www.lessurvivants.org\/soignant\/impact-de-la-mort-pour-le-patient\/\" \/>\n<meta property=\"og:locale\" content=\"fr_FR\" \/>\n<meta property=\"og:type\" content=\"article\" \/>\n<meta property=\"og:title\" content=\"L&#039;Impact de la mort pour le patient\" \/>\n<meta property=\"og:description\" content=\"L&#8217;IMPACT DE LA MORT POUR LE PATIENT Quand la mort entre dans la vie du patient, c\u2019est un monde qui bascule. Que ce soit \u00e0 travers une annonce de fin de vie, une maladie incurable, une hospitalisation qui prend une tournure grave, ou une simple prise de conscience li\u00e9e \u00e0 l\u2019\u00e2ge ou \u00e0 la fatigue, [&hellip;]\" \/>\n<meta property=\"og:url\" content=\"https:\/\/www.lessurvivants.org\/soignant\/impact-de-la-mort-pour-le-patient\/\" \/>\n<meta property=\"og:site_name\" content=\"Espace soignant\" \/>\n<meta property=\"article:modified_time\" content=\"2025-07-15T14:46:14+00:00\" \/>\n<meta property=\"og:image\" content=\"https:\/\/www.lessurvivants.org\/soignant\/wp-content\/uploads\/sites\/2\/2025\/07\/limpact-de-la-mort-pour-le-patient-les-survivants.avif\" \/>\n\t<meta property=\"og:image:width\" content=\"594\" \/>\n\t<meta property=\"og:image:height\" content=\"890\" \/>\n\t<meta property=\"og:image:type\" content=\"image\/jpeg\" \/>\n<meta name=\"twitter:card\" content=\"summary_large_image\" \/>\n<meta name=\"twitter:label1\" content=\"Dur\u00e9e de lecture estim\u00e9e\" \/>\n\t<meta name=\"twitter:data1\" content=\"4 minutes\" \/>\n<script type=\"application\/ld+json\" class=\"yoast-schema-graph\">{\"@context\":\"https:\/\/schema.org\",\"@graph\":[{\"@type\":\"WebPage\",\"@id\":\"https:\/\/www.lessurvivants.org\/soignant\/impact-de-la-mort-pour-le-patient\/\",\"url\":\"https:\/\/www.lessurvivants.org\/soignant\/impact-de-la-mort-pour-le-patient\/\",\"name\":\"L'Impact de la mort pour le patient - Espace soignant\",\"isPartOf\":{\"@id\":\"https:\/\/www.lessurvivants.org\/soignant\/#website\"},\"primaryImageOfPage\":{\"@id\":\"https:\/\/www.lessurvivants.org\/soignant\/impact-de-la-mort-pour-le-patient\/#primaryimage\"},\"image\":{\"@id\":\"https:\/\/www.lessurvivants.org\/soignant\/impact-de-la-mort-pour-le-patient\/#primaryimage\"},\"thumbnailUrl\":\"https:\/\/www.lessurvivants.org\/soignant\/wp-content\/uploads\/sites\/2\/2025\/07\/limpact-de-la-mort-pour-le-patient-les-survivants.avif\",\"datePublished\":\"2025-03-10T14:20:53+00:00\",\"dateModified\":\"2025-07-15T14:46:14+00:00\",\"breadcrumb\":{\"@id\":\"https:\/\/www.lessurvivants.org\/soignant\/impact-de-la-mort-pour-le-patient\/#breadcrumb\"},\"inLanguage\":\"fr-FR\",\"potentialAction\":[{\"@type\":\"ReadAction\",\"target\":[\"https:\/\/www.lessurvivants.org\/soignant\/impact-de-la-mort-pour-le-patient\/\"]}]},{\"@type\":\"ImageObject\",\"inLanguage\":\"fr-FR\",\"@id\":\"https:\/\/www.lessurvivants.org\/soignant\/impact-de-la-mort-pour-le-patient\/#primaryimage\",\"url\":\"https:\/\/www.lessurvivants.org\/soignant\/wp-content\/uploads\/sites\/2\/2025\/07\/limpact-de-la-mort-pour-le-patient-les-survivants.avif\",\"contentUrl\":\"https:\/\/www.lessurvivants.org\/soignant\/wp-content\/uploads\/sites\/2\/2025\/07\/limpact-de-la-mort-pour-le-patient-les-survivants.avif\",\"width\":594,\"height\":890,\"caption\":\"limpact-de-la-mort-pour-le-patient-les-survivants\"},{\"@type\":\"BreadcrumbList\",\"@id\":\"https:\/\/www.lessurvivants.org\/soignant\/impact-de-la-mort-pour-le-patient\/#breadcrumb\",\"itemListElement\":[{\"@type\":\"ListItem\",\"position\":1,\"name\":\"Accueil\",\"item\":\"https:\/\/www.lessurvivants.org\/soignant\/\"},{\"@type\":\"ListItem\",\"position\":2,\"name\":\"L&#8217;Impact de la mort pour le patient\"}]},{\"@type\":\"WebSite\",\"@id\":\"https:\/\/www.lessurvivants.org\/soignant\/#website\",\"url\":\"https:\/\/www.lessurvivants.org\/soignant\/\",\"name\":\"Espace soignant\",\"description\":\"\",\"publisher\":{\"@id\":\"https:\/\/www.lessurvivants.org\/soignant\/#organization\"},\"potentialAction\":[{\"@type\":\"SearchAction\",\"target\":{\"@type\":\"EntryPoint\",\"urlTemplate\":\"https:\/\/www.lessurvivants.org\/soignant\/?s={search_term_string}\"},\"query-input\":{\"@type\":\"PropertyValueSpecification\",\"valueRequired\":true,\"valueName\":\"search_term_string\"}}],\"inLanguage\":\"fr-FR\"},{\"@type\":\"Organization\",\"@id\":\"https:\/\/www.lessurvivants.org\/soignant\/#organization\",\"name\":\"Espace soignant\",\"url\":\"https:\/\/www.lessurvivants.org\/soignant\/\",\"logo\":{\"@type\":\"ImageObject\",\"inLanguage\":\"fr-FR\",\"@id\":\"https:\/\/www.lessurvivants.org\/soignant\/#\/schema\/logo\/image\/\",\"url\":\"https:\/\/www.lessurvivants.org\/wp-content\/uploads\/2025\/03\/logo-final-les-survivants_Plan-de-travail-1.png\",\"contentUrl\":\"https:\/\/www.lessurvivants.org\/wp-content\/uploads\/2025\/03\/logo-final-les-survivants_Plan-de-travail-1.png\",\"caption\":\"Espace soignant\"},\"image\":{\"@id\":\"https:\/\/www.lessurvivants.org\/soignant\/#\/schema\/logo\/image\/\"}}]}<\/script>\n<!-- \/ Yoast SEO Premium plugin. -->","yoast_head_json":{"title":"L'Impact de la mort pour le patient - Espace soignant","robots":{"index":"index","follow":"follow","max-snippet":"max-snippet:-1","max-image-preview":"max-image-preview:large","max-video-preview":"max-video-preview:-1"},"canonical":"https:\/\/www.lessurvivants.org\/soignant\/impact-de-la-mort-pour-le-patient\/","og_locale":"fr_FR","og_type":"article","og_title":"L'Impact de la mort pour le patient","og_description":"L&#8217;IMPACT DE LA MORT POUR LE PATIENT Quand la mort entre dans la vie du patient, c\u2019est un monde qui bascule. Que ce soit \u00e0 travers une annonce de fin de vie, une maladie incurable, une hospitalisation qui prend une tournure grave, ou une simple prise de conscience li\u00e9e \u00e0 l\u2019\u00e2ge ou \u00e0 la fatigue, [&hellip;]","og_url":"https:\/\/www.lessurvivants.org\/soignant\/impact-de-la-mort-pour-le-patient\/","og_site_name":"Espace soignant","article_modified_time":"2025-07-15T14:46:14+00:00","og_image":[{"width":594,"height":890,"url":"https:\/\/www.lessurvivants.org\/soignant\/wp-content\/uploads\/sites\/2\/2025\/07\/limpact-de-la-mort-pour-le-patient-les-survivants.avif","type":"image\/jpeg"}],"twitter_card":"summary_large_image","twitter_misc":{"Dur\u00e9e de lecture estim\u00e9e":"4 minutes"},"schema":{"@context":"https:\/\/schema.org","@graph":[{"@type":"WebPage","@id":"https:\/\/www.lessurvivants.org\/soignant\/impact-de-la-mort-pour-le-patient\/","url":"https:\/\/www.lessurvivants.org\/soignant\/impact-de-la-mort-pour-le-patient\/","name":"L'Impact de la mort pour le patient - Espace soignant","isPartOf":{"@id":"https:\/\/www.lessurvivants.org\/soignant\/#website"},"primaryImageOfPage":{"@id":"https:\/\/www.lessurvivants.org\/soignant\/impact-de-la-mort-pour-le-patient\/#primaryimage"},"image":{"@id":"https:\/\/www.lessurvivants.org\/soignant\/impact-de-la-mort-pour-le-patient\/#primaryimage"},"thumbnailUrl":"https:\/\/www.lessurvivants.org\/soignant\/wp-content\/uploads\/sites\/2\/2025\/07\/limpact-de-la-mort-pour-le-patient-les-survivants.avif","datePublished":"2025-03-10T14:20:53+00:00","dateModified":"2025-07-15T14:46:14+00:00","breadcrumb":{"@id":"https:\/\/www.lessurvivants.org\/soignant\/impact-de-la-mort-pour-le-patient\/#breadcrumb"},"inLanguage":"fr-FR","potentialAction":[{"@type":"ReadAction","target":["https:\/\/www.lessurvivants.org\/soignant\/impact-de-la-mort-pour-le-patient\/"]}]},{"@type":"ImageObject","inLanguage":"fr-FR","@id":"https:\/\/www.lessurvivants.org\/soignant\/impact-de-la-mort-pour-le-patient\/#primaryimage","url":"https:\/\/www.lessurvivants.org\/soignant\/wp-content\/uploads\/sites\/2\/2025\/07\/limpact-de-la-mort-pour-le-patient-les-survivants.avif","contentUrl":"https:\/\/www.lessurvivants.org\/soignant\/wp-content\/uploads\/sites\/2\/2025\/07\/limpact-de-la-mort-pour-le-patient-les-survivants.avif","width":594,"height":890,"caption":"limpact-de-la-mort-pour-le-patient-les-survivants"},{"@type":"BreadcrumbList","@id":"https:\/\/www.lessurvivants.org\/soignant\/impact-de-la-mort-pour-le-patient\/#breadcrumb","itemListElement":[{"@type":"ListItem","position":1,"name":"Accueil","item":"https:\/\/www.lessurvivants.org\/soignant\/"},{"@type":"ListItem","position":2,"name":"L&#8217;Impact de la mort pour le patient"}]},{"@type":"WebSite","@id":"https:\/\/www.lessurvivants.org\/soignant\/#website","url":"https:\/\/www.lessurvivants.org\/soignant\/","name":"Espace soignant","description":"","publisher":{"@id":"https:\/\/www.lessurvivants.org\/soignant\/#organization"},"potentialAction":[{"@type":"SearchAction","target":{"@type":"EntryPoint","urlTemplate":"https:\/\/www.lessurvivants.org\/soignant\/?s={search_term_string}"},"query-input":{"@type":"PropertyValueSpecification","valueRequired":true,"valueName":"search_term_string"}}],"inLanguage":"fr-FR"},{"@type":"Organization","@id":"https:\/\/www.lessurvivants.org\/soignant\/#organization","name":"Espace soignant","url":"https:\/\/www.lessurvivants.org\/soignant\/","logo":{"@type":"ImageObject","inLanguage":"fr-FR","@id":"https:\/\/www.lessurvivants.org\/soignant\/#\/schema\/logo\/image\/","url":"https:\/\/www.lessurvivants.org\/wp-content\/uploads\/2025\/03\/logo-final-les-survivants_Plan-de-travail-1.png","contentUrl":"https:\/\/www.lessurvivants.org\/wp-content\/uploads\/2025\/03\/logo-final-les-survivants_Plan-de-travail-1.png","caption":"Espace soignant"},"image":{"@id":"https:\/\/www.lessurvivants.org\/soignant\/#\/schema\/logo\/image\/"}}]}},"_links":{"self":[{"href":"https:\/\/www.lessurvivants.org\/soignant\/wp-json\/wp\/v2\/pages\/1051","targetHints":{"allow":["GET"]}}],"collection":[{"href":"https:\/\/www.lessurvivants.org\/soignant\/wp-json\/wp\/v2\/pages"}],"about":[{"href":"https:\/\/www.lessurvivants.org\/soignant\/wp-json\/wp\/v2\/types\/page"}],"author":[{"embeddable":true,"href":"https:\/\/www.lessurvivants.org\/soignant\/wp-json\/wp\/v2\/users\/1"}],"replies":[{"embeddable":true,"href":"https:\/\/www.lessurvivants.org\/soignant\/wp-json\/wp\/v2\/comments?post=1051"}],"version-history":[{"count":9,"href":"https:\/\/www.lessurvivants.org\/soignant\/wp-json\/wp\/v2\/pages\/1051\/revisions"}],"predecessor-version":[{"id":1947,"href":"https:\/\/www.lessurvivants.org\/soignant\/wp-json\/wp\/v2\/pages\/1051\/revisions\/1947"}],"wp:attachment":[{"href":"https:\/\/www.lessurvivants.org\/soignant\/wp-json\/wp\/v2\/media?parent=1051"}],"wp:term":[{"taxonomy":"category","embeddable":true,"href":"https:\/\/www.lessurvivants.org\/soignant\/wp-json\/wp\/v2\/categories?post=1051"},{"taxonomy":"post_tag","embeddable":true,"href":"https:\/\/www.lessurvivants.org\/soignant\/wp-json\/wp\/v2\/tags?post=1051"}],"curies":[{"name":"wp","href":"https:\/\/api.w.org\/{rel}","templated":true}]}}