{"id":1053,"date":"2025-03-10T15:21:04","date_gmt":"2025-03-10T14:21:04","guid":{"rendered":"https:\/\/www.lessurvivants.org\/soignant\/?page_id=1053"},"modified":"2025-07-15T16:36:26","modified_gmt":"2025-07-15T14:36:26","slug":"impact-de-la-mort-pour-la-famille","status":"publish","type":"page","link":"https:\/\/www.lessurvivants.org\/soignant\/impact-de-la-mort-pour-la-famille\/","title":{"rendered":"L\u2019impact de la mort pour la famille"},"content":{"rendered":"\t\t<div data-elementor-type=\"wp-page\" data-elementor-id=\"1053\" class=\"elementor elementor-1053\" data-elementor-post-type=\"page\">\n\t\t\t\t<div data-particle_enable=\"false\" data-particle-mobile-disabled=\"false\" class=\"elementor-element elementor-element-6a4c71d e-flex e-con-boxed e-con e-parent\" data-id=\"6a4c71d\" data-element_type=\"container\" data-settings=\"{&quot;jet_parallax_layout_list&quot;:[]}\">\n\t\t\t\t\t<div class=\"e-con-inner\">\n\t\t\t\t<div class=\"elementor-element elementor-element-b3d2a06 elementor-widget elementor-widget-heading\" data-id=\"b3d2a06\" data-element_type=\"widget\" data-widget_type=\"heading.default\">\n\t\t\t\t<div class=\"elementor-widget-container\">\n\t\t\t\t\t<h1 class=\"elementor-heading-title elementor-size-default\">L'IMPACT DE LA MORT POUR LA FAMILLE<\/h1>\t\t\t\t<\/div>\n\t\t\t\t<\/div>\n\t\t\t\t<div class=\"elementor-element elementor-element-15216de elementor-widget elementor-widget-text-editor\" data-id=\"15216de\" data-element_type=\"widget\" data-widget_type=\"text-editor.default\">\n\t\t\t\t<div class=\"elementor-widget-container\">\n\t\t\t\t\t\t\t\t\t<p data-start=\"803\" data-end=\"1024\">La mort \u00e0 l\u2019h\u00f4pital ne touche jamais seulement le patient. Elle <strong data-start=\"867\" data-end=\"915\">fait irruption dans l\u2019histoire d\u2019une famille<\/strong>, souvent brutalement. M\u00eame lorsqu\u2019elle est attendue, elle reste <strong data-start=\"980\" data-end=\"1022\">une d\u00e9chirure, une perte, une rupture.<\/strong><\/p><p data-start=\"1026\" data-end=\"1346\">Les proches deviennent alors des <strong data-start=\"1059\" data-end=\"1083\">co-victimes du d\u00e9c\u00e8s<\/strong>, que le syst\u00e8me de soins a souvent du mal \u00e0 reconna\u00eetre.<br data-start=\"1140\" data-end=\"1143\" \/>En tant que soignant, on peut se sentir d\u00e9muni face \u00e0 leur douleur, leur col\u00e8re, leur silence ou leurs attentes. Pourtant, <strong data-start=\"1266\" data-end=\"1346\">la qualit\u00e9 de l\u2019accompagnement de la famille fait partie int\u00e9grante du soin.<\/strong><\/p>\t\t\t\t\t\t\t\t<\/div>\n\t\t\t\t<\/div>\n\t\t\t\t\t<\/div>\n\t\t\t\t<\/div>\n\t\t<div data-particle_enable=\"false\" data-particle-mobile-disabled=\"false\" class=\"elementor-element elementor-element-603a724 e-flex e-con-boxed e-con e-parent\" data-id=\"603a724\" data-element_type=\"container\" data-settings=\"{&quot;jet_parallax_layout_list&quot;:[]}\">\n\t\t\t\t\t<div class=\"e-con-inner\">\n\t\t\t\t<div class=\"elementor-element elementor-element-b7422cd elementor-widget elementor-widget-heading\" data-id=\"b7422cd\" data-element_type=\"widget\" data-widget_type=\"heading.default\">\n\t\t\t\t<div class=\"elementor-widget-container\">\n\t\t\t\t\t<h2 class=\"elementor-heading-title elementor-size-default\">Le choc imm\u00e9diat : sid\u00e9ration, confusion, col\u00e8re<\/h2>\t\t\t\t<\/div>\n\t\t\t\t<\/div>\n\t\t\t\t<div class=\"elementor-element elementor-element-8df7cdb elementor-widget elementor-widget-text-editor\" data-id=\"8df7cdb\" data-element_type=\"widget\" data-widget_type=\"text-editor.default\">\n\t\t\t\t<div class=\"elementor-widget-container\">\n\t\t\t\t\t\t\t\t\t<p data-start=\"1408\" data-end=\"1513\">\u00c0 l\u2019annonce de la mort, <strong data-start=\"1432\" data-end=\"1479\">la famille entre dans un \u00e9tat de sid\u00e9ration<\/strong>. Ce choc peut se traduire par :<\/p><ul data-start=\"1514\" data-end=\"1743\"><li data-start=\"1514\" data-end=\"1550\"><p data-start=\"1516\" data-end=\"1550\">Un silence fig\u00e9, un regard perdu<\/p><\/li><li data-start=\"1551\" data-end=\"1577\"><p data-start=\"1553\" data-end=\"1577\">Des pleurs incontr\u00f4l\u00e9s<\/p><\/li><li data-start=\"1578\" data-end=\"1649\"><p data-start=\"1580\" data-end=\"1649\">Des questions r\u00e9p\u00e9t\u00e9es (&#8220;Il souffrait\u202f?&#8221;, &#8220;Vous avez tout tent\u00e9\u202f?&#8221;)<\/p><\/li><li data-start=\"1650\" data-end=\"1743\"><p data-start=\"1652\" data-end=\"1743\">Une <strong data-start=\"1656\" data-end=\"1690\">col\u00e8re dirig\u00e9e contre l\u2019\u00e9quipe<\/strong> ou contre eux-m\u00eames (&#8220;On aurait d\u00fb venir plus t\u00f4t\u2026&#8221;)<\/p><\/li><\/ul><p data-start=\"1745\" data-end=\"2046\">\ud83d\udc49 Laisser de la place \u00e0 <strong data-start=\"1770\" data-end=\"1809\">toutes ces r\u00e9actions sans les juger<\/strong> est essentiel. L\u2019entretien post-d\u00e9c\u00e8s (cf. <a class=\"cursor-pointer\" href=\"https:\/\/www.lessurvivants.org\/soignant\/accompagner-les-familles-en-deuil-entretienn-avec-la-famille\/\" target=\"_blank\" rel=\"noopener\" data-start=\"1853\" data-end=\"1979\">L\u2019entretien avec la famille apr\u00e8s un d\u00e9c\u00e8s inattendu<\/a>) est un temps crucial de reconnaissance, d\u2019\u00e9coute et d\u2019apaisement.<\/p>\t\t\t\t\t\t\t\t<\/div>\n\t\t\t\t<\/div>\n\t\t\t\t\t<\/div>\n\t\t\t\t<\/div>\n\t\t<div data-particle_enable=\"false\" data-particle-mobile-disabled=\"false\" class=\"elementor-element elementor-element-71f4d03 e-flex e-con-boxed e-con e-parent\" data-id=\"71f4d03\" data-element_type=\"container\" data-settings=\"{&quot;jet_parallax_layout_list&quot;:[]}\">\n\t\t\t\t\t<div class=\"e-con-inner\">\n\t\t\t\t<div class=\"elementor-element elementor-element-0fab2c6 elementor-widget elementor-widget-heading\" data-id=\"0fab2c6\" data-element_type=\"widget\" data-widget_type=\"heading.default\">\n\t\t\t\t<div class=\"elementor-widget-container\">\n\t\t\t\t\t<h2 class=\"elementor-heading-title elementor-size-default\">Le besoin de sens et de r\u00e9cit<\/h2>\t\t\t\t<\/div>\n\t\t\t\t<\/div>\n\t\t\t\t<div class=\"elementor-element elementor-element-3f745c8 elementor-widget elementor-widget-text-editor\" data-id=\"3f745c8\" data-element_type=\"widget\" data-widget_type=\"text-editor.default\">\n\t\t\t\t<div class=\"elementor-widget-container\">\n\t\t\t\t\t\t\t\t\t<p data-start=\"2089\" data-end=\"2145\">La plupart des familles ont <strong data-start=\"2117\" data-end=\"2141\">besoin de comprendre<\/strong>\u202f:<\/p><ul data-start=\"2146\" data-end=\"2288\"><li data-start=\"2146\" data-end=\"2179\"><p data-start=\"2148\" data-end=\"2179\">Ce qui s\u2019est pass\u00e9 exactement<\/p><\/li><li data-start=\"2180\" data-end=\"2215\"><p data-start=\"2182\" data-end=\"2215\">Comment s\u2019est d\u00e9roul\u00e9e l\u2019agonie (le cas \u00e9ch\u00e9ant)<\/p><\/li><li data-start=\"2216\" data-end=\"2244\"><p data-start=\"2218\" data-end=\"2244\">Si le patient a souffert<\/p><\/li><li data-start=\"2245\" data-end=\"2261\"><p data-start=\"2247\" data-end=\"2261\">Qui \u00e9tait l\u00e0<\/p><\/li><li data-start=\"2262\" data-end=\"2288\"><p data-start=\"2264\" data-end=\"2288\">S\u2019il a dit quelque chose<\/p><\/li><\/ul><p data-start=\"2290\" data-end=\"2547\">Ce r\u00e9cit n\u2019est pas simplement factuel. Il permet <strong data-start=\"2339\" data-end=\"2383\">de reconstruire une coh\u00e9rence int\u00e9rieure<\/strong> : &#8220;Il n\u2019est pas mort seul&#8221;, &#8220;Il a \u00e9t\u00e9 bien accompagn\u00e9&#8221;, &#8220;On a fait tout ce qu\u2019on a pu&#8221;. Ces phrases peuvent <strong data-start=\"2492\" data-end=\"2519\">soulager la culpabilit\u00e9<\/strong> ou <strong data-start=\"2523\" data-end=\"2547\">contenir la douleur.<\/strong><\/p><p data-start=\"2549\" data-end=\"2714\">En tant que soignant, <strong data-start=\"2571\" data-end=\"2638\">prendre 10 minutes pour retracer humainement ce qui s\u2019est pass\u00e9<\/strong>, avec des mots simples, c\u2019est donner \u00e0 la famille un outil pour faire face.<\/p>\t\t\t\t\t\t\t\t<\/div>\n\t\t\t\t<\/div>\n\t\t\t\t\t<\/div>\n\t\t\t\t<\/div>\n\t\t<div data-particle_enable=\"false\" data-particle-mobile-disabled=\"false\" class=\"elementor-element elementor-element-2695b50 e-flex e-con-boxed e-con e-parent\" data-id=\"2695b50\" data-element_type=\"container\" data-settings=\"{&quot;jet_parallax_layout_list&quot;:[]}\">\n\t\t\t\t\t<div class=\"e-con-inner\">\n\t\t<div data-particle_enable=\"false\" data-particle-mobile-disabled=\"false\" class=\"elementor-element elementor-element-b6f3d50 e-con-full e-flex e-con e-child\" data-id=\"b6f3d50\" data-element_type=\"container\" data-settings=\"{&quot;jet_parallax_layout_list&quot;:[]}\">\n\t\t\t\t<div class=\"elementor-element elementor-element-59fe3ad elementor-widget elementor-widget-heading\" data-id=\"59fe3ad\" data-element_type=\"widget\" data-widget_type=\"heading.default\">\n\t\t\t\t<div class=\"elementor-widget-container\">\n\t\t\t\t\t<h2 class=\"elementor-heading-title elementor-size-default\">La gestion logistique et administrative : un second choc<\/h2>\t\t\t\t<\/div>\n\t\t\t\t<\/div>\n\t\t\t\t<div class=\"elementor-element elementor-element-fc480b5 elementor-widget elementor-widget-text-editor\" data-id=\"fc480b5\" data-element_type=\"widget\" data-widget_type=\"text-editor.default\">\n\t\t\t\t<div class=\"elementor-widget-container\">\n\t\t\t\t\t\t\t\t\t<p data-start=\"2784\" data-end=\"2911\">Une fois la mort survenue, la famille entre dans une <strong data-start=\"2837\" data-end=\"2851\">zone grise<\/strong> o\u00f9 les \u00e9motions fortes c\u00f4toient les d\u00e9marches concr\u00e8tes :<\/p><ul data-start=\"2912\" data-end=\"3046\"><li data-start=\"2912\" data-end=\"2957\"><p data-start=\"2914\" data-end=\"2957\">Choisir une entreprise de pompes fun\u00e8bres<\/p><\/li><li data-start=\"2958\" data-end=\"2985\"><p data-start=\"2960\" data-end=\"2985\">Organiser une c\u00e9r\u00e9monie<\/p><\/li><li data-start=\"2986\" data-end=\"3008\"><p data-start=\"2988\" data-end=\"3008\">Signer des papiers<\/p><\/li><li data-start=\"3009\" data-end=\"3046\"><p data-start=\"3011\" data-end=\"3046\">R\u00e9cup\u00e9rer des affaires personnelles<\/p><\/li><\/ul>\t\t\t\t\t\t\t\t<\/div>\n\t\t\t\t<\/div>\n\t\t\t\t<\/div>\n\t\t<div data-particle_enable=\"false\" data-particle-mobile-disabled=\"false\" class=\"elementor-element elementor-element-9c68322 e-con-full e-flex e-con e-child\" data-id=\"9c68322\" data-element_type=\"container\" data-settings=\"{&quot;jet_parallax_layout_list&quot;:[]}\">\n\t\t\t\t<div class=\"elementor-element elementor-element-ea34b77 elementor-widget elementor-widget-image\" data-id=\"ea34b77\" data-element_type=\"widget\" data-widget_type=\"image.default\">\n\t\t\t\t<div class=\"elementor-widget-container\">\n\t\t\t\t\t\t\t\t\t\t\t\t\t\t\t<img fetchpriority=\"high\" decoding=\"async\" width=\"800\" height=\"530\" src=\"https:\/\/www.lessurvivants.org\/soignant\/wp-content\/uploads\/sites\/2\/2025\/07\/limpact-de-la-mort-pour-la-famille-1024x678.avif\" class=\"attachment-large size-large wp-image-1956 not-transparent\" alt=\"limpact-de-la-mort-pour-la-famille\" srcset=\"https:\/\/www.lessurvivants.org\/soignant\/wp-content\/uploads\/sites\/2\/2025\/07\/limpact-de-la-mort-pour-la-famille-1024x678.avif 1024w, https:\/\/www.lessurvivants.org\/soignant\/wp-content\/uploads\/sites\/2\/2025\/07\/limpact-de-la-mort-pour-la-famille-300x199.avif 300w, https:\/\/www.lessurvivants.org\/soignant\/wp-content\/uploads\/sites\/2\/2025\/07\/limpact-de-la-mort-pour-la-famille-768x508.avif 768w, https:\/\/www.lessurvivants.org\/soignant\/wp-content\/uploads\/sites\/2\/2025\/07\/limpact-de-la-mort-pour-la-famille.avif 1342w\" sizes=\"(max-width: 800px) 100vw, 800px\" data-has-transparency=\"false\" data-dominant-color=\"9a7e81\" style=\"--dominant-color: #9a7e81\" \/>\t\t\t\t\t\t\t\t\t\t\t\t\t\t\t<\/div>\n\t\t\t\t<\/div>\n\t\t\t\t<\/div>\n\t\t\t\t\t<\/div>\n\t\t\t\t<\/div>\n\t\t<div data-particle_enable=\"false\" data-particle-mobile-disabled=\"false\" class=\"elementor-element elementor-element-faca99e e-flex e-con-boxed e-con e-parent\" data-id=\"faca99e\" data-element_type=\"container\" data-settings=\"{&quot;jet_parallax_layout_list&quot;:[]}\">\n\t\t\t\t\t<div class=\"e-con-inner\">\n\t\t\t\t<div class=\"elementor-element elementor-element-924b968 elementor-widget elementor-widget-text-editor\" data-id=\"924b968\" data-element_type=\"widget\" data-widget_type=\"text-editor.default\">\n\t\t\t\t<div class=\"elementor-widget-container\">\n\t\t\t\t\t\t\t\t\t<p data-start=\"3048\" data-end=\"3156\">\ud83d\udc49 Le syst\u00e8me hospitalier est parfois peu pr\u00e9par\u00e9 \u00e0 cet entre-deux. Pourtant, <strong data-start=\"3128\" data-end=\"3152\">les d\u00e9tails comptent<\/strong> :<\/p><ul data-start=\"3157\" data-end=\"3292\"><li data-start=\"3157\" data-end=\"3193\"><p data-start=\"3159\" data-end=\"3193\">Un lieu calme pour se recueillir<\/p><\/li><li data-start=\"3194\" data-end=\"3239\"><p data-start=\"3196\" data-end=\"3239\">Un accompagnement clair sur les d\u00e9marches<\/p><\/li><li data-start=\"3240\" data-end=\"3292\"><p data-start=\"3242\" data-end=\"3292\">Un soignant disponible pour r\u00e9pondre aux questions<\/p><\/li><\/ul><p data-start=\"3294\" data-end=\"3441\">C\u2019est ici que les <strong data-start=\"3312\" data-end=\"3409\">\u00e9quipes de soins palliatifs, les assistantes sociales, les agents mortuaires ou les aum\u00f4niers<\/strong> peuvent jouer un r\u00f4le pr\u00e9cieux.<\/p>\t\t\t\t\t\t\t\t<\/div>\n\t\t\t\t<\/div>\n\t\t\t\t<div class=\"elementor-element elementor-element-c1f56a7 elementor-widget elementor-widget-heading\" data-id=\"c1f56a7\" data-element_type=\"widget\" data-widget_type=\"heading.default\">\n\t\t\t\t<div class=\"elementor-widget-container\">\n\t\t\t\t\t<h2 class=\"elementor-heading-title elementor-size-default\">Les familles invisibles<\/h2>\t\t\t\t<\/div>\n\t\t\t\t<\/div>\n\t\t\t\t<div class=\"elementor-element elementor-element-8580949 elementor-widget elementor-widget-text-editor\" data-id=\"8580949\" data-element_type=\"widget\" data-widget_type=\"text-editor.default\">\n\t\t\t\t<div class=\"elementor-widget-container\">\n\t\t\t\t\t\t\t\t\t<p data-start=\"3478\" data-end=\"3684\">Toutes les familles ne se ressemblent pas. Certaines sont nombreuses, fusionnelles. D\u2019autres sont <strong data-start=\"3576\" data-end=\"3588\">absentes<\/strong>, distantes, ou en conflit. Certaines situations complexes doivent interpeller les soignants\u202f:<\/p><ul data-start=\"3685\" data-end=\"3842\"><li data-start=\"3685\" data-end=\"3721\"><p data-start=\"3687\" data-end=\"3721\">Familles recompos\u00e9es ou \u00e9clat\u00e9es<\/p><\/li><li data-start=\"3722\" data-end=\"3776\"><p data-start=\"3724\" data-end=\"3776\">Proches non reconnus (amis, compagnons non mari\u00e9s)<\/p><\/li><li data-start=\"3777\" data-end=\"3842\"><p data-start=\"3779\" data-end=\"3842\">Conflits autour du patient (h\u00e9ritage, d\u00e9cisions de soins, etc.)<\/p><\/li><\/ul><p data-start=\"3844\" data-end=\"4026\">\ud83d\udc49 Il est essentiel de <strong data-start=\"3867\" data-end=\"3913\">respecter la diversit\u00e9 des liens affectifs<\/strong>, m\u00eame lorsqu\u2019ils ne sont pas &#8220;officiels&#8221;. Mourir, c\u2019est aussi laisser derri\u00e8re des histoires humaines complexes.<\/p>\t\t\t\t\t\t\t\t<\/div>\n\t\t\t\t<\/div>\n\t\t\t\t<div class=\"elementor-element elementor-element-bb0f5b1 elementor-widget elementor-widget-heading\" data-id=\"bb0f5b1\" data-element_type=\"widget\" data-widget_type=\"heading.default\">\n\t\t\t\t<div class=\"elementor-widget-container\">\n\t\t\t\t\t<h2 class=\"elementor-heading-title elementor-size-default\">Le deuil commence d\u00e8s l\u2019h\u00f4pital<\/h2>\t\t\t\t<\/div>\n\t\t\t\t<\/div>\n\t\t\t\t<div class=\"elementor-element elementor-element-3a17fbd elementor-widget elementor-widget-text-editor\" data-id=\"3a17fbd\" data-element_type=\"widget\" data-widget_type=\"text-editor.default\">\n\t\t\t\t<div class=\"elementor-widget-container\">\n\t\t\t\t\t\t\t\t\t<p data-start=\"4071\" data-end=\"4296\">Pour la famille, <strong data-start=\"4088\" data-end=\"4162\">le deuil ne commence pas \u00e0 l\u2019enterrement, mais d\u00e8s l\u2019annonce du d\u00e9c\u00e8s.<\/strong><br data-start=\"4162\" data-end=\"4165\" \/>L\u2019exp\u00e9rience qu\u2019elle fait de l\u2019h\u00f4pital et des soignants dans ces moments va <strong data-start=\"4241\" data-end=\"4296\">marquer sa m\u00e9moire \u00e9motionnelle pendant des ann\u00e9es.<\/strong><\/p><p data-start=\"4298\" data-end=\"4465\">Un accueil respectueux, une parole bienveillante, un geste d\u2019humanit\u00e9, un silence partag\u00e9 \u2014 ce sont autant de <strong data-start=\"4408\" data-end=\"4433\">graines de r\u00e9paration<\/strong> sem\u00e9es dans un moment de chaos.<\/p>\t\t\t\t\t\t\t\t<\/div>\n\t\t\t\t<\/div>\n\t\t\t\t<div class=\"elementor-element elementor-element-49ffa28 elementor-widget elementor-widget-text-editor\" data-id=\"49ffa28\" data-element_type=\"widget\" data-widget_type=\"text-editor.default\">\n\t\t\t\t<div class=\"elementor-widget-container\">\n\t\t\t\t\t\t\t\t\t<p data-start=\"4489\" data-end=\"4655\">L\u2019impact de la mort sur la famille d\u00e9passe la perte biologique d\u2019un \u00eatre cher. Il touche \u00e0 l\u2019identit\u00e9, \u00e0 l\u2019histoire familiale, \u00e0 la m\u00e9moire et au devenir collectif.<\/p><p data-start=\"4657\" data-end=\"4923\">En tant que soignant, <strong data-start=\"4679\" data-end=\"4731\">nous ne sommes pas responsables de cette douleur<\/strong>, mais nous avons la possibilit\u00e9 d\u2019en <strong data-start=\"4769\" data-end=\"4793\">adoucir les contours<\/strong>.<br data-start=\"4794\" data-end=\"4797\" \/>Reconna\u00eetre la place des familles, les \u00e9couter, leur offrir un cadre digne, c\u2019est aussi <strong data-start=\"4885\" data-end=\"4921\">soigner, au sens large du terme.<\/strong><\/p><p data-start=\"4925\" data-end=\"5079\">Et parfois, pour la famille, <strong data-start=\"4954\" data-end=\"5079\">ce qui reste du passage \u00e0 l\u2019h\u00f4pital, ce ne sont pas les traitements\u2026 mais la fa\u00e7on dont on leur a dit que c\u2019\u00e9tait la fin.<\/strong><\/p>\t\t\t\t\t\t\t\t<\/div>\n\t\t\t\t<\/div>\n\t\t\t\t\t<\/div>\n\t\t\t\t<\/div>\n\t\t\t\t<\/div>\n\t\t","protected":false},"excerpt":{"rendered":"<p>L&#8217;IMPACT DE LA MORT POUR LA FAMILLE La mort \u00e0 l\u2019h\u00f4pital ne touche jamais seulement le patient. Elle fait irruption dans l\u2019histoire d\u2019une famille, souvent brutalement. M\u00eame lorsqu\u2019elle est attendue, elle reste une d\u00e9chirure, une perte, une rupture. Les proches deviennent alors des co-victimes du d\u00e9c\u00e8s, que le syst\u00e8me de soins a souvent du mal [&hellip;]<\/p>\n","protected":false},"author":1,"featured_media":0,"parent":0,"menu_order":0,"comment_status":"closed","ping_status":"closed","template":"","meta":{"footnotes":""},"categories":[],"tags":[],"class_list":["post-1053","page","type-page","status-publish","hentry"],"yoast_head":"<!-- This site is optimized with the Yoast SEO Premium plugin v25.5 (Yoast SEO v25.5) - https:\/\/yoast.com\/wordpress\/plugins\/seo\/ -->\n<title>L\u2019impact de la mort pour la famille - Espace soignant<\/title>\n<meta name=\"robots\" content=\"index, follow, max-snippet:-1, max-image-preview:large, max-video-preview:-1\" \/>\n<link rel=\"canonical\" href=\"https:\/\/www.lessurvivants.org\/soignant\/impact-de-la-mort-pour-la-famille\/\" \/>\n<meta property=\"og:locale\" content=\"fr_FR\" \/>\n<meta property=\"og:type\" content=\"article\" \/>\n<meta property=\"og:title\" content=\"L\u2019impact de la mort pour la famille\" \/>\n<meta property=\"og:description\" content=\"L&#8217;IMPACT DE LA MORT POUR LA FAMILLE La mort \u00e0 l\u2019h\u00f4pital ne touche jamais seulement le patient. Elle fait irruption dans l\u2019histoire d\u2019une famille, souvent brutalement. M\u00eame lorsqu\u2019elle est attendue, elle reste une d\u00e9chirure, une perte, une rupture. Les proches deviennent alors des co-victimes du d\u00e9c\u00e8s, que le syst\u00e8me de soins a souvent du mal [&hellip;]\" \/>\n<meta property=\"og:url\" content=\"https:\/\/www.lessurvivants.org\/soignant\/impact-de-la-mort-pour-la-famille\/\" \/>\n<meta property=\"og:site_name\" content=\"Espace soignant\" \/>\n<meta property=\"article:modified_time\" content=\"2025-07-15T14:36:26+00:00\" \/>\n<meta property=\"og:image\" content=\"https:\/\/www.lessurvivants.org\/soignant\/wp-content\/uploads\/sites\/2\/2025\/07\/limpact-de-la-mort-pour-la-famille.avif\" \/>\n\t<meta property=\"og:image:width\" content=\"1342\" \/>\n\t<meta property=\"og:image:height\" content=\"888\" \/>\n\t<meta property=\"og:image:type\" content=\"image\/jpeg\" \/>\n<meta name=\"twitter:card\" content=\"summary_large_image\" \/>\n<meta name=\"twitter:label1\" content=\"Dur\u00e9e de lecture estim\u00e9e\" \/>\n\t<meta name=\"twitter:data1\" content=\"4 minutes\" \/>\n<script type=\"application\/ld+json\" class=\"yoast-schema-graph\">{\"@context\":\"https:\/\/schema.org\",\"@graph\":[{\"@type\":\"WebPage\",\"@id\":\"https:\/\/www.lessurvivants.org\/soignant\/impact-de-la-mort-pour-la-famille\/\",\"url\":\"https:\/\/www.lessurvivants.org\/soignant\/impact-de-la-mort-pour-la-famille\/\",\"name\":\"L\u2019impact de la mort pour la famille - Espace soignant\",\"isPartOf\":{\"@id\":\"https:\/\/www.lessurvivants.org\/soignant\/#website\"},\"primaryImageOfPage\":{\"@id\":\"https:\/\/www.lessurvivants.org\/soignant\/impact-de-la-mort-pour-la-famille\/#primaryimage\"},\"image\":{\"@id\":\"https:\/\/www.lessurvivants.org\/soignant\/impact-de-la-mort-pour-la-famille\/#primaryimage\"},\"thumbnailUrl\":\"https:\/\/www.lessurvivants.org\/soignant\/wp-content\/uploads\/sites\/2\/2025\/07\/limpact-de-la-mort-pour-la-famille-1024x678.avif\",\"datePublished\":\"2025-03-10T14:21:04+00:00\",\"dateModified\":\"2025-07-15T14:36:26+00:00\",\"breadcrumb\":{\"@id\":\"https:\/\/www.lessurvivants.org\/soignant\/impact-de-la-mort-pour-la-famille\/#breadcrumb\"},\"inLanguage\":\"fr-FR\",\"potentialAction\":[{\"@type\":\"ReadAction\",\"target\":[\"https:\/\/www.lessurvivants.org\/soignant\/impact-de-la-mort-pour-la-famille\/\"]}]},{\"@type\":\"ImageObject\",\"inLanguage\":\"fr-FR\",\"@id\":\"https:\/\/www.lessurvivants.org\/soignant\/impact-de-la-mort-pour-la-famille\/#primaryimage\",\"url\":\"https:\/\/www.lessurvivants.org\/soignant\/wp-content\/uploads\/sites\/2\/2025\/07\/limpact-de-la-mort-pour-la-famille.avif\",\"contentUrl\":\"https:\/\/www.lessurvivants.org\/soignant\/wp-content\/uploads\/sites\/2\/2025\/07\/limpact-de-la-mort-pour-la-famille.avif\",\"width\":1342,\"height\":888,\"caption\":\"limpact-de-la-mort-pour-la-famille\"},{\"@type\":\"BreadcrumbList\",\"@id\":\"https:\/\/www.lessurvivants.org\/soignant\/impact-de-la-mort-pour-la-famille\/#breadcrumb\",\"itemListElement\":[{\"@type\":\"ListItem\",\"position\":1,\"name\":\"Accueil\",\"item\":\"https:\/\/www.lessurvivants.org\/soignant\/\"},{\"@type\":\"ListItem\",\"position\":2,\"name\":\"L\u2019impact de la mort pour la famille\"}]},{\"@type\":\"WebSite\",\"@id\":\"https:\/\/www.lessurvivants.org\/soignant\/#website\",\"url\":\"https:\/\/www.lessurvivants.org\/soignant\/\",\"name\":\"Espace soignant\",\"description\":\"\",\"publisher\":{\"@id\":\"https:\/\/www.lessurvivants.org\/soignant\/#organization\"},\"potentialAction\":[{\"@type\":\"SearchAction\",\"target\":{\"@type\":\"EntryPoint\",\"urlTemplate\":\"https:\/\/www.lessurvivants.org\/soignant\/?s={search_term_string}\"},\"query-input\":{\"@type\":\"PropertyValueSpecification\",\"valueRequired\":true,\"valueName\":\"search_term_string\"}}],\"inLanguage\":\"fr-FR\"},{\"@type\":\"Organization\",\"@id\":\"https:\/\/www.lessurvivants.org\/soignant\/#organization\",\"name\":\"Espace soignant\",\"url\":\"https:\/\/www.lessurvivants.org\/soignant\/\",\"logo\":{\"@type\":\"ImageObject\",\"inLanguage\":\"fr-FR\",\"@id\":\"https:\/\/www.lessurvivants.org\/soignant\/#\/schema\/logo\/image\/\",\"url\":\"https:\/\/www.lessurvivants.org\/wp-content\/uploads\/2025\/03\/logo-final-les-survivants_Plan-de-travail-1.png\",\"contentUrl\":\"https:\/\/www.lessurvivants.org\/wp-content\/uploads\/2025\/03\/logo-final-les-survivants_Plan-de-travail-1.png\",\"caption\":\"Espace soignant\"},\"image\":{\"@id\":\"https:\/\/www.lessurvivants.org\/soignant\/#\/schema\/logo\/image\/\"}}]}<\/script>\n<!-- \/ Yoast SEO Premium plugin. -->","yoast_head_json":{"title":"L\u2019impact de la mort pour la famille - Espace soignant","robots":{"index":"index","follow":"follow","max-snippet":"max-snippet:-1","max-image-preview":"max-image-preview:large","max-video-preview":"max-video-preview:-1"},"canonical":"https:\/\/www.lessurvivants.org\/soignant\/impact-de-la-mort-pour-la-famille\/","og_locale":"fr_FR","og_type":"article","og_title":"L\u2019impact de la mort pour la famille","og_description":"L&#8217;IMPACT DE LA MORT POUR LA FAMILLE La mort \u00e0 l\u2019h\u00f4pital ne touche jamais seulement le patient. Elle fait irruption dans l\u2019histoire d\u2019une famille, souvent brutalement. M\u00eame lorsqu\u2019elle est attendue, elle reste une d\u00e9chirure, une perte, une rupture. Les proches deviennent alors des co-victimes du d\u00e9c\u00e8s, que le syst\u00e8me de soins a souvent du mal [&hellip;]","og_url":"https:\/\/www.lessurvivants.org\/soignant\/impact-de-la-mort-pour-la-famille\/","og_site_name":"Espace soignant","article_modified_time":"2025-07-15T14:36:26+00:00","og_image":[{"width":1342,"height":888,"url":"https:\/\/www.lessurvivants.org\/soignant\/wp-content\/uploads\/sites\/2\/2025\/07\/limpact-de-la-mort-pour-la-famille.avif","type":"image\/jpeg"}],"twitter_card":"summary_large_image","twitter_misc":{"Dur\u00e9e de lecture estim\u00e9e":"4 minutes"},"schema":{"@context":"https:\/\/schema.org","@graph":[{"@type":"WebPage","@id":"https:\/\/www.lessurvivants.org\/soignant\/impact-de-la-mort-pour-la-famille\/","url":"https:\/\/www.lessurvivants.org\/soignant\/impact-de-la-mort-pour-la-famille\/","name":"L\u2019impact de la mort pour la famille - Espace soignant","isPartOf":{"@id":"https:\/\/www.lessurvivants.org\/soignant\/#website"},"primaryImageOfPage":{"@id":"https:\/\/www.lessurvivants.org\/soignant\/impact-de-la-mort-pour-la-famille\/#primaryimage"},"image":{"@id":"https:\/\/www.lessurvivants.org\/soignant\/impact-de-la-mort-pour-la-famille\/#primaryimage"},"thumbnailUrl":"https:\/\/www.lessurvivants.org\/soignant\/wp-content\/uploads\/sites\/2\/2025\/07\/limpact-de-la-mort-pour-la-famille-1024x678.avif","datePublished":"2025-03-10T14:21:04+00:00","dateModified":"2025-07-15T14:36:26+00:00","breadcrumb":{"@id":"https:\/\/www.lessurvivants.org\/soignant\/impact-de-la-mort-pour-la-famille\/#breadcrumb"},"inLanguage":"fr-FR","potentialAction":[{"@type":"ReadAction","target":["https:\/\/www.lessurvivants.org\/soignant\/impact-de-la-mort-pour-la-famille\/"]}]},{"@type":"ImageObject","inLanguage":"fr-FR","@id":"https:\/\/www.lessurvivants.org\/soignant\/impact-de-la-mort-pour-la-famille\/#primaryimage","url":"https:\/\/www.lessurvivants.org\/soignant\/wp-content\/uploads\/sites\/2\/2025\/07\/limpact-de-la-mort-pour-la-famille.avif","contentUrl":"https:\/\/www.lessurvivants.org\/soignant\/wp-content\/uploads\/sites\/2\/2025\/07\/limpact-de-la-mort-pour-la-famille.avif","width":1342,"height":888,"caption":"limpact-de-la-mort-pour-la-famille"},{"@type":"BreadcrumbList","@id":"https:\/\/www.lessurvivants.org\/soignant\/impact-de-la-mort-pour-la-famille\/#breadcrumb","itemListElement":[{"@type":"ListItem","position":1,"name":"Accueil","item":"https:\/\/www.lessurvivants.org\/soignant\/"},{"@type":"ListItem","position":2,"name":"L\u2019impact de la mort pour la famille"}]},{"@type":"WebSite","@id":"https:\/\/www.lessurvivants.org\/soignant\/#website","url":"https:\/\/www.lessurvivants.org\/soignant\/","name":"Espace soignant","description":"","publisher":{"@id":"https:\/\/www.lessurvivants.org\/soignant\/#organization"},"potentialAction":[{"@type":"SearchAction","target":{"@type":"EntryPoint","urlTemplate":"https:\/\/www.lessurvivants.org\/soignant\/?s={search_term_string}"},"query-input":{"@type":"PropertyValueSpecification","valueRequired":true,"valueName":"search_term_string"}}],"inLanguage":"fr-FR"},{"@type":"Organization","@id":"https:\/\/www.lessurvivants.org\/soignant\/#organization","name":"Espace soignant","url":"https:\/\/www.lessurvivants.org\/soignant\/","logo":{"@type":"ImageObject","inLanguage":"fr-FR","@id":"https:\/\/www.lessurvivants.org\/soignant\/#\/schema\/logo\/image\/","url":"https:\/\/www.lessurvivants.org\/wp-content\/uploads\/2025\/03\/logo-final-les-survivants_Plan-de-travail-1.png","contentUrl":"https:\/\/www.lessurvivants.org\/wp-content\/uploads\/2025\/03\/logo-final-les-survivants_Plan-de-travail-1.png","caption":"Espace soignant"},"image":{"@id":"https:\/\/www.lessurvivants.org\/soignant\/#\/schema\/logo\/image\/"}}]}},"_links":{"self":[{"href":"https:\/\/www.lessurvivants.org\/soignant\/wp-json\/wp\/v2\/pages\/1053","targetHints":{"allow":["GET"]}}],"collection":[{"href":"https:\/\/www.lessurvivants.org\/soignant\/wp-json\/wp\/v2\/pages"}],"about":[{"href":"https:\/\/www.lessurvivants.org\/soignant\/wp-json\/wp\/v2\/types\/page"}],"author":[{"embeddable":true,"href":"https:\/\/www.lessurvivants.org\/soignant\/wp-json\/wp\/v2\/users\/1"}],"replies":[{"embeddable":true,"href":"https:\/\/www.lessurvivants.org\/soignant\/wp-json\/wp\/v2\/comments?post=1053"}],"version-history":[{"count":11,"href":"https:\/\/www.lessurvivants.org\/soignant\/wp-json\/wp\/v2\/pages\/1053\/revisions"}],"predecessor-version":[{"id":1959,"href":"https:\/\/www.lessurvivants.org\/soignant\/wp-json\/wp\/v2\/pages\/1053\/revisions\/1959"}],"wp:attachment":[{"href":"https:\/\/www.lessurvivants.org\/soignant\/wp-json\/wp\/v2\/media?parent=1053"}],"wp:term":[{"taxonomy":"category","embeddable":true,"href":"https:\/\/www.lessurvivants.org\/soignant\/wp-json\/wp\/v2\/categories?post=1053"},{"taxonomy":"post_tag","embeddable":true,"href":"https:\/\/www.lessurvivants.org\/soignant\/wp-json\/wp\/v2\/tags?post=1053"}],"curies":[{"name":"wp","href":"https:\/\/api.w.org\/{rel}","templated":true}]}}