{"id":1055,"date":"2025-03-10T15:21:13","date_gmt":"2025-03-10T14:21:13","guid":{"rendered":"https:\/\/www.lessurvivants.org\/soignant\/?page_id=1055"},"modified":"2025-07-11T12:01:59","modified_gmt":"2025-07-11T10:01:59","slug":"impact-de-la-mort-pour-lhopital","status":"publish","type":"page","link":"https:\/\/www.lessurvivants.org\/soignant\/impact-de-la-mort-pour-lhopital\/","title":{"rendered":"L\u2019impact de la mort pour l\u2019h\u00f4pital"},"content":{"rendered":"\t\t<div data-elementor-type=\"wp-page\" data-elementor-id=\"1055\" class=\"elementor elementor-1055\" data-elementor-post-type=\"page\">\n\t\t\t\t<div data-particle_enable=\"false\" data-particle-mobile-disabled=\"false\" class=\"elementor-element elementor-element-665d0a5 e-flex e-con-boxed e-con e-parent\" data-id=\"665d0a5\" data-element_type=\"container\" data-settings=\"{&quot;jet_parallax_layout_list&quot;:[]}\">\n\t\t\t\t\t<div class=\"e-con-inner\">\n\t\t\t\t<div class=\"elementor-element elementor-element-d9cc61e elementor-widget elementor-widget-heading\" data-id=\"d9cc61e\" data-element_type=\"widget\" data-widget_type=\"heading.default\">\n\t\t\t\t<div class=\"elementor-widget-container\">\n\t\t\t\t\t<h2 class=\"elementor-heading-title elementor-size-default\">L'IMPACT DE LA MORT POUR L'H\u00d4PITAL<\/h2>\t\t\t\t<\/div>\n\t\t\t\t<\/div>\n\t\t\t\t<div class=\"elementor-element elementor-element-38f341e elementor-widget elementor-widget-text-editor\" data-id=\"38f341e\" data-element_type=\"widget\" data-widget_type=\"text-editor.default\">\n\t\t\t\t<div class=\"elementor-widget-container\">\n\t\t\t\t\t\t\t\t\t<p data-start=\"762\" data-end=\"1221\">La mort ne s\u2019arr\u00eate pas \u00e0 la chambre o\u00f9 elle survient. Elle traverse les murs, les couloirs, les services. \u00c0 l\u2019h\u00f4pital, elle est une r\u00e9alit\u00e9 fr\u00e9quente mais peu visible. Pourtant, chaque d\u00e9c\u00e8s mobilise des personnes, d\u00e9clenche des proc\u00e9dures, implique des lieux sp\u00e9cifiques. Son impact d\u00e9passe le cadre individuel du soignant ou du patient : il engage l\u2019h\u00f4pital dans son ensemble, dans son organisation, sa culture et sa mani\u00e8re d\u2019envisager l\u2019humanit\u00e9 du soin.<\/p>\t\t\t\t\t\t\t\t<\/div>\n\t\t\t\t<\/div>\n\t\t\t\t\t<\/div>\n\t\t\t\t<\/div>\n\t\t<div data-particle_enable=\"false\" data-particle-mobile-disabled=\"false\" class=\"elementor-element elementor-element-ced94e0 e-flex e-con-boxed e-con e-parent\" data-id=\"ced94e0\" data-element_type=\"container\" data-settings=\"{&quot;jet_parallax_layout_list&quot;:[]}\">\n\t\t\t\t\t<div class=\"e-con-inner\">\n\t\t\t\t<div class=\"elementor-element elementor-element-5a96846 elementor-widget elementor-widget-heading\" data-id=\"5a96846\" data-element_type=\"widget\" data-widget_type=\"heading.default\">\n\t\t\t\t<div class=\"elementor-widget-container\">\n\t\t\t\t\t<h2 class=\"elementor-heading-title elementor-size-default\">Une r\u00e9alit\u00e9 quotidienne, souvent invisibilis\u00e9e<\/h2>\t\t\t\t<\/div>\n\t\t\t\t<\/div>\n\t\t\t\t<div class=\"elementor-element elementor-element-62b9738 elementor-widget elementor-widget-text-editor\" data-id=\"62b9738\" data-element_type=\"widget\" data-widget_type=\"text-editor.default\">\n\t\t\t\t<div class=\"elementor-widget-container\">\n\t\t\t\t\t\t\t\t\t<p data-start=\"1281\" data-end=\"1635\">Dans de nombreux \u00e9tablissements, la mort est omnipr\u00e9sente\u2026 mais rarement nomm\u00e9e. On l\u2019\u00e9voque comme un &#8220;dossier clos&#8221;, un &#8220;transfert au fun\u00e9rarium&#8221;, un &#8220;certificat \u00e9tabli&#8221;. Le langage administratif gomme la port\u00e9e \u00e9motionnelle et humaine de l\u2019\u00e9v\u00e9nement. Pourtant, la mort, m\u00eame banalis\u00e9e, continue d\u2019impr\u00e9gner l\u2019h\u00f4pital, d\u2019une mani\u00e8re souvent souterraine.<\/p><p data-start=\"1637\" data-end=\"1797\">Et elle touche bien plus de monde qu\u2019on ne l\u2019imagine. Car un d\u00e9c\u00e8s n\u2019est jamais &#8220;localis\u00e9&#8221; : il implique, directement ou indirectement, une multitude d\u2019acteurs.<\/p>\t\t\t\t\t\t\t\t<\/div>\n\t\t\t\t<\/div>\n\t\t\t\t<div class=\"elementor-element elementor-element-72621df elementor-widget elementor-widget-heading\" data-id=\"72621df\" data-element_type=\"widget\" data-widget_type=\"heading.default\">\n\t\t\t\t<div class=\"elementor-widget-container\">\n\t\t\t\t\t<h2 class=\"elementor-heading-title elementor-size-default\">Le parcours du d\u00e9funt : une cha\u00eene humaine discr\u00e8te<\/h2>\t\t\t\t<\/div>\n\t\t\t\t<\/div>\n\t\t\t\t\t<\/div>\n\t\t\t\t<\/div>\n\t\t<div data-particle_enable=\"false\" data-particle-mobile-disabled=\"false\" class=\"elementor-element elementor-element-1581b4b e-flex e-con-boxed e-con e-parent\" data-id=\"1581b4b\" data-element_type=\"container\" data-settings=\"{&quot;jet_parallax_layout_list&quot;:[]}\">\n\t\t\t\t\t<div class=\"e-con-inner\">\n\t\t<div data-particle_enable=\"false\" data-particle-mobile-disabled=\"false\" class=\"elementor-element elementor-element-dba380c e-con-full e-flex e-con e-child\" data-id=\"dba380c\" data-element_type=\"container\" data-settings=\"{&quot;jet_parallax_layout_list&quot;:[]}\">\n\t\t\t\t<div class=\"elementor-element elementor-element-2157dc3 elementor-widget elementor-widget-text-editor\" data-id=\"2157dc3\" data-element_type=\"widget\" data-widget_type=\"text-editor.default\">\n\t\t\t\t<div class=\"elementor-widget-container\">\n\t\t\t\t\t\t\t\t\t<p data-start=\"1862\" data-end=\"2226\">Apr\u00e8s la mort, le corps ne dispara\u00eet pas : il circule. Il passe par d\u2019autres services, d\u2019autres mains, d\u2019autres attentions. Le brancardier qui accompagne le d\u00e9funt, l\u2019agent qui nettoie la chambre, le personnel de la chambre mortuaire, le m\u00e9decin l\u00e9giste dans certains cas, l\u2019\u00e9quipe des admissions pour les d\u00e9marches administratives, les soins fun\u00e9raires parfois\u2026<\/p><p data-start=\"2228\" data-end=\"2509\">Tous ces professionnels participent, sans toujours y \u00eatre pr\u00e9par\u00e9s \u00e9motionnellement, \u00e0 cette \u00e9tape du parcours de soin. L\u2019impact est donc bien plus large que le service d\u2019origine. La <strong data-start=\"2411\" data-end=\"2468\">cha\u00eene du d\u00e9c\u00e8s mobilise de nombreux corps de m\u00e9tiers<\/strong>, souvent invisibles, souvent silencieux.<\/p>\t\t\t\t\t\t\t\t<\/div>\n\t\t\t\t<\/div>\n\t\t\t\t<\/div>\n\t\t<div data-particle_enable=\"false\" data-particle-mobile-disabled=\"false\" class=\"elementor-element elementor-element-c2b644b e-con-full e-flex e-con e-child\" data-id=\"c2b644b\" data-element_type=\"container\" data-settings=\"{&quot;jet_parallax_layout_list&quot;:[]}\">\n\t\t\t\t<div class=\"elementor-element elementor-element-c64e6e0 elementor-widget elementor-widget-image\" data-id=\"c64e6e0\" data-element_type=\"widget\" data-widget_type=\"image.default\">\n\t\t\t\t<div class=\"elementor-widget-container\">\n\t\t\t\t\t\t\t\t\t\t\t\t\t\t\t<img fetchpriority=\"high\" decoding=\"async\" width=\"800\" height=\"532\" src=\"https:\/\/www.lessurvivants.org\/soignant\/wp-content\/uploads\/sites\/2\/2025\/07\/limpact-de-la-mort-pour-lhopital-les-survivants-1024x681.avif\" class=\"attachment-large size-large wp-image-1935 not-transparent\" alt=\"limpact-de-la-mort-pour-lhopital-les-survivants\" srcset=\"https:\/\/www.lessurvivants.org\/soignant\/wp-content\/uploads\/sites\/2\/2025\/07\/limpact-de-la-mort-pour-lhopital-les-survivants-1024x681.avif 1024w, https:\/\/www.lessurvivants.org\/soignant\/wp-content\/uploads\/sites\/2\/2025\/07\/limpact-de-la-mort-pour-lhopital-les-survivants-300x200.avif 300w, https:\/\/www.lessurvivants.org\/soignant\/wp-content\/uploads\/sites\/2\/2025\/07\/limpact-de-la-mort-pour-lhopital-les-survivants-768x511.avif 768w, https:\/\/www.lessurvivants.org\/soignant\/wp-content\/uploads\/sites\/2\/2025\/07\/limpact-de-la-mort-pour-lhopital-les-survivants.avif 1344w\" sizes=\"(max-width: 800px) 100vw, 800px\" data-has-transparency=\"false\" data-dominant-color=\"9e837d\" style=\"--dominant-color: #9e837d\" \/>\t\t\t\t\t\t\t\t\t\t\t\t\t\t\t<\/div>\n\t\t\t\t<\/div>\n\t\t\t\t<\/div>\n\t\t\t\t\t<\/div>\n\t\t\t\t<\/div>\n\t\t<div data-particle_enable=\"false\" data-particle-mobile-disabled=\"false\" class=\"elementor-element elementor-element-4b0f0a9 e-flex e-con-boxed e-con e-parent\" data-id=\"4b0f0a9\" data-element_type=\"container\" data-settings=\"{&quot;jet_parallax_layout_list&quot;:[]}\">\n\t\t\t\t\t<div class=\"e-con-inner\">\n\t\t\t\t<div class=\"elementor-element elementor-element-e789e5d elementor-widget elementor-widget-heading\" data-id=\"e789e5d\" data-element_type=\"widget\" data-widget_type=\"heading.default\">\n\t\t\t\t<div class=\"elementor-widget-container\">\n\t\t\t\t\t<h2 class=\"elementor-heading-title elementor-size-default\">L\u2019organisation face \u00e0 la mort : proc\u00e9dures et protocoles<\/h2>\t\t\t\t<\/div>\n\t\t\t\t<\/div>\n\t\t\t\t<div class=\"elementor-element elementor-element-c0c1463 elementor-widget elementor-widget-text-editor\" data-id=\"c0c1463\" data-element_type=\"widget\" data-widget_type=\"text-editor.default\">\n\t\t\t\t<div class=\"elementor-widget-container\">\n\t\t\t\t\t\t\t\t\t<p data-start=\"2579\" data-end=\"2835\">Pour r\u00e9pondre \u00e0 cette r\u00e9alit\u00e9, les h\u00f4pitaux mettent en place des <strong data-start=\"2644\" data-end=\"2670\">proc\u00e9dures sp\u00e9cifiques<\/strong>. Bien men\u00e9es, elles permettent \u00e0 la fois un accompagnement digne du d\u00e9funt, un soutien aux \u00e9quipes et une clart\u00e9 organisationnelle. Ces protocoles peuvent inclure :<\/p><ul data-start=\"2837\" data-end=\"3230\"><li data-start=\"2837\" data-end=\"2900\"><p data-start=\"2839\" data-end=\"2900\">Des fiches r\u00e9flexes pour les d\u00e9c\u00e8s (attendus ou inattendus)<\/p><\/li><li data-start=\"2901\" data-end=\"2958\"><p data-start=\"2903\" data-end=\"2958\">Des protocoles de transfert vers la chambre mortuaire<\/p><\/li><li data-start=\"2959\" data-end=\"3010\"><p data-start=\"2961\" data-end=\"3010\">Une tra\u00e7abilit\u00e9 stricte du parcours post-mortem<\/p><\/li><li data-start=\"3011\" data-end=\"3078\"><p data-start=\"3013\" data-end=\"3078\">Des temps de recueillement propos\u00e9s aux familles ou aux \u00e9quipes<\/p><\/li><li data-start=\"3079\" data-end=\"3163\"><p data-start=\"3081\" data-end=\"3163\">Des documents types pour l\u2019annonce \u00e0 la famille ou les d\u00e9marches administratives<\/p><\/li><li data-start=\"3164\" data-end=\"3230\"><p data-start=\"3166\" data-end=\"3230\">Une coordination avec les associations cultuelles ou religieuses<\/p><\/li><\/ul><p data-start=\"3232\" data-end=\"3415\">Ces dispositifs sont souvent peu connus des \u00e9quipes. Pourtant, bien utilis\u00e9s, ils offrent des rep\u00e8res et peuvent soulager les soignants, en donnant un cadre \u00e0 un moment d\u00e9stabilisant.<\/p>\t\t\t\t\t\t\t\t<\/div>\n\t\t\t\t<\/div>\n\t\t\t\t<div class=\"elementor-element elementor-element-ef7f574 elementor-widget elementor-widget-heading\" data-id=\"ef7f574\" data-element_type=\"widget\" data-widget_type=\"heading.default\">\n\t\t\t\t<div class=\"elementor-widget-container\">\n\t\t\t\t\t<h2 class=\"elementor-heading-title elementor-size-default\">Lieux de recueillement et symboles institutionnels<\/h2>\t\t\t\t<\/div>\n\t\t\t\t<\/div>\n\t\t\t\t\t<\/div>\n\t\t\t\t<\/div>\n\t\t<div data-particle_enable=\"false\" data-particle-mobile-disabled=\"false\" class=\"elementor-element elementor-element-2b34d55 e-flex e-con-boxed e-con e-parent\" data-id=\"2b34d55\" data-element_type=\"container\" data-settings=\"{&quot;jet_parallax_layout_list&quot;:[]}\">\n\t\t\t\t\t<div class=\"e-con-inner\">\n\t\t<div data-particle_enable=\"false\" data-particle-mobile-disabled=\"false\" class=\"elementor-element elementor-element-0ce187d e-con-full e-flex e-con e-child\" data-id=\"0ce187d\" data-element_type=\"container\" data-settings=\"{&quot;jet_parallax_layout_list&quot;:[]}\">\n\t\t\t\t<div class=\"elementor-element elementor-element-d5d2772 elementor-widget elementor-widget-image\" data-id=\"d5d2772\" data-element_type=\"widget\" data-widget_type=\"image.default\">\n\t\t\t\t<div class=\"elementor-widget-container\">\n\t\t\t\t\t\t\t\t\t\t\t\t\t\t\t<img decoding=\"async\" width=\"582\" height=\"890\" src=\"https:\/\/www.lessurvivants.org\/soignant\/wp-content\/uploads\/sites\/2\/2025\/07\/limpact-de-la-mort-pour-lhopital-les-survivants-2.avif\" class=\"attachment-large size-large wp-image-1936 not-transparent\" alt=\"limpact-de-la-mort-pour-lhopital-les-survivants-2\" srcset=\"https:\/\/www.lessurvivants.org\/soignant\/wp-content\/uploads\/sites\/2\/2025\/07\/limpact-de-la-mort-pour-lhopital-les-survivants-2.avif 582w, https:\/\/www.lessurvivants.org\/soignant\/wp-content\/uploads\/sites\/2\/2025\/07\/limpact-de-la-mort-pour-lhopital-les-survivants-2-196x300.avif 196w\" sizes=\"(max-width: 582px) 100vw, 582px\" data-has-transparency=\"false\" data-dominant-color=\"d67c86\" style=\"--dominant-color: #d67c86\" \/>\t\t\t\t\t\t\t\t\t\t\t\t\t\t\t<\/div>\n\t\t\t\t<\/div>\n\t\t\t\t<\/div>\n\t\t<div data-particle_enable=\"false\" data-particle-mobile-disabled=\"false\" class=\"elementor-element elementor-element-8c618b2 e-con-full e-flex e-con e-child\" data-id=\"8c618b2\" data-element_type=\"container\" data-settings=\"{&quot;jet_parallax_layout_list&quot;:[]}\">\n\t\t\t\t<div class=\"elementor-element elementor-element-b923147 elementor-widget elementor-widget-text-editor\" data-id=\"b923147\" data-element_type=\"widget\" data-widget_type=\"text-editor.default\">\n\t\t\t\t<div class=\"elementor-widget-container\">\n\t\t\t\t\t\t\t\t\t<p data-start=\"3479\" data-end=\"3820\">Plusieurs h\u00f4pitaux ont am\u00e9nag\u00e9 <strong data-start=\"3510\" data-end=\"3532\">des espaces d\u00e9di\u00e9s<\/strong> : une chapelle, une salle de silence, un espace multiconfessionnel ou la\u00efc. Ces lieux sont ouverts aux familles\u2026 mais aussi aux professionnels. S&#8217;y poser, y d\u00e9poser une \u00e9motion, y allumer une bougie ou simplement y respirer peut offrir une respiration symbolique dans le tumulte du soin.<\/p><p data-start=\"3822\" data-end=\"3864\">Certains \u00e9tablissements vont plus loin :<\/p><ul data-start=\"3865\" data-end=\"4102\"><li data-start=\"3865\" data-end=\"3924\"><p data-start=\"3867\" data-end=\"3924\">Installation de <strong data-start=\"3883\" data-end=\"3904\">livres de m\u00e9moire<\/strong> dans les services<\/p><\/li><li data-start=\"3925\" data-end=\"3982\"><p data-start=\"3927\" data-end=\"3982\">Organisation annuelle d\u2019une <strong data-start=\"3955\" data-end=\"3980\">c\u00e9r\u00e9monie du souvenir<\/strong><\/p><\/li><li data-start=\"3983\" data-end=\"4033\"><p data-start=\"3985\" data-end=\"4033\">Projets d\u2019<strong data-start=\"3995\" data-end=\"4031\">art dans les chambres mortuaires<\/strong><\/p><\/li><li data-start=\"4034\" data-end=\"4102\"><p data-start=\"4036\" data-end=\"4102\">Charte du soin en fin de vie visible dans les espaces de passage<\/p><\/li><\/ul><p data-start=\"4104\" data-end=\"4179\">Loin d\u2019\u00eatre anecdotiques, ces gestes contribuent \u00e0 humaniser l\u2019institution.<\/p>\t\t\t\t\t\t\t\t<\/div>\n\t\t\t\t<\/div>\n\t\t\t\t<\/div>\n\t\t\t\t\t<\/div>\n\t\t\t\t<\/div>\n\t\t<div data-particle_enable=\"false\" data-particle-mobile-disabled=\"false\" class=\"elementor-element elementor-element-77e2bd2 e-flex e-con-boxed e-con e-parent\" data-id=\"77e2bd2\" data-element_type=\"container\" data-settings=\"{&quot;jet_parallax_layout_list&quot;:[]}\">\n\t\t\t\t\t<div class=\"e-con-inner\">\n\t\t\t\t<div class=\"elementor-element elementor-element-7d1cb02 elementor-widget elementor-widget-heading\" data-id=\"7d1cb02\" data-element_type=\"widget\" data-widget_type=\"heading.default\">\n\t\t\t\t<div class=\"elementor-widget-container\">\n\t\t\t\t\t<h2 class=\"elementor-heading-title elementor-size-default\">L\u2019h\u00f4pital, entre rationalisation et humanit\u00e9<\/h2>\t\t\t\t<\/div>\n\t\t\t\t<\/div>\n\t\t\t\t<div class=\"elementor-element elementor-element-d30345b elementor-widget elementor-widget-text-editor\" data-id=\"d30345b\" data-element_type=\"widget\" data-widget_type=\"text-editor.default\">\n\t\t\t\t<div class=\"elementor-widget-container\">\n\t\t\t\t\t\t\t\t\t<p data-start=\"4237\" data-end=\"4648\">Face \u00e0 des pressions budg\u00e9taires, des logiques d\u2019efficience et de flux, l\u2019h\u00f4pital peut \u00eatre tent\u00e9 d\u2019effacer la mort, de l\u2019acc\u00e9l\u00e9rer, de la d\u00e9placer. Certains services ferment leurs lits imm\u00e9diatement apr\u00e8s un d\u00e9c\u00e8s, sans temps de transition. D\u2019autres manquent de lieux adapt\u00e9s pour la famille ou pour le recueillement. Ce fonctionnement, dict\u00e9 par les contraintes, peut renforcer le mal-\u00eatre des professionnels.<\/p><p data-start=\"4650\" data-end=\"4924\">Et pourtant, <strong data-start=\"4663\" data-end=\"4708\">l\u2019h\u00f4pital est aussi un lieu de fin de vie<\/strong>, pas seulement de soins actifs. Int\u00e9grer cette donn\u00e9e dans les organisations, c\u2019est reconna\u00eetre que la dignit\u00e9 ne se joue pas seulement dans le soin curatif, mais aussi dans <strong data-start=\"4883\" data-end=\"4923\">la fa\u00e7on dont la mort est accueillie<\/strong>.<\/p>\t\t\t\t\t\t\t\t<\/div>\n\t\t\t\t<\/div>\n\t\t\t\t\t<\/div>\n\t\t\t\t<\/div>\n\t\t<div data-particle_enable=\"false\" data-particle-mobile-disabled=\"false\" class=\"elementor-element elementor-element-6bc6ba8 e-flex e-con-boxed e-con e-parent\" data-id=\"6bc6ba8\" data-element_type=\"container\" data-settings=\"{&quot;jet_parallax_layout_list&quot;:[]}\">\n\t\t\t\t\t<div class=\"e-con-inner\">\n\t\t\t\t<div class=\"elementor-element elementor-element-ab7f68b elementor-widget elementor-widget-text-editor\" data-id=\"ab7f68b\" data-element_type=\"widget\" data-widget_type=\"text-editor.default\">\n\t\t\t\t<div class=\"elementor-widget-container\">\n\t\t\t\t\t\t\t\t\t<p data-start=\"4948\" data-end=\"5305\">La mort a un co\u00fbt \u00e9motionnel, humain et organisationnel pour l\u2019h\u00f4pital. Elle le traverse en silence ou en tension, parfois dans l\u2019indiff\u00e9rence, parfois dans une attention discr\u00e8te. Reconna\u00eetre cet impact, c\u2019est permettre \u00e0 l\u2019institution de devenir un <strong data-start=\"5199\" data-end=\"5227\">lieu d\u2019humanit\u00e9 compl\u00e8te<\/strong>, o\u00f9 l\u2019on soigne, o\u00f9 l\u2019on accompagne, o\u00f9 l\u2019on meurt\u2026 et o\u00f9 l\u2019on se souvient.<\/p><p data-start=\"5307\" data-end=\"5522\">Former les \u00e9quipes, ritualiser les \u00e9tapes, am\u00e9nager des espaces, penser des protocoles&#8230; Autant de leviers pour <strong data-start=\"5420\" data-end=\"5460\">rendre visible la mort et ses effets<\/strong>. Et faire de l\u2019h\u00f4pital un lieu vivant\u2026 jusque dans ses morts.<\/p>\t\t\t\t\t\t\t\t<\/div>\n\t\t\t\t<\/div>\n\t\t\t\t\t<\/div>\n\t\t\t\t<\/div>\n\t\t\t\t<\/div>\n\t\t","protected":false},"excerpt":{"rendered":"<p>L&#8217;IMPACT DE LA MORT POUR L&#8217;H\u00d4PITAL La mort ne s\u2019arr\u00eate pas \u00e0 la chambre o\u00f9 elle survient. Elle traverse les murs, les couloirs, les services. \u00c0 l\u2019h\u00f4pital, elle est une r\u00e9alit\u00e9 fr\u00e9quente mais peu visible. Pourtant, chaque d\u00e9c\u00e8s mobilise des personnes, d\u00e9clenche des proc\u00e9dures, implique des lieux sp\u00e9cifiques. Son impact d\u00e9passe le cadre individuel du [&hellip;]<\/p>\n","protected":false},"author":1,"featured_media":0,"parent":0,"menu_order":0,"comment_status":"closed","ping_status":"closed","template":"","meta":{"footnotes":""},"categories":[],"tags":[],"class_list":["post-1055","page","type-page","status-publish","hentry"],"yoast_head":"<!-- This site is optimized with the Yoast SEO Premium plugin v25.5 (Yoast SEO v25.5) - https:\/\/yoast.com\/wordpress\/plugins\/seo\/ -->\n<title>L\u2019impact de la mort pour l\u2019h\u00f4pital - Espace soignant<\/title>\n<meta name=\"robots\" content=\"index, follow, max-snippet:-1, max-image-preview:large, max-video-preview:-1\" \/>\n<link rel=\"canonical\" href=\"https:\/\/www.lessurvivants.org\/soignant\/impact-de-la-mort-pour-lhopital\/\" \/>\n<meta property=\"og:locale\" content=\"fr_FR\" \/>\n<meta property=\"og:type\" content=\"article\" \/>\n<meta property=\"og:title\" content=\"L\u2019impact de la mort pour l\u2019h\u00f4pital\" \/>\n<meta property=\"og:description\" content=\"L&#8217;IMPACT DE LA MORT POUR L&#8217;H\u00d4PITAL La mort ne s\u2019arr\u00eate pas \u00e0 la chambre o\u00f9 elle survient. Elle traverse les murs, les couloirs, les services. \u00c0 l\u2019h\u00f4pital, elle est une r\u00e9alit\u00e9 fr\u00e9quente mais peu visible. Pourtant, chaque d\u00e9c\u00e8s mobilise des personnes, d\u00e9clenche des proc\u00e9dures, implique des lieux sp\u00e9cifiques. Son impact d\u00e9passe le cadre individuel du [&hellip;]\" \/>\n<meta property=\"og:url\" content=\"https:\/\/www.lessurvivants.org\/soignant\/impact-de-la-mort-pour-lhopital\/\" \/>\n<meta property=\"og:site_name\" content=\"Espace soignant\" \/>\n<meta property=\"article:modified_time\" content=\"2025-07-11T10:01:59+00:00\" \/>\n<meta property=\"og:image\" content=\"https:\/\/www.lessurvivants.org\/soignant\/wp-content\/uploads\/sites\/2\/2025\/07\/limpact-de-la-mort-pour-lhopital-les-survivants.avif\" \/>\n\t<meta property=\"og:image:width\" content=\"1344\" \/>\n\t<meta property=\"og:image:height\" content=\"894\" \/>\n\t<meta property=\"og:image:type\" content=\"image\/jpeg\" \/>\n<meta name=\"twitter:card\" content=\"summary_large_image\" \/>\n<meta name=\"twitter:label1\" content=\"Dur\u00e9e de lecture estim\u00e9e\" \/>\n\t<meta name=\"twitter:data1\" content=\"4 minutes\" \/>\n<script type=\"application\/ld+json\" class=\"yoast-schema-graph\">{\"@context\":\"https:\/\/schema.org\",\"@graph\":[{\"@type\":\"WebPage\",\"@id\":\"https:\/\/www.lessurvivants.org\/soignant\/impact-de-la-mort-pour-lhopital\/\",\"url\":\"https:\/\/www.lessurvivants.org\/soignant\/impact-de-la-mort-pour-lhopital\/\",\"name\":\"L\u2019impact de la mort pour l\u2019h\u00f4pital - Espace soignant\",\"isPartOf\":{\"@id\":\"https:\/\/www.lessurvivants.org\/soignant\/#website\"},\"primaryImageOfPage\":{\"@id\":\"https:\/\/www.lessurvivants.org\/soignant\/impact-de-la-mort-pour-lhopital\/#primaryimage\"},\"image\":{\"@id\":\"https:\/\/www.lessurvivants.org\/soignant\/impact-de-la-mort-pour-lhopital\/#primaryimage\"},\"thumbnailUrl\":\"https:\/\/www.lessurvivants.org\/soignant\/wp-content\/uploads\/sites\/2\/2025\/07\/limpact-de-la-mort-pour-lhopital-les-survivants-1024x681.avif\",\"datePublished\":\"2025-03-10T14:21:13+00:00\",\"dateModified\":\"2025-07-11T10:01:59+00:00\",\"breadcrumb\":{\"@id\":\"https:\/\/www.lessurvivants.org\/soignant\/impact-de-la-mort-pour-lhopital\/#breadcrumb\"},\"inLanguage\":\"fr-FR\",\"potentialAction\":[{\"@type\":\"ReadAction\",\"target\":[\"https:\/\/www.lessurvivants.org\/soignant\/impact-de-la-mort-pour-lhopital\/\"]}]},{\"@type\":\"ImageObject\",\"inLanguage\":\"fr-FR\",\"@id\":\"https:\/\/www.lessurvivants.org\/soignant\/impact-de-la-mort-pour-lhopital\/#primaryimage\",\"url\":\"https:\/\/www.lessurvivants.org\/soignant\/wp-content\/uploads\/sites\/2\/2025\/07\/limpact-de-la-mort-pour-lhopital-les-survivants.avif\",\"contentUrl\":\"https:\/\/www.lessurvivants.org\/soignant\/wp-content\/uploads\/sites\/2\/2025\/07\/limpact-de-la-mort-pour-lhopital-les-survivants.avif\",\"width\":1344,\"height\":894,\"caption\":\"limpact-de-la-mort-pour-lhopital-les-survivants\"},{\"@type\":\"BreadcrumbList\",\"@id\":\"https:\/\/www.lessurvivants.org\/soignant\/impact-de-la-mort-pour-lhopital\/#breadcrumb\",\"itemListElement\":[{\"@type\":\"ListItem\",\"position\":1,\"name\":\"Accueil\",\"item\":\"https:\/\/www.lessurvivants.org\/soignant\/\"},{\"@type\":\"ListItem\",\"position\":2,\"name\":\"L\u2019impact de la mort pour l\u2019h\u00f4pital\"}]},{\"@type\":\"WebSite\",\"@id\":\"https:\/\/www.lessurvivants.org\/soignant\/#website\",\"url\":\"https:\/\/www.lessurvivants.org\/soignant\/\",\"name\":\"Espace soignant\",\"description\":\"\",\"publisher\":{\"@id\":\"https:\/\/www.lessurvivants.org\/soignant\/#organization\"},\"potentialAction\":[{\"@type\":\"SearchAction\",\"target\":{\"@type\":\"EntryPoint\",\"urlTemplate\":\"https:\/\/www.lessurvivants.org\/soignant\/?s={search_term_string}\"},\"query-input\":{\"@type\":\"PropertyValueSpecification\",\"valueRequired\":true,\"valueName\":\"search_term_string\"}}],\"inLanguage\":\"fr-FR\"},{\"@type\":\"Organization\",\"@id\":\"https:\/\/www.lessurvivants.org\/soignant\/#organization\",\"name\":\"Espace soignant\",\"url\":\"https:\/\/www.lessurvivants.org\/soignant\/\",\"logo\":{\"@type\":\"ImageObject\",\"inLanguage\":\"fr-FR\",\"@id\":\"https:\/\/www.lessurvivants.org\/soignant\/#\/schema\/logo\/image\/\",\"url\":\"https:\/\/www.lessurvivants.org\/wp-content\/uploads\/2025\/03\/logo-final-les-survivants_Plan-de-travail-1.png\",\"contentUrl\":\"https:\/\/www.lessurvivants.org\/wp-content\/uploads\/2025\/03\/logo-final-les-survivants_Plan-de-travail-1.png\",\"caption\":\"Espace soignant\"},\"image\":{\"@id\":\"https:\/\/www.lessurvivants.org\/soignant\/#\/schema\/logo\/image\/\"}}]}<\/script>\n<!-- \/ Yoast SEO Premium plugin. -->","yoast_head_json":{"title":"L\u2019impact de la mort pour l\u2019h\u00f4pital - Espace soignant","robots":{"index":"index","follow":"follow","max-snippet":"max-snippet:-1","max-image-preview":"max-image-preview:large","max-video-preview":"max-video-preview:-1"},"canonical":"https:\/\/www.lessurvivants.org\/soignant\/impact-de-la-mort-pour-lhopital\/","og_locale":"fr_FR","og_type":"article","og_title":"L\u2019impact de la mort pour l\u2019h\u00f4pital","og_description":"L&#8217;IMPACT DE LA MORT POUR L&#8217;H\u00d4PITAL La mort ne s\u2019arr\u00eate pas \u00e0 la chambre o\u00f9 elle survient. Elle traverse les murs, les couloirs, les services. \u00c0 l\u2019h\u00f4pital, elle est une r\u00e9alit\u00e9 fr\u00e9quente mais peu visible. Pourtant, chaque d\u00e9c\u00e8s mobilise des personnes, d\u00e9clenche des proc\u00e9dures, implique des lieux sp\u00e9cifiques. Son impact d\u00e9passe le cadre individuel du [&hellip;]","og_url":"https:\/\/www.lessurvivants.org\/soignant\/impact-de-la-mort-pour-lhopital\/","og_site_name":"Espace soignant","article_modified_time":"2025-07-11T10:01:59+00:00","og_image":[{"width":1344,"height":894,"url":"https:\/\/www.lessurvivants.org\/soignant\/wp-content\/uploads\/sites\/2\/2025\/07\/limpact-de-la-mort-pour-lhopital-les-survivants.avif","type":"image\/jpeg"}],"twitter_card":"summary_large_image","twitter_misc":{"Dur\u00e9e de lecture estim\u00e9e":"4 minutes"},"schema":{"@context":"https:\/\/schema.org","@graph":[{"@type":"WebPage","@id":"https:\/\/www.lessurvivants.org\/soignant\/impact-de-la-mort-pour-lhopital\/","url":"https:\/\/www.lessurvivants.org\/soignant\/impact-de-la-mort-pour-lhopital\/","name":"L\u2019impact de la mort pour l\u2019h\u00f4pital - Espace soignant","isPartOf":{"@id":"https:\/\/www.lessurvivants.org\/soignant\/#website"},"primaryImageOfPage":{"@id":"https:\/\/www.lessurvivants.org\/soignant\/impact-de-la-mort-pour-lhopital\/#primaryimage"},"image":{"@id":"https:\/\/www.lessurvivants.org\/soignant\/impact-de-la-mort-pour-lhopital\/#primaryimage"},"thumbnailUrl":"https:\/\/www.lessurvivants.org\/soignant\/wp-content\/uploads\/sites\/2\/2025\/07\/limpact-de-la-mort-pour-lhopital-les-survivants-1024x681.avif","datePublished":"2025-03-10T14:21:13+00:00","dateModified":"2025-07-11T10:01:59+00:00","breadcrumb":{"@id":"https:\/\/www.lessurvivants.org\/soignant\/impact-de-la-mort-pour-lhopital\/#breadcrumb"},"inLanguage":"fr-FR","potentialAction":[{"@type":"ReadAction","target":["https:\/\/www.lessurvivants.org\/soignant\/impact-de-la-mort-pour-lhopital\/"]}]},{"@type":"ImageObject","inLanguage":"fr-FR","@id":"https:\/\/www.lessurvivants.org\/soignant\/impact-de-la-mort-pour-lhopital\/#primaryimage","url":"https:\/\/www.lessurvivants.org\/soignant\/wp-content\/uploads\/sites\/2\/2025\/07\/limpact-de-la-mort-pour-lhopital-les-survivants.avif","contentUrl":"https:\/\/www.lessurvivants.org\/soignant\/wp-content\/uploads\/sites\/2\/2025\/07\/limpact-de-la-mort-pour-lhopital-les-survivants.avif","width":1344,"height":894,"caption":"limpact-de-la-mort-pour-lhopital-les-survivants"},{"@type":"BreadcrumbList","@id":"https:\/\/www.lessurvivants.org\/soignant\/impact-de-la-mort-pour-lhopital\/#breadcrumb","itemListElement":[{"@type":"ListItem","position":1,"name":"Accueil","item":"https:\/\/www.lessurvivants.org\/soignant\/"},{"@type":"ListItem","position":2,"name":"L\u2019impact de la mort pour l\u2019h\u00f4pital"}]},{"@type":"WebSite","@id":"https:\/\/www.lessurvivants.org\/soignant\/#website","url":"https:\/\/www.lessurvivants.org\/soignant\/","name":"Espace soignant","description":"","publisher":{"@id":"https:\/\/www.lessurvivants.org\/soignant\/#organization"},"potentialAction":[{"@type":"SearchAction","target":{"@type":"EntryPoint","urlTemplate":"https:\/\/www.lessurvivants.org\/soignant\/?s={search_term_string}"},"query-input":{"@type":"PropertyValueSpecification","valueRequired":true,"valueName":"search_term_string"}}],"inLanguage":"fr-FR"},{"@type":"Organization","@id":"https:\/\/www.lessurvivants.org\/soignant\/#organization","name":"Espace soignant","url":"https:\/\/www.lessurvivants.org\/soignant\/","logo":{"@type":"ImageObject","inLanguage":"fr-FR","@id":"https:\/\/www.lessurvivants.org\/soignant\/#\/schema\/logo\/image\/","url":"https:\/\/www.lessurvivants.org\/wp-content\/uploads\/2025\/03\/logo-final-les-survivants_Plan-de-travail-1.png","contentUrl":"https:\/\/www.lessurvivants.org\/wp-content\/uploads\/2025\/03\/logo-final-les-survivants_Plan-de-travail-1.png","caption":"Espace soignant"},"image":{"@id":"https:\/\/www.lessurvivants.org\/soignant\/#\/schema\/logo\/image\/"}}]}},"_links":{"self":[{"href":"https:\/\/www.lessurvivants.org\/soignant\/wp-json\/wp\/v2\/pages\/1055","targetHints":{"allow":["GET"]}}],"collection":[{"href":"https:\/\/www.lessurvivants.org\/soignant\/wp-json\/wp\/v2\/pages"}],"about":[{"href":"https:\/\/www.lessurvivants.org\/soignant\/wp-json\/wp\/v2\/types\/page"}],"author":[{"embeddable":true,"href":"https:\/\/www.lessurvivants.org\/soignant\/wp-json\/wp\/v2\/users\/1"}],"replies":[{"embeddable":true,"href":"https:\/\/www.lessurvivants.org\/soignant\/wp-json\/wp\/v2\/comments?post=1055"}],"version-history":[{"count":12,"href":"https:\/\/www.lessurvivants.org\/soignant\/wp-json\/wp\/v2\/pages\/1055\/revisions"}],"predecessor-version":[{"id":1939,"href":"https:\/\/www.lessurvivants.org\/soignant\/wp-json\/wp\/v2\/pages\/1055\/revisions\/1939"}],"wp:attachment":[{"href":"https:\/\/www.lessurvivants.org\/soignant\/wp-json\/wp\/v2\/media?parent=1055"}],"wp:term":[{"taxonomy":"category","embeddable":true,"href":"https:\/\/www.lessurvivants.org\/soignant\/wp-json\/wp\/v2\/categories?post=1055"},{"taxonomy":"post_tag","embeddable":true,"href":"https:\/\/www.lessurvivants.org\/soignant\/wp-json\/wp\/v2\/tags?post=1055"}],"curies":[{"name":"wp","href":"https:\/\/api.w.org\/{rel}","templated":true}]}}