{"id":1059,"date":"2025-03-10T15:21:32","date_gmt":"2025-03-10T14:21:32","guid":{"rendered":"https:\/\/www.lessurvivants.org\/soignant\/?page_id=1059"},"modified":"2025-07-10T11:43:09","modified_gmt":"2025-07-10T09:43:09","slug":"impact-de-la-mort-pour-le-soignant","status":"publish","type":"page","link":"https:\/\/www.lessurvivants.org\/soignant\/impact-de-la-mort-pour-le-soignant\/","title":{"rendered":"Impact de la mort pour le soignant"},"content":{"rendered":"\t\t<div data-elementor-type=\"wp-page\" data-elementor-id=\"1059\" class=\"elementor elementor-1059\" data-elementor-post-type=\"page\">\n\t\t\t\t<div data-particle_enable=\"false\" data-particle-mobile-disabled=\"false\" class=\"elementor-element elementor-element-77edfbe e-flex e-con-boxed e-con e-parent\" data-id=\"77edfbe\" data-element_type=\"container\" data-settings=\"{&quot;jet_parallax_layout_list&quot;:[]}\">\n\t\t\t\t\t<div class=\"e-con-inner\">\n\t\t\t\t<div class=\"elementor-element elementor-element-b026bc0 elementor-widget elementor-widget-heading\" data-id=\"b026bc0\" data-element_type=\"widget\" data-widget_type=\"heading.default\">\n\t\t\t\t<div class=\"elementor-widget-container\">\n\t\t\t\t\t<h1 class=\"elementor-heading-title elementor-size-default\">L'impact de la mort pour le soignant<\/h1>\t\t\t\t<\/div>\n\t\t\t\t<\/div>\n\t\t\t\t\t<\/div>\n\t\t\t\t<\/div>\n\t\t<div data-particle_enable=\"false\" data-particle-mobile-disabled=\"false\" class=\"elementor-element elementor-element-ba3119d e-flex e-con-boxed e-con e-parent\" data-id=\"ba3119d\" data-element_type=\"container\" data-settings=\"{&quot;jet_parallax_layout_list&quot;:[]}\">\n\t\t\t\t\t<div class=\"e-con-inner\">\n\t\t\t\t<div class=\"elementor-element elementor-element-03490f9 elementor-widget elementor-widget-text-editor\" data-id=\"03490f9\" data-element_type=\"widget\" data-widget_type=\"text-editor.default\">\n\t\t\t\t<div class=\"elementor-widget-container\">\n\t\t\t\t\t\t\t\t\t<p data-start=\"829\" data-end=\"1123\">La mort fait partie du quotidien des soignants. Pourtant, elle laisse des traces. Invisibles parfois, silencieuses souvent. Les soignants accumulent les pertes, dans l\u2019urgence ou dans le silence. Il est urgent de reconna\u00eetre et de nommer l\u2019impact de la mort sur celles et ceux qui accompagnent.<\/p>\t\t\t\t\t\t\t\t<\/div>\n\t\t\t\t<\/div>\n\t\t\t\t<div class=\"elementor-element elementor-element-1c68f8d elementor-widget elementor-widget-heading\" data-id=\"1c68f8d\" data-element_type=\"widget\" data-widget_type=\"heading.default\">\n\t\t\t\t<div class=\"elementor-widget-container\">\n\t\t\t\t\t<h2 class=\"elementor-heading-title elementor-size-default\">Une souffrance souvent invisible<\/h2>\t\t\t\t<\/div>\n\t\t\t\t<\/div>\n\t\t\t\t\t<\/div>\n\t\t\t\t<\/div>\n\t\t<div data-particle_enable=\"false\" data-particle-mobile-disabled=\"false\" class=\"elementor-element elementor-element-113f5b7 e-flex e-con-boxed e-con e-parent\" data-id=\"113f5b7\" data-element_type=\"container\" data-settings=\"{&quot;jet_parallax_layout_list&quot;:[]}\">\n\t\t\t\t\t<div class=\"e-con-inner\">\n\t\t\t\t<div class=\"elementor-element elementor-element-10bd5d4 elementor-widget elementor-widget-text-editor\" data-id=\"10bd5d4\" data-element_type=\"widget\" data-widget_type=\"text-editor.default\">\n\t\t\t\t<div class=\"elementor-widget-container\">\n\t\t\t\t\t\t\t\t\t<p data-start=\"1235\" data-end=\"1786\">Fatigue \u00e9motionnelle, usure de la compassion, d\u00e9sengagement progressif\u2026 Les cons\u00e9quences de l\u2019exposition r\u00e9p\u00e9t\u00e9e \u00e0 la mort sont nombreuses, mais rarement exprim\u00e9es. Le soignant est souvent per\u00e7u comme professionnel, solide, voire &#8220;arm\u00e9&#8221; face \u00e0 ces situations. Ce r\u00f4le, qu\u2019il s\u2019impose parfois lui-m\u00eame, l\u2019emp\u00eache de partager son ressenti. Le silence institutionnel ou l\u2019absence d\u2019espace d\u2019expression apr\u00e8s un d\u00e9c\u00e8s peuvent aggraver le sentiment d\u2019isolement. La charge \u00e9motionnelle s\u2019accumule, silencieuse, jusqu\u2019\u00e0 ce que le corps ou l\u2019esprit dise stop.<\/p><blockquote data-start=\"1788\" data-end=\"1866\"><p data-start=\"1790\" data-end=\"1866\"><em data-start=\"1790\" data-end=\"1866\">\u00ab J\u2019ai l\u2019habitude \u00bb, dit-on. Mais la mort ne s\u2019habitue pas. Elle s\u2019empile.<\/em><\/p><\/blockquote>\t\t\t\t\t\t\t\t<\/div>\n\t\t\t\t<\/div>\n\t\t\t\t<div class=\"elementor-element elementor-element-b809931 elementor-widget elementor-widget-heading\" data-id=\"b809931\" data-element_type=\"widget\" data-widget_type=\"heading.default\">\n\t\t\t\t<div class=\"elementor-widget-container\">\n\t\t\t\t\t<h2 class=\"elementor-heading-title elementor-size-default\">L\u2019effet cumulatif des pertes<\/h2>\t\t\t\t<\/div>\n\t\t\t\t<\/div>\n\t\t\t\t\t<\/div>\n\t\t\t\t<\/div>\n\t\t<div data-particle_enable=\"false\" data-particle-mobile-disabled=\"false\" class=\"elementor-element elementor-element-025882e e-flex e-con-boxed e-con e-parent\" data-id=\"025882e\" data-element_type=\"container\" data-settings=\"{&quot;jet_parallax_layout_list&quot;:[]}\">\n\t\t\t\t\t<div class=\"e-con-inner\">\n\t\t<div data-particle_enable=\"false\" data-particle-mobile-disabled=\"false\" class=\"elementor-element elementor-element-074c72d e-con-full e-flex e-con e-child\" data-id=\"074c72d\" data-element_type=\"container\" data-settings=\"{&quot;jet_parallax_layout_list&quot;:[]}\">\n\t\t\t\t<div class=\"elementor-element elementor-element-f699801 elementor-widget elementor-widget-image\" data-id=\"f699801\" data-element_type=\"widget\" data-widget_type=\"image.default\">\n\t\t\t\t<div class=\"elementor-widget-container\">\n\t\t\t\t\t\t\t\t\t\t\t\t\t\t\t<img fetchpriority=\"high\" decoding=\"async\" width=\"200\" height=\"300\" src=\"https:\/\/www.lessurvivants.org\/wp-content\/uploads\/2025\/03\/L-impact-de-la-mort-pour-le-soignant-les-survivants-200x300.jpeg\" class=\"attachment-medium size-medium wp-image-1400\" alt=\"\" srcset=\"https:\/\/www.lessurvivants.org\/wp-content\/uploads\/2025\/03\/L-impact-de-la-mort-pour-le-soignant-les-survivants-200x300.jpeg 200w, https:\/\/www.lessurvivants.org\/wp-content\/uploads\/2025\/03\/L-impact-de-la-mort-pour-le-soignant-les-survivants-683x1024.jpeg 683w, https:\/\/www.lessurvivants.org\/wp-content\/uploads\/2025\/03\/L-impact-de-la-mort-pour-le-soignant-les-survivants-768x1152.jpeg 768w, https:\/\/www.lessurvivants.org\/wp-content\/uploads\/2025\/03\/L-impact-de-la-mort-pour-le-soignant-les-survivants-1024x1536.jpeg 1024w\" sizes=\"(max-width: 200px) 100vw, 200px\" \/>\t\t\t\t\t\t\t\t\t\t\t\t\t\t\t<\/div>\n\t\t\t\t<\/div>\n\t\t\t\t<\/div>\n\t\t<div data-particle_enable=\"false\" data-particle-mobile-disabled=\"false\" class=\"elementor-element elementor-element-fa799bf e-con-full e-flex e-con e-child\" data-id=\"fa799bf\" data-element_type=\"container\" data-settings=\"{&quot;jet_parallax_layout_list&quot;:[]}\">\n\t\t\t\t<div class=\"elementor-element elementor-element-72e6699 elementor-widget__width-initial elementor-widget elementor-widget-text-editor\" data-id=\"72e6699\" data-element_type=\"widget\" data-widget_type=\"text-editor.default\">\n\t\t\t\t<div class=\"elementor-widget-container\">\n\t\t\t\t\t\t\t\t\t<p data-start=\"1908\" data-end=\"2527\">Dans une carri\u00e8re soignante, ce ne sont pas une, mais des centaines de morts que l\u2019on croise. Certaines marquent plus que d\u2019autres : un patient jeune, une injustice flagrante, une situation mal accompagn\u00e9e. D\u2019autres passent plus vite, sans laisser le temps de comprendre ce qu\u2019on a ressenti. Et pourtant, chacune ajoute quelque chose \u00e0 l\u2019\u00e9difice \u00e9motionnel du soignant. Lorsque ce v\u00e9cu ne peut \u00eatre exprim\u00e9 ou reconnu, le corps prend parfois le relais : troubles du sommeil, \u00e9puisement, somatisations, irritabilit\u00e9, voire arr\u00eat de travail. Le deuil professionnel existe. Il est r\u00e9el, m\u00eame s\u2019il n\u2019est pas toujours nomm\u00e9.<\/p>\t\t\t\t\t\t\t\t<\/div>\n\t\t\t\t<\/div>\n\t\t\t\t<\/div>\n\t\t\t\t\t<\/div>\n\t\t\t\t<\/div>\n\t\t<div data-particle_enable=\"false\" data-particle-mobile-disabled=\"false\" class=\"elementor-element elementor-element-6594e0e e-flex e-con-boxed e-con e-parent\" data-id=\"6594e0e\" data-element_type=\"container\" data-settings=\"{&quot;jet_parallax_layout_list&quot;:[]}\">\n\t\t\t\t\t<div class=\"e-con-inner\">\n\t\t<div data-particle_enable=\"false\" data-particle-mobile-disabled=\"false\" class=\"elementor-element elementor-element-2985f47 e-con-full e-flex e-con e-child\" data-id=\"2985f47\" data-element_type=\"container\" data-settings=\"{&quot;jet_parallax_layout_list&quot;:[]}\">\n\t\t\t\t<div class=\"elementor-element elementor-element-2b9a008 elementor-widget elementor-widget-heading\" data-id=\"2b9a008\" data-element_type=\"widget\" data-widget_type=\"heading.default\">\n\t\t\t\t<div class=\"elementor-widget-container\">\n\t\t\t\t\t<h3 class=\"elementor-heading-title elementor-size-default\">A voir aussi : \ud83d\udc49 Les diff\u00e9rentes phases du deuil pour le soignant<\/h3>\t\t\t\t<\/div>\n\t\t\t\t<\/div>\n\t\t\t\t<div class=\"elementor-element elementor-element-22a9d14 elementor-align-center elementor-widget elementor-widget-button\" data-id=\"22a9d14\" data-element_type=\"widget\" data-widget_type=\"button.default\">\n\t\t\t\t<div class=\"elementor-widget-container\">\n\t\t\t\t\t\t\t\t\t<div class=\"elementor-button-wrapper\">\n\t\t\t\t\t<a class=\"elementor-button elementor-button-link elementor-size-sm\" href=\"https:\/\/www.lessurvivants.org\/soignant\/les-differentes-phases-du-deuil-pour-le-soignant\/\" target=\"_blank\">\n\t\t\t\t\t\t<span class=\"elementor-button-content-wrapper\">\n\t\t\t\t\t\t\t\t\t<span class=\"elementor-button-text\">Cliquez ici<\/span>\n\t\t\t\t\t<\/span>\n\t\t\t\t\t<\/a>\n\t\t\t\t<\/div>\n\t\t\t\t\t\t\t\t<\/div>\n\t\t\t\t<\/div>\n\t\t\t\t<\/div>\n\t\t<div data-particle_enable=\"false\" data-particle-mobile-disabled=\"false\" class=\"elementor-element elementor-element-325b6c9 e-con-full e-flex e-con e-child\" data-id=\"325b6c9\" data-element_type=\"container\" data-settings=\"{&quot;jet_parallax_layout_list&quot;:[]}\">\n\t\t\t\t<div class=\"elementor-element elementor-element-335a4f3 elementor-widget elementor-widget-heading\" data-id=\"335a4f3\" data-element_type=\"widget\" data-widget_type=\"heading.default\">\n\t\t\t\t<div class=\"elementor-widget-container\">\n\t\t\t\t\t<h3 class=\"elementor-heading-title elementor-size-default\">A voir aussi : \ud83d\udc49 Le deuil pathologique chez les soignants<\/h3>\t\t\t\t<\/div>\n\t\t\t\t<\/div>\n\t\t\t\t<div class=\"elementor-element elementor-element-0ea7e05 elementor-align-center elementor-widget elementor-widget-button\" data-id=\"0ea7e05\" data-element_type=\"widget\" data-widget_type=\"button.default\">\n\t\t\t\t<div class=\"elementor-widget-container\">\n\t\t\t\t\t\t\t\t\t<div class=\"elementor-button-wrapper\">\n\t\t\t\t\t<a class=\"elementor-button elementor-button-link elementor-size-sm\" href=\"https:\/\/www.lessurvivants.org\/soignant\/le-deuil-pathologique\/\" target=\"_blank\">\n\t\t\t\t\t\t<span class=\"elementor-button-content-wrapper\">\n\t\t\t\t\t\t\t\t\t<span class=\"elementor-button-text\">Cliquez ici<\/span>\n\t\t\t\t\t<\/span>\n\t\t\t\t\t<\/a>\n\t\t\t\t<\/div>\n\t\t\t\t\t\t\t\t<\/div>\n\t\t\t\t<\/div>\n\t\t\t\t<\/div>\n\t\t\t\t\t<\/div>\n\t\t\t\t<\/div>\n\t\t<div data-particle_enable=\"false\" data-particle-mobile-disabled=\"false\" class=\"elementor-element elementor-element-bc716c6 e-flex e-con-boxed e-con e-parent\" data-id=\"bc716c6\" data-element_type=\"container\" data-settings=\"{&quot;jet_parallax_layout_list&quot;:[]}\">\n\t\t\t\t\t<div class=\"e-con-inner\">\n\t\t\t\t<div class=\"elementor-element elementor-element-d78cd01 elementor-widget elementor-widget-heading\" data-id=\"d78cd01\" data-element_type=\"widget\" data-widget_type=\"heading.default\">\n\t\t\t\t<div class=\"elementor-widget-container\">\n\t\t\t\t\t<h2 class=\"elementor-heading-title elementor-size-default\">L\u2019impact professionnel : entre doute et d\u00e9sengagement<\/h2>\t\t\t\t<\/div>\n\t\t\t\t<\/div>\n\t\t\t\t<div class=\"elementor-element elementor-element-063d2da elementor-widget elementor-widget-text-editor\" data-id=\"063d2da\" data-element_type=\"widget\" data-widget_type=\"text-editor.default\">\n\t\t\t\t<div class=\"elementor-widget-container\">\n\t\t\t\t\t\t\t\t\t<p data-start=\"2868\" data-end=\"3452\">La r\u00e9p\u00e9tition des pertes peut parfois faire vaciller les rep\u00e8res professionnels. Certains soignants doutent de leurs comp\u00e9tences, d\u2019autres se sentent d\u00e9pass\u00e9s, ou adoptent une posture de distance affective. Dans certains cas, la perte de sens s\u2019installe, discr\u00e8tement. Ce sont aussi des jeunes professionnels, peu pr\u00e9par\u00e9s \u00e0 ces r\u00e9alit\u00e9s, qui s\u2019interrogent tr\u00e8s t\u00f4t sur leur avenir dans le soin. Faut-il s\u2019impliquer \u00e0 tout prix, ou se prot\u00e9ger au risque de devenir insensible ? Cette tension int\u00e9rieure est fr\u00e9quente, mais rarement abord\u00e9e dans les formations ou les temps collectifs.<\/p><blockquote data-start=\"3454\" data-end=\"3533\"><p data-start=\"3456\" data-end=\"3533\"><em data-start=\"3456\" data-end=\"3533\">\u00ab Si je ne ressens plus rien, est-ce que je suis encore un bon soignant ? \u00bb<\/em><\/p><\/blockquote>\t\t\t\t\t\t\t\t<\/div>\n\t\t\t\t<\/div>\n\t\t\t\t\t<\/div>\n\t\t\t\t<\/div>\n\t\t<div data-particle_enable=\"false\" data-particle-mobile-disabled=\"false\" class=\"elementor-element elementor-element-00124c1 e-flex e-con-boxed e-con e-parent\" data-id=\"00124c1\" data-element_type=\"container\" data-settings=\"{&quot;jet_parallax_layout_list&quot;:[]}\">\n\t\t\t\t\t<div class=\"e-con-inner\">\n\t\t\t\t<div class=\"elementor-element elementor-element-9f279e0 elementor-widget elementor-widget-heading\" data-id=\"9f279e0\" data-element_type=\"widget\" data-widget_type=\"heading.default\">\n\t\t\t\t<div class=\"elementor-widget-container\">\n\t\t\t\t\t<h2 class=\"elementor-heading-title elementor-size-default\">Rompre le silence : partager, d\u00e9poser, se ressourcer<\/h2>\t\t\t\t<\/div>\n\t\t\t\t<\/div>\n\t\t\t\t<div class=\"elementor-element elementor-element-f1f718d elementor-widget elementor-widget-text-editor\" data-id=\"f1f718d\" data-element_type=\"widget\" data-widget_type=\"text-editor.default\">\n\t\t\t\t<div class=\"elementor-widget-container\">\n\t\t\t\t\t\t\t\t\t<p data-start=\"3599\" data-end=\"4201\">Parler de ce que l\u2019on vit, c\u2019est d\u00e9j\u00e0 commencer \u00e0 se prot\u00e9ger. D\u00e9poser ses \u00e9motions, m\u00eame bri\u00e8vement, dans un espace s\u00e9curis\u00e9, peut \u00e9viter que la souffrance ne s\u2019enkyste. Les \u00e9changes entre coll\u00e8gues, les groupes de parole, les temps de retour d\u2019exp\u00e9rience apr\u00e8s un d\u00e9c\u00e8s ne sont pas des luxes : ce sont des outils de pr\u00e9vention. Les institutions peuvent aussi proposer un accompagnement psychologique, des cellules de soutien, ou favoriser la cr\u00e9ation de rituels d\u2019\u00e9quipe. S\u2019autoriser \u00e0 ressentir, \u00e0 dire, \u00e0 nommer ce qui p\u00e8se, c\u2019est prendre soin de soi pour mieux continuer \u00e0 prendre soin des autres.<\/p>\t\t\t\t\t\t\t\t<\/div>\n\t\t\t\t<\/div>\n\t\t\t\t\t<\/div>\n\t\t\t\t<\/div>\n\t\t<div data-particle_enable=\"false\" data-particle-mobile-disabled=\"false\" class=\"elementor-element elementor-element-a3d3e46 e-flex e-con-boxed e-con e-parent\" data-id=\"a3d3e46\" data-element_type=\"container\" data-settings=\"{&quot;jet_parallax_layout_list&quot;:[]}\">\n\t\t\t\t\t<div class=\"e-con-inner\">\n\t\t<div data-particle_enable=\"false\" data-particle-mobile-disabled=\"false\" class=\"elementor-element elementor-element-91660ca e-con-full e-flex e-con e-child\" data-id=\"91660ca\" data-element_type=\"container\" data-settings=\"{&quot;jet_parallax_layout_list&quot;:[]}\">\n\t\t\t\t<div class=\"elementor-element elementor-element-7d9da29 elementor-widget elementor-widget-heading\" data-id=\"7d9da29\" data-element_type=\"widget\" data-widget_type=\"heading.default\">\n\t\t\t\t<div class=\"elementor-widget-container\">\n\t\t\t\t\t<h3 class=\"elementor-heading-title elementor-size-default\">A voir aussi : \ud83d\udc49 Les ressources pour faire face<\/h3>\t\t\t\t<\/div>\n\t\t\t\t<\/div>\n\t\t\t\t<div class=\"elementor-element elementor-element-c1eb025 elementor-align-center elementor-widget elementor-widget-button\" data-id=\"c1eb025\" data-element_type=\"widget\" data-widget_type=\"button.default\">\n\t\t\t\t<div class=\"elementor-widget-container\">\n\t\t\t\t\t\t\t\t\t<div class=\"elementor-button-wrapper\">\n\t\t\t\t\t<a class=\"elementor-button elementor-button-link elementor-size-sm\" href=\"https:\/\/www.lessurvivants.org\/soignant\/les-differentes-phases-du-deuil-pour-le-soignant\/\" target=\"_blank\">\n\t\t\t\t\t\t<span class=\"elementor-button-content-wrapper\">\n\t\t\t\t\t\t\t\t\t<span class=\"elementor-button-text\">Cliquez ici<\/span>\n\t\t\t\t\t<\/span>\n\t\t\t\t\t<\/a>\n\t\t\t\t<\/div>\n\t\t\t\t\t\t\t\t<\/div>\n\t\t\t\t<\/div>\n\t\t\t\t<\/div>\n\t\t<div data-particle_enable=\"false\" data-particle-mobile-disabled=\"false\" class=\"elementor-element elementor-element-863ae47 e-con-full e-flex e-con e-child\" data-id=\"863ae47\" data-element_type=\"container\" data-settings=\"{&quot;jet_parallax_layout_list&quot;:[]}\">\n\t\t\t\t<div class=\"elementor-element elementor-element-5216a02 elementor-widget elementor-widget-heading\" data-id=\"5216a02\" data-element_type=\"widget\" data-widget_type=\"heading.default\">\n\t\t\t\t<div class=\"elementor-widget-container\">\n\t\t\t\t\t<h3 class=\"elementor-heading-title elementor-size-default\">A voir aussi : \ud83d\udc49 Le deuil pathologique chez les soignants<\/h3>\t\t\t\t<\/div>\n\t\t\t\t<\/div>\n\t\t\t\t<div class=\"elementor-element elementor-element-f302124 elementor-align-center elementor-widget elementor-widget-button\" data-id=\"f302124\" data-element_type=\"widget\" data-widget_type=\"button.default\">\n\t\t\t\t<div class=\"elementor-widget-container\">\n\t\t\t\t\t\t\t\t\t<div class=\"elementor-button-wrapper\">\n\t\t\t\t\t<a class=\"elementor-button elementor-button-link elementor-size-sm\" href=\"https:\/\/www.lessurvivants.org\/soignant\/le-deuil-pathologique\/\" target=\"_blank\">\n\t\t\t\t\t\t<span class=\"elementor-button-content-wrapper\">\n\t\t\t\t\t\t\t\t\t<span class=\"elementor-button-text\">Cliquez ici<\/span>\n\t\t\t\t\t<\/span>\n\t\t\t\t\t<\/a>\n\t\t\t\t<\/div>\n\t\t\t\t\t\t\t\t<\/div>\n\t\t\t\t<\/div>\n\t\t\t\t<\/div>\n\t\t\t\t\t<\/div>\n\t\t\t\t<\/div>\n\t\t<div data-particle_enable=\"false\" data-particle-mobile-disabled=\"false\" class=\"elementor-element elementor-element-09624f4 e-flex e-con-boxed e-con e-parent\" data-id=\"09624f4\" data-element_type=\"container\" data-settings=\"{&quot;jet_parallax_layout_list&quot;:[]}\">\n\t\t\t\t\t<div class=\"e-con-inner\">\n\t\t\t\t<div class=\"elementor-element elementor-element-ec2d222 elementor-widget elementor-widget-text-editor\" data-id=\"ec2d222\" data-element_type=\"widget\" data-widget_type=\"text-editor.default\">\n\t\t\t\t<div class=\"elementor-widget-container\">\n\t\t\t\t\t\t\t\t\t<p data-start=\"4539\" data-end=\"4929\">Reconna\u00eetre l\u2019impact de la mort sur les soignants ne remet pas en cause leur professionnalisme. Au contraire, c\u2019est un acte de lucidit\u00e9 et de protection. Il est n\u00e9cessaire d\u2019int\u00e9grer ces r\u00e9alit\u00e9s dans la culture soignante, dans les \u00e9quipes, dans les institutions. Pour que chacun puisse trouver des ressources, du soutien, du sens. Et continuer \u00e0 accompagner la vie, m\u00eame au c\u0153ur de la fin.<\/p>\t\t\t\t\t\t\t\t<\/div>\n\t\t\t\t<\/div>\n\t\t\t\t\t<\/div>\n\t\t\t\t<\/div>\n\t\t\t\t<\/div>\n\t\t","protected":false},"excerpt":{"rendered":"<p>L&#8217;impact de la mort pour le soignant La mort fait partie du quotidien des soignants. Pourtant, elle laisse des traces. Invisibles parfois, silencieuses souvent. Les soignants accumulent les pertes, dans l\u2019urgence ou dans le silence. Il est urgent de reconna\u00eetre et de nommer l\u2019impact de la mort sur celles et ceux qui accompagnent. Une souffrance [&hellip;]<\/p>\n","protected":false},"author":1,"featured_media":0,"parent":0,"menu_order":0,"comment_status":"closed","ping_status":"closed","template":"","meta":{"footnotes":""},"categories":[],"tags":[],"class_list":["post-1059","page","type-page","status-publish","hentry"],"yoast_head":"<!-- This site is optimized with the Yoast SEO Premium plugin v25.5 (Yoast SEO v25.5) - https:\/\/yoast.com\/wordpress\/plugins\/seo\/ -->\n<title>Impact de la mort pour le soignant - Espace soignant<\/title>\n<meta name=\"robots\" content=\"index, follow, max-snippet:-1, max-image-preview:large, max-video-preview:-1\" \/>\n<link rel=\"canonical\" href=\"https:\/\/www.lessurvivants.org\/soignant\/impact-de-la-mort-pour-le-soignant\/\" \/>\n<meta property=\"og:locale\" content=\"fr_FR\" \/>\n<meta property=\"og:type\" content=\"article\" \/>\n<meta property=\"og:title\" content=\"Impact de la mort pour le soignant\" \/>\n<meta property=\"og:description\" content=\"L&#8217;impact de la mort pour le soignant La mort fait partie du quotidien des soignants. Pourtant, elle laisse des traces. Invisibles parfois, silencieuses souvent. Les soignants accumulent les pertes, dans l\u2019urgence ou dans le silence. Il est urgent de reconna\u00eetre et de nommer l\u2019impact de la mort sur celles et ceux qui accompagnent. Une souffrance [&hellip;]\" \/>\n<meta property=\"og:url\" content=\"https:\/\/www.lessurvivants.org\/soignant\/impact-de-la-mort-pour-le-soignant\/\" \/>\n<meta property=\"og:site_name\" content=\"Espace soignant\" \/>\n<meta property=\"article:modified_time\" content=\"2025-07-10T09:43:09+00:00\" \/>\n<meta property=\"og:image\" content=\"https:\/\/www.lessurvivants.org\/wp-content\/uploads\/2025\/03\/L-impact-de-la-mort-pour-le-soignant-les-survivants.jpeg\" \/>\n\t<meta property=\"og:image:width\" content=\"5267\" \/>\n\t<meta property=\"og:image:height\" content=\"7900\" \/>\n\t<meta property=\"og:image:type\" content=\"image\/jpeg\" \/>\n<meta name=\"twitter:card\" content=\"summary_large_image\" \/>\n<meta name=\"twitter:label1\" content=\"Dur\u00e9e de lecture estim\u00e9e\" \/>\n\t<meta name=\"twitter:data1\" content=\"3 minutes\" \/>\n<script type=\"application\/ld+json\" class=\"yoast-schema-graph\">{\"@context\":\"https:\/\/schema.org\",\"@graph\":[{\"@type\":\"WebPage\",\"@id\":\"https:\/\/www.lessurvivants.org\/soignant\/impact-de-la-mort-pour-le-soignant\/\",\"url\":\"https:\/\/www.lessurvivants.org\/soignant\/impact-de-la-mort-pour-le-soignant\/\",\"name\":\"Impact de la mort pour le soignant - Espace soignant\",\"isPartOf\":{\"@id\":\"https:\/\/www.lessurvivants.org\/soignant\/#website\"},\"primaryImageOfPage\":{\"@id\":\"https:\/\/www.lessurvivants.org\/soignant\/impact-de-la-mort-pour-le-soignant\/#primaryimage\"},\"image\":{\"@id\":\"https:\/\/www.lessurvivants.org\/soignant\/impact-de-la-mort-pour-le-soignant\/#primaryimage\"},\"thumbnailUrl\":\"https:\/\/www.lessurvivants.org\/wp-content\/uploads\/2025\/03\/L-impact-de-la-mort-pour-le-soignant-les-survivants-200x300.jpeg\",\"datePublished\":\"2025-03-10T14:21:32+00:00\",\"dateModified\":\"2025-07-10T09:43:09+00:00\",\"breadcrumb\":{\"@id\":\"https:\/\/www.lessurvivants.org\/soignant\/impact-de-la-mort-pour-le-soignant\/#breadcrumb\"},\"inLanguage\":\"fr-FR\",\"potentialAction\":[{\"@type\":\"ReadAction\",\"target\":[\"https:\/\/www.lessurvivants.org\/soignant\/impact-de-la-mort-pour-le-soignant\/\"]}]},{\"@type\":\"ImageObject\",\"inLanguage\":\"fr-FR\",\"@id\":\"https:\/\/www.lessurvivants.org\/soignant\/impact-de-la-mort-pour-le-soignant\/#primaryimage\",\"url\":\"https:\/\/www.lessurvivants.org\/wp-content\/uploads\/2025\/03\/L-impact-de-la-mort-pour-le-soignant-les-survivants-200x300.jpeg\",\"contentUrl\":\"https:\/\/www.lessurvivants.org\/wp-content\/uploads\/2025\/03\/L-impact-de-la-mort-pour-le-soignant-les-survivants-200x300.jpeg\"},{\"@type\":\"BreadcrumbList\",\"@id\":\"https:\/\/www.lessurvivants.org\/soignant\/impact-de-la-mort-pour-le-soignant\/#breadcrumb\",\"itemListElement\":[{\"@type\":\"ListItem\",\"position\":1,\"name\":\"Accueil\",\"item\":\"https:\/\/www.lessurvivants.org\/soignant\/\"},{\"@type\":\"ListItem\",\"position\":2,\"name\":\"Impact de la mort pour le soignant\"}]},{\"@type\":\"WebSite\",\"@id\":\"https:\/\/www.lessurvivants.org\/soignant\/#website\",\"url\":\"https:\/\/www.lessurvivants.org\/soignant\/\",\"name\":\"Espace soignant\",\"description\":\"\",\"publisher\":{\"@id\":\"https:\/\/www.lessurvivants.org\/soignant\/#organization\"},\"potentialAction\":[{\"@type\":\"SearchAction\",\"target\":{\"@type\":\"EntryPoint\",\"urlTemplate\":\"https:\/\/www.lessurvivants.org\/soignant\/?s={search_term_string}\"},\"query-input\":{\"@type\":\"PropertyValueSpecification\",\"valueRequired\":true,\"valueName\":\"search_term_string\"}}],\"inLanguage\":\"fr-FR\"},{\"@type\":\"Organization\",\"@id\":\"https:\/\/www.lessurvivants.org\/soignant\/#organization\",\"name\":\"Espace soignant\",\"url\":\"https:\/\/www.lessurvivants.org\/soignant\/\",\"logo\":{\"@type\":\"ImageObject\",\"inLanguage\":\"fr-FR\",\"@id\":\"https:\/\/www.lessurvivants.org\/soignant\/#\/schema\/logo\/image\/\",\"url\":\"https:\/\/www.lessurvivants.org\/wp-content\/uploads\/2025\/03\/logo-final-les-survivants_Plan-de-travail-1.png\",\"contentUrl\":\"https:\/\/www.lessurvivants.org\/wp-content\/uploads\/2025\/03\/logo-final-les-survivants_Plan-de-travail-1.png\",\"caption\":\"Espace soignant\"},\"image\":{\"@id\":\"https:\/\/www.lessurvivants.org\/soignant\/#\/schema\/logo\/image\/\"}}]}<\/script>\n<!-- \/ Yoast SEO Premium plugin. -->","yoast_head_json":{"title":"Impact de la mort pour le soignant - Espace soignant","robots":{"index":"index","follow":"follow","max-snippet":"max-snippet:-1","max-image-preview":"max-image-preview:large","max-video-preview":"max-video-preview:-1"},"canonical":"https:\/\/www.lessurvivants.org\/soignant\/impact-de-la-mort-pour-le-soignant\/","og_locale":"fr_FR","og_type":"article","og_title":"Impact de la mort pour le soignant","og_description":"L&#8217;impact de la mort pour le soignant La mort fait partie du quotidien des soignants. Pourtant, elle laisse des traces. Invisibles parfois, silencieuses souvent. Les soignants accumulent les pertes, dans l\u2019urgence ou dans le silence. Il est urgent de reconna\u00eetre et de nommer l\u2019impact de la mort sur celles et ceux qui accompagnent. Une souffrance [&hellip;]","og_url":"https:\/\/www.lessurvivants.org\/soignant\/impact-de-la-mort-pour-le-soignant\/","og_site_name":"Espace soignant","article_modified_time":"2025-07-10T09:43:09+00:00","og_image":[{"url":"https:\/\/www.lessurvivants.org\/wp-content\/uploads\/2025\/03\/L-impact-de-la-mort-pour-le-soignant-les-survivants.jpeg","width":5267,"height":7900,"type":"image\/jpeg"}],"twitter_card":"summary_large_image","twitter_misc":{"Dur\u00e9e de lecture estim\u00e9e":"3 minutes"},"schema":{"@context":"https:\/\/schema.org","@graph":[{"@type":"WebPage","@id":"https:\/\/www.lessurvivants.org\/soignant\/impact-de-la-mort-pour-le-soignant\/","url":"https:\/\/www.lessurvivants.org\/soignant\/impact-de-la-mort-pour-le-soignant\/","name":"Impact de la mort pour le soignant - Espace soignant","isPartOf":{"@id":"https:\/\/www.lessurvivants.org\/soignant\/#website"},"primaryImageOfPage":{"@id":"https:\/\/www.lessurvivants.org\/soignant\/impact-de-la-mort-pour-le-soignant\/#primaryimage"},"image":{"@id":"https:\/\/www.lessurvivants.org\/soignant\/impact-de-la-mort-pour-le-soignant\/#primaryimage"},"thumbnailUrl":"https:\/\/www.lessurvivants.org\/wp-content\/uploads\/2025\/03\/L-impact-de-la-mort-pour-le-soignant-les-survivants-200x300.jpeg","datePublished":"2025-03-10T14:21:32+00:00","dateModified":"2025-07-10T09:43:09+00:00","breadcrumb":{"@id":"https:\/\/www.lessurvivants.org\/soignant\/impact-de-la-mort-pour-le-soignant\/#breadcrumb"},"inLanguage":"fr-FR","potentialAction":[{"@type":"ReadAction","target":["https:\/\/www.lessurvivants.org\/soignant\/impact-de-la-mort-pour-le-soignant\/"]}]},{"@type":"ImageObject","inLanguage":"fr-FR","@id":"https:\/\/www.lessurvivants.org\/soignant\/impact-de-la-mort-pour-le-soignant\/#primaryimage","url":"https:\/\/www.lessurvivants.org\/wp-content\/uploads\/2025\/03\/L-impact-de-la-mort-pour-le-soignant-les-survivants-200x300.jpeg","contentUrl":"https:\/\/www.lessurvivants.org\/wp-content\/uploads\/2025\/03\/L-impact-de-la-mort-pour-le-soignant-les-survivants-200x300.jpeg"},{"@type":"BreadcrumbList","@id":"https:\/\/www.lessurvivants.org\/soignant\/impact-de-la-mort-pour-le-soignant\/#breadcrumb","itemListElement":[{"@type":"ListItem","position":1,"name":"Accueil","item":"https:\/\/www.lessurvivants.org\/soignant\/"},{"@type":"ListItem","position":2,"name":"Impact de la mort pour le soignant"}]},{"@type":"WebSite","@id":"https:\/\/www.lessurvivants.org\/soignant\/#website","url":"https:\/\/www.lessurvivants.org\/soignant\/","name":"Espace soignant","description":"","publisher":{"@id":"https:\/\/www.lessurvivants.org\/soignant\/#organization"},"potentialAction":[{"@type":"SearchAction","target":{"@type":"EntryPoint","urlTemplate":"https:\/\/www.lessurvivants.org\/soignant\/?s={search_term_string}"},"query-input":{"@type":"PropertyValueSpecification","valueRequired":true,"valueName":"search_term_string"}}],"inLanguage":"fr-FR"},{"@type":"Organization","@id":"https:\/\/www.lessurvivants.org\/soignant\/#organization","name":"Espace soignant","url":"https:\/\/www.lessurvivants.org\/soignant\/","logo":{"@type":"ImageObject","inLanguage":"fr-FR","@id":"https:\/\/www.lessurvivants.org\/soignant\/#\/schema\/logo\/image\/","url":"https:\/\/www.lessurvivants.org\/wp-content\/uploads\/2025\/03\/logo-final-les-survivants_Plan-de-travail-1.png","contentUrl":"https:\/\/www.lessurvivants.org\/wp-content\/uploads\/2025\/03\/logo-final-les-survivants_Plan-de-travail-1.png","caption":"Espace soignant"},"image":{"@id":"https:\/\/www.lessurvivants.org\/soignant\/#\/schema\/logo\/image\/"}}]}},"_links":{"self":[{"href":"https:\/\/www.lessurvivants.org\/soignant\/wp-json\/wp\/v2\/pages\/1059","targetHints":{"allow":["GET"]}}],"collection":[{"href":"https:\/\/www.lessurvivants.org\/soignant\/wp-json\/wp\/v2\/pages"}],"about":[{"href":"https:\/\/www.lessurvivants.org\/soignant\/wp-json\/wp\/v2\/types\/page"}],"author":[{"embeddable":true,"href":"https:\/\/www.lessurvivants.org\/soignant\/wp-json\/wp\/v2\/users\/1"}],"replies":[{"embeddable":true,"href":"https:\/\/www.lessurvivants.org\/soignant\/wp-json\/wp\/v2\/comments?post=1059"}],"version-history":[{"count":14,"href":"https:\/\/www.lessurvivants.org\/soignant\/wp-json\/wp\/v2\/pages\/1059\/revisions"}],"predecessor-version":[{"id":1910,"href":"https:\/\/www.lessurvivants.org\/soignant\/wp-json\/wp\/v2\/pages\/1059\/revisions\/1910"}],"wp:attachment":[{"href":"https:\/\/www.lessurvivants.org\/soignant\/wp-json\/wp\/v2\/media?parent=1059"}],"wp:term":[{"taxonomy":"category","embeddable":true,"href":"https:\/\/www.lessurvivants.org\/soignant\/wp-json\/wp\/v2\/categories?post=1059"},{"taxonomy":"post_tag","embeddable":true,"href":"https:\/\/www.lessurvivants.org\/soignant\/wp-json\/wp\/v2\/tags?post=1059"}],"curies":[{"name":"wp","href":"https:\/\/api.w.org\/{rel}","templated":true}]}}