{"id":1068,"date":"2025-03-10T15:23:19","date_gmt":"2025-03-10T14:23:19","guid":{"rendered":"https:\/\/www.lessurvivants.org\/soignant\/?page_id=1068"},"modified":"2025-07-08T17:20:39","modified_gmt":"2025-07-08T15:20:39","slug":"le-deuil-pathologique","status":"publish","type":"page","link":"https:\/\/www.lessurvivants.org\/soignant\/le-deuil-pathologique\/","title":{"rendered":"Le deuil pathologique"},"content":{"rendered":"\t\t<div data-elementor-type=\"wp-page\" data-elementor-id=\"1068\" class=\"elementor elementor-1068\" data-elementor-post-type=\"page\">\n\t\t\t\t<div data-particle_enable=\"false\" data-particle-mobile-disabled=\"false\" class=\"elementor-element elementor-element-c749da0 e-flex e-con-boxed e-con e-parent\" data-id=\"c749da0\" data-element_type=\"container\" data-settings=\"{&quot;jet_parallax_layout_list&quot;:[]}\">\n\t\t\t\t\t<div class=\"e-con-inner\">\n\t\t\t\t<div class=\"elementor-element elementor-element-843bbff elementor-widget elementor-widget-heading\" data-id=\"843bbff\" data-element_type=\"widget\" data-widget_type=\"heading.default\">\n\t\t\t\t<div class=\"elementor-widget-container\">\n\t\t\t\t\t<h2 class=\"elementor-heading-title elementor-size-default\">LE DEUIL PATHOLOGIQUE CHEZ LE SOIGNANT<\/h2>\t\t\t\t<\/div>\n\t\t\t\t<\/div>\n\t\t\t\t<div class=\"elementor-element elementor-element-2569645 elementor-widget elementor-widget-text-editor\" data-id=\"2569645\" data-element_type=\"widget\" data-widget_type=\"text-editor.default\">\n\t\t\t\t<div class=\"elementor-widget-container\">\n\t\t\t\t\t\t\t\t\t<p data-start=\"515\" data-end=\"821\">Dans l\u2019exercice du soin, la mort fait partie du quotidien. Pourtant, elle n\u2019est jamais anodine. Si certains d\u00e9c\u00e8s sont int\u00e9gr\u00e9s dans une continuit\u00e9 professionnelle ou humaine, d&#8217;autres laissent des traces profondes. Lorsqu\u2019un <strong data-start=\"741\" data-end=\"786\">deuil se prolonge, d\u00e9sorganise ou enferme<\/strong>, il peut devenir <strong data-start=\"804\" data-end=\"820\">pathologique<\/strong>.<\/p><p data-start=\"823\" data-end=\"1049\">Chez les soignants, ce type de deuil est <strong data-start=\"864\" data-end=\"920\">peu reconnu, rarement verbalis\u00e9, et souvent banalis\u00e9<\/strong>. Pourtant, il <strong data-start=\"935\" data-end=\"989\">expose \u00e0 un risque de souffrance psychique durable<\/strong>, voire de rupture avec le m\u00e9tier, l\u2019\u00e9quipe ou les patients.<\/p>\t\t\t\t\t\t\t\t<\/div>\n\t\t\t\t<\/div>\n\t\t\t\t\t<\/div>\n\t\t\t\t<\/div>\n\t\t<div data-particle_enable=\"false\" data-particle-mobile-disabled=\"false\" class=\"elementor-element elementor-element-7f04b04 e-flex e-con-boxed e-con e-parent\" data-id=\"7f04b04\" data-element_type=\"container\" data-settings=\"{&quot;jet_parallax_layout_list&quot;:[]}\">\n\t\t\t\t\t<div class=\"e-con-inner\">\n\t\t\t\t<div class=\"elementor-element elementor-element-63d8acd elementor-widget elementor-widget-heading\" data-id=\"63d8acd\" data-element_type=\"widget\" data-widget_type=\"heading.default\">\n\t\t\t\t<div class=\"elementor-widget-container\">\n\t\t\t\t\t<h2 class=\"elementor-heading-title elementor-size-default\">Qu'est-ce qu\u2019un deuil pathologique ?\n<\/h2>\t\t\t\t<\/div>\n\t\t\t\t<\/div>\n\t\t\t\t<div class=\"elementor-element elementor-element-c12f126 elementor-widget elementor-widget-text-editor\" data-id=\"c12f126\" data-element_type=\"widget\" data-widget_type=\"text-editor.default\">\n\t\t\t\t<div class=\"elementor-widget-container\">\n\t\t\t\t\t\t\t\t\t<p data-start=\"1105\" data-end=\"1160\">On parle de <strong data-start=\"1117\" data-end=\"1139\">deuil pathologique<\/strong> lorsqu\u2019un soignant :<\/p><ul data-start=\"1161\" data-end=\"1590\"><li data-start=\"1161\" data-end=\"1233\"><p data-start=\"1163\" data-end=\"1233\">reste <strong data-start=\"1169\" data-end=\"1201\">fig\u00e9 dans une phase du deuil<\/strong> (souvent culpabilit\u00e9 ou col\u00e8re)<\/p><\/li><li data-start=\"1234\" data-end=\"1310\"><p data-start=\"1236\" data-end=\"1310\">vit un <strong data-start=\"1243\" data-end=\"1262\">retour obs\u00e9dant<\/strong> de l\u2019\u00e9v\u00e9nement (images, souvenirs, ruminations)<\/p><\/li><li data-start=\"1311\" data-end=\"1378\"><p data-start=\"1313\" data-end=\"1378\">\u00e9vite certains patients ou situations qui lui rappellent le d\u00e9c\u00e8s<\/p><\/li><li data-start=\"1379\" data-end=\"1418\"><p data-start=\"1381\" data-end=\"1418\">ressent une <strong data-start=\"1393\" data-end=\"1418\">culpabilit\u00e9 d\u00e9mesur\u00e9e<\/strong><\/p><\/li><li data-start=\"1419\" data-end=\"1478\"><p data-start=\"1421\" data-end=\"1478\">perd <strong data-start=\"1426\" data-end=\"1462\">le plaisir, l\u2019\u00e9nergie ou le sens<\/strong> dans le travail<\/p><\/li><li data-start=\"1479\" data-end=\"1526\"><p data-start=\"1481\" data-end=\"1526\">s\u2019isole \u00e9motionnellement ou relationnellement<\/p><\/li><li data-start=\"1527\" data-end=\"1590\"><p data-start=\"1529\" data-end=\"1590\">d\u00e9veloppe des <strong data-start=\"1543\" data-end=\"1590\">sympt\u00f4mes somatiques ou anxieux persistants<\/strong><\/p><\/li><\/ul><p data-start=\"1592\" data-end=\"1717\">Ce n\u2019est <strong data-start=\"1601\" data-end=\"1656\">ni une faiblesse, ni un manque de professionnalisme<\/strong>, mais <strong data-start=\"1663\" data-end=\"1717\">une souffrance qu\u2019il faut entendre et accompagner.<\/strong><\/p>\t\t\t\t\t\t\t\t<\/div>\n\t\t\t\t<\/div>\n\t\t\t\t\t<\/div>\n\t\t\t\t<\/div>\n\t\t<div data-particle_enable=\"false\" data-particle-mobile-disabled=\"false\" class=\"elementor-element elementor-element-cdd1846 e-flex e-con-boxed e-con e-parent\" data-id=\"cdd1846\" data-element_type=\"container\" data-settings=\"{&quot;jet_parallax_layout_list&quot;:[]}\">\n\t\t\t\t\t<div class=\"e-con-inner\">\n\t\t\t\t<div class=\"elementor-element elementor-element-a3ab39b elementor-widget elementor-widget-heading\" data-id=\"a3ab39b\" data-element_type=\"widget\" data-widget_type=\"heading.default\">\n\t\t\t\t<div class=\"elementor-widget-container\">\n\t\t\t\t\t<h2 class=\"elementor-heading-title elementor-size-default\">Facteurs de vuln\u00e9rabilit\u00e9 chez le soignant\n<\/h2>\t\t\t\t<\/div>\n\t\t\t\t<\/div>\n\t\t\t\t<div class=\"elementor-element elementor-element-7c0c522 elementor-widget elementor-widget-text-editor\" data-id=\"7c0c522\" data-element_type=\"widget\" data-widget_type=\"text-editor.default\">\n\t\t\t\t<div class=\"elementor-widget-container\">\n\t\t\t\t\t\t\t\t\t<p data-start=\"1779\" data-end=\"1819\">Certains \u00e9l\u00e9ments augmentent le risque :<\/p><ul data-start=\"1820\" data-end=\"2252\"><li data-start=\"1820\" data-end=\"1895\"><p data-start=\"1822\" data-end=\"1895\"><strong data-start=\"1822\" data-end=\"1851\">Lien fort avec le patient<\/strong> (long accompagnement, histoire personnelle)<\/p><\/li><li data-start=\"1896\" data-end=\"1977\"><p data-start=\"1898\" data-end=\"1977\">D\u00e9c\u00e8s <strong data-start=\"1904\" data-end=\"1926\">brutal ou mal v\u00e9cu<\/strong> (violence, \u00e9v\u00e9nement inattendu, situation injuste)<\/p><\/li><li data-start=\"1978\" data-end=\"2053\"><p data-start=\"1980\" data-end=\"2053\">Contexte d\u2019<strong data-start=\"1991\" data-end=\"2029\">erreur, conflit ou d\u00e9sorganisation<\/strong> dans la prise en charge<\/p><\/li><li data-start=\"2054\" data-end=\"2130\"><p data-start=\"2056\" data-end=\"2130\">Absence de <strong data-start=\"2067\" data-end=\"2088\">rituel de cl\u00f4ture<\/strong> ou impossibilit\u00e9 de parler apr\u00e8s le d\u00e9c\u00e8s<\/p><\/li><li data-start=\"2131\" data-end=\"2177\"><p data-start=\"2133\" data-end=\"2177\">Accumulation de morts sur une p\u00e9riode courte<\/p><\/li><li data-start=\"2178\" data-end=\"2252\"><p data-start=\"2180\" data-end=\"2252\"><strong data-start=\"2180\" data-end=\"2212\">Surinvestissement \u00e9motionnel<\/strong>, manque de soutien ou de reconnaissance<\/p><\/li><\/ul>\t\t\t\t\t\t\t\t<\/div>\n\t\t\t\t<\/div>\n\t\t\t\t\t<\/div>\n\t\t\t\t<\/div>\n\t\t<div data-particle_enable=\"false\" data-particle-mobile-disabled=\"false\" class=\"elementor-element elementor-element-f866176 e-flex e-con-boxed e-con e-parent\" data-id=\"f866176\" data-element_type=\"container\" data-settings=\"{&quot;jet_parallax_layout_list&quot;:[]}\">\n\t\t\t\t\t<div class=\"e-con-inner\">\n\t\t<div data-particle_enable=\"false\" data-particle-mobile-disabled=\"false\" class=\"elementor-element elementor-element-be07d47 e-con-full e-flex e-con e-child\" data-id=\"be07d47\" data-element_type=\"container\" data-settings=\"{&quot;jet_parallax_layout_list&quot;:[]}\">\n\t\t\t\t<div class=\"elementor-element elementor-element-9d3f81c elementor-widget elementor-widget-heading\" data-id=\"9d3f81c\" data-element_type=\"widget\" data-widget_type=\"heading.default\">\n\t\t\t\t<div class=\"elementor-widget-container\">\n\t\t\t\t\t<h2 class=\"elementor-heading-title elementor-size-default\">Les cons\u00e9quences possibles<\/h2>\t\t\t\t<\/div>\n\t\t\t\t<\/div>\n\t\t\t\t<div class=\"elementor-element elementor-element-7957069 elementor-widget elementor-widget-text-editor\" data-id=\"7957069\" data-element_type=\"widget\" data-widget_type=\"text-editor.default\">\n\t\t\t\t<div class=\"elementor-widget-container\">\n\t\t\t\t\t\t\t\t\t<p data-start=\"2298\" data-end=\"2337\">Un deuil pathologique peut conduire \u00e0 :<\/p><ul data-start=\"2338\" data-end=\"2606\"><li data-start=\"2338\" data-end=\"2378\"><p data-start=\"2340\" data-end=\"2378\">des <strong data-start=\"2344\" data-end=\"2378\">troubles anxieux ou d\u00e9pressifs<\/strong><\/p><\/li><li data-start=\"2379\" data-end=\"2423\"><p data-start=\"2381\" data-end=\"2423\">un <strong data-start=\"2384\" data-end=\"2423\">\u00e9puisement professionnel (burn-out)<\/strong><\/p><\/li><li data-start=\"2424\" data-end=\"2469\"><p data-start=\"2426\" data-end=\"2469\">une perte de sens dans la mission soignante<\/p><\/li><li data-start=\"2470\" data-end=\"2537\"><p data-start=\"2472\" data-end=\"2537\">des tensions dans l\u2019\u00e9quipe (d\u00e9ni collectif, rejet, surprotection)<\/p><\/li><li data-start=\"2538\" data-end=\"2606\"><p data-start=\"2540\" data-end=\"2606\">un risque accru de <strong data-start=\"2559\" data-end=\"2606\">d\u00e9sengagement ou d\u2019erreurs professionnelles<\/strong><\/p><\/li><\/ul>\t\t\t\t\t\t\t\t<\/div>\n\t\t\t\t<\/div>\n\t\t\t\t<\/div>\n\t\t<div data-particle_enable=\"false\" data-particle-mobile-disabled=\"false\" class=\"elementor-element elementor-element-082bc06 e-con-full e-flex e-con e-child\" data-id=\"082bc06\" data-element_type=\"container\" data-settings=\"{&quot;jet_parallax_layout_list&quot;:[]}\">\n\t\t\t\t<div class=\"elementor-element elementor-element-de46454 elementor-widget elementor-widget-heading\" data-id=\"de46454\" data-element_type=\"widget\" data-widget_type=\"heading.default\">\n\t\t\t\t<div class=\"elementor-widget-container\">\n\t\t\t\t\t<h2 class=\"elementor-heading-title elementor-size-default\">Quand et comment agir ?\n<\/h2>\t\t\t\t<\/div>\n\t\t\t\t<\/div>\n\t\t\t\t<div class=\"elementor-element elementor-element-ccab965 elementor-widget elementor-widget-text-editor\" data-id=\"ccab965\" data-element_type=\"widget\" data-widget_type=\"text-editor.default\">\n\t\t\t\t<div class=\"elementor-widget-container\">\n\t\t\t\t\t\t\t\t\t<p data-start=\"2649\" data-end=\"2701\">\ud83d\udcac Un soignant qui vit un deuil difficile a besoin :<\/p><ul data-start=\"2702\" data-end=\"3007\"><li data-start=\"2702\" data-end=\"2735\"><p data-start=\"2704\" data-end=\"2735\"><strong data-start=\"2704\" data-end=\"2735\">d\u2019\u00eatre \u00e9cout\u00e9 sans jugement<\/strong><\/p><\/li><li data-start=\"2736\" data-end=\"2812\"><p data-start=\"2738\" data-end=\"2812\">d\u2019un <strong data-start=\"2743\" data-end=\"2771\">temps d\u2019expression cadr\u00e9<\/strong>, au sein de l\u2019\u00e9quipe ou hors de celle-ci<\/p><\/li><li data-start=\"2813\" data-end=\"2906\"><p data-start=\"2815\" data-end=\"2906\">de <strong data-start=\"2818\" data-end=\"2842\">ressources cliniques<\/strong> : supervision, psychologue du travail, cellule d\u2019accompagnement<\/p><\/li><li data-start=\"2907\" data-end=\"3007\"><p data-start=\"2909\" data-end=\"3007\">de pouvoir <strong data-start=\"2920\" data-end=\"2947\">nommer ce qu\u2019il ressent<\/strong> : la tristesse, la col\u00e8re, la honte ou le sentiment d\u2019\u00e9chec<\/p><\/li><\/ul><p data-start=\"3009\" data-end=\"3199\">\ud83d\udc49 <strong data-start=\"3012\" data-end=\"3058\">Rep\u00e9rer les signes pr\u00e9coces est essentiel.<\/strong><br data-start=\"3058\" data-end=\"3061\" \/>Un coll\u00e8gue qui change, s\u2019\u00e9loigne, se d\u00e9sengage ou s\u2019exprime avec une charge \u00e9motionnelle inhabituelle m\u00e9rite une attention bienveillante.<\/p>\t\t\t\t\t\t\t\t<\/div>\n\t\t\t\t<\/div>\n\t\t\t\t<\/div>\n\t\t\t\t\t<\/div>\n\t\t\t\t<\/div>\n\t\t<div data-particle_enable=\"false\" data-particle-mobile-disabled=\"false\" class=\"elementor-element elementor-element-d8d2d4f e-flex e-con-boxed e-con e-parent\" data-id=\"d8d2d4f\" data-element_type=\"container\" data-settings=\"{&quot;jet_parallax_layout_list&quot;:[]}\">\n\t\t\t\t\t<div class=\"e-con-inner\">\n\t\t\t\t<div class=\"elementor-element elementor-element-456f6eb elementor-widget elementor-widget-heading\" data-id=\"456f6eb\" data-element_type=\"widget\" data-widget_type=\"heading.default\">\n\t\t\t\t<div class=\"elementor-widget-container\">\n\t\t\t\t\t<h2 class=\"elementor-heading-title elementor-size-default\">Ne pas rester seul<\/h2>\t\t\t\t<\/div>\n\t\t\t\t<\/div>\n\t\t\t\t<div class=\"elementor-element elementor-element-bf1d38f elementor-widget elementor-widget-text-editor\" data-id=\"bf1d38f\" data-element_type=\"widget\" data-widget_type=\"text-editor.default\">\n\t\t\t\t<div class=\"elementor-widget-container\">\n\t\t\t\t\t\t\t\t\t<p data-start=\"3237\" data-end=\"3296\">Il est important que les soignants sachent qu\u2019ils peuvent :<\/p><ul data-start=\"3297\" data-end=\"3440\"><li data-start=\"3297\" data-end=\"3321\"><p data-start=\"3299\" data-end=\"3321\"><strong data-start=\"3299\" data-end=\"3321\">traverser un deuil<\/strong><\/p><\/li><li data-start=\"3322\" data-end=\"3366\"><p data-start=\"3324\" data-end=\"3366\"><strong data-start=\"3324\" data-end=\"3366\">ne pas \u00eatre imm\u00e9diatement &#8220;r\u00e9silients&#8221;<\/strong><\/p><\/li><li data-start=\"3367\" data-end=\"3440\"><p data-start=\"3369\" data-end=\"3440\"><strong data-start=\"3369\" data-end=\"3440\">demander de l\u2019aide sans que cela remette en cause leurs comp\u00e9tences<\/strong><\/p><\/li><\/ul><p data-start=\"3442\" data-end=\"3521\">\ud83c\udfaf <strong data-start=\"3445\" data-end=\"3468\">Des outils existent<\/strong> pour pr\u00e9venir ou accompagner le deuil pathologique :<\/p><ul data-start=\"3522\" data-end=\"3648\"><li data-start=\"3522\" data-end=\"3550\"><p data-start=\"3524\" data-end=\"3550\">Groupes de parole encadr\u00e9s<\/p><\/li><li data-start=\"3551\" data-end=\"3571\"><p data-start=\"3553\" data-end=\"3571\">M\u00e9diation d\u2019\u00e9quipe<\/p><\/li><li data-start=\"3572\" data-end=\"3598\"><p data-start=\"3574\" data-end=\"3598\">Supervision individuelle<\/p><\/li><li data-start=\"3599\" data-end=\"3648\"><p data-start=\"3601\" data-end=\"3648\">Espaces \u00e9thiques ou temps de r\u00e9flexion partag\u00e9e<\/p><\/li><\/ul>\t\t\t\t\t\t\t\t<\/div>\n\t\t\t\t<\/div>\n\t\t\t\t<div class=\"elementor-element elementor-element-b11035e elementor-widget elementor-widget-text-editor\" data-id=\"b11035e\" data-element_type=\"widget\" data-widget_type=\"text-editor.default\">\n\t\t\t\t<div class=\"elementor-widget-container\">\n\t\t\t\t\t\t\t\t\t<p data-start=\"4219\" data-end=\"4578\">Le deuil pathologique chez le soignant est un <strong data-start=\"4265\" data-end=\"4299\">signal d\u2019alerte, pas un \u00e9chec. <\/strong>Il r\u00e9v\u00e8le un <strong data-start=\"4315\" data-end=\"4337\">m\u00e9tier de relation<\/strong>, fait d\u2019engagement, de pr\u00e9sence et parfois\u2026 d\u2019\u00e9preuves profondes. Reconna\u00eetre cette douleur, c\u2019est aussi <strong data-start=\"4445\" data-end=\"4471\">prot\u00e9ger les soignants<\/strong>, leurs \u00e9quipes et les patients \u00e0 venir. Et permettre \u00e0 chacun de <strong data-start=\"4539\" data-end=\"4578\">continuer \u00e0 soigner\u2026 sans s\u2019ab\u00eemer.<\/strong><\/p>\t\t\t\t\t\t\t\t<\/div>\n\t\t\t\t<\/div>\n\t\t\t\t\t<\/div>\n\t\t\t\t<\/div>\n\t\t\t\t<\/div>\n\t\t","protected":false},"excerpt":{"rendered":"<p>LE DEUIL PATHOLOGIQUE CHEZ LE SOIGNANT Dans l\u2019exercice du soin, la mort fait partie du quotidien. Pourtant, elle n\u2019est jamais anodine. Si certains d\u00e9c\u00e8s sont int\u00e9gr\u00e9s dans une continuit\u00e9 professionnelle ou humaine, d&#8217;autres laissent des traces profondes. Lorsqu\u2019un deuil se prolonge, d\u00e9sorganise ou enferme, il peut devenir pathologique. Chez les soignants, ce type de deuil [&hellip;]<\/p>\n","protected":false},"author":1,"featured_media":0,"parent":0,"menu_order":0,"comment_status":"closed","ping_status":"closed","template":"","meta":{"footnotes":""},"categories":[],"tags":[],"class_list":["post-1068","page","type-page","status-publish","hentry"],"yoast_head":"<!-- This site is optimized with the Yoast SEO Premium plugin v25.5 (Yoast SEO v25.5) - https:\/\/yoast.com\/wordpress\/plugins\/seo\/ -->\n<title>Le deuil pathologique - Espace soignant<\/title>\n<meta name=\"robots\" content=\"index, follow, max-snippet:-1, max-image-preview:large, max-video-preview:-1\" \/>\n<link rel=\"canonical\" href=\"https:\/\/www.lessurvivants.org\/soignant\/le-deuil-pathologique\/\" \/>\n<meta property=\"og:locale\" content=\"fr_FR\" \/>\n<meta property=\"og:type\" content=\"article\" \/>\n<meta property=\"og:title\" content=\"Le deuil pathologique\" \/>\n<meta property=\"og:description\" content=\"LE DEUIL PATHOLOGIQUE CHEZ LE SOIGNANT Dans l\u2019exercice du soin, la mort fait partie du quotidien. Pourtant, elle n\u2019est jamais anodine. Si certains d\u00e9c\u00e8s sont int\u00e9gr\u00e9s dans une continuit\u00e9 professionnelle ou humaine, d&#8217;autres laissent des traces profondes. Lorsqu\u2019un deuil se prolonge, d\u00e9sorganise ou enferme, il peut devenir pathologique. Chez les soignants, ce type de deuil [&hellip;]\" \/>\n<meta property=\"og:url\" content=\"https:\/\/www.lessurvivants.org\/soignant\/le-deuil-pathologique\/\" \/>\n<meta property=\"og:site_name\" content=\"Espace soignant\" \/>\n<meta property=\"article:modified_time\" content=\"2025-07-08T15:20:39+00:00\" \/>\n<meta name=\"twitter:card\" content=\"summary_large_image\" \/>\n<meta name=\"twitter:label1\" content=\"Dur\u00e9e de lecture estim\u00e9e\" \/>\n\t<meta name=\"twitter:data1\" content=\"3 minutes\" \/>\n<script type=\"application\/ld+json\" class=\"yoast-schema-graph\">{\"@context\":\"https:\/\/schema.org\",\"@graph\":[{\"@type\":\"WebPage\",\"@id\":\"https:\/\/www.lessurvivants.org\/soignant\/le-deuil-pathologique\/\",\"url\":\"https:\/\/www.lessurvivants.org\/soignant\/le-deuil-pathologique\/\",\"name\":\"Le deuil pathologique - Espace soignant\",\"isPartOf\":{\"@id\":\"https:\/\/www.lessurvivants.org\/soignant\/#website\"},\"datePublished\":\"2025-03-10T14:23:19+00:00\",\"dateModified\":\"2025-07-08T15:20:39+00:00\",\"breadcrumb\":{\"@id\":\"https:\/\/www.lessurvivants.org\/soignant\/le-deuil-pathologique\/#breadcrumb\"},\"inLanguage\":\"fr-FR\",\"potentialAction\":[{\"@type\":\"ReadAction\",\"target\":[\"https:\/\/www.lessurvivants.org\/soignant\/le-deuil-pathologique\/\"]}]},{\"@type\":\"BreadcrumbList\",\"@id\":\"https:\/\/www.lessurvivants.org\/soignant\/le-deuil-pathologique\/#breadcrumb\",\"itemListElement\":[{\"@type\":\"ListItem\",\"position\":1,\"name\":\"Accueil\",\"item\":\"https:\/\/www.lessurvivants.org\/soignant\/\"},{\"@type\":\"ListItem\",\"position\":2,\"name\":\"Le deuil pathologique\"}]},{\"@type\":\"WebSite\",\"@id\":\"https:\/\/www.lessurvivants.org\/soignant\/#website\",\"url\":\"https:\/\/www.lessurvivants.org\/soignant\/\",\"name\":\"Espace soignant\",\"description\":\"\",\"publisher\":{\"@id\":\"https:\/\/www.lessurvivants.org\/soignant\/#organization\"},\"potentialAction\":[{\"@type\":\"SearchAction\",\"target\":{\"@type\":\"EntryPoint\",\"urlTemplate\":\"https:\/\/www.lessurvivants.org\/soignant\/?s={search_term_string}\"},\"query-input\":{\"@type\":\"PropertyValueSpecification\",\"valueRequired\":true,\"valueName\":\"search_term_string\"}}],\"inLanguage\":\"fr-FR\"},{\"@type\":\"Organization\",\"@id\":\"https:\/\/www.lessurvivants.org\/soignant\/#organization\",\"name\":\"Espace soignant\",\"url\":\"https:\/\/www.lessurvivants.org\/soignant\/\",\"logo\":{\"@type\":\"ImageObject\",\"inLanguage\":\"fr-FR\",\"@id\":\"https:\/\/www.lessurvivants.org\/soignant\/#\/schema\/logo\/image\/\",\"url\":\"https:\/\/www.lessurvivants.org\/wp-content\/uploads\/2025\/03\/logo-final-les-survivants_Plan-de-travail-1.png\",\"contentUrl\":\"https:\/\/www.lessurvivants.org\/wp-content\/uploads\/2025\/03\/logo-final-les-survivants_Plan-de-travail-1.png\",\"caption\":\"Espace soignant\"},\"image\":{\"@id\":\"https:\/\/www.lessurvivants.org\/soignant\/#\/schema\/logo\/image\/\"}}]}<\/script>\n<!-- \/ Yoast SEO Premium plugin. -->","yoast_head_json":{"title":"Le deuil pathologique - Espace soignant","robots":{"index":"index","follow":"follow","max-snippet":"max-snippet:-1","max-image-preview":"max-image-preview:large","max-video-preview":"max-video-preview:-1"},"canonical":"https:\/\/www.lessurvivants.org\/soignant\/le-deuil-pathologique\/","og_locale":"fr_FR","og_type":"article","og_title":"Le deuil pathologique","og_description":"LE DEUIL PATHOLOGIQUE CHEZ LE SOIGNANT Dans l\u2019exercice du soin, la mort fait partie du quotidien. Pourtant, elle n\u2019est jamais anodine. Si certains d\u00e9c\u00e8s sont int\u00e9gr\u00e9s dans une continuit\u00e9 professionnelle ou humaine, d&#8217;autres laissent des traces profondes. Lorsqu\u2019un deuil se prolonge, d\u00e9sorganise ou enferme, il peut devenir pathologique. Chez les soignants, ce type de deuil [&hellip;]","og_url":"https:\/\/www.lessurvivants.org\/soignant\/le-deuil-pathologique\/","og_site_name":"Espace soignant","article_modified_time":"2025-07-08T15:20:39+00:00","twitter_card":"summary_large_image","twitter_misc":{"Dur\u00e9e de lecture estim\u00e9e":"3 minutes"},"schema":{"@context":"https:\/\/schema.org","@graph":[{"@type":"WebPage","@id":"https:\/\/www.lessurvivants.org\/soignant\/le-deuil-pathologique\/","url":"https:\/\/www.lessurvivants.org\/soignant\/le-deuil-pathologique\/","name":"Le deuil pathologique - Espace soignant","isPartOf":{"@id":"https:\/\/www.lessurvivants.org\/soignant\/#website"},"datePublished":"2025-03-10T14:23:19+00:00","dateModified":"2025-07-08T15:20:39+00:00","breadcrumb":{"@id":"https:\/\/www.lessurvivants.org\/soignant\/le-deuil-pathologique\/#breadcrumb"},"inLanguage":"fr-FR","potentialAction":[{"@type":"ReadAction","target":["https:\/\/www.lessurvivants.org\/soignant\/le-deuil-pathologique\/"]}]},{"@type":"BreadcrumbList","@id":"https:\/\/www.lessurvivants.org\/soignant\/le-deuil-pathologique\/#breadcrumb","itemListElement":[{"@type":"ListItem","position":1,"name":"Accueil","item":"https:\/\/www.lessurvivants.org\/soignant\/"},{"@type":"ListItem","position":2,"name":"Le deuil pathologique"}]},{"@type":"WebSite","@id":"https:\/\/www.lessurvivants.org\/soignant\/#website","url":"https:\/\/www.lessurvivants.org\/soignant\/","name":"Espace soignant","description":"","publisher":{"@id":"https:\/\/www.lessurvivants.org\/soignant\/#organization"},"potentialAction":[{"@type":"SearchAction","target":{"@type":"EntryPoint","urlTemplate":"https:\/\/www.lessurvivants.org\/soignant\/?s={search_term_string}"},"query-input":{"@type":"PropertyValueSpecification","valueRequired":true,"valueName":"search_term_string"}}],"inLanguage":"fr-FR"},{"@type":"Organization","@id":"https:\/\/www.lessurvivants.org\/soignant\/#organization","name":"Espace soignant","url":"https:\/\/www.lessurvivants.org\/soignant\/","logo":{"@type":"ImageObject","inLanguage":"fr-FR","@id":"https:\/\/www.lessurvivants.org\/soignant\/#\/schema\/logo\/image\/","url":"https:\/\/www.lessurvivants.org\/wp-content\/uploads\/2025\/03\/logo-final-les-survivants_Plan-de-travail-1.png","contentUrl":"https:\/\/www.lessurvivants.org\/wp-content\/uploads\/2025\/03\/logo-final-les-survivants_Plan-de-travail-1.png","caption":"Espace soignant"},"image":{"@id":"https:\/\/www.lessurvivants.org\/soignant\/#\/schema\/logo\/image\/"}}]}},"_links":{"self":[{"href":"https:\/\/www.lessurvivants.org\/soignant\/wp-json\/wp\/v2\/pages\/1068","targetHints":{"allow":["GET"]}}],"collection":[{"href":"https:\/\/www.lessurvivants.org\/soignant\/wp-json\/wp\/v2\/pages"}],"about":[{"href":"https:\/\/www.lessurvivants.org\/soignant\/wp-json\/wp\/v2\/types\/page"}],"author":[{"embeddable":true,"href":"https:\/\/www.lessurvivants.org\/soignant\/wp-json\/wp\/v2\/users\/1"}],"replies":[{"embeddable":true,"href":"https:\/\/www.lessurvivants.org\/soignant\/wp-json\/wp\/v2\/comments?post=1068"}],"version-history":[{"count":9,"href":"https:\/\/www.lessurvivants.org\/soignant\/wp-json\/wp\/v2\/pages\/1068\/revisions"}],"predecessor-version":[{"id":1822,"href":"https:\/\/www.lessurvivants.org\/soignant\/wp-json\/wp\/v2\/pages\/1068\/revisions\/1822"}],"wp:attachment":[{"href":"https:\/\/www.lessurvivants.org\/soignant\/wp-json\/wp\/v2\/media?parent=1068"}],"wp:term":[{"taxonomy":"category","embeddable":true,"href":"https:\/\/www.lessurvivants.org\/soignant\/wp-json\/wp\/v2\/categories?post=1068"},{"taxonomy":"post_tag","embeddable":true,"href":"https:\/\/www.lessurvivants.org\/soignant\/wp-json\/wp\/v2\/tags?post=1068"}],"curies":[{"name":"wp","href":"https:\/\/api.w.org\/{rel}","templated":true}]}}