{"id":1070,"date":"2025-03-10T15:23:38","date_gmt":"2025-03-10T14:23:38","guid":{"rendered":"https:\/\/www.lessurvivants.org\/soignant\/?page_id=1070"},"modified":"2025-07-08T16:41:56","modified_gmt":"2025-07-08T14:41:56","slug":"les-differentes-phases-du-deuil-pour-le-soignant","status":"publish","type":"page","link":"https:\/\/www.lessurvivants.org\/soignant\/les-differentes-phases-du-deuil-pour-le-soignant\/","title":{"rendered":"Les diff\u00e9rentes phases du deuil pour le soignant"},"content":{"rendered":"\t\t<div data-elementor-type=\"wp-page\" data-elementor-id=\"1070\" class=\"elementor elementor-1070\" data-elementor-post-type=\"page\">\n\t\t\t\t<div data-particle_enable=\"false\" data-particle-mobile-disabled=\"false\" class=\"elementor-element elementor-element-706dc07 e-flex e-con-boxed e-con e-parent\" data-id=\"706dc07\" data-element_type=\"container\" data-settings=\"{&quot;jet_parallax_layout_list&quot;:[]}\">\n\t\t\t\t\t<div class=\"e-con-inner\">\n\t\t\t\t<div class=\"elementor-element elementor-element-ca839de elementor-widget elementor-widget-heading\" data-id=\"ca839de\" data-element_type=\"widget\" data-widget_type=\"heading.default\">\n\t\t\t\t<div class=\"elementor-widget-container\">\n\t\t\t\t\t<h1 class=\"elementor-heading-title elementor-size-default\">LES DIFF\u00c9RENTES PHASES DU DEUIL POUR LE SOIGNANT<\/h1>\t\t\t\t<\/div>\n\t\t\t\t<\/div>\n\t\t\t\t<div class=\"elementor-element elementor-element-f3d673d elementor-widget elementor-widget-text-editor\" data-id=\"f3d673d\" data-element_type=\"widget\" data-widget_type=\"text-editor.default\">\n\t\t\t\t<div class=\"elementor-widget-container\">\n\t\t\t\t\t\t\t\t\t<p data-start=\"464\" data-end=\"857\">Le soignant, qu\u2019il soit m\u00e9decin, infirmier, aide-soignant ou autre professionnel de sant\u00e9, n\u2019est pas \u00e9pargn\u00e9 par le deuil. Face \u00e0 la mort d\u2019un patient, <strong data-start=\"616\" data-end=\"659\">un processus de deuil peut s\u2019enclencher<\/strong>, m\u00eame si la relation \u00e9tait professionnelle. Ce v\u00e9cu est <strong data-start=\"716\" data-end=\"755\">souvent minimis\u00e9, ignor\u00e9, voire ni\u00e9<\/strong>, alors qu\u2019il a un impact r\u00e9el sur le bien-\u00eatre, la qualit\u00e9 des soins et la p\u00e9rennit\u00e9 de l\u2019engagement.<\/p><p data-start=\"859\" data-end=\"923\">Reconna\u00eetre les diff\u00e9rentes phases du deuil permet au soignant :<\/p><ul data-start=\"924\" data-end=\"1137\"><li data-start=\"924\" data-end=\"962\"><p data-start=\"926\" data-end=\"962\">De <strong data-start=\"929\" data-end=\"962\">mieux comprendre ses \u00e9motions<\/strong><\/p><\/li><li data-start=\"963\" data-end=\"1016\"><p data-start=\"965\" data-end=\"1016\">De <strong data-start=\"968\" data-end=\"1016\">rep\u00e9rer une souffrance prolong\u00e9e ou anormale<\/strong><\/p><\/li><li data-start=\"1017\" data-end=\"1077\"><p data-start=\"1019\" data-end=\"1077\">De <strong data-start=\"1022\" data-end=\"1077\">mettre en place un accompagnement ou des ressources<\/strong><\/p><\/li><li data-start=\"1078\" data-end=\"1137\"><p data-start=\"1080\" data-end=\"1137\">Et surtout, de <strong data-start=\"1095\" data-end=\"1137\">ne pas rester seul face \u00e0 ce qu\u2019il vit<\/strong><\/p><\/li><\/ul>\t\t\t\t\t\t\t\t<\/div>\n\t\t\t\t<\/div>\n\t\t\t\t\t<\/div>\n\t\t\t\t<\/div>\n\t\t<div data-particle_enable=\"false\" data-particle-mobile-disabled=\"false\" class=\"elementor-element elementor-element-4216d04 e-flex e-con-boxed e-con e-parent\" data-id=\"4216d04\" data-element_type=\"container\" data-settings=\"{&quot;jet_parallax_layout_list&quot;:[]}\">\n\t\t\t\t\t<div class=\"e-con-inner\">\n\t\t\t\t<div class=\"elementor-element elementor-element-4c7e171 elementor-widget elementor-widget-heading\" data-id=\"4c7e171\" data-element_type=\"widget\" data-widget_type=\"heading.default\">\n\t\t\t\t<div class=\"elementor-widget-container\">\n\t\t\t\t\t<h2 class=\"elementor-heading-title elementor-size-default\">Le choc ou le d\u00e9ni\n<\/h2>\t\t\t\t<\/div>\n\t\t\t\t<\/div>\n\t\t\t\t<div class=\"elementor-element elementor-element-3f193a2 elementor-widget elementor-widget-text-editor\" data-id=\"3f193a2\" data-element_type=\"widget\" data-widget_type=\"text-editor.default\">\n\t\t\t\t<div class=\"elementor-widget-container\">\n\t\t\t\t\t\t\t\t\t<p data-start=\"1175\" data-end=\"1510\">M\u00eame lorsqu\u2019une mort est attendue, <strong data-start=\"1210\" data-end=\"1251\">l\u2019annonce ou la constatation du d\u00e9c\u00e8s<\/strong> peut provoquer un <strong data-start=\"1270\" data-end=\"1289\">choc \u00e9motionnel<\/strong>. Le corps r\u00e9agit : tension musculaire, sid\u00e9ration, froideur affective ou hyperactivit\u00e9.<br data-start=\"1377\" data-end=\"1380\" \/>Certains soignants se &#8220;d\u00e9sengagent \u00e9motionnellement&#8221; pour continuer leur mission, d\u2019autres \u00e9prouvent un <strong data-start=\"1484\" data-end=\"1509\">sentiment d\u2019irr\u00e9alit\u00e9<\/strong>.<\/p><p data-start=\"1512\" data-end=\"1625\">\ud83e\udde0 <strong data-start=\"1515\" data-end=\"1534\">Le d\u00e9ni partiel<\/strong> peut \u00eatre un m\u00e9canisme de d\u00e9fense protecteur, mais il ne doit pas s\u2019installer durablement.<\/p>\t\t\t\t\t\t\t\t<\/div>\n\t\t\t\t<\/div>\n\t\t\t\t\t<\/div>\n\t\t\t\t<\/div>\n\t\t<div data-particle_enable=\"false\" data-particle-mobile-disabled=\"false\" class=\"elementor-element elementor-element-7181e64 e-flex e-con-boxed e-con e-parent\" data-id=\"7181e64\" data-element_type=\"container\" data-settings=\"{&quot;jet_parallax_layout_list&quot;:[]}\">\n\t\t\t\t\t<div class=\"e-con-inner\">\n\t\t\t\t<div class=\"elementor-element elementor-element-b5f9f00 elementor-widget elementor-widget-heading\" data-id=\"b5f9f00\" data-element_type=\"widget\" data-widget_type=\"heading.default\">\n\t\t\t\t<div class=\"elementor-widget-container\">\n\t\t\t\t\t<h2 class=\"elementor-heading-title elementor-size-default\">La col\u00e8re, la culpabilit\u00e9<\/h2>\t\t\t\t<\/div>\n\t\t\t\t<\/div>\n\t\t\t\t<div class=\"elementor-element elementor-element-1a6e6db elementor-widget elementor-widget-text-editor\" data-id=\"1a6e6db\" data-element_type=\"widget\" data-widget_type=\"text-editor.default\">\n\t\t\t\t<div class=\"elementor-widget-container\">\n\t\t\t\t\t\t\t\t\t<p data-start=\"1670\" data-end=\"1736\">Une phase de <strong data-start=\"1683\" data-end=\"1705\">r\u00e9volte int\u00e9rieure<\/strong> peut suivre, parfois dirig\u00e9e :<\/p><ul data-start=\"1737\" data-end=\"1898\"><li data-start=\"1737\" data-end=\"1779\"><p data-start=\"1739\" data-end=\"1779\">Contre soi : <em data-start=\"1752\" data-end=\"1779\">&#8220;J\u2019aurais d\u00fb faire plus.&#8221;<\/em><\/p><\/li><li data-start=\"1780\" data-end=\"1840\"><p data-start=\"1782\" data-end=\"1840\">Contre l\u2019\u00e9quipe ou le syst\u00e8me : <em data-start=\"1814\" data-end=\"1840\">&#8220;On a manqu\u00e9 de moyens.&#8221;<\/em><\/p><\/li><li data-start=\"1841\" data-end=\"1898\"><p data-start=\"1843\" data-end=\"1898\">Contre la famille, le patient, la maladie, le destin&#8230;<\/p><\/li><\/ul><p data-start=\"1900\" data-end=\"2059\">\ud83d\udccc Cette \u00e9tape est normale. Elle peut aussi contenir une <strong data-start=\"1957\" data-end=\"1981\">col\u00e8re plus profonde<\/strong> li\u00e9e \u00e0 l\u2019usure, l\u2019injustice ou l\u2019impuissance ressentie dans l\u2019accompagnement.<\/p>\t\t\t\t\t\t\t\t<\/div>\n\t\t\t\t<\/div>\n\t\t\t\t<div class=\"elementor-element elementor-element-1de5002 elementor-widget elementor-widget-heading\" data-id=\"1de5002\" data-element_type=\"widget\" data-widget_type=\"heading.default\">\n\t\t\t\t<div class=\"elementor-widget-container\">\n\t\t\t\t\t<h2 class=\"elementor-heading-title elementor-size-default\">Le marchandage silencieux<\/h2>\t\t\t\t<\/div>\n\t\t\t\t<\/div>\n\t\t\t\t<div class=\"elementor-element elementor-element-2369898 elementor-widget elementor-widget-text-editor\" data-id=\"2369898\" data-element_type=\"widget\" data-widget_type=\"text-editor.default\">\n\t\t\t\t<div class=\"elementor-widget-container\">\n\t\t\t\t\t\t\t\t\t<p data-start=\"2104\" data-end=\"2201\">Peu visible, cette phase se manifeste par des <strong data-start=\"2150\" data-end=\"2199\">tentatives int\u00e9rieures de reprise de contr\u00f4le<\/strong> :<\/p><ul data-start=\"2202\" data-end=\"2313\"><li data-start=\"2202\" data-end=\"2262\"><p data-start=\"2204\" data-end=\"2262\"><em data-start=\"2204\" data-end=\"2262\">&#8220;Si je m\u2019investis encore plus, \u00e7a ne se reproduira pas.&#8221;<\/em><\/p><\/li><li data-start=\"2263\" data-end=\"2313\"><p data-start=\"2265\" data-end=\"2313\"><em data-start=\"2265\" data-end=\"2313\">&#8220;Il faut que je trouve un sens \u00e0 cette perte.&#8221;<\/em><\/p><\/li><\/ul><p data-start=\"2315\" data-end=\"2462\">\ud83d\udcac Certains soignants ressentent alors le besoin de <strong data-start=\"2367\" data-end=\"2401\">parler, de revisiter les faits<\/strong>, de chercher une explication m\u00e9dicale, \u00e9thique, spirituelle\u2026<\/p>\t\t\t\t\t\t\t\t<\/div>\n\t\t\t\t<\/div>\n\t\t\t\t\t<\/div>\n\t\t\t\t<\/div>\n\t\t<div data-particle_enable=\"false\" data-particle-mobile-disabled=\"false\" class=\"elementor-element elementor-element-3df13c7 e-flex e-con-boxed e-con e-parent\" data-id=\"3df13c7\" data-element_type=\"container\" data-settings=\"{&quot;jet_parallax_layout_list&quot;:[]}\">\n\t\t\t\t\t<div class=\"e-con-inner\">\n\t\t<div data-particle_enable=\"false\" data-particle-mobile-disabled=\"false\" class=\"elementor-element elementor-element-a046d32 e-con-full e-flex e-con e-child\" data-id=\"a046d32\" data-element_type=\"container\" data-settings=\"{&quot;jet_parallax_layout_list&quot;:[]}\">\n\t\t\t\t<div class=\"elementor-element elementor-element-d51e1e4 elementor-widget elementor-widget-heading\" data-id=\"d51e1e4\" data-element_type=\"widget\" data-widget_type=\"heading.default\">\n\t\t\t\t<div class=\"elementor-widget-container\">\n\t\t\t\t\t<h2 class=\"elementor-heading-title elementor-size-default\">La tristesse ou le repli<\/h2>\t\t\t\t<\/div>\n\t\t\t\t<\/div>\n\t\t\t\t<div class=\"elementor-element elementor-element-118a743 elementor-widget elementor-widget-text-editor\" data-id=\"118a743\" data-element_type=\"widget\" data-widget_type=\"text-editor.default\">\n\t\t\t\t<div class=\"elementor-widget-container\">\n\t\t\t\t\t\t\t\t\t<p data-start=\"2506\" data-end=\"2561\">La phase de tristesse peut \u00eatre plus ou moins marqu\u00e9e :<\/p><ul data-start=\"2562\" data-end=\"2690\"><li data-start=\"2562\" data-end=\"2584\"><p data-start=\"2564\" data-end=\"2584\">Fatigue inhabituelle<\/p><\/li><li data-start=\"2585\" data-end=\"2611\"><p data-start=\"2587\" data-end=\"2611\">Manque d\u2019\u00e9lan au travail<\/p><\/li><li data-start=\"2612\" data-end=\"2655\"><p data-start=\"2614\" data-end=\"2655\">Baisse d\u2019int\u00e9r\u00eat pour la relation patient<\/p><\/li><li data-start=\"2656\" data-end=\"2690\"><p data-start=\"2658\" data-end=\"2690\">Sensation de vide ou d&#8217;inutilit\u00e9<\/p><\/li><\/ul><p data-start=\"2692\" data-end=\"2810\">\ud83d\uded1 Le risque ici est <strong data-start=\"2713\" data-end=\"2728\">l\u2019isolement<\/strong> ou le <strong data-start=\"2735\" data-end=\"2760\">d\u00e9ni du besoin d\u2019aide<\/strong>, surtout dans un univers o\u00f9 &#8220;tenir&#8221; est valoris\u00e9.<\/p>\t\t\t\t\t\t\t\t<\/div>\n\t\t\t\t<\/div>\n\t\t\t\t<\/div>\n\t\t<div data-particle_enable=\"false\" data-particle-mobile-disabled=\"false\" class=\"elementor-element elementor-element-cdfcbd8 e-con-full e-flex e-con e-child\" data-id=\"cdfcbd8\" data-element_type=\"container\" data-settings=\"{&quot;jet_parallax_layout_list&quot;:[]}\">\n\t\t\t\t<div class=\"elementor-element elementor-element-18ed4aa elementor-widget elementor-widget-image\" data-id=\"18ed4aa\" data-element_type=\"widget\" data-widget_type=\"image.default\">\n\t\t\t\t<div class=\"elementor-widget-container\">\n\t\t\t\t\t\t\t\t\t\t\t\t\t\t\t<img fetchpriority=\"high\" decoding=\"async\" width=\"800\" height=\"523\" src=\"https:\/\/www.lessurvivants.org\/soignant\/wp-content\/uploads\/sites\/2\/2025\/07\/differrentes-phases-de-deuil-soignant-les-survivants-1024x670.avif\" class=\"attachment-large size-large wp-image-1809 not-transparent\" alt=\"les-differentes-phases-de-deuil-du-soignant-les-survivants\" srcset=\"https:\/\/www.lessurvivants.org\/soignant\/wp-content\/uploads\/sites\/2\/2025\/07\/differrentes-phases-de-deuil-soignant-les-survivants-1024x670.avif 1024w, https:\/\/www.lessurvivants.org\/soignant\/wp-content\/uploads\/sites\/2\/2025\/07\/differrentes-phases-de-deuil-soignant-les-survivants-300x196.avif 300w, https:\/\/www.lessurvivants.org\/soignant\/wp-content\/uploads\/sites\/2\/2025\/07\/differrentes-phases-de-deuil-soignant-les-survivants-768x503.avif 768w, https:\/\/www.lessurvivants.org\/soignant\/wp-content\/uploads\/sites\/2\/2025\/07\/differrentes-phases-de-deuil-soignant-les-survivants.avif 1344w\" sizes=\"(max-width: 800px) 100vw, 800px\" data-has-transparency=\"false\" data-dominant-color=\"a17f80\" style=\"--dominant-color: #a17f80\" \/>\t\t\t\t\t\t\t\t\t\t\t\t\t\t\t<\/div>\n\t\t\t\t<\/div>\n\t\t\t\t<\/div>\n\t\t\t\t\t<\/div>\n\t\t\t\t<\/div>\n\t\t<div data-particle_enable=\"false\" data-particle-mobile-disabled=\"false\" class=\"elementor-element elementor-element-ed0cb86 e-flex e-con-boxed e-con e-parent\" data-id=\"ed0cb86\" data-element_type=\"container\" data-settings=\"{&quot;jet_parallax_layout_list&quot;:[]}\">\n\t\t\t\t\t<div class=\"e-con-inner\">\n\t\t\t\t<div class=\"elementor-element elementor-element-20d801d elementor-widget elementor-widget-heading\" data-id=\"20d801d\" data-element_type=\"widget\" data-widget_type=\"heading.default\">\n\t\t\t\t<div class=\"elementor-widget-container\">\n\t\t\t\t\t<h2 class=\"elementor-heading-title elementor-size-default\">L\u2019int\u00e9gration et le sens<\/h2>\t\t\t\t<\/div>\n\t\t\t\t<\/div>\n\t\t\t\t<div class=\"elementor-element elementor-element-447e98f elementor-widget elementor-widget-text-editor\" data-id=\"447e98f\" data-element_type=\"widget\" data-widget_type=\"text-editor.default\">\n\t\t\t\t<div class=\"elementor-widget-container\">\n\t\t\t\t\t\t\t\t\t<p data-start=\"2854\" data-end=\"2906\">Petit \u00e0 petit, la mort du patient trouve une place :<\/p><ul data-start=\"2907\" data-end=\"3055\"><li data-start=\"2907\" data-end=\"2955\"><p data-start=\"2909\" data-end=\"2955\">Comme <strong data-start=\"2915\" data-end=\"2955\">exp\u00e9rience professionnelle marquante<\/strong><\/p><\/li><li data-start=\"2956\" data-end=\"3004\"><p data-start=\"2958\" data-end=\"3004\">Parfois comme <strong data-start=\"2972\" data-end=\"3004\">rencontre humaine importante<\/strong><\/p><\/li><li data-start=\"3005\" data-end=\"3055\"><p data-start=\"3007\" data-end=\"3055\">Parfois comme <strong data-start=\"3021\" data-end=\"3041\">\u00e9chec non dig\u00e9r\u00e9<\/strong>, mais accept\u00e9<\/p><\/li><\/ul><p data-start=\"3057\" data-end=\"3286\">\ud83d\udd04 Certains soignants en profitent pour <strong data-start=\"3097\" data-end=\"3121\">adapter leur posture<\/strong>, r\u00e9\u00e9quilibrer leur engagement, ou <strong data-start=\"3156\" data-end=\"3185\">r\u00e9fl\u00e9chir \u00e0 leurs limites<\/strong>. D\u2019autres choisissent d\u2019en faire <strong data-start=\"3219\" data-end=\"3286\">un moteur de transmission, de sensibilisation ou de pr\u00e9vention.<\/strong><\/p>\t\t\t\t\t\t\t\t<\/div>\n\t\t\t\t<\/div>\n\t\t\t\t\t<\/div>\n\t\t\t\t<\/div>\n\t\t<div data-particle_enable=\"false\" data-particle-mobile-disabled=\"false\" class=\"elementor-element elementor-element-25e03fb e-flex e-con-boxed e-con e-parent\" data-id=\"25e03fb\" data-element_type=\"container\" data-settings=\"{&quot;jet_parallax_layout_list&quot;:[]}\">\n\t\t\t\t\t<div class=\"e-con-inner\">\n\t\t\t\t<div class=\"elementor-element elementor-element-3e305e1 elementor-widget elementor-widget-heading\" data-id=\"3e305e1\" data-element_type=\"widget\" data-widget_type=\"heading.default\">\n\t\t\t\t<div class=\"elementor-widget-container\">\n\t\t\t\t\t<h2 class=\"elementor-heading-title elementor-size-default\">Quand faut-il s\u2019inqui\u00e9ter ?\n<\/h2>\t\t\t\t<\/div>\n\t\t\t\t<\/div>\n\t\t\t\t<div class=\"elementor-element elementor-element-d9adcd8 elementor-widget elementor-widget-text-editor\" data-id=\"d9adcd8\" data-element_type=\"widget\" data-widget_type=\"text-editor.default\">\n\t\t\t\t<div class=\"elementor-widget-container\">\n\t\t\t\t\t\t\t\t\t<p data-start=\"3330\" data-end=\"3375\">\ud83d\uded1 Un deuil devient probl\u00e9matique lorsqu\u2019il :<\/p><ul data-start=\"3376\" data-end=\"3585\"><li data-start=\"3376\" data-end=\"3413\"><p data-start=\"3378\" data-end=\"3413\">S\u2019installe dans la dur\u00e9e (&gt; 6 mois)<\/p><\/li><li data-start=\"3414\" data-end=\"3456\"><p data-start=\"3416\" data-end=\"3456\">Perturbe la relation aux autres patients<\/p><\/li><li data-start=\"3457\" data-end=\"3514\"><p data-start=\"3459\" data-end=\"3514\">Provoque un d\u00e9sengagement ou une surcharge \u00e9motionnelle<\/p><\/li><li data-start=\"3515\" data-end=\"3585\"><p data-start=\"3517\" data-end=\"3585\">G\u00e9n\u00e8re des troubles du sommeil, anxi\u00e9t\u00e9, irritabilit\u00e9, perte de sens<\/p><\/li><\/ul><p data-start=\"3587\" data-end=\"3772\">Dans ces cas, il est essentiel de <strong data-start=\"3621\" data-end=\"3643\">ne pas rester seul<\/strong>. Il existe des ressources :<br data-start=\"3671\" data-end=\"3674\" \/>\u27a1\ufe0f groupes de parole, supervision, soutien psychologique, formation \u00e0 la relation fin de vie, etc.<\/p>\t\t\t\t\t\t\t\t<\/div>\n\t\t\t\t<\/div>\n\t\t\t\t<div class=\"elementor-element elementor-element-322881b elementor-widget elementor-widget-text-editor\" data-id=\"322881b\" data-element_type=\"widget\" data-widget_type=\"text-editor.default\">\n\t\t\t\t<div class=\"elementor-widget-container\">\n\t\t\t\t\t\t\t\t\t<p data-start=\"3799\" data-end=\"4039\">Le soignant est un <strong data-start=\"3818\" data-end=\"3858\">\u00eatre humain dans un m\u00e9tier d\u2019humains<\/strong>. Il n\u2019est pas &#8220;hors douleur&#8221;. Traverser un deuil professionnellement n\u2019est pas un signe de faiblesse, mais un <strong data-start=\"3969\" data-end=\"4038\">t\u00e9moignage de son engagement, de sa pr\u00e9sence et de sa sensibilit\u00e9<\/strong>.<\/p><p data-start=\"4041\" data-end=\"4227\">Reconna\u00eetre les phases du deuil, c\u2019est aussi reconna\u00eetre que <strong data-start=\"4102\" data-end=\"4140\">le soin ne s\u2019arr\u00eate pas au curatif<\/strong>. Il englobe <strong data-start=\"4153\" data-end=\"4227\">l\u2019accompagnement, la perte, et parfois, le deuil de ceux qui soignent.<\/strong><\/p>\t\t\t\t\t\t\t\t<\/div>\n\t\t\t\t<\/div>\n\t\t\t\t\t<\/div>\n\t\t\t\t<\/div>\n\t\t\t\t<\/div>\n\t\t","protected":false},"excerpt":{"rendered":"<p>LES DIFF\u00c9RENTES PHASES DU DEUIL POUR LE SOIGNANT Le soignant, qu\u2019il soit m\u00e9decin, infirmier, aide-soignant ou autre professionnel de sant\u00e9, n\u2019est pas \u00e9pargn\u00e9 par le deuil. Face \u00e0 la mort d\u2019un patient, un processus de deuil peut s\u2019enclencher, m\u00eame si la relation \u00e9tait professionnelle. Ce v\u00e9cu est souvent minimis\u00e9, ignor\u00e9, voire ni\u00e9, alors qu\u2019il a [&hellip;]<\/p>\n","protected":false},"author":1,"featured_media":0,"parent":0,"menu_order":0,"comment_status":"closed","ping_status":"closed","template":"","meta":{"footnotes":""},"categories":[],"tags":[],"class_list":["post-1070","page","type-page","status-publish","hentry"],"yoast_head":"<!-- This site is optimized with the Yoast SEO Premium plugin v25.5 (Yoast SEO v25.5) - https:\/\/yoast.com\/wordpress\/plugins\/seo\/ -->\n<title>Les diff\u00e9rentes phases du deuil pour le soignant - Espace soignant<\/title>\n<meta name=\"robots\" content=\"index, follow, max-snippet:-1, max-image-preview:large, max-video-preview:-1\" \/>\n<link rel=\"canonical\" href=\"https:\/\/www.lessurvivants.org\/soignant\/les-differentes-phases-du-deuil-pour-le-soignant\/\" \/>\n<meta property=\"og:locale\" content=\"fr_FR\" \/>\n<meta property=\"og:type\" content=\"article\" \/>\n<meta property=\"og:title\" content=\"Les diff\u00e9rentes phases du deuil pour le soignant\" \/>\n<meta property=\"og:description\" content=\"LES DIFF\u00c9RENTES PHASES DU DEUIL POUR LE SOIGNANT Le soignant, qu\u2019il soit m\u00e9decin, infirmier, aide-soignant ou autre professionnel de sant\u00e9, n\u2019est pas \u00e9pargn\u00e9 par le deuil. Face \u00e0 la mort d\u2019un patient, un processus de deuil peut s\u2019enclencher, m\u00eame si la relation \u00e9tait professionnelle. Ce v\u00e9cu est souvent minimis\u00e9, ignor\u00e9, voire ni\u00e9, alors qu\u2019il a [&hellip;]\" \/>\n<meta property=\"og:url\" content=\"https:\/\/www.lessurvivants.org\/soignant\/les-differentes-phases-du-deuil-pour-le-soignant\/\" \/>\n<meta property=\"og:site_name\" content=\"Espace soignant\" \/>\n<meta property=\"article:modified_time\" content=\"2025-07-08T14:41:56+00:00\" \/>\n<meta property=\"og:image\" content=\"https:\/\/www.lessurvivants.org\/soignant\/wp-content\/uploads\/sites\/2\/2025\/07\/differrentes-phases-de-deuil-soignant-les-survivants.avif\" \/>\n\t<meta property=\"og:image:width\" content=\"1344\" \/>\n\t<meta property=\"og:image:height\" content=\"880\" \/>\n\t<meta property=\"og:image:type\" content=\"image\/jpeg\" \/>\n<meta name=\"twitter:card\" content=\"summary_large_image\" \/>\n<meta name=\"twitter:label1\" content=\"Dur\u00e9e de lecture estim\u00e9e\" \/>\n\t<meta name=\"twitter:data1\" content=\"3 minutes\" \/>\n<script type=\"application\/ld+json\" class=\"yoast-schema-graph\">{\"@context\":\"https:\/\/schema.org\",\"@graph\":[{\"@type\":\"WebPage\",\"@id\":\"https:\/\/www.lessurvivants.org\/soignant\/les-differentes-phases-du-deuil-pour-le-soignant\/\",\"url\":\"https:\/\/www.lessurvivants.org\/soignant\/les-differentes-phases-du-deuil-pour-le-soignant\/\",\"name\":\"Les diff\u00e9rentes phases du deuil pour le soignant - Espace soignant\",\"isPartOf\":{\"@id\":\"https:\/\/www.lessurvivants.org\/soignant\/#website\"},\"primaryImageOfPage\":{\"@id\":\"https:\/\/www.lessurvivants.org\/soignant\/les-differentes-phases-du-deuil-pour-le-soignant\/#primaryimage\"},\"image\":{\"@id\":\"https:\/\/www.lessurvivants.org\/soignant\/les-differentes-phases-du-deuil-pour-le-soignant\/#primaryimage\"},\"thumbnailUrl\":\"https:\/\/www.lessurvivants.org\/soignant\/wp-content\/uploads\/sites\/2\/2025\/07\/differrentes-phases-de-deuil-soignant-les-survivants-1024x670.avif\",\"datePublished\":\"2025-03-10T14:23:38+00:00\",\"dateModified\":\"2025-07-08T14:41:56+00:00\",\"breadcrumb\":{\"@id\":\"https:\/\/www.lessurvivants.org\/soignant\/les-differentes-phases-du-deuil-pour-le-soignant\/#breadcrumb\"},\"inLanguage\":\"fr-FR\",\"potentialAction\":[{\"@type\":\"ReadAction\",\"target\":[\"https:\/\/www.lessurvivants.org\/soignant\/les-differentes-phases-du-deuil-pour-le-soignant\/\"]}]},{\"@type\":\"ImageObject\",\"inLanguage\":\"fr-FR\",\"@id\":\"https:\/\/www.lessurvivants.org\/soignant\/les-differentes-phases-du-deuil-pour-le-soignant\/#primaryimage\",\"url\":\"https:\/\/www.lessurvivants.org\/soignant\/wp-content\/uploads\/sites\/2\/2025\/07\/differrentes-phases-de-deuil-soignant-les-survivants.avif\",\"contentUrl\":\"https:\/\/www.lessurvivants.org\/soignant\/wp-content\/uploads\/sites\/2\/2025\/07\/differrentes-phases-de-deuil-soignant-les-survivants.avif\",\"width\":1344,\"height\":880,\"caption\":\"les-differentes-phases-de-deuil-du-soignant-les-survivants\"},{\"@type\":\"BreadcrumbList\",\"@id\":\"https:\/\/www.lessurvivants.org\/soignant\/les-differentes-phases-du-deuil-pour-le-soignant\/#breadcrumb\",\"itemListElement\":[{\"@type\":\"ListItem\",\"position\":1,\"name\":\"Accueil\",\"item\":\"https:\/\/www.lessurvivants.org\/soignant\/\"},{\"@type\":\"ListItem\",\"position\":2,\"name\":\"Les diff\u00e9rentes phases du deuil pour le soignant\"}]},{\"@type\":\"WebSite\",\"@id\":\"https:\/\/www.lessurvivants.org\/soignant\/#website\",\"url\":\"https:\/\/www.lessurvivants.org\/soignant\/\",\"name\":\"Espace soignant\",\"description\":\"\",\"publisher\":{\"@id\":\"https:\/\/www.lessurvivants.org\/soignant\/#organization\"},\"potentialAction\":[{\"@type\":\"SearchAction\",\"target\":{\"@type\":\"EntryPoint\",\"urlTemplate\":\"https:\/\/www.lessurvivants.org\/soignant\/?s={search_term_string}\"},\"query-input\":{\"@type\":\"PropertyValueSpecification\",\"valueRequired\":true,\"valueName\":\"search_term_string\"}}],\"inLanguage\":\"fr-FR\"},{\"@type\":\"Organization\",\"@id\":\"https:\/\/www.lessurvivants.org\/soignant\/#organization\",\"name\":\"Espace soignant\",\"url\":\"https:\/\/www.lessurvivants.org\/soignant\/\",\"logo\":{\"@type\":\"ImageObject\",\"inLanguage\":\"fr-FR\",\"@id\":\"https:\/\/www.lessurvivants.org\/soignant\/#\/schema\/logo\/image\/\",\"url\":\"https:\/\/www.lessurvivants.org\/wp-content\/uploads\/2025\/03\/logo-final-les-survivants_Plan-de-travail-1.png\",\"contentUrl\":\"https:\/\/www.lessurvivants.org\/wp-content\/uploads\/2025\/03\/logo-final-les-survivants_Plan-de-travail-1.png\",\"caption\":\"Espace soignant\"},\"image\":{\"@id\":\"https:\/\/www.lessurvivants.org\/soignant\/#\/schema\/logo\/image\/\"}}]}<\/script>\n<!-- \/ Yoast SEO Premium plugin. -->","yoast_head_json":{"title":"Les diff\u00e9rentes phases du deuil pour le soignant - Espace soignant","robots":{"index":"index","follow":"follow","max-snippet":"max-snippet:-1","max-image-preview":"max-image-preview:large","max-video-preview":"max-video-preview:-1"},"canonical":"https:\/\/www.lessurvivants.org\/soignant\/les-differentes-phases-du-deuil-pour-le-soignant\/","og_locale":"fr_FR","og_type":"article","og_title":"Les diff\u00e9rentes phases du deuil pour le soignant","og_description":"LES DIFF\u00c9RENTES PHASES DU DEUIL POUR LE SOIGNANT Le soignant, qu\u2019il soit m\u00e9decin, infirmier, aide-soignant ou autre professionnel de sant\u00e9, n\u2019est pas \u00e9pargn\u00e9 par le deuil. Face \u00e0 la mort d\u2019un patient, un processus de deuil peut s\u2019enclencher, m\u00eame si la relation \u00e9tait professionnelle. Ce v\u00e9cu est souvent minimis\u00e9, ignor\u00e9, voire ni\u00e9, alors qu\u2019il a [&hellip;]","og_url":"https:\/\/www.lessurvivants.org\/soignant\/les-differentes-phases-du-deuil-pour-le-soignant\/","og_site_name":"Espace soignant","article_modified_time":"2025-07-08T14:41:56+00:00","og_image":[{"width":1344,"height":880,"url":"https:\/\/www.lessurvivants.org\/soignant\/wp-content\/uploads\/sites\/2\/2025\/07\/differrentes-phases-de-deuil-soignant-les-survivants.avif","type":"image\/jpeg"}],"twitter_card":"summary_large_image","twitter_misc":{"Dur\u00e9e de lecture estim\u00e9e":"3 minutes"},"schema":{"@context":"https:\/\/schema.org","@graph":[{"@type":"WebPage","@id":"https:\/\/www.lessurvivants.org\/soignant\/les-differentes-phases-du-deuil-pour-le-soignant\/","url":"https:\/\/www.lessurvivants.org\/soignant\/les-differentes-phases-du-deuil-pour-le-soignant\/","name":"Les diff\u00e9rentes phases du deuil pour le soignant - Espace soignant","isPartOf":{"@id":"https:\/\/www.lessurvivants.org\/soignant\/#website"},"primaryImageOfPage":{"@id":"https:\/\/www.lessurvivants.org\/soignant\/les-differentes-phases-du-deuil-pour-le-soignant\/#primaryimage"},"image":{"@id":"https:\/\/www.lessurvivants.org\/soignant\/les-differentes-phases-du-deuil-pour-le-soignant\/#primaryimage"},"thumbnailUrl":"https:\/\/www.lessurvivants.org\/soignant\/wp-content\/uploads\/sites\/2\/2025\/07\/differrentes-phases-de-deuil-soignant-les-survivants-1024x670.avif","datePublished":"2025-03-10T14:23:38+00:00","dateModified":"2025-07-08T14:41:56+00:00","breadcrumb":{"@id":"https:\/\/www.lessurvivants.org\/soignant\/les-differentes-phases-du-deuil-pour-le-soignant\/#breadcrumb"},"inLanguage":"fr-FR","potentialAction":[{"@type":"ReadAction","target":["https:\/\/www.lessurvivants.org\/soignant\/les-differentes-phases-du-deuil-pour-le-soignant\/"]}]},{"@type":"ImageObject","inLanguage":"fr-FR","@id":"https:\/\/www.lessurvivants.org\/soignant\/les-differentes-phases-du-deuil-pour-le-soignant\/#primaryimage","url":"https:\/\/www.lessurvivants.org\/soignant\/wp-content\/uploads\/sites\/2\/2025\/07\/differrentes-phases-de-deuil-soignant-les-survivants.avif","contentUrl":"https:\/\/www.lessurvivants.org\/soignant\/wp-content\/uploads\/sites\/2\/2025\/07\/differrentes-phases-de-deuil-soignant-les-survivants.avif","width":1344,"height":880,"caption":"les-differentes-phases-de-deuil-du-soignant-les-survivants"},{"@type":"BreadcrumbList","@id":"https:\/\/www.lessurvivants.org\/soignant\/les-differentes-phases-du-deuil-pour-le-soignant\/#breadcrumb","itemListElement":[{"@type":"ListItem","position":1,"name":"Accueil","item":"https:\/\/www.lessurvivants.org\/soignant\/"},{"@type":"ListItem","position":2,"name":"Les diff\u00e9rentes phases du deuil pour le soignant"}]},{"@type":"WebSite","@id":"https:\/\/www.lessurvivants.org\/soignant\/#website","url":"https:\/\/www.lessurvivants.org\/soignant\/","name":"Espace soignant","description":"","publisher":{"@id":"https:\/\/www.lessurvivants.org\/soignant\/#organization"},"potentialAction":[{"@type":"SearchAction","target":{"@type":"EntryPoint","urlTemplate":"https:\/\/www.lessurvivants.org\/soignant\/?s={search_term_string}"},"query-input":{"@type":"PropertyValueSpecification","valueRequired":true,"valueName":"search_term_string"}}],"inLanguage":"fr-FR"},{"@type":"Organization","@id":"https:\/\/www.lessurvivants.org\/soignant\/#organization","name":"Espace soignant","url":"https:\/\/www.lessurvivants.org\/soignant\/","logo":{"@type":"ImageObject","inLanguage":"fr-FR","@id":"https:\/\/www.lessurvivants.org\/soignant\/#\/schema\/logo\/image\/","url":"https:\/\/www.lessurvivants.org\/wp-content\/uploads\/2025\/03\/logo-final-les-survivants_Plan-de-travail-1.png","contentUrl":"https:\/\/www.lessurvivants.org\/wp-content\/uploads\/2025\/03\/logo-final-les-survivants_Plan-de-travail-1.png","caption":"Espace soignant"},"image":{"@id":"https:\/\/www.lessurvivants.org\/soignant\/#\/schema\/logo\/image\/"}}]}},"_links":{"self":[{"href":"https:\/\/www.lessurvivants.org\/soignant\/wp-json\/wp\/v2\/pages\/1070","targetHints":{"allow":["GET"]}}],"collection":[{"href":"https:\/\/www.lessurvivants.org\/soignant\/wp-json\/wp\/v2\/pages"}],"about":[{"href":"https:\/\/www.lessurvivants.org\/soignant\/wp-json\/wp\/v2\/types\/page"}],"author":[{"embeddable":true,"href":"https:\/\/www.lessurvivants.org\/soignant\/wp-json\/wp\/v2\/users\/1"}],"replies":[{"embeddable":true,"href":"https:\/\/www.lessurvivants.org\/soignant\/wp-json\/wp\/v2\/comments?post=1070"}],"version-history":[{"count":6,"href":"https:\/\/www.lessurvivants.org\/soignant\/wp-json\/wp\/v2\/pages\/1070\/revisions"}],"predecessor-version":[{"id":1812,"href":"https:\/\/www.lessurvivants.org\/soignant\/wp-json\/wp\/v2\/pages\/1070\/revisions\/1812"}],"wp:attachment":[{"href":"https:\/\/www.lessurvivants.org\/soignant\/wp-json\/wp\/v2\/media?parent=1070"}],"wp:term":[{"taxonomy":"category","embeddable":true,"href":"https:\/\/www.lessurvivants.org\/soignant\/wp-json\/wp\/v2\/categories?post=1070"},{"taxonomy":"post_tag","embeddable":true,"href":"https:\/\/www.lessurvivants.org\/soignant\/wp-json\/wp\/v2\/tags?post=1070"}],"curies":[{"name":"wp","href":"https:\/\/api.w.org\/{rel}","templated":true}]}}