{"id":1597,"date":"2025-02-04T10:50:42","date_gmt":"2025-02-04T09:50:42","guid":{"rendered":"https:\/\/www.lessurvivants.org\/soignant\/accueil\/"},"modified":"2025-12-22T09:13:08","modified_gmt":"2025-12-22T08:13:08","slug":"accueil","status":"publish","type":"page","link":"https:\/\/www.lessurvivants.org\/soignant\/","title":{"rendered":"Accueil"},"content":{"rendered":"\t\t<div data-elementor-type=\"wp-page\" data-elementor-id=\"1597\" class=\"elementor elementor-1597\" data-elementor-post-type=\"page\">\n\t\t\t\t<div data-particle_enable=\"false\" data-particle-mobile-disabled=\"false\" class=\"elementor-element elementor-element-3cfff11 e-con-full e-flex e-con e-parent\" data-id=\"3cfff11\" data-element_type=\"container\" data-settings=\"{&quot;jet_parallax_layout_list&quot;:[],&quot;background_background&quot;:&quot;gradient&quot;}\">\n\t\t<div data-particle_enable=\"false\" data-particle-mobile-disabled=\"false\" class=\"elementor-element elementor-element-38d7b9e e-con-full e-flex e-con e-child\" data-id=\"38d7b9e\" data-element_type=\"container\" data-settings=\"{&quot;jet_parallax_layout_list&quot;:[]}\">\n\t\t\t\t<div class=\"elementor-element elementor-element-0575922 bdt-ps-image-match-height--yes elementor-widget elementor-widget-prime-slider-sequester\" data-id=\"0575922\" data-element_type=\"widget\" data-widget_type=\"prime-slider-sequester.default\">\n\t\t\t\t<div class=\"elementor-widget-container\">\n\t\t\t\t\t\t\t<div class=\"bdt-prime-slider\">\n\t\t\t<div class=\"bdt-prime-slider-sequester\">\n\t\t\t\t<div class=\"bdt-position-relative bdt-visible-toggle\" data-settings=\"{&quot;id&quot;:&quot;#bdt-0575922&quot;,&quot;animation_status&quot;:&quot;no&quot;}\" id=\"bdt-0575922\" bdt-slideshow=\"{&quot;animation&quot;:&quot;fade&quot;,&quot;ratio&quot;:false,&quot;min-height&quot;:false,&quot;autoplay&quot;:true,&quot;autoplay-interval&quot;:7000,&quot;pause-on-hover&quot;:true,&quot;velocity&quot;:1,&quot;finite&quot;:false}\">\n\t\t\t\t\t<ul class=\"bdt-slideshow-items\">\n\t\t\t\t\t\t\n            <li class=\"bdt-slideshow-item bdt-flex bdt-flex-row bdt-flex-middle elementor-repeater-item-e7f02a4 \">\n\n                    \n\t\t<div class=\"bdt-prime-slider-content\">\n\t\t\t<div class=\"bdt-prime-slider-desc\">\n\n\t\t\t\t\n\t\t\t\t\t\t\t\t\t<div class=\"bdt-main-title\">\n\t\t\t\t\t\t<h1 class=\"bdt-title-tag\" data-bdt-slideshow-parallax=\"y: 50,0,-50; opacity: 1,1,0\" data-reveal=\"reveal-active\">\n\t\t\t\t\t\t\t\t\t\t\t\t\t\t\t<span class=\"frist-word\">Le<\/span> rapport national qui brise le silence\t\t\t\t\t\t\t\t\t\t\t\t\t\t<\/h1>\n\t\t\t\t\t<\/div>\n\t\t\t\t\n\t\t\t\t\t\t\t\t\t<div class=\"bdt-slider-excerpt\" data-bdt-slideshow-parallax=\"y: 50,0,-50; opacity: 1,1,0\" data-reveal=\"reveal-active\">\n\t\t\t\t\t\t<p>Chaque jour, dans les h\u00f4pitaux fran\u00e7ais, des<br \/>soignants accompagnent leurs patients jusqu\u2019au<br \/>dernier souffle. Ils ferment des paupi\u00e8res (...) puis, sans d\u00e9lai, reprennent leur tourn\u00e9e.<\/p>\t\t\t\t\t<\/div>\n\t\t\t\t\n\t\t\t\t<div class=\"bdt-button-wrapper\" data-bdt-slideshow-parallax=\"y: 150,0,-100; opacity: 1,1,0\">\n\t\t\t\t\t\n\t\t\n\t\t\t<a class=\"bdt-slide-btn\" data-reveal=\"reveal-active\" href=\"https:\/\/www.lessurvivants.org\/soignant\/souffrance-soignants-face-a-la-mort-rapport-les-survivants\/\">\n\n\t\t\t\t\t\t\t\t<span class=\"bdt-prime-slider-button-wrapper\">\n\n\t\t\t\t\t<span class=\"bdt-prime-slider-button-text bdt-flex bdt-flex-middle bdt-flex-inline\">Consultez le rapport<span class=\"bdt-slide-btn-icon\"><svg width=\"20\" height=\"20\" viewBox=\"0 0 20 20\" xmlns=\"http:\/\/www.w3.org\/2000\/svg\" data-svg=\"arrow-right\"><polyline fill=\"none\" stroke=\"#000\" points=\"10 5 15 9.5 10 14\"><\/polyline><line fill=\"none\" stroke=\"#000\" x1=\"4\" y1=\"9.5\" x2=\"15\" y2=\"9.5\"><\/line><\/svg><\/span><\/span>\n\n\t\t\t\t<\/span>\n\n\n\t\t\t<\/a>\n\t\t\t\t\t\t<\/div>\n\t\t\t\t\n\t\t\t<\/div>\n\t\t<\/div>\n\n        \n                    <div class=\"bdt-slide-image\" style=\"background-image: url('https:\/\/www.lessurvivants.org\/soignant\/wp-content\/uploads\/sites\/2\/2025\/12\/rapport-national-les-survivants-1-768x768.avif');\">\n                        \n                    <\/div>\n            <\/li>\n\n        \n            <li class=\"bdt-slideshow-item bdt-flex bdt-flex-row bdt-flex-middle elementor-repeater-item-1e46e9f \">\n\n                    \n\t\t<div class=\"bdt-prime-slider-content\">\n\t\t\t<div class=\"bdt-prime-slider-desc\">\n\n\t\t\t\t\n\t\t\t\t\t\t\t\t\t<div class=\"bdt-main-title\">\n\t\t\t\t\t\t<h1 class=\"bdt-title-tag\" data-bdt-slideshow-parallax=\"y: 50,0,-50; opacity: 1,1,0\" data-reveal=\"reveal-active\">\n\t\t\t\t\t\t\t\t\t\t\t\t\t\t\t<a href=\"https:\/\/www.lessurvivants.org\/blog\/le-diplome-universitaire-les-soignants-face-a-la-mort\/\">\n\t\t\t\t\t\t\t\t\t\t\t\t\t\t\t\t<span class=\"frist-word\">DIU<\/span> : Les soignants face \u00e0 la mort\t\t\t\t\t\t\t\t\t\t\t\t\t\t\t\t<\/a>\n\t\t\t\t\t\t\t\t\t\t\t\t\t<\/h1>\n\t\t\t\t\t<\/div>\n\t\t\t\t\n\t\t\t\t\t\t\t\t\t<div class=\"bdt-slider-excerpt\" data-bdt-slideshow-parallax=\"y: 50,0,-50; opacity: 1,1,0\" data-reveal=\"reveal-active\">\n\t\t\t\t\t\t<p>Un Dipl\u00f4me Inter-Universitaire en cr\u00e9ation pour donner une approche pluridisciplinaire sur la mort dans la soci\u00e9t\u00e9 et \u00e0 l'h\u00f4pital. Comprendre l'impact de la mort sur les soignants et leur donner les outils pour mieux g\u00e9rer ces situations.<\/p>\t\t\t\t\t<\/div>\n\t\t\t\t\n\t\t\t\t<div class=\"bdt-button-wrapper\" data-bdt-slideshow-parallax=\"y: 150,0,-100; opacity: 1,1,0\">\n\t\t\t\t\t\n\t\t\n\t\t\t<a class=\"bdt-slide-btn\" data-reveal=\"reveal-active\" href=\"https:\/\/www.lessurvivants.org\/blog\/le-diplome-universitaire-les-soignants-face-a-la-mort\/\">\n\n\t\t\t\t\t\t\t\t<span class=\"bdt-prime-slider-button-wrapper\">\n\n\t\t\t\t\t<span class=\"bdt-prime-slider-button-text bdt-flex bdt-flex-middle bdt-flex-inline\">Lire la suite<span class=\"bdt-slide-btn-icon\"><svg width=\"20\" height=\"20\" viewBox=\"0 0 20 20\" xmlns=\"http:\/\/www.w3.org\/2000\/svg\" data-svg=\"arrow-right\"><polyline fill=\"none\" stroke=\"#000\" points=\"10 5 15 9.5 10 14\"><\/polyline><line fill=\"none\" stroke=\"#000\" x1=\"4\" y1=\"9.5\" x2=\"15\" y2=\"9.5\"><\/line><\/svg><\/span><\/span>\n\n\t\t\t\t<\/span>\n\n\n\t\t\t<\/a>\n\t\t\t\t\t\t<\/div>\n\t\t\t\t\n\t\t\t<\/div>\n\t\t<\/div>\n\n        \n                    <div class=\"bdt-slide-image\" style=\"background-image: url('https:\/\/www.lessurvivants.org\/wp-content\/uploads\/2025\/03\/WhatsApp-Image-2025-04-23-at-15.04.14-768x576.avif');\">\n                        \n                    <\/div>\n            <\/li>\n\n        \n            <li class=\"bdt-slideshow-item bdt-flex bdt-flex-row bdt-flex-middle elementor-repeater-item-c44478d \">\n\n                    \n\t\t<div class=\"bdt-prime-slider-content\">\n\t\t\t<div class=\"bdt-prime-slider-desc\">\n\n\t\t\t\t\n\t\t\t\t\t\t\t\t\t<div class=\"bdt-main-title\">\n\t\t\t\t\t\t<h1 class=\"bdt-title-tag\" data-bdt-slideshow-parallax=\"y: 50,0,-50; opacity: 1,1,0\" data-reveal=\"reveal-active\">\n\t\t\t\t\t\t\t\t\t\t\t\t\t\t\t<span class=\"frist-word\">Thibaud<\/span> boucle son parcours : 906 km \u00e0 pied pour briser le tabou de la mort chez les soignants\t\t\t\t\t\t\t\t\t\t\t\t\t\t<\/h1>\n\t\t\t\t\t<\/div>\n\t\t\t\t\n\t\t\t\t\t\t\t\t\t<div class=\"bdt-slider-excerpt\" data-bdt-slideshow-parallax=\"y: 50,0,-50; opacity: 1,1,0\" data-reveal=\"reveal-active\">\n\t\t\t\t\t\t<p>\u00a0<\/p><div class=\"text-base sm:text-lg md:text-xl text-survivors-emerald\/90 leading-relaxed max-w-xl\"><p>Apr\u00e8s 906 kilom\u00e8tres \u00e0 pied, soit plus de 1 140 000 pas, Thibaud vient de cl\u00f4turer un parcours hors du commun \u00e0 travers la France. Parti pour rencontrer soignants, patients et familles autour d'un sujet encore trop peu abord\u00e9 \u2014 l'impact de la mort sur les soignants \u2014 il a travers\u00e9 des villes embl\u00e9matiques du soin, de la r\u00e9silience et de l'humanit\u00e9.<\/p><\/div>\t\t\t\t\t<\/div>\n\t\t\t\t\n\t\t\t\t<div class=\"bdt-button-wrapper\" data-bdt-slideshow-parallax=\"y: 150,0,-100; opacity: 1,1,0\">\n\t\t\t\t\t\n\t\t\n\t\t\t<a class=\"bdt-slide-btn\" data-reveal=\"reveal-active\" href=\"https:\/\/www.lessurvivants.org\/blog\/thibaud-boucle-son-parcours-906-km-a-pied-pour-briser-le-tabou-de-la-mort-chez-les-soignants\/\">\n\n\t\t\t\t\t\t\t\t<span class=\"bdt-prime-slider-button-wrapper\">\n\n\t\t\t\t\t<span class=\"bdt-prime-slider-button-text bdt-flex bdt-flex-middle bdt-flex-inline\">Lire la suite<span class=\"bdt-slide-btn-icon\"><svg width=\"20\" height=\"20\" viewBox=\"0 0 20 20\" xmlns=\"http:\/\/www.w3.org\/2000\/svg\" data-svg=\"arrow-right\"><polyline fill=\"none\" stroke=\"#000\" points=\"10 5 15 9.5 10 14\"><\/polyline><line fill=\"none\" stroke=\"#000\" x1=\"4\" y1=\"9.5\" x2=\"15\" y2=\"9.5\"><\/line><\/svg><\/span><\/span>\n\n\t\t\t\t<\/span>\n\n\n\t\t\t<\/a>\n\t\t\t\t\t\t<\/div>\n\t\t\t\t\n\t\t\t<\/div>\n\t\t<\/div>\n\n        \n                    <div class=\"bdt-slide-image\" style=\"background-image: url('https:\/\/www.lessurvivants.org\/wp-content\/uploads\/2025\/05\/carte-finale-Thibaud-Survuvants-compressed.avif');\">\n                        \n                    <\/div>\n            <\/li>\n\n        \n            <li class=\"bdt-slideshow-item bdt-flex bdt-flex-row bdt-flex-middle elementor-repeater-item-ae50e39 \">\n\n                    \n\t\t<div class=\"bdt-prime-slider-content\">\n\t\t\t<div class=\"bdt-prime-slider-desc\">\n\n\t\t\t\t\n\t\t\t\t\t\t\t\t\t<div class=\"bdt-main-title\">\n\t\t\t\t\t\t<h1 class=\"bdt-title-tag\" data-bdt-slideshow-parallax=\"y: 50,0,-50; opacity: 1,1,0\" data-reveal=\"reveal-active\">\n\t\t\t\t\t\t\t\t\t\t\t\t\t\t\t<a href=\"https:\/\/www.lessurvivants.org\/blog\/revue-de-presse-le-projet-les-survivants-au-coeur-de-lactualite\/\">\n\t\t\t\t\t\t\t\t\t\t\t\t\t\t\t\t<span class=\"frist-word\">Le<\/span> projet Les Survivants au c\u0153ur de l'actualit\u00e9\t\t\t\t\t\t\t\t\t\t\t\t\t\t\t\t<\/a>\n\t\t\t\t\t\t\t\t\t\t\t\t\t<\/h1>\n\t\t\t\t\t<\/div>\n\t\t\t\t\n\t\t\t\t\t\t\t\t\t<div class=\"bdt-slider-excerpt\" data-bdt-slideshow-parallax=\"y: 50,0,-50; opacity: 1,1,0\" data-reveal=\"reveal-active\">\n\t\t\t\t\t\t<div class=\"text-base sm:text-lg md:text-xl text-survivors-emerald\/90 leading-relaxed max-w-xl\"><p>\ud83d\udc49 Retrouvez ci-dessous une s\u00e9lection d'articles de presse, d'interviews et de reportages audiovisuels consacr\u00e9s \u00e0 Les Survivants.<\/p><p>\ud83d\udcf0 Tous les liens sont cliquables et actifs : explorez-les pour consulter les contenus, d\u00e9couvrir les retomb\u00e9es du projet et suivre son \u00e9volution dans les m\u00e9dia.<\/p><\/div><div class=\"flex flex-wrap gap-3 md:gap-4 pt-4 z-20 mb-4\">\u00a0<\/div>\t\t\t\t\t<\/div>\n\t\t\t\t\n\t\t\t\t<div class=\"bdt-button-wrapper\" data-bdt-slideshow-parallax=\"y: 150,0,-100; opacity: 1,1,0\">\n\t\t\t\t\t\n\t\t\n\t\t\t<a class=\"bdt-slide-btn\" data-reveal=\"reveal-active\" href=\"https:\/\/www.lessurvivants.org\/blog\/revue-de-presse-le-projet-les-survivants-au-coeur-de-lactualite\/\">\n\n\t\t\t\t\t\t\t\t<span class=\"bdt-prime-slider-button-wrapper\">\n\n\t\t\t\t\t<span class=\"bdt-prime-slider-button-text bdt-flex bdt-flex-middle bdt-flex-inline\">Lire la suite<span class=\"bdt-slide-btn-icon\"><svg width=\"20\" height=\"20\" viewBox=\"0 0 20 20\" xmlns=\"http:\/\/www.w3.org\/2000\/svg\" data-svg=\"arrow-right\"><polyline fill=\"none\" stroke=\"#000\" points=\"10 5 15 9.5 10 14\"><\/polyline><line fill=\"none\" stroke=\"#000\" x1=\"4\" y1=\"9.5\" x2=\"15\" y2=\"9.5\"><\/line><\/svg><\/span><\/span>\n\n\t\t\t\t<\/span>\n\n\n\t\t\t<\/a>\n\t\t\t\t\t\t<\/div>\n\t\t\t\t\n\t\t\t<\/div>\n\t\t<\/div>\n\n        \n                    <div class=\"bdt-slide-image\" style=\"background-image: url('https:\/\/www.lessurvivants.org\/wp-content\/uploads\/2025\/06\/Capture-decran-2025-06-16-073846.avif');\">\n                        \n                    <\/div>\n            <\/li>\n\n        \n            <li class=\"bdt-slideshow-item bdt-flex bdt-flex-row bdt-flex-middle elementor-repeater-item-a8f1037 \">\n\n                    \n\t\t<div class=\"bdt-prime-slider-content\">\n\t\t\t<div class=\"bdt-prime-slider-desc\">\n\n\t\t\t\t\n\t\t\t\t\t\t\t\t\t<div class=\"bdt-main-title\">\n\t\t\t\t\t\t<h1 class=\"bdt-title-tag\" data-bdt-slideshow-parallax=\"y: 50,0,-50; opacity: 1,1,0\" data-reveal=\"reveal-active\">\n\t\t\t\t\t\t\t\t\t\t\t\t\t\t\t<span class=\"frist-word\">Survivre<\/span> face \u00e0 la mort : le r\u00f4le des communaut\u00e9s de soutien\t\t\t\t\t\t\t\t\t\t\t\t\t\t<\/h1>\n\t\t\t\t\t<\/div>\n\t\t\t\t\n\t\t\t\t\t\t\t\t\t<div class=\"bdt-slider-excerpt\" data-bdt-slideshow-parallax=\"y: 50,0,-50; opacity: 1,1,0\" data-reveal=\"reveal-active\">\n\t\t\t\t\t\t<p>La perte d'un \u00eatre cher est une \u00e9preuve d\u00e9vastatrice qui peut laisser un vide immense. Dans ces moments difficiles, les communaut\u00e9s de soutien jouent un r\u00f4le crucial pour aider les individus \u00e0 traverser le processus de deuil.<\/p>\t\t\t\t\t<\/div>\n\t\t\t\t\n\t\t\t\t<div class=\"bdt-button-wrapper\" data-bdt-slideshow-parallax=\"y: 150,0,-100; opacity: 1,1,0\">\n\t\t\t\t\t\n\t\t\n\t\t\t<a class=\"bdt-slide-btn\" data-reveal=\"reveal-active\" href=\"#\">\n\n\t\t\t\t\t\t\t\t<span class=\"bdt-prime-slider-button-wrapper\">\n\n\t\t\t\t\t<span class=\"bdt-prime-slider-button-text bdt-flex bdt-flex-middle bdt-flex-inline\">Lire la suite<span class=\"bdt-slide-btn-icon\"><svg width=\"20\" height=\"20\" viewBox=\"0 0 20 20\" xmlns=\"http:\/\/www.w3.org\/2000\/svg\" data-svg=\"arrow-right\"><polyline fill=\"none\" stroke=\"#000\" points=\"10 5 15 9.5 10 14\"><\/polyline><line fill=\"none\" stroke=\"#000\" x1=\"4\" y1=\"9.5\" x2=\"15\" y2=\"9.5\"><\/line><\/svg><\/span><\/span>\n\n\t\t\t\t<\/span>\n\n\n\t\t\t<\/a>\n\t\t\t\t\t\t<\/div>\n\t\t\t\t\n\t\t\t<\/div>\n\t\t<\/div>\n\n        \n                    <div class=\"bdt-slide-image\" style=\"background-image: url('https:\/\/www.lessurvivants.org\/wp-content\/uploads\/2025\/04\/IMG-20250417-WA0035-compressed-768x432.avif');\">\n                        \n                    <\/div>\n            <\/li>\n\n        \n            <li class=\"bdt-slideshow-item bdt-flex bdt-flex-row bdt-flex-middle elementor-repeater-item-72ed73c \">\n\n                    \n\t\t<div class=\"bdt-prime-slider-content\">\n\t\t\t<div class=\"bdt-prime-slider-desc\">\n\n\t\t\t\t\n\t\t\t\t\t\t\t\t\t<div class=\"bdt-main-title\">\n\t\t\t\t\t\t<h1 class=\"bdt-title-tag\" data-bdt-slideshow-parallax=\"y: 50,0,-50; opacity: 1,1,0\" data-reveal=\"reveal-active\">\n\t\t\t\t\t\t\t\t\t\t\t\t\t\t\t<a href=\"https:\/\/www.lessurvivants.org\/blog\/marcher-pour-la-communaute-des-survivants\/\">\n\t\t\t\t\t\t\t\t\t\t\t\t\t\t\t\t<span class=\"frist-word\">Marcher<\/span> pour la communaut\u00e9 des SURvivants\t\t\t\t\t\t\t\t\t\t\t\t\t\t\t\t<\/a>\n\t\t\t\t\t\t\t\t\t\t\t\t\t<\/h1>\n\t\t\t\t\t<\/div>\n\t\t\t\t\n\t\t\t\t\t\t\t\t\t<div class=\"bdt-slider-excerpt\" data-bdt-slideshow-parallax=\"y: 50,0,-50; opacity: 1,1,0\" data-reveal=\"reveal-active\">\n\t\t\t\t\t\t<div class=\"text-base sm:text-lg md:text-xl text-survivors-emerald\/90 leading-relaxed max-w-xl\"><p>Un pas pour eux les familles et les soignants, un pas pour nous.<\/p><p>Aujourd'hui, nous lan\u00e7ons un appel \u00e0 tous ceux qui se sentent concern\u00e9s :<br \/>-Soignants engag\u00e9s,<br \/>-Patients debout,<br \/>-Familles courageuses,<br \/>-Et \u00e0 toutes celles et ceux qui croient au lien plus fort que la maladie et la mort.<\/p><\/div><div class=\"flex flex-wrap gap-3 md:gap-4 pt-4 z-20 mb-4\">\u00a0<\/div>\t\t\t\t\t<\/div>\n\t\t\t\t\n\t\t\t\t<div class=\"bdt-button-wrapper\" data-bdt-slideshow-parallax=\"y: 150,0,-100; opacity: 1,1,0\">\n\t\t\t\t\t\n\t\t\n\t\t\t<a class=\"bdt-slide-btn\" data-reveal=\"reveal-active\" href=\"https:\/\/www.lessurvivants.org\/blog\/marcher-pour-la-communaute-des-survivants\/\">\n\n\t\t\t\t\t\t\t\t<span class=\"bdt-prime-slider-button-wrapper\">\n\n\t\t\t\t\t<span class=\"bdt-prime-slider-button-text bdt-flex bdt-flex-middle bdt-flex-inline\">Lire la suite<span class=\"bdt-slide-btn-icon\"><svg width=\"20\" height=\"20\" viewBox=\"0 0 20 20\" xmlns=\"http:\/\/www.w3.org\/2000\/svg\" data-svg=\"arrow-right\"><polyline fill=\"none\" stroke=\"#000\" points=\"10 5 15 9.5 10 14\"><\/polyline><line fill=\"none\" stroke=\"#000\" x1=\"4\" y1=\"9.5\" x2=\"15\" y2=\"9.5\"><\/line><\/svg><\/span><\/span>\n\n\t\t\t\t<\/span>\n\n\n\t\t\t<\/a>\n\t\t\t\t\t\t<\/div>\n\t\t\t\t\n\t\t\t<\/div>\n\t\t<\/div>\n\n        \n                    <div class=\"bdt-slide-image\" style=\"background-image: url('https:\/\/www.lessurvivants.org\/wp-content\/uploads\/2025\/03\/Marcher-pour-la-communaute-des-SURvivants.png');\">\n                        \n                    <\/div>\n            <\/li>\n\n        \n            <li class=\"bdt-slideshow-item bdt-flex bdt-flex-row bdt-flex-middle elementor-repeater-item-1d0df55 \">\n\n                    \n\t\t<div class=\"bdt-prime-slider-content\">\n\t\t\t<div class=\"bdt-prime-slider-desc\">\n\n\t\t\t\t\n\t\t\t\t\t\t\t\t\t<div class=\"bdt-main-title\">\n\t\t\t\t\t\t<h1 class=\"bdt-title-tag\" data-bdt-slideshow-parallax=\"y: 50,0,-50; opacity: 1,1,0\" data-reveal=\"reveal-active\">\n\t\t\t\t\t\t\t\t\t\t\t\t\t\t\t<a href=\"https:\/\/www.lessurvivants.org\/blog\/conference-de-presse-mieux-comprendre-limpact-de-la-mort-sur-les-soignants\/\">\n\t\t\t\t\t\t\t\t\t\t\t\t\t\t\t\t<span class=\"frist-word\">Conf\u00e9rence<\/span> de presse : mieux comprendre l'impact de la mort sur les soignants\t\t\t\t\t\t\t\t\t\t\t\t\t\t\t\t<\/a>\n\t\t\t\t\t\t\t\t\t\t\t\t\t<\/h1>\n\t\t\t\t\t<\/div>\n\t\t\t\t\n\t\t\t\t\t\t\t\t\t<div class=\"bdt-slider-excerpt\" data-bdt-slideshow-parallax=\"y: 50,0,-50; opacity: 1,1,0\" data-reveal=\"reveal-active\">\n\t\t\t\t\t\t<p>\u00a0<\/p><div class=\"text-base sm:text-lg md:text-xl text-survivors-emerald\/90 leading-relaxed max-w-xl\"><p>Chaque ann\u00e9e, plus de 600 000 Fran\u00e7ais d\u00e9c\u00e8dent, dont 60 % \u00e0 l'h\u00f4pital. Pourtant, l'impact \u00e9motionnel et organisationnel de ces d\u00e9c\u00e8s sur les soignants reste un sujet peu abord\u00e9 et insuffisamment pris en charge. Stress, \u00e9puisement, syndrome post-traumatique\u2026<\/p><\/div>\t\t\t\t\t<\/div>\n\t\t\t\t\n\t\t\t\t<div class=\"bdt-button-wrapper\" data-bdt-slideshow-parallax=\"y: 150,0,-100; opacity: 1,1,0\">\n\t\t\t\t\t\n\t\t\n\t\t\t<a class=\"bdt-slide-btn\" data-reveal=\"reveal-active\" href=\"https:\/\/www.lessurvivants.org\/blog\/conference-de-presse-mieux-comprendre-limpact-de-la-mort-sur-les-soignants\/\">\n\n\t\t\t\t\t\t\t\t<span class=\"bdt-prime-slider-button-wrapper\">\n\n\t\t\t\t\t<span class=\"bdt-prime-slider-button-text bdt-flex bdt-flex-middle bdt-flex-inline\">Lire la suite<span class=\"bdt-slide-btn-icon\"><svg width=\"20\" height=\"20\" viewBox=\"0 0 20 20\" xmlns=\"http:\/\/www.w3.org\/2000\/svg\" data-svg=\"arrow-right\"><polyline fill=\"none\" stroke=\"#000\" points=\"10 5 15 9.5 10 14\"><\/polyline><line fill=\"none\" stroke=\"#000\" x1=\"4\" y1=\"9.5\" x2=\"15\" y2=\"9.5\"><\/line><\/svg><\/span><\/span>\n\n\t\t\t\t<\/span>\n\n\n\t\t\t<\/a>\n\t\t\t\t\t\t<\/div>\n\t\t\t\t\n\t\t\t<\/div>\n\t\t<\/div>\n\n        \n                    <div class=\"bdt-slide-image\" style=\"background-image: url('https:\/\/www.lessurvivants.org\/wp-content\/uploads\/2025\/03\/Participez-a-la-Conference-de-presse-Mieux-comprendre-l-impact-de-la-mort-sur-les-soignants.jpg');\">\n                        \n                    <\/div>\n            <\/li>\n\n        \n                <\/ul>\n\n                \n\t\t\t\t<div class=\"bdt-navigation-arrows reveal-muted\">\n\t\t\t<a class=\"bdt-prime-slider-previous\" href=\"#\" bdt-slidenav-previous bdt-slideshow-item=\"previous\"><\/a>\n\t\t\t<a class=\"bdt-prime-slider-next\" href=\"#\" bdt-slidenav-next bdt-slideshow-item=\"next\"><\/a>\n\t\t<\/div>\n\t\t\n\t\t                \n        \n\t\t\t<ul class=\"bdt-slideshow-nav bdt-dotnav reveal-muted\"><\/ul>\n\n        \n        \t\t\t\t\n\t\t\t<\/div>\n\t\t\t\t\t<\/div>\n\t\t<\/div>\n        \t\t\t\t<\/div>\n\t\t\t\t<\/div>\n\t\t\t\t<\/div>\n\t\t\t\t<\/div>\n\t\t<div data-particle_enable=\"false\" data-particle-mobile-disabled=\"false\" class=\"elementor-element elementor-element-fc719df e-con-full e-flex e-con e-parent\" data-id=\"fc719df\" data-element_type=\"container\" data-settings=\"{&quot;jet_parallax_layout_list&quot;:[]}\">\n\t\t<div data-particle_enable=\"false\" data-particle-mobile-disabled=\"false\" class=\"elementor-element elementor-element-f89aa4e e-con-full e-flex e-con e-child\" data-id=\"f89aa4e\" data-element_type=\"container\" data-settings=\"{&quot;jet_parallax_layout_list&quot;:[]}\">\n\t\t\t\t<\/div>\n\t\t\t\t<\/div>\n\t\t<div data-particle_enable=\"false\" data-particle-mobile-disabled=\"false\" class=\"elementor-element elementor-element-8e63c54 e-flex e-con-boxed e-con e-parent\" data-id=\"8e63c54\" data-element_type=\"container\" data-settings=\"{&quot;background_background&quot;:&quot;classic&quot;,&quot;jet_parallax_layout_list&quot;:[]}\">\n\t\t\t\t\t<div class=\"e-con-inner\">\n\t\t<div data-particle_enable=\"false\" data-particle-mobile-disabled=\"false\" class=\"elementor-element elementor-element-3f54a79 e-con-full e-flex e-con e-child\" data-id=\"3f54a79\" data-element_type=\"container\" data-settings=\"{&quot;jet_parallax_layout_list&quot;:[]}\">\n\t\t\t\t<div class=\"elementor-element elementor-element-998b458 elementor-widget elementor-widget-video\" data-id=\"998b458\" data-element_type=\"widget\" data-settings=\"{&quot;youtube_url&quot;:&quot;https:\\\/\\\/youtu.be\\\/Mhf_s9DQcr8&quot;,&quot;video_type&quot;:&quot;youtube&quot;,&quot;controls&quot;:&quot;yes&quot;}\" data-widget_type=\"video.default\">\n\t\t\t\t<div class=\"elementor-widget-container\">\n\t\t\t\t\t\t\t<div class=\"elementor-wrapper elementor-open-inline\">\n\t\t\t<div class=\"elementor-video\"><\/div>\t\t<\/div>\n\t\t\t\t\t\t<\/div>\n\t\t\t\t<\/div>\n\t\t\t\t<\/div>\n\t\t<div data-particle_enable=\"false\" data-particle-mobile-disabled=\"false\" class=\"elementor-element elementor-element-95f8ac5 e-con-full e-flex e-con e-child\" data-id=\"95f8ac5\" data-element_type=\"container\" data-settings=\"{&quot;jet_parallax_layout_list&quot;:[]}\">\n\t\t\t\t<div class=\"elementor-element elementor-element-cf5ab0b elementor-widget elementor-widget-heading\" data-id=\"cf5ab0b\" data-element_type=\"widget\" data-widget_type=\"heading.default\">\n\t\t\t\t<div class=\"elementor-widget-container\">\n\t\t\t\t\t<h2 class=\"elementor-heading-title elementor-size-default\">Visionnez le parcours de Thibaud<\/h2>\t\t\t\t<\/div>\n\t\t\t\t<\/div>\n\t\t\t\t<div class=\"elementor-element elementor-element-0825faf elementor-widget elementor-widget-heading\" data-id=\"0825faf\" data-element_type=\"widget\" data-widget_type=\"heading.default\">\n\t\t\t\t<div class=\"elementor-widget-container\">\n\t\t\t\t\t<h2 class=\"elementor-heading-title elementor-size-default\">906 km   et   1 140 000 pas<\/h2>\t\t\t\t<\/div>\n\t\t\t\t<\/div>\n\t\t\t\t<div class=\"elementor-element elementor-element-822e83f elementor-widget elementor-widget-image\" data-id=\"822e83f\" data-element_type=\"widget\" data-widget_type=\"image.default\">\n\t\t\t\t<div class=\"elementor-widget-container\">\n\t\t\t\t\t\t\t\t\t\t\t\t\t\t\t<img decoding=\"async\" src=\"https:\/\/www.lessurvivants.org\/wp-content\/uploads\/2025\/05\/Capture-decran-2025-05-13-a-10.10.58-png.avif\" title=\"\" alt=\"\" loading=\"lazy\" \/>\t\t\t\t\t\t\t\t\t\t\t\t\t\t\t<\/div>\n\t\t\t\t<\/div>\n\t\t\t\t<\/div>\n\t\t\t\t\t<\/div>\n\t\t\t\t<\/div>\n\t\t<div data-particle_enable=\"false\" data-particle-mobile-disabled=\"false\" class=\"elementor-element elementor-element-de97a01 e-flex e-con-boxed e-con e-parent\" data-id=\"de97a01\" data-element_type=\"container\" data-settings=\"{&quot;background_background&quot;:&quot;gradient&quot;,&quot;jet_parallax_layout_list&quot;:[]}\">\n\t\t\t\t\t<div class=\"e-con-inner\">\n\t\t\t\t<div class=\"elementor-element elementor-element-4c1bdc0 elementor-view-default elementor-position-top elementor-mobile-position-top elementor-widget elementor-widget-icon-box\" data-id=\"4c1bdc0\" data-element_type=\"widget\" data-widget_type=\"icon-box.default\">\n\t\t\t\t<div class=\"elementor-widget-container\">\n\t\t\t\t\t\t\t<div class=\"elementor-icon-box-wrapper\">\n\n\t\t\t\t\t\t<div class=\"elementor-icon-box-icon\">\n\t\t\t\t<span  class=\"elementor-icon\">\n\t\t\t\t<svg aria-hidden=\"true\" class=\"e-font-icon-svg e-fas-map-marked-alt\" viewBox=\"0 0 576 512\" xmlns=\"http:\/\/www.w3.org\/2000\/svg\"><path d=\"M288 0c-69.59 0-126 56.41-126 126 0 56.26 82.35 158.8 113.9 196.02 6.39 7.54 17.82 7.54 24.2 0C331.65 284.8 414 182.26 414 126 414 56.41 357.59 0 288 0zm0 168c-23.2 0-42-18.8-42-42s18.8-42 42-42 42 18.8 42 42-18.8 42-42 42zM20.12 215.95A32.006 32.006 0 0 0 0 245.66v250.32c0 11.32 11.43 19.06 21.94 14.86L160 448V214.92c-8.84-15.98-16.07-31.54-21.25-46.42L20.12 215.95zM288 359.67c-14.07 0-27.38-6.18-36.51-16.96-19.66-23.2-40.57-49.62-59.49-76.72v182l192 64V266c-18.92 27.09-39.82 53.52-59.49 76.72-9.13 10.77-22.44 16.95-36.51 16.95zm266.06-198.51L416 224v288l139.88-55.95A31.996 31.996 0 0 0 576 426.34V176.02c0-11.32-11.43-19.06-21.94-14.86z\"><\/path><\/svg>\t\t\t\t<\/span>\n\t\t\t<\/div>\n\t\t\t\n\t\t\t\t\t\t<div class=\"elementor-icon-box-content\">\n\n\t\t\t\t\t\t\t\t\t<h3 class=\"elementor-icon-box-title\">\n\t\t\t\t\t\t<span  >\n\t\t\t\t\t\t\tLe Carnet de route de Thibaud DAMY\t\t\t\t\t\t<\/span>\n\t\t\t\t\t<\/h3>\n\t\t\t\t\n\t\t\t\t\n\t\t\t<\/div>\n\t\t\t\n\t\t<\/div>\n\t\t\t\t\t\t<\/div>\n\t\t\t\t<\/div>\n\t\t\t\t\t<\/div>\n\t\t\t\t<\/div>\n\t\t<div data-particle_enable=\"false\" data-particle-mobile-disabled=\"false\" class=\"elementor-element elementor-element-dd45855 e-flex e-con-boxed e-con e-parent\" data-id=\"dd45855\" data-element_type=\"container\" data-settings=\"{&quot;background_background&quot;:&quot;classic&quot;,&quot;jet_parallax_layout_list&quot;:[]}\">\n\t\t\t\t\t<div class=\"e-con-inner\">\n\t\t<div data-particle_enable=\"false\" data-particle-mobile-disabled=\"false\" class=\"elementor-element elementor-element-673088f e-con-full e-flex e-con e-child\" data-id=\"673088f\" data-element_type=\"container\" data-settings=\"{&quot;jet_parallax_layout_list&quot;:[]}\">\n\t\t\t\t<div class=\"elementor-element elementor-element-335230d elementor-widget elementor-widget-heading\" data-id=\"335230d\" data-element_type=\"widget\" data-widget_type=\"heading.default\">\n\t\t\t\t<div class=\"elementor-widget-container\">\n\t\t\t\t\t<h2 class=\"elementor-heading-title elementor-size-default\">La Carnet de route<\/h2>\t\t\t\t<\/div>\n\t\t\t\t<\/div>\n\t\t\t\t<div class=\"elementor-element elementor-element-a020c6a elementor-widget elementor-widget-heading\" data-id=\"a020c6a\" data-element_type=\"widget\" data-widget_type=\"heading.default\">\n\t\t\t\t<div class=\"elementor-widget-container\">\n\t\t\t\t\t<h2 class=\"elementor-heading-title elementor-size-default\"><a href=\"https:\/\/www.lessurvivants.org\/le-carnet-de-route-de-thibaud-damy\/\" target=\"_blank\">CLIQUEZ ICI<\/a><\/h2>\t\t\t\t<\/div>\n\t\t\t\t<\/div>\n\t\t\t\t<div class=\"elementor-element elementor-element-9606252 elementor-widget elementor-widget-image\" data-id=\"9606252\" data-element_type=\"widget\" data-widget_type=\"image.default\">\n\t\t\t\t<div class=\"elementor-widget-container\">\n\t\t\t\t\t\t\t\t\t\t\t\t\t\t\t\t<a href=\"https:\/\/www.lessurvivants.org\/le-carnet-de-route-de-thibaud-damy\/\" target=\"_blank\">\n\t\t\t\t\t\t\t<img decoding=\"async\" src=\"https:\/\/www.lessurvivants.org\/wp-content\/uploads\/2025\/04\/carnet-de-route-thibaud-damy-travel-journal-les-survivants.avif\" title=\"\" alt=\"carnet-de-route-thibaud-damy-travel-journal-les-survivants\" loading=\"lazy\" \/>\t\t\t\t\t\t\t\t<\/a>\n\t\t\t\t\t\t\t\t\t\t\t\t\t\t\t<\/div>\n\t\t\t\t<\/div>\n\t\t\t\t<\/div>\n\t\t<div data-particle_enable=\"false\" data-particle-mobile-disabled=\"false\" class=\"elementor-element elementor-element-831b162 e-con-full e-flex e-con e-child\" data-id=\"831b162\" data-element_type=\"container\" data-settings=\"{&quot;jet_parallax_layout_list&quot;:[]}\">\n\t\t\t\t<div class=\"elementor-element elementor-element-5f640ac elementor-widget elementor-widget-heading\" data-id=\"5f640ac\" data-element_type=\"widget\" data-widget_type=\"heading.default\">\n\t\t\t\t<div class=\"elementor-widget-container\">\n\t\t\t\t\t<h2 class=\"elementor-heading-title elementor-size-default\">Les mots de soutien<\/h2>\t\t\t\t<\/div>\n\t\t\t\t<\/div>\n\t\t\t\t<div class=\"elementor-element elementor-element-3f5a24f elementor-widget elementor-widget-heading\" data-id=\"3f5a24f\" data-element_type=\"widget\" data-widget_type=\"heading.default\">\n\t\t\t\t<div class=\"elementor-widget-container\">\n\t\t\t\t\t<h2 class=\"elementor-heading-title elementor-size-default\"><a href=\"https:\/\/www.lessurvivants.org\/les-mots-de-soutien\/\" target=\"_blank\">CLIQUEZ ICI<\/a><\/h2>\t\t\t\t<\/div>\n\t\t\t\t<\/div>\n\t\t\t\t<div class=\"elementor-element elementor-element-d0f32e2 elementor-widget elementor-widget-image\" data-id=\"d0f32e2\" data-element_type=\"widget\" data-widget_type=\"image.default\">\n\t\t\t\t<div class=\"elementor-widget-container\">\n\t\t\t\t\t\t\t\t\t\t\t\t\t\t\t\t<a href=\"https:\/\/www.lessurvivants.org\/les-mots-de-soutien\/\" target=\"_blank\">\n\t\t\t\t\t\t\t<img decoding=\"async\" src=\"https:\/\/www.lessurvivants.org\/wp-content\/uploads\/2025\/04\/les-mots-de-soutien-les-survivants-png.avif\" title=\"\" alt=\"les-mots-de-soutien-les-survivants\" loading=\"lazy\" \/>\t\t\t\t\t\t\t\t<\/a>\n\t\t\t\t\t\t\t\t\t\t\t\t\t\t\t<\/div>\n\t\t\t\t<\/div>\n\t\t\t\t<\/div>\n\t\t\t\t\t<\/div>\n\t\t\t\t<\/div>\n\t\t<div data-particle_enable=\"false\" data-particle-mobile-disabled=\"false\" class=\"elementor-element elementor-element-49c52b4 e-flex e-con-boxed e-con e-parent\" data-id=\"49c52b4\" data-element_type=\"container\" data-settings=\"{&quot;background_background&quot;:&quot;classic&quot;,&quot;jet_parallax_layout_list&quot;:[]}\">\n\t\t\t\t\t<div class=\"e-con-inner\">\n\t\t<div data-particle_enable=\"false\" data-particle-mobile-disabled=\"false\" class=\"elementor-element elementor-element-61da88b e-con-full e-flex e-con e-child\" data-id=\"61da88b\" data-element_type=\"container\" data-settings=\"{&quot;jet_parallax_layout_list&quot;:[]}\">\n\t\t\t\t<div class=\"elementor-element elementor-element-56b0838 elementor-widget elementor-widget-image\" data-id=\"56b0838\" data-element_type=\"widget\" data-widget_type=\"image.default\">\n\t\t\t\t<div class=\"elementor-widget-container\">\n\t\t\t\t\t\t\t\t\t\t\t\t\t\t\t\t<a href=\"https:\/\/www.lessurvivants.org\/le-carnet-de-route-de-thibaud-damy-cardiolonline\/\" target=\"_blank\">\n\t\t\t\t\t\t\t<img fetchpriority=\"high\" decoding=\"async\" width=\"800\" height=\"600\" src=\"https:\/\/www.lessurvivants.org\/wp-content\/uploads\/2025\/04\/20250420_101916-compressed-2-1024x768.avif\" class=\"attachment-large size-large wp-image-1767\" alt=\"\" srcset=\"https:\/\/www.lessurvivants.org\/wp-content\/uploads\/2025\/04\/20250420_101916-compressed-2-1024x768.avif 1024w, https:\/\/www.lessurvivants.org\/wp-content\/uploads\/2025\/04\/20250420_101916-compressed-2-300x225.avif 300w, https:\/\/www.lessurvivants.org\/wp-content\/uploads\/2025\/04\/20250420_101916-compressed-2-768x576.avif 768w, https:\/\/www.lessurvivants.org\/wp-content\/uploads\/2025\/04\/20250420_101916-compressed-2-1536x1152.avif 1536w\" sizes=\"(max-width: 800px) 100vw, 800px\" \/>\t\t\t\t\t\t\t\t<\/a>\n\t\t\t\t\t\t\t\t\t\t\t\t\t\t\t<\/div>\n\t\t\t\t<\/div>\n\t\t\t\t<\/div>\n\t\t<div data-particle_enable=\"false\" data-particle-mobile-disabled=\"false\" class=\"elementor-element elementor-element-4400fd9 e-con-full e-flex e-con e-child\" data-id=\"4400fd9\" data-element_type=\"container\" data-settings=\"{&quot;jet_parallax_layout_list&quot;:[]}\">\n\t\t\t\t<div class=\"elementor-element elementor-element-37d9ab8 elementor-widget elementor-widget-image\" data-id=\"37d9ab8\" data-element_type=\"widget\" data-widget_type=\"image.default\">\n\t\t\t\t<div class=\"elementor-widget-container\">\n\t\t\t\t\t\t\t\t\t\t\t\t\t\t\t\t<a href=\"https:\/\/www.lessurvivants.org\/les-posts-linkedin-de-thibaud-damy-les-survivants\/\" target=\"_blank\">\n\t\t\t\t\t\t\t<img decoding=\"async\" width=\"800\" height=\"800\" src=\"https:\/\/www.lessurvivants.org\/wp-content\/uploads\/2025\/04\/France_Inter_logo_2021.svg-1024x1024.avif\" class=\"attachment-large size-large wp-image-1797 not-transparent\" alt=\"\" srcset=\"https:\/\/www.lessurvivants.org\/wp-content\/uploads\/2025\/04\/France_Inter_logo_2021.svg-1024x1024.avif 1024w, https:\/\/www.lessurvivants.org\/wp-content\/uploads\/2025\/04\/France_Inter_logo_2021.svg-300x300.avif 300w, https:\/\/www.lessurvivants.org\/wp-content\/uploads\/2025\/04\/France_Inter_logo_2021.svg-150x150.avif 150w, https:\/\/www.lessurvivants.org\/wp-content\/uploads\/2025\/04\/France_Inter_logo_2021.svg-768x768.avif 768w, https:\/\/www.lessurvivants.org\/wp-content\/uploads\/2025\/04\/France_Inter_logo_2021.svg-png.avif 1200w\" sizes=\"(max-width: 800px) 100vw, 800px\" data-has-transparency=\"false\" data-dominant-color=\"6975d9\" style=\"--dominant-color: #6975d9\" \/>\t\t\t\t\t\t\t\t<\/a>\n\t\t\t\t\t\t\t\t\t\t\t\t\t\t\t<\/div>\n\t\t\t\t<\/div>\n\t\t\t\t<\/div>\n\t\t\t\t\t<\/div>\n\t\t\t\t<\/div>\n\t\t<div data-particle_enable=\"false\" data-particle-mobile-disabled=\"false\" class=\"elementor-element elementor-element-75b5ad5 e-flex e-con-boxed e-con e-parent\" data-id=\"75b5ad5\" data-element_type=\"container\" data-settings=\"{&quot;jet_parallax_layout_list&quot;:[]}\">\n\t\t\t\t\t<div class=\"e-con-inner\">\n\t\t<div data-particle_enable=\"false\" data-particle-mobile-disabled=\"false\" class=\"elementor-element elementor-element-ab726ee e-con-full e-flex e-con e-child\" data-id=\"ab726ee\" data-element_type=\"container\" data-settings=\"{&quot;jet_parallax_layout_list&quot;:[],&quot;background_background&quot;:&quot;gradient&quot;}\">\n\t\t\t\t<div class=\"elementor-element elementor-element-a2cf45d elementor-widget elementor-widget-shortcode\" data-id=\"a2cf45d\" data-element_type=\"widget\" data-widget_type=\"shortcode.default\">\n\t\t\t\t<div class=\"elementor-widget-container\">\n\t\t\t\t\t\t\t<div class=\"elementor-shortcode\"><div class=\"juicer-feed\" data-feed-id=\"les-survivants-a56614357\"><\/div><\/div>\n\t\t\t\t\t\t<\/div>\n\t\t\t\t<\/div>\n\t\t\t\t<\/div>\n\t\t\t\t\t<\/div>\n\t\t\t\t<\/div>\n\t\t\t\t<\/div>\n\t\t","protected":false},"excerpt":{"rendered":"<p>Le rapport national qui brise le silence Chaque jour, dans les h\u00f4pitaux fran\u00e7ais, dessoignants accompagnent leurs patients jusqu\u2019audernier souffle. Ils ferment des paupi\u00e8res (&#8230;) puis, sans d\u00e9lai, reprennent leur tourn\u00e9e. Consultez le rapport DIU : Les soignants face \u00e0 la mort Un Dipl\u00f4me Inter-Universitaire en cr\u00e9ation pour donner une approche pluridisciplinaire sur la mort dans [&hellip;]<\/p>\n","protected":false},"author":1,"featured_media":0,"parent":0,"menu_order":0,"comment_status":"closed","ping_status":"closed","template":"","meta":{"footnotes":""},"categories":[],"tags":[],"class_list":["post-1597","page","type-page","status-publish","hentry"],"yoast_head":"<!-- This site is optimized with the Yoast SEO Premium plugin v25.5 (Yoast SEO v25.5) - https:\/\/yoast.com\/wordpress\/plugins\/seo\/ -->\n<title>Accueil - Espace soignant<\/title>\n<meta name=\"robots\" content=\"index, follow, max-snippet:-1, max-image-preview:large, max-video-preview:-1\" \/>\n<link rel=\"canonical\" href=\"https:\/\/www.lessurvivants.org\/soignant\/\" \/>\n<meta property=\"og:locale\" content=\"fr_FR\" \/>\n<meta property=\"og:type\" content=\"article\" \/>\n<meta property=\"og:title\" content=\"Accueil\" \/>\n<meta property=\"og:description\" content=\"Le rapport national qui brise le silence Chaque jour, dans les h\u00f4pitaux fran\u00e7ais, dessoignants accompagnent leurs patients jusqu\u2019audernier souffle. Ils ferment des paupi\u00e8res (&#8230;) puis, sans d\u00e9lai, reprennent leur tourn\u00e9e. Consultez le rapport DIU : Les soignants face \u00e0 la mort Un Dipl\u00f4me Inter-Universitaire en cr\u00e9ation pour donner une approche pluridisciplinaire sur la mort dans [&hellip;]\" \/>\n<meta property=\"og:url\" content=\"https:\/\/www.lessurvivants.org\/soignant\/\" \/>\n<meta property=\"og:site_name\" content=\"Espace soignant\" \/>\n<meta property=\"article:modified_time\" content=\"2025-12-22T08:13:08+00:00\" \/>\n<meta property=\"og:image\" content=\"https:\/\/www.lessurvivants.org\/wp-content\/uploads\/2025\/05\/Capture-decran-2025-05-13-a-10.10.58-png.avif\" \/>\n<meta name=\"twitter:card\" content=\"summary_large_image\" \/>\n<meta name=\"twitter:label1\" content=\"Dur\u00e9e de lecture estim\u00e9e\" \/>\n\t<meta name=\"twitter:data1\" content=\"4 minutes\" \/>\n<script type=\"application\/ld+json\" class=\"yoast-schema-graph\">{\"@context\":\"https:\/\/schema.org\",\"@graph\":[{\"@type\":\"WebPage\",\"@id\":\"https:\/\/www.lessurvivants.org\/soignant\/\",\"url\":\"https:\/\/www.lessurvivants.org\/soignant\/\",\"name\":\"Accueil - Espace soignant\",\"isPartOf\":{\"@id\":\"https:\/\/www.lessurvivants.org\/soignant\/#website\"},\"primaryImageOfPage\":{\"@id\":\"https:\/\/www.lessurvivants.org\/soignant\/#primaryimage\"},\"image\":{\"@id\":\"https:\/\/www.lessurvivants.org\/soignant\/#primaryimage\"},\"thumbnailUrl\":\"https:\/\/www.lessurvivants.org\/wp-content\/uploads\/2025\/05\/Capture-decran-2025-05-13-a-10.10.58-png.avif\",\"datePublished\":\"2025-02-04T09:50:42+00:00\",\"dateModified\":\"2025-12-22T08:13:08+00:00\",\"breadcrumb\":{\"@id\":\"https:\/\/www.lessurvivants.org\/soignant\/#breadcrumb\"},\"inLanguage\":\"fr-FR\",\"potentialAction\":[{\"@type\":\"ReadAction\",\"target\":[\"https:\/\/www.lessurvivants.org\/soignant\/\"]}]},{\"@type\":\"ImageObject\",\"inLanguage\":\"fr-FR\",\"@id\":\"https:\/\/www.lessurvivants.org\/soignant\/#primaryimage\",\"url\":\"https:\/\/www.lessurvivants.org\/wp-content\/uploads\/2025\/05\/Capture-decran-2025-05-13-a-10.10.58-png.avif\",\"contentUrl\":\"https:\/\/www.lessurvivants.org\/wp-content\/uploads\/2025\/05\/Capture-decran-2025-05-13-a-10.10.58-png.avif\"},{\"@type\":\"BreadcrumbList\",\"@id\":\"https:\/\/www.lessurvivants.org\/soignant\/#breadcrumb\",\"itemListElement\":[{\"@type\":\"ListItem\",\"position\":1,\"name\":\"Accueil\",\"item\":\"https:\/\/www.lessurvivants.org\/soignant\/\"},{\"@type\":\"ListItem\",\"position\":2,\"name\":\"Accueil\"}]},{\"@type\":\"WebSite\",\"@id\":\"https:\/\/www.lessurvivants.org\/soignant\/#website\",\"url\":\"https:\/\/www.lessurvivants.org\/soignant\/\",\"name\":\"Espace soignant\",\"description\":\"\",\"publisher\":{\"@id\":\"https:\/\/www.lessurvivants.org\/soignant\/#organization\"},\"potentialAction\":[{\"@type\":\"SearchAction\",\"target\":{\"@type\":\"EntryPoint\",\"urlTemplate\":\"https:\/\/www.lessurvivants.org\/soignant\/?s={search_term_string}\"},\"query-input\":{\"@type\":\"PropertyValueSpecification\",\"valueRequired\":true,\"valueName\":\"search_term_string\"}}],\"inLanguage\":\"fr-FR\"},{\"@type\":\"Organization\",\"@id\":\"https:\/\/www.lessurvivants.org\/soignant\/#organization\",\"name\":\"Espace soignant\",\"url\":\"https:\/\/www.lessurvivants.org\/soignant\/\",\"logo\":{\"@type\":\"ImageObject\",\"inLanguage\":\"fr-FR\",\"@id\":\"https:\/\/www.lessurvivants.org\/soignant\/#\/schema\/logo\/image\/\",\"url\":\"https:\/\/www.lessurvivants.org\/wp-content\/uploads\/2025\/03\/logo-final-les-survivants_Plan-de-travail-1.png\",\"contentUrl\":\"https:\/\/www.lessurvivants.org\/wp-content\/uploads\/2025\/03\/logo-final-les-survivants_Plan-de-travail-1.png\",\"caption\":\"Espace soignant\"},\"image\":{\"@id\":\"https:\/\/www.lessurvivants.org\/soignant\/#\/schema\/logo\/image\/\"}}]}<\/script>\n<!-- \/ Yoast SEO Premium plugin. -->","yoast_head_json":{"title":"Accueil - Espace soignant","robots":{"index":"index","follow":"follow","max-snippet":"max-snippet:-1","max-image-preview":"max-image-preview:large","max-video-preview":"max-video-preview:-1"},"canonical":"https:\/\/www.lessurvivants.org\/soignant\/","og_locale":"fr_FR","og_type":"article","og_title":"Accueil","og_description":"Le rapport national qui brise le silence Chaque jour, dans les h\u00f4pitaux fran\u00e7ais, dessoignants accompagnent leurs patients jusqu\u2019audernier souffle. Ils ferment des paupi\u00e8res (&#8230;) puis, sans d\u00e9lai, reprennent leur tourn\u00e9e. Consultez le rapport DIU : Les soignants face \u00e0 la mort Un Dipl\u00f4me Inter-Universitaire en cr\u00e9ation pour donner une approche pluridisciplinaire sur la mort dans [&hellip;]","og_url":"https:\/\/www.lessurvivants.org\/soignant\/","og_site_name":"Espace soignant","article_modified_time":"2025-12-22T08:13:08+00:00","og_image":[{"url":"https:\/\/www.lessurvivants.org\/wp-content\/uploads\/2025\/05\/Capture-decran-2025-05-13-a-10.10.58-png.avif","type":"","width":"","height":""}],"twitter_card":"summary_large_image","twitter_misc":{"Dur\u00e9e de lecture estim\u00e9e":"4 minutes"},"schema":{"@context":"https:\/\/schema.org","@graph":[{"@type":"WebPage","@id":"https:\/\/www.lessurvivants.org\/soignant\/","url":"https:\/\/www.lessurvivants.org\/soignant\/","name":"Accueil - Espace soignant","isPartOf":{"@id":"https:\/\/www.lessurvivants.org\/soignant\/#website"},"primaryImageOfPage":{"@id":"https:\/\/www.lessurvivants.org\/soignant\/#primaryimage"},"image":{"@id":"https:\/\/www.lessurvivants.org\/soignant\/#primaryimage"},"thumbnailUrl":"https:\/\/www.lessurvivants.org\/wp-content\/uploads\/2025\/05\/Capture-decran-2025-05-13-a-10.10.58-png.avif","datePublished":"2025-02-04T09:50:42+00:00","dateModified":"2025-12-22T08:13:08+00:00","breadcrumb":{"@id":"https:\/\/www.lessurvivants.org\/soignant\/#breadcrumb"},"inLanguage":"fr-FR","potentialAction":[{"@type":"ReadAction","target":["https:\/\/www.lessurvivants.org\/soignant\/"]}]},{"@type":"ImageObject","inLanguage":"fr-FR","@id":"https:\/\/www.lessurvivants.org\/soignant\/#primaryimage","url":"https:\/\/www.lessurvivants.org\/wp-content\/uploads\/2025\/05\/Capture-decran-2025-05-13-a-10.10.58-png.avif","contentUrl":"https:\/\/www.lessurvivants.org\/wp-content\/uploads\/2025\/05\/Capture-decran-2025-05-13-a-10.10.58-png.avif"},{"@type":"BreadcrumbList","@id":"https:\/\/www.lessurvivants.org\/soignant\/#breadcrumb","itemListElement":[{"@type":"ListItem","position":1,"name":"Accueil","item":"https:\/\/www.lessurvivants.org\/soignant\/"},{"@type":"ListItem","position":2,"name":"Accueil"}]},{"@type":"WebSite","@id":"https:\/\/www.lessurvivants.org\/soignant\/#website","url":"https:\/\/www.lessurvivants.org\/soignant\/","name":"Espace soignant","description":"","publisher":{"@id":"https:\/\/www.lessurvivants.org\/soignant\/#organization"},"potentialAction":[{"@type":"SearchAction","target":{"@type":"EntryPoint","urlTemplate":"https:\/\/www.lessurvivants.org\/soignant\/?s={search_term_string}"},"query-input":{"@type":"PropertyValueSpecification","valueRequired":true,"valueName":"search_term_string"}}],"inLanguage":"fr-FR"},{"@type":"Organization","@id":"https:\/\/www.lessurvivants.org\/soignant\/#organization","name":"Espace soignant","url":"https:\/\/www.lessurvivants.org\/soignant\/","logo":{"@type":"ImageObject","inLanguage":"fr-FR","@id":"https:\/\/www.lessurvivants.org\/soignant\/#\/schema\/logo\/image\/","url":"https:\/\/www.lessurvivants.org\/wp-content\/uploads\/2025\/03\/logo-final-les-survivants_Plan-de-travail-1.png","contentUrl":"https:\/\/www.lessurvivants.org\/wp-content\/uploads\/2025\/03\/logo-final-les-survivants_Plan-de-travail-1.png","caption":"Espace soignant"},"image":{"@id":"https:\/\/www.lessurvivants.org\/soignant\/#\/schema\/logo\/image\/"}}]}},"_links":{"self":[{"href":"https:\/\/www.lessurvivants.org\/soignant\/wp-json\/wp\/v2\/pages\/1597","targetHints":{"allow":["GET"]}}],"collection":[{"href":"https:\/\/www.lessurvivants.org\/soignant\/wp-json\/wp\/v2\/pages"}],"about":[{"href":"https:\/\/www.lessurvivants.org\/soignant\/wp-json\/wp\/v2\/types\/page"}],"author":[{"embeddable":true,"href":"https:\/\/www.lessurvivants.org\/soignant\/wp-json\/wp\/v2\/users\/1"}],"replies":[{"embeddable":true,"href":"https:\/\/www.lessurvivants.org\/soignant\/wp-json\/wp\/v2\/comments?post=1597"}],"version-history":[{"count":20,"href":"https:\/\/www.lessurvivants.org\/soignant\/wp-json\/wp\/v2\/pages\/1597\/revisions"}],"predecessor-version":[{"id":2314,"href":"https:\/\/www.lessurvivants.org\/soignant\/wp-json\/wp\/v2\/pages\/1597\/revisions\/2314"}],"wp:attachment":[{"href":"https:\/\/www.lessurvivants.org\/soignant\/wp-json\/wp\/v2\/media?parent=1597"}],"wp:term":[{"taxonomy":"category","embeddable":true,"href":"https:\/\/www.lessurvivants.org\/soignant\/wp-json\/wp\/v2\/categories?post=1597"},{"taxonomy":"post_tag","embeddable":true,"href":"https:\/\/www.lessurvivants.org\/soignant\/wp-json\/wp\/v2\/tags?post=1597"}],"curies":[{"name":"wp","href":"https:\/\/api.w.org\/{rel}","templated":true}]}}