{"id":1955,"date":"2025-07-16T10:17:09","date_gmt":"2025-07-16T08:17:09","guid":{"rendered":"https:\/\/www.lessurvivants.org\/soignant\/?page_id=1955"},"modified":"2025-07-17T10:02:32","modified_gmt":"2025-07-17T08:02:32","slug":"accompagner-les-familles-en-deuil-entretienn-avec-la-famille","status":"publish","type":"page","link":"https:\/\/www.lessurvivants.org\/soignant\/accompagner-les-familles-en-deuil-entretienn-avec-la-famille\/","title":{"rendered":"L\u2019entretien avec la famille apr\u00e8s un d\u00e9c\u00e8s inattendu"},"content":{"rendered":"\t\t<div data-elementor-type=\"wp-page\" data-elementor-id=\"1955\" class=\"elementor elementor-1955\" data-elementor-post-type=\"page\">\n\t\t\t\t<div data-particle_enable=\"false\" data-particle-mobile-disabled=\"false\" class=\"elementor-element elementor-element-754e4dc e-flex e-con-boxed e-con e-parent\" data-id=\"754e4dc\" data-element_type=\"container\" data-settings=\"{&quot;jet_parallax_layout_list&quot;:[]}\">\n\t\t\t\t\t<div class=\"e-con-inner\">\n\t\t\t\t<div class=\"elementor-element elementor-element-4158410 elementor-widget elementor-widget-heading\" data-id=\"4158410\" data-element_type=\"widget\" data-widget_type=\"heading.default\">\n\t\t\t\t<div class=\"elementor-widget-container\">\n\t\t\t\t\t<h2 class=\"elementor-heading-title elementor-size-default\">L'ENTRETIEN AVEC LA FAMILLE APRES UN D\u00c9C\u00c8S INATTENDU\n<\/h2>\t\t\t\t<\/div>\n\t\t\t\t<\/div>\n\t\t\t\t<div class=\"elementor-element elementor-element-a5f1120 elementor-widget elementor-widget-text-editor\" data-id=\"a5f1120\" data-element_type=\"widget\" data-widget_type=\"text-editor.default\">\n\t\t\t\t<div class=\"elementor-widget-container\">\n\t\t\t\t\t\t\t\t\t<p>Annoncer un d\u00e9c\u00e8s est toujours un moment d\u00e9licat. Lorsqu\u2019il survient brutalement, de fa\u00e7on inattendue, l\u2019impact \u00e9motionnel sur la famille est amplifi\u00e9 \u2014 tout comme la charge pour l\u2019\u00e9quipe soignante. Cet entretien ne peut \u00eatre improvis\u00e9 : il s\u2019inscrit dans une responsabilit\u00e9 \u00e9thique, humaine et professionnelle. Il est aussi un moment cl\u00e9 dans le parcours de deuil des proches. Cette page propose des rep\u00e8res concrets pour accompagner ce moment difficile.<\/p>\t\t\t\t\t\t\t\t<\/div>\n\t\t\t\t<\/div>\n\t\t\t\t<div class=\"elementor-element elementor-element-f11a14b elementor-widget elementor-widget-heading\" data-id=\"f11a14b\" data-element_type=\"widget\" data-widget_type=\"heading.default\">\n\t\t\t\t<div class=\"elementor-widget-container\">\n\t\t\t\t\t<h2 class=\"elementor-heading-title elementor-size-default\">L\u2019entretien avec la famille apr\u00e8s un d\u00e9c\u00e8s inattendu : un moment d\u00e9licat<\/h2>\t\t\t\t<\/div>\n\t\t\t\t<\/div>\n\t\t\t\t<div class=\"elementor-element elementor-element-2880cf0 elementor-widget elementor-widget-text-editor\" data-id=\"2880cf0\" data-element_type=\"widget\" data-widget_type=\"text-editor.default\">\n\t\t\t\t<div class=\"elementor-widget-container\">\n\t\t\t\t\t\t\t\t\t<p data-start=\"1195\" data-end=\"1297\">Le d\u00e9c\u00e8s inattendu surgit sans que la famille n\u2019ait eu le temps de s\u2019y pr\u00e9parer. Cela peut concerner :<\/p><ul data-start=\"1299\" data-end=\"1443\"><li data-start=\"1299\" data-end=\"1343\"><p data-start=\"1301\" data-end=\"1343\">Une complication post-op\u00e9ratoire brutale<\/p><\/li><li data-start=\"1344\" data-end=\"1374\"><p data-start=\"1346\" data-end=\"1374\">Un arr\u00eat cardiaque inopin\u00e9<\/p><\/li><li data-start=\"1375\" data-end=\"1408\"><p data-start=\"1377\" data-end=\"1408\">Un suicide ou une chute grave<\/p><\/li><li data-start=\"1409\" data-end=\"1443\"><p data-start=\"1411\" data-end=\"1443\">Une h\u00e9morragie foudroyante, etc.<\/p><\/li><\/ul><p data-start=\"1445\" data-end=\"1637\">Dans ces situations, l\u2019\u00e9tat de sid\u00e9ration pr\u00e9domine. Les mots du soignant, son attitude, sa mani\u00e8re d\u2019\u00e9couter et de laisser place \u00e0 l\u2019\u00e9motion auront une port\u00e9e durable sur le v\u00e9cu des proches.<\/p><p data-start=\"1639\" data-end=\"1759\">\u00a0<\/p>\t\t\t\t\t\t\t\t<\/div>\n\t\t\t\t<\/div>\n\t\t\t\t\t<\/div>\n\t\t\t\t<\/div>\n\t\t<div data-particle_enable=\"false\" data-particle-mobile-disabled=\"false\" class=\"elementor-element elementor-element-7e81976 e-flex e-con-boxed e-con e-parent\" data-id=\"7e81976\" data-element_type=\"container\" data-settings=\"{&quot;jet_parallax_layout_list&quot;:[]}\">\n\t\t\t\t\t<div class=\"e-con-inner\">\n\t\t<div data-particle_enable=\"false\" data-particle-mobile-disabled=\"false\" class=\"elementor-element elementor-element-860ee75 e-con-full e-flex e-con e-child\" data-id=\"860ee75\" data-element_type=\"container\" data-settings=\"{&quot;jet_parallax_layout_list&quot;:[]}\">\n\t\t\t\t<div class=\"elementor-element elementor-element-26960b5 elementor-widget elementor-widget-heading\" data-id=\"26960b5\" data-element_type=\"widget\" data-widget_type=\"heading.default\">\n\t\t\t\t<div class=\"elementor-widget-container\">\n\t\t\t\t\t<h2 class=\"elementor-heading-title elementor-size-default\">\ud83d\udc49 Voir aussi la page : La mort brutale et inattendue<\/h2>\t\t\t\t<\/div>\n\t\t\t\t<\/div>\n\t\t\t\t<\/div>\n\t\t<div data-particle_enable=\"false\" data-particle-mobile-disabled=\"false\" class=\"elementor-element elementor-element-a999d1f e-con-full e-flex e-con e-child\" data-id=\"a999d1f\" data-element_type=\"container\" data-settings=\"{&quot;jet_parallax_layout_list&quot;:[]}\">\n\t\t\t\t<div class=\"elementor-element elementor-element-aaeb0a0 elementor-align-center elementor-widget elementor-widget-button\" data-id=\"aaeb0a0\" data-element_type=\"widget\" data-widget_type=\"button.default\">\n\t\t\t\t<div class=\"elementor-widget-container\">\n\t\t\t\t\t\t\t\t\t<div class=\"elementor-button-wrapper\">\n\t\t\t\t\t<a class=\"elementor-button elementor-button-link elementor-size-sm\" href=\"https:\/\/www.lessurvivants.org\/soignant\/la-mort-brutale-et-inattendue\/\" target=\"_blank\">\n\t\t\t\t\t\t<span class=\"elementor-button-content-wrapper\">\n\t\t\t\t\t\t\t\t\t<span class=\"elementor-button-text\">Cliquez ici<\/span>\n\t\t\t\t\t<\/span>\n\t\t\t\t\t<\/a>\n\t\t\t\t<\/div>\n\t\t\t\t\t\t\t\t<\/div>\n\t\t\t\t<\/div>\n\t\t\t\t<\/div>\n\t\t\t\t\t<\/div>\n\t\t\t\t<\/div>\n\t\t<div data-particle_enable=\"false\" data-particle-mobile-disabled=\"false\" class=\"elementor-element elementor-element-aba9e61 e-flex e-con-boxed e-con e-parent\" data-id=\"aba9e61\" data-element_type=\"container\" data-settings=\"{&quot;jet_parallax_layout_list&quot;:[]}\">\n\t\t\t\t\t<div class=\"e-con-inner\">\n\t\t\t\t<div class=\"elementor-element elementor-element-e261cfe elementor-widget elementor-widget-heading\" data-id=\"e261cfe\" data-element_type=\"widget\" data-widget_type=\"heading.default\">\n\t\t\t\t<div class=\"elementor-widget-container\">\n\t\t\t\t\t<h2 class=\"elementor-heading-title elementor-size-default\">Pr\u00e9parer un entretien avec la famille apr\u00e8s une mort soudaine<\/h2>\t\t\t\t<\/div>\n\t\t\t\t<\/div>\n\t\t\t\t<div class=\"elementor-element elementor-element-f56a88b elementor-widget elementor-widget-text-editor\" data-id=\"f56a88b\" data-element_type=\"widget\" data-widget_type=\"text-editor.default\">\n\t\t\t\t<div class=\"elementor-widget-container\">\n\t\t\t\t\t\t\t\t\t<p data-start=\"1832\" data-end=\"1892\">L\u2019entretien doit \u00eatre pos\u00e9 et pr\u00e9par\u00e9, autant que possible :<\/p><ul data-start=\"1894\" data-end=\"2129\"><li data-start=\"1894\" data-end=\"1980\"><p data-start=\"1896\" data-end=\"1980\"><strong data-start=\"1896\" data-end=\"1919\">Lieu calme et ferm\u00e9<\/strong>, permettant de s\u2019asseoir et de pr\u00e9server la confidentialit\u00e9.<\/p><\/li><li data-start=\"1981\" data-end=\"2086\"><p data-start=\"1983\" data-end=\"2086\"><strong data-start=\"1983\" data-end=\"2026\">Pr\u00e9sence de deux professionnels minimum<\/strong>, si possible un soignant connu de la famille et un m\u00e9decin.<\/p><\/li><li data-start=\"2087\" data-end=\"2129\"><p data-start=\"2089\" data-end=\"2129\"><strong data-start=\"2089\" data-end=\"2109\">Temps disponible<\/strong>, sans interruption.<\/p><\/li><\/ul><p data-start=\"2131\" data-end=\"2366\">L\u2019objectif n\u2019est pas uniquement d\u2019\u00ab annoncer une mauvaise nouvelle \u00bb, mais <strong data-start=\"2206\" data-end=\"2253\">d\u2019accompagner une d\u00e9flagration \u00e9motionnelle<\/strong>, d\u2019humaniser une r\u00e9alit\u00e9 brutale et de poser des bases solides pour la suite (informations, questions, soutien).<\/p>\t\t\t\t\t\t\t\t<\/div>\n\t\t\t\t<\/div>\n\t\t\t\t\t<\/div>\n\t\t\t\t<\/div>\n\t\t<div data-particle_enable=\"false\" data-particle-mobile-disabled=\"false\" class=\"elementor-element elementor-element-74ad16a e-flex e-con-boxed e-con e-parent\" data-id=\"74ad16a\" data-element_type=\"container\" data-settings=\"{&quot;jet_parallax_layout_list&quot;:[]}\">\n\t\t\t\t\t<div class=\"e-con-inner\">\n\t\t\t\t<div class=\"elementor-element elementor-element-34e24f5 elementor-widget elementor-widget-heading\" data-id=\"34e24f5\" data-element_type=\"widget\" data-widget_type=\"heading.default\">\n\t\t\t\t<div class=\"elementor-widget-container\">\n\t\t\t\t\t<h2 class=\"elementor-heading-title elementor-size-default\">Que dire lors de l\u2019entretien avec la famille ?\n\n<\/h2>\t\t\t\t<\/div>\n\t\t\t\t<\/div>\n\t\t\t\t<div class=\"elementor-element elementor-element-00d493c elementor-widget elementor-widget-heading\" data-id=\"00d493c\" data-element_type=\"widget\" data-widget_type=\"heading.default\">\n\t\t\t\t<div class=\"elementor-widget-container\">\n\t\t\t\t\t<h3 class=\"elementor-heading-title elementor-size-default\">Clart\u00e9, honn\u00eatet\u00e9, humanit\u00e9<\/h3>\t\t\t\t<\/div>\n\t\t\t\t<\/div>\n\t\t\t\t<div class=\"elementor-element elementor-element-5735b42 elementor-widget elementor-widget-text-editor\" data-id=\"5735b42\" data-element_type=\"widget\" data-widget_type=\"text-editor.default\">\n\t\t\t\t<div class=\"elementor-widget-container\">\n\t\t\t\t\t\t\t\t\t<p data-start=\"2448\" data-end=\"2542\">\u00c9viter les euph\u00e9mismes ou les d\u00e9tours. Exprimer les faits avec d\u00e9licatesse, mais sans d\u00e9tour :<\/p><blockquote data-start=\"2544\" data-end=\"2679\"><p data-start=\"2546\" data-end=\"2679\"><em data-start=\"2546\" data-end=\"2679\">\u00ab Madame, j\u2019ai une nouvelle tr\u00e8s difficile \u00e0 vous annoncer\u2026 [pause] \u2026 votre mari est d\u00e9c\u00e9d\u00e9 ce matin \u00e0 7h15 des causes d&#8217;un &#8230;. \u00bb<\/em><\/p><\/blockquote><ul data-start=\"2681\" data-end=\"2821\"><li data-start=\"2681\" data-end=\"2731\"><p data-start=\"2683\" data-end=\"2731\">Laisser le <strong data-start=\"2694\" data-end=\"2714\">temps de silence<\/strong> apr\u00e8s l\u2019annonce.<\/p><\/li><li data-start=\"2732\" data-end=\"2780\"><p data-start=\"2734\" data-end=\"2780\">Accepter les r\u00e9actions (pleurs, col\u00e8re, d\u00e9ni).<\/p><\/li><li data-start=\"2781\" data-end=\"2821\"><p data-start=\"2783\" data-end=\"2821\">Nommer les \u00e9motions, valider l\u2019impact.<\/p><\/li><\/ul>\t\t\t\t\t\t\t\t<\/div>\n\t\t\t\t<\/div>\n\t\t\t\t<div class=\"elementor-element elementor-element-8806603 elementor-widget elementor-widget-heading\" data-id=\"8806603\" data-element_type=\"widget\" data-widget_type=\"heading.default\">\n\t\t\t\t<div class=\"elementor-widget-container\">\n\t\t\t\t\t<h3 class=\"elementor-heading-title elementor-size-default\">R\u00e9p\u00e9ter les informations essentielles\n<\/h3>\t\t\t\t<\/div>\n\t\t\t\t<\/div>\n\t\t\t\t<div class=\"elementor-element elementor-element-223665f elementor-widget elementor-widget-text-editor\" data-id=\"223665f\" data-element_type=\"widget\" data-widget_type=\"text-editor.default\">\n\t\t\t\t<div class=\"elementor-widget-container\">\n\t\t\t\t\t\t\t\t\t<p data-start=\"2868\" data-end=\"2977\">Dans l\u2019\u00e9tat de choc, l\u2019attention est alt\u00e9r\u00e9e. Il est normal de <strong data-start=\"2931\" data-end=\"2957\">r\u00e9p\u00e9ter plusieurs fois<\/strong> les m\u00eames \u00e9l\u00e9ments.<\/p>\t\t\t\t\t\t\t\t<\/div>\n\t\t\t\t<\/div>\n\t\t\t\t\t<\/div>\n\t\t\t\t<\/div>\n\t\t<div data-particle_enable=\"false\" data-particle-mobile-disabled=\"false\" class=\"elementor-element elementor-element-7c66bf4 e-flex e-con-boxed e-con e-parent\" data-id=\"7c66bf4\" data-element_type=\"container\" data-settings=\"{&quot;jet_parallax_layout_list&quot;:[]}\">\n\t\t\t\t\t<div class=\"e-con-inner\">\n\t\t\t\t<div class=\"elementor-element elementor-element-ae58d7b elementor-widget elementor-widget-heading\" data-id=\"ae58d7b\" data-element_type=\"widget\" data-widget_type=\"heading.default\">\n\t\t\t\t<div class=\"elementor-widget-container\">\n\t\t\t\t\t<h2 class=\"elementor-heading-title elementor-size-default\">Apr\u00e8s l\u2019entretien post-d\u00e9c\u00e8s : accompagner les soignants aussi<\/h2>\t\t\t\t<\/div>\n\t\t\t\t<\/div>\n\t\t\t\t<div class=\"elementor-element elementor-element-1136ee2 elementor-widget elementor-widget-text-editor\" data-id=\"1136ee2\" data-element_type=\"widget\" data-widget_type=\"text-editor.default\">\n\t\t\t\t<div class=\"elementor-widget-container\">\n\t\t\t\t\t\t\t\t\t<p data-start=\"3045\" data-end=\"3098\">Le besoin de comprendre est vital. Le soignant peut :<\/p><ul data-start=\"3100\" data-end=\"3276\"><li data-start=\"3100\" data-end=\"3145\"><p data-start=\"3102\" data-end=\"3145\">Revenir sur les \u00e9l\u00e9ments cliniques connus<\/p><\/li><li data-start=\"3146\" data-end=\"3221\"><p data-start=\"3148\" data-end=\"3221\">Expliquer les gestes tent\u00e9s pour r\u00e9animer, les d\u00e9lais, les incertitudes<\/p><\/li><li data-start=\"3222\" data-end=\"3276\"><p data-start=\"3224\" data-end=\"3276\">S\u2019appuyer sur la r\u00e9alit\u00e9 factuelle et son humanit\u00e9<\/p><\/li><\/ul><p data-start=\"3278\" data-end=\"3508\">En cas de col\u00e8re ou d\u2019accusation, rester centr\u00e9 sur <strong data-start=\"3330\" data-end=\"3342\">l\u2019\u00e9coute<\/strong>, <strong data-start=\"3344\" data-end=\"3382\">la reconnaissance de la souffrance<\/strong>, sans chercher \u00e0 se d\u00e9fendre trop vite. Si besoin, pr\u00e9voir un second entretien plus tard, avec l\u2019encadrement ou la m\u00e9diation.<\/p>\t\t\t\t\t\t\t\t<\/div>\n\t\t\t\t<\/div>\n\t\t\t\t\t<\/div>\n\t\t\t\t<\/div>\n\t\t<div data-particle_enable=\"false\" data-particle-mobile-disabled=\"false\" class=\"elementor-element elementor-element-f2388ce e-flex e-con-boxed e-con e-parent\" data-id=\"f2388ce\" data-element_type=\"container\" data-settings=\"{&quot;jet_parallax_layout_list&quot;:[]}\">\n\t\t\t\t\t<div class=\"e-con-inner\">\n\t\t\t\t<div class=\"elementor-element elementor-element-e929763 elementor-widget elementor-widget-heading\" data-id=\"e929763\" data-element_type=\"widget\" data-widget_type=\"heading.default\">\n\t\t\t\t<div class=\"elementor-widget-container\">\n\t\t\t\t\t<h2 class=\"elementor-heading-title elementor-size-default\">Proposer un accompagnement concret<\/h2>\t\t\t\t<\/div>\n\t\t\t\t<\/div>\n\t\t\t\t<div class=\"elementor-element elementor-element-c6d519b elementor-widget elementor-widget-text-editor\" data-id=\"c6d519b\" data-element_type=\"widget\" data-widget_type=\"text-editor.default\">\n\t\t\t\t<div class=\"elementor-widget-container\">\n\t\t\t\t\t\t\t\t\t<p data-start=\"3561\" data-end=\"3596\">Les proches doivent repartir avec :<\/p><ul data-start=\"3598\" data-end=\"3862\"><li data-start=\"3598\" data-end=\"3655\"><p data-start=\"3600\" data-end=\"3655\">Des <strong data-start=\"3604\" data-end=\"3627\">coordonn\u00e9es claires<\/strong> d\u2019un r\u00e9f\u00e9rent hospitalier<\/p><\/li><li data-start=\"3656\" data-end=\"3715\"><p data-start=\"3658\" data-end=\"3715\">Des <strong data-start=\"3662\" data-end=\"3686\">informations \u00e9crites<\/strong> sur les d\u00e9marches \u00e0 suivre<\/p><\/li><li data-start=\"3716\" data-end=\"3783\"><p data-start=\"3718\" data-end=\"3783\">Une orientation vers un <strong data-start=\"3742\" data-end=\"3781\">soutien psychologique ou associatif<\/strong><\/p><\/li><li data-start=\"3784\" data-end=\"3862\"><p data-start=\"3786\" data-end=\"3862\">La possibilit\u00e9 de <strong data-start=\"3804\" data-end=\"3821\">voir le corps<\/strong>, dans un cadre accompagn\u00e9 et respectueux<\/p><\/li><\/ul>\t\t\t\t\t\t\t\t<\/div>\n\t\t\t\t<\/div>\n\t\t\t\t\t<\/div>\n\t\t\t\t<\/div>\n\t\t<div data-particle_enable=\"false\" data-particle-mobile-disabled=\"false\" class=\"elementor-element elementor-element-918a3f3 e-flex e-con-boxed e-con e-parent\" data-id=\"918a3f3\" data-element_type=\"container\" data-settings=\"{&quot;jet_parallax_layout_list&quot;:[]}\">\n\t\t\t\t\t<div class=\"e-con-inner\">\n\t\t<div data-particle_enable=\"false\" data-particle-mobile-disabled=\"false\" class=\"elementor-element elementor-element-80a9332 e-con-full e-flex e-con e-child\" data-id=\"80a9332\" data-element_type=\"container\" data-settings=\"{&quot;jet_parallax_layout_list&quot;:[]}\">\n\t\t\t\t<div class=\"elementor-element elementor-element-5f987f7 elementor-widget elementor-widget-image\" data-id=\"5f987f7\" data-element_type=\"widget\" data-widget_type=\"image.default\">\n\t\t\t\t<div class=\"elementor-widget-container\">\n\t\t\t\t\t\t\t\t\t\t\t\t\t\t\t<img fetchpriority=\"high\" decoding=\"async\" width=\"768\" height=\"1024\" src=\"https:\/\/www.lessurvivants.org\/wp-content\/uploads\/2025\/04\/20250423_125641-compressed-768x1024.avif\" class=\"attachment-large size-large wp-image-1682 not-transparent\" alt=\"\" srcset=\"https:\/\/www.lessurvivants.org\/wp-content\/uploads\/2025\/04\/20250423_125641-compressed-768x1024.avif 768w, https:\/\/www.lessurvivants.org\/wp-content\/uploads\/2025\/04\/20250423_125641-compressed-225x300.avif 225w, https:\/\/www.lessurvivants.org\/wp-content\/uploads\/2025\/04\/20250423_125641-compressed-1152x1536.avif 1152w, https:\/\/www.lessurvivants.org\/wp-content\/uploads\/2025\/04\/20250423_125641-compressed-1536x2048.avif 1536w, https:\/\/www.lessurvivants.org\/wp-content\/uploads\/2025\/04\/20250423_125641-compressed-scaled.avif 1920w\" sizes=\"(max-width: 768px) 100vw, 768px\" data-has-transparency=\"false\" data-dominant-color=\"726977\" style=\"--dominant-color: #726977\" \/>\t\t\t\t\t\t\t\t\t\t\t\t\t\t\t<\/div>\n\t\t\t\t<\/div>\n\t\t\t\t<\/div>\n\t\t<div data-particle_enable=\"false\" data-particle-mobile-disabled=\"false\" class=\"elementor-element elementor-element-b1dda85 e-con-full e-flex e-con e-child\" data-id=\"b1dda85\" data-element_type=\"container\" data-settings=\"{&quot;jet_parallax_layout_list&quot;:[]}\">\n\t\t\t\t<div class=\"elementor-element elementor-element-8eb95fc elementor-widget elementor-widget-heading\" data-id=\"8eb95fc\" data-element_type=\"widget\" data-widget_type=\"heading.default\">\n\t\t\t\t<div class=\"elementor-widget-container\">\n\t\t\t\t\t<h2 class=\"elementor-heading-title elementor-size-default\">L\u2019impact sur le soignant : en parler, se soutenir<\/h2>\t\t\t\t<\/div>\n\t\t\t\t<\/div>\n\t\t\t\t<div class=\"elementor-element elementor-element-b460747 elementor-widget elementor-widget-text-editor\" data-id=\"b460747\" data-element_type=\"widget\" data-widget_type=\"text-editor.default\">\n\t\t\t\t<div class=\"elementor-widget-container\">\n\t\t\t\t\t\t\t\t\t<p data-start=\"3930\" data-end=\"4042\">Un d\u00e9c\u00e8s inattendu peut bouleverser profond\u00e9ment les \u00e9quipes, notamment en cas de sentiment d\u2019\u00e9chec ou d\u2019erreur.<\/p><blockquote data-start=\"4044\" data-end=\"4326\"><p data-start=\"4046\" data-end=\"4326\">\ud83d\udc49 <em data-start=\"4049\" data-end=\"4063\">Voir aussi :<\/em><br data-start=\"4063\" data-end=\"4066\" \/><a class=\"cursor-pointer\" href=\"https:\/\/www.lessurvivants.org\/soignant\/impact-de-la-mort-pour-le-soignant\/\" target=\"_blank\" rel=\"noopener\" data-start=\"4068\" data-end=\"4162\">L\u2019impact de la mort pour le soignant<\/a><br data-start=\"4162\" data-end=\"4165\" \/><a class=\"cursor-pointer\" href=\"https:\/\/www.lessurvivants.org\/soignant\/impact-de-la-mort-pour-lequipe\/\" target=\"_blank\" rel=\"noopener\" data-start=\"4167\" data-end=\"4254\">L&#8217;impact de la mort pour l&#8217;\u00e9quipe<\/a><\/p><\/blockquote><p data-start=\"4328\" data-end=\"4490\">Prendre un temps de <strong data-start=\"4348\" data-end=\"4372\">debriefing collectif<\/strong>, solliciter un <strong data-start=\"4388\" data-end=\"4413\">soutien psychologique<\/strong>, partager avec un pair, peut permettre de pr\u00e9venir l\u2019\u00e9puisement ou le repli.<\/p>\t\t\t\t\t\t\t\t<\/div>\n\t\t\t\t<\/div>\n\t\t\t\t<\/div>\n\t\t\t\t\t<\/div>\n\t\t\t\t<\/div>\n\t\t<div data-particle_enable=\"false\" data-particle-mobile-disabled=\"false\" class=\"elementor-element elementor-element-f58415c e-flex e-con-boxed e-con e-parent\" data-id=\"f58415c\" data-element_type=\"container\" data-settings=\"{&quot;jet_parallax_layout_list&quot;:[]}\">\n\t\t\t\t\t<div class=\"e-con-inner\">\n\t\t\t\t<div class=\"elementor-element elementor-element-3b3ce73 elementor-widget elementor-widget-text-editor\" data-id=\"3b3ce73\" data-element_type=\"widget\" data-widget_type=\"text-editor.default\">\n\t\t\t\t<div class=\"elementor-widget-container\">\n\t\t\t\t\t\t\t\t\t<p data-start=\"4516\" data-end=\"4796\">Ce moment difficile ne peut jamais \u00eatre rendu \u00ab facile \u00bb, mais il peut \u00eatre rendu <strong data-start=\"4598\" data-end=\"4607\">juste<\/strong>, <strong data-start=\"4609\" data-end=\"4619\">humain<\/strong> et <strong data-start=\"4623\" data-end=\"4636\">soutenant<\/strong>. En accompagnant la famille dans cette \u00e9preuve, le soignant contribue aussi \u00e0 un geste de r\u00e9paration, \u00e0 une forme d\u2019\u00e9thique de la relation qui d\u00e9passe le soin.<\/p>\t\t\t\t\t\t\t\t<\/div>\n\t\t\t\t<\/div>\n\t\t\t\t\t<\/div>\n\t\t\t\t<\/div>\n\t\t\t\t<\/div>\n\t\t","protected":false},"excerpt":{"rendered":"<p>L&#8217;ENTRETIEN AVEC LA FAMILLE APRES UN D\u00c9C\u00c8S INATTENDU Annoncer un d\u00e9c\u00e8s est toujours un moment d\u00e9licat. Lorsqu\u2019il survient brutalement, de fa\u00e7on inattendue, l\u2019impact \u00e9motionnel sur la famille est amplifi\u00e9 \u2014 tout comme la charge pour l\u2019\u00e9quipe soignante. Cet entretien ne peut \u00eatre improvis\u00e9 : il s\u2019inscrit dans une responsabilit\u00e9 \u00e9thique, humaine et professionnelle. Il est [&hellip;]<\/p>\n","protected":false},"author":2,"featured_media":0,"parent":0,"menu_order":0,"comment_status":"closed","ping_status":"closed","template":"","meta":{"footnotes":""},"categories":[],"tags":[],"class_list":["post-1955","page","type-page","status-publish","hentry"],"yoast_head":"<!-- This site is optimized with the Yoast SEO Premium plugin v25.5 (Yoast SEO v25.5) - https:\/\/yoast.com\/wordpress\/plugins\/seo\/ -->\n<title>L\u2019entretien avec la famille apr\u00e8s un d\u00e9c\u00e8s inattendu - Espace soignant<\/title>\n<meta name=\"robots\" content=\"index, follow, max-snippet:-1, max-image-preview:large, max-video-preview:-1\" \/>\n<link rel=\"canonical\" href=\"https:\/\/www.lessurvivants.org\/soignant\/accompagner-les-familles-en-deuil-entretienn-avec-la-famille\/\" \/>\n<meta property=\"og:locale\" content=\"fr_FR\" \/>\n<meta property=\"og:type\" content=\"article\" \/>\n<meta property=\"og:title\" content=\"L\u2019entretien avec la famille apr\u00e8s un d\u00e9c\u00e8s inattendu\" \/>\n<meta property=\"og:description\" content=\"L&#8217;ENTRETIEN AVEC LA FAMILLE APRES UN D\u00c9C\u00c8S INATTENDU Annoncer un d\u00e9c\u00e8s est toujours un moment d\u00e9licat. Lorsqu\u2019il survient brutalement, de fa\u00e7on inattendue, l\u2019impact \u00e9motionnel sur la famille est amplifi\u00e9 \u2014 tout comme la charge pour l\u2019\u00e9quipe soignante. Cet entretien ne peut \u00eatre improvis\u00e9 : il s\u2019inscrit dans une responsabilit\u00e9 \u00e9thique, humaine et professionnelle. Il est [&hellip;]\" \/>\n<meta property=\"og:url\" content=\"https:\/\/www.lessurvivants.org\/soignant\/accompagner-les-familles-en-deuil-entretienn-avec-la-famille\/\" \/>\n<meta property=\"og:site_name\" content=\"Espace soignant\" \/>\n<meta property=\"article:modified_time\" content=\"2025-07-17T08:02:32+00:00\" \/>\n<meta property=\"og:image\" content=\"https:\/\/www.lessurvivants.org\/wp-content\/uploads\/2025\/04\/20250423_125641-compressed-scaled.avif\" \/>\n\t<meta property=\"og:image:width\" content=\"1920\" \/>\n\t<meta property=\"og:image:height\" content=\"2560\" \/>\n\t<meta property=\"og:image:type\" content=\"image\/jpeg\" \/>\n<meta name=\"twitter:card\" content=\"summary_large_image\" \/>\n<meta name=\"twitter:label1\" content=\"Dur\u00e9e de lecture estim\u00e9e\" \/>\n\t<meta name=\"twitter:data1\" content=\"3 minutes\" \/>\n<script type=\"application\/ld+json\" class=\"yoast-schema-graph\">{\"@context\":\"https:\/\/schema.org\",\"@graph\":[{\"@type\":\"WebPage\",\"@id\":\"https:\/\/www.lessurvivants.org\/soignant\/accompagner-les-familles-en-deuil-entretienn-avec-la-famille\/\",\"url\":\"https:\/\/www.lessurvivants.org\/soignant\/accompagner-les-familles-en-deuil-entretienn-avec-la-famille\/\",\"name\":\"L\u2019entretien avec la famille apr\u00e8s un d\u00e9c\u00e8s inattendu - Espace soignant\",\"isPartOf\":{\"@id\":\"https:\/\/www.lessurvivants.org\/soignant\/#website\"},\"primaryImageOfPage\":{\"@id\":\"https:\/\/www.lessurvivants.org\/soignant\/accompagner-les-familles-en-deuil-entretienn-avec-la-famille\/#primaryimage\"},\"image\":{\"@id\":\"https:\/\/www.lessurvivants.org\/soignant\/accompagner-les-familles-en-deuil-entretienn-avec-la-famille\/#primaryimage\"},\"thumbnailUrl\":\"https:\/\/www.lessurvivants.org\/wp-content\/uploads\/2025\/04\/20250423_125641-compressed-768x1024.avif\",\"datePublished\":\"2025-07-16T08:17:09+00:00\",\"dateModified\":\"2025-07-17T08:02:32+00:00\",\"breadcrumb\":{\"@id\":\"https:\/\/www.lessurvivants.org\/soignant\/accompagner-les-familles-en-deuil-entretienn-avec-la-famille\/#breadcrumb\"},\"inLanguage\":\"fr-FR\",\"potentialAction\":[{\"@type\":\"ReadAction\",\"target\":[\"https:\/\/www.lessurvivants.org\/soignant\/accompagner-les-familles-en-deuil-entretienn-avec-la-famille\/\"]}]},{\"@type\":\"ImageObject\",\"inLanguage\":\"fr-FR\",\"@id\":\"https:\/\/www.lessurvivants.org\/soignant\/accompagner-les-familles-en-deuil-entretienn-avec-la-famille\/#primaryimage\",\"url\":\"https:\/\/www.lessurvivants.org\/wp-content\/uploads\/2025\/04\/20250423_125641-compressed-768x1024.avif\",\"contentUrl\":\"https:\/\/www.lessurvivants.org\/wp-content\/uploads\/2025\/04\/20250423_125641-compressed-768x1024.avif\"},{\"@type\":\"BreadcrumbList\",\"@id\":\"https:\/\/www.lessurvivants.org\/soignant\/accompagner-les-familles-en-deuil-entretienn-avec-la-famille\/#breadcrumb\",\"itemListElement\":[{\"@type\":\"ListItem\",\"position\":1,\"name\":\"Accueil\",\"item\":\"https:\/\/www.lessurvivants.org\/soignant\/\"},{\"@type\":\"ListItem\",\"position\":2,\"name\":\"L\u2019entretien avec la famille apr\u00e8s un d\u00e9c\u00e8s inattendu\"}]},{\"@type\":\"WebSite\",\"@id\":\"https:\/\/www.lessurvivants.org\/soignant\/#website\",\"url\":\"https:\/\/www.lessurvivants.org\/soignant\/\",\"name\":\"Espace soignant\",\"description\":\"\",\"publisher\":{\"@id\":\"https:\/\/www.lessurvivants.org\/soignant\/#organization\"},\"potentialAction\":[{\"@type\":\"SearchAction\",\"target\":{\"@type\":\"EntryPoint\",\"urlTemplate\":\"https:\/\/www.lessurvivants.org\/soignant\/?s={search_term_string}\"},\"query-input\":{\"@type\":\"PropertyValueSpecification\",\"valueRequired\":true,\"valueName\":\"search_term_string\"}}],\"inLanguage\":\"fr-FR\"},{\"@type\":\"Organization\",\"@id\":\"https:\/\/www.lessurvivants.org\/soignant\/#organization\",\"name\":\"Espace soignant\",\"url\":\"https:\/\/www.lessurvivants.org\/soignant\/\",\"logo\":{\"@type\":\"ImageObject\",\"inLanguage\":\"fr-FR\",\"@id\":\"https:\/\/www.lessurvivants.org\/soignant\/#\/schema\/logo\/image\/\",\"url\":\"https:\/\/www.lessurvivants.org\/wp-content\/uploads\/2025\/03\/logo-final-les-survivants_Plan-de-travail-1.png\",\"contentUrl\":\"https:\/\/www.lessurvivants.org\/wp-content\/uploads\/2025\/03\/logo-final-les-survivants_Plan-de-travail-1.png\",\"caption\":\"Espace soignant\"},\"image\":{\"@id\":\"https:\/\/www.lessurvivants.org\/soignant\/#\/schema\/logo\/image\/\"}}]}<\/script>\n<!-- \/ Yoast SEO Premium plugin. -->","yoast_head_json":{"title":"L\u2019entretien avec la famille apr\u00e8s un d\u00e9c\u00e8s inattendu - Espace soignant","robots":{"index":"index","follow":"follow","max-snippet":"max-snippet:-1","max-image-preview":"max-image-preview:large","max-video-preview":"max-video-preview:-1"},"canonical":"https:\/\/www.lessurvivants.org\/soignant\/accompagner-les-familles-en-deuil-entretienn-avec-la-famille\/","og_locale":"fr_FR","og_type":"article","og_title":"L\u2019entretien avec la famille apr\u00e8s un d\u00e9c\u00e8s inattendu","og_description":"L&#8217;ENTRETIEN AVEC LA FAMILLE APRES UN D\u00c9C\u00c8S INATTENDU Annoncer un d\u00e9c\u00e8s est toujours un moment d\u00e9licat. Lorsqu\u2019il survient brutalement, de fa\u00e7on inattendue, l\u2019impact \u00e9motionnel sur la famille est amplifi\u00e9 \u2014 tout comme la charge pour l\u2019\u00e9quipe soignante. Cet entretien ne peut \u00eatre improvis\u00e9 : il s\u2019inscrit dans une responsabilit\u00e9 \u00e9thique, humaine et professionnelle. Il est [&hellip;]","og_url":"https:\/\/www.lessurvivants.org\/soignant\/accompagner-les-familles-en-deuil-entretienn-avec-la-famille\/","og_site_name":"Espace soignant","article_modified_time":"2025-07-17T08:02:32+00:00","og_image":[{"url":"https:\/\/www.lessurvivants.org\/wp-content\/uploads\/2025\/04\/20250423_125641-compressed-scaled.avif","width":1920,"height":2560,"type":"image\/jpeg"}],"twitter_card":"summary_large_image","twitter_misc":{"Dur\u00e9e de lecture estim\u00e9e":"3 minutes"},"schema":{"@context":"https:\/\/schema.org","@graph":[{"@type":"WebPage","@id":"https:\/\/www.lessurvivants.org\/soignant\/accompagner-les-familles-en-deuil-entretienn-avec-la-famille\/","url":"https:\/\/www.lessurvivants.org\/soignant\/accompagner-les-familles-en-deuil-entretienn-avec-la-famille\/","name":"L\u2019entretien avec la famille apr\u00e8s un d\u00e9c\u00e8s inattendu - Espace soignant","isPartOf":{"@id":"https:\/\/www.lessurvivants.org\/soignant\/#website"},"primaryImageOfPage":{"@id":"https:\/\/www.lessurvivants.org\/soignant\/accompagner-les-familles-en-deuil-entretienn-avec-la-famille\/#primaryimage"},"image":{"@id":"https:\/\/www.lessurvivants.org\/soignant\/accompagner-les-familles-en-deuil-entretienn-avec-la-famille\/#primaryimage"},"thumbnailUrl":"https:\/\/www.lessurvivants.org\/wp-content\/uploads\/2025\/04\/20250423_125641-compressed-768x1024.avif","datePublished":"2025-07-16T08:17:09+00:00","dateModified":"2025-07-17T08:02:32+00:00","breadcrumb":{"@id":"https:\/\/www.lessurvivants.org\/soignant\/accompagner-les-familles-en-deuil-entretienn-avec-la-famille\/#breadcrumb"},"inLanguage":"fr-FR","potentialAction":[{"@type":"ReadAction","target":["https:\/\/www.lessurvivants.org\/soignant\/accompagner-les-familles-en-deuil-entretienn-avec-la-famille\/"]}]},{"@type":"ImageObject","inLanguage":"fr-FR","@id":"https:\/\/www.lessurvivants.org\/soignant\/accompagner-les-familles-en-deuil-entretienn-avec-la-famille\/#primaryimage","url":"https:\/\/www.lessurvivants.org\/wp-content\/uploads\/2025\/04\/20250423_125641-compressed-768x1024.avif","contentUrl":"https:\/\/www.lessurvivants.org\/wp-content\/uploads\/2025\/04\/20250423_125641-compressed-768x1024.avif"},{"@type":"BreadcrumbList","@id":"https:\/\/www.lessurvivants.org\/soignant\/accompagner-les-familles-en-deuil-entretienn-avec-la-famille\/#breadcrumb","itemListElement":[{"@type":"ListItem","position":1,"name":"Accueil","item":"https:\/\/www.lessurvivants.org\/soignant\/"},{"@type":"ListItem","position":2,"name":"L\u2019entretien avec la famille apr\u00e8s un d\u00e9c\u00e8s inattendu"}]},{"@type":"WebSite","@id":"https:\/\/www.lessurvivants.org\/soignant\/#website","url":"https:\/\/www.lessurvivants.org\/soignant\/","name":"Espace soignant","description":"","publisher":{"@id":"https:\/\/www.lessurvivants.org\/soignant\/#organization"},"potentialAction":[{"@type":"SearchAction","target":{"@type":"EntryPoint","urlTemplate":"https:\/\/www.lessurvivants.org\/soignant\/?s={search_term_string}"},"query-input":{"@type":"PropertyValueSpecification","valueRequired":true,"valueName":"search_term_string"}}],"inLanguage":"fr-FR"},{"@type":"Organization","@id":"https:\/\/www.lessurvivants.org\/soignant\/#organization","name":"Espace soignant","url":"https:\/\/www.lessurvivants.org\/soignant\/","logo":{"@type":"ImageObject","inLanguage":"fr-FR","@id":"https:\/\/www.lessurvivants.org\/soignant\/#\/schema\/logo\/image\/","url":"https:\/\/www.lessurvivants.org\/wp-content\/uploads\/2025\/03\/logo-final-les-survivants_Plan-de-travail-1.png","contentUrl":"https:\/\/www.lessurvivants.org\/wp-content\/uploads\/2025\/03\/logo-final-les-survivants_Plan-de-travail-1.png","caption":"Espace soignant"},"image":{"@id":"https:\/\/www.lessurvivants.org\/soignant\/#\/schema\/logo\/image\/"}}]}},"_links":{"self":[{"href":"https:\/\/www.lessurvivants.org\/soignant\/wp-json\/wp\/v2\/pages\/1955","targetHints":{"allow":["GET"]}}],"collection":[{"href":"https:\/\/www.lessurvivants.org\/soignant\/wp-json\/wp\/v2\/pages"}],"about":[{"href":"https:\/\/www.lessurvivants.org\/soignant\/wp-json\/wp\/v2\/types\/page"}],"author":[{"embeddable":true,"href":"https:\/\/www.lessurvivants.org\/soignant\/wp-json\/wp\/v2\/users\/2"}],"replies":[{"embeddable":true,"href":"https:\/\/www.lessurvivants.org\/soignant\/wp-json\/wp\/v2\/comments?post=1955"}],"version-history":[{"count":9,"href":"https:\/\/www.lessurvivants.org\/soignant\/wp-json\/wp\/v2\/pages\/1955\/revisions"}],"predecessor-version":[{"id":1995,"href":"https:\/\/www.lessurvivants.org\/soignant\/wp-json\/wp\/v2\/pages\/1955\/revisions\/1995"}],"wp:attachment":[{"href":"https:\/\/www.lessurvivants.org\/soignant\/wp-json\/wp\/v2\/media?parent=1955"}],"wp:term":[{"taxonomy":"category","embeddable":true,"href":"https:\/\/www.lessurvivants.org\/soignant\/wp-json\/wp\/v2\/categories?post=1955"},{"taxonomy":"post_tag","embeddable":true,"href":"https:\/\/www.lessurvivants.org\/soignant\/wp-json\/wp\/v2\/tags?post=1955"}],"curies":[{"name":"wp","href":"https:\/\/api.w.org\/{rel}","templated":true}]}}