{"id":2161,"date":"2025-10-29T16:05:19","date_gmt":"2025-10-29T15:05:19","guid":{"rendered":"https:\/\/www.lessurvivants.org\/soignant\/?page_id=2161"},"modified":"2025-10-29T16:29:40","modified_gmt":"2025-10-29T15:29:40","slug":"sorganiser-avec-les-soins-palliatifs","status":"publish","type":"page","link":"https:\/\/www.lessurvivants.org\/soignant\/sorganiser-avec-les-soins-palliatifs\/","title":{"rendered":"S&#8217;organiser avec les soins palliatifs"},"content":{"rendered":"\t\t<div data-elementor-type=\"wp-page\" data-elementor-id=\"2161\" class=\"elementor elementor-2161\" data-elementor-post-type=\"page\">\n\t\t\t\t<div data-particle_enable=\"false\" data-particle-mobile-disabled=\"false\" class=\"elementor-element elementor-element-7fce431 e-flex e-con-boxed e-con e-parent\" data-id=\"7fce431\" data-element_type=\"container\" data-settings=\"{&quot;jet_parallax_layout_list&quot;:[]}\">\n\t\t\t\t\t<div class=\"e-con-inner\">\n\t\t\t\t<div class=\"elementor-element elementor-element-42c1598 elementor-widget elementor-widget-heading\" data-id=\"42c1598\" data-element_type=\"widget\" data-widget_type=\"heading.default\">\n\t\t\t\t<div class=\"elementor-widget-container\">\n\t\t\t\t\t<h1 class=\"elementor-heading-title elementor-size-default\">S\u2019organiser avec les soins palliatifs<\/h1>\t\t\t\t<\/div>\n\t\t\t\t<\/div>\n\t\t\t\t\t<\/div>\n\t\t\t\t<\/div>\n\t\t<div data-particle_enable=\"false\" data-particle-mobile-disabled=\"false\" class=\"elementor-element elementor-element-13c4802 e-flex e-con-boxed e-con e-parent\" data-id=\"13c4802\" data-element_type=\"container\" data-settings=\"{&quot;jet_parallax_layout_list&quot;:[]}\">\n\t\t\t\t\t<div class=\"e-con-inner\">\n\t\t\t\t<div class=\"elementor-element elementor-element-199148f elementor-widget elementor-widget-text-editor\" data-id=\"199148f\" data-element_type=\"widget\" data-widget_type=\"text-editor.default\">\n\t\t\t\t<div class=\"elementor-widget-container\">\n\t\t\t\t\t\t\t\t\t<p data-start=\"1338\" data-end=\"2006\">Les <strong data-start=\"1342\" data-end=\"1362\">soins palliatifs<\/strong> ne concernent pas uniquement les services sp\u00e9cialis\u00e9s. Ils traversent d\u00e9sormais tous les champs du soin, de la m\u00e9decine de ville \u00e0 l\u2019h\u00f4pital, des EHPAD aux structures m\u00e9dico-sociales.<br data-start=\"1546\" data-end=\"1549\" \/>Pour le <strong data-start=\"1557\" data-end=\"1569\">soignant<\/strong>, savoir s\u2019organiser avec les soins palliatifs, c\u2019est apprendre \u00e0 rep\u00e9rer les situations qui en rel\u00e8vent, \u00e0 travailler en r\u00e9seau, et \u00e0 accompagner les patients avec coh\u00e9rence, dignit\u00e9 et humanit\u00e9.<br data-start=\"1765\" data-end=\"1768\" \/>Cette organisation n\u2019est pas seulement logistique : elle est <strong data-start=\"1829\" data-end=\"1866\">culturelle, \u00e9thique et collective<\/strong>. Elle repose sur la capacit\u00e9 des \u00e9quipes \u00e0 collaborer, \u00e0 anticiper, et \u00e0 reconna\u00eetre la fin de vie comme un temps du soin \u00e0 part enti\u00e8re.<\/p>\t\t\t\t\t\t\t\t<\/div>\n\t\t\t\t<\/div>\n\t\t\t\t\t<\/div>\n\t\t\t\t<\/div>\n\t\t<div data-particle_enable=\"false\" data-particle-mobile-disabled=\"false\" class=\"elementor-element elementor-element-67199d9 e-flex e-con-boxed e-con e-parent\" data-id=\"67199d9\" data-element_type=\"container\" data-settings=\"{&quot;jet_parallax_layout_list&quot;:[]}\">\n\t\t\t\t\t<div class=\"e-con-inner\">\n\t\t\t\t<div class=\"elementor-element elementor-element-40c09f8 elementor-widget elementor-widget-heading\" data-id=\"40c09f8\" data-element_type=\"widget\" data-widget_type=\"heading.default\">\n\t\t\t\t<div class=\"elementor-widget-container\">\n\t\t\t\t\t<h2 class=\"elementor-heading-title elementor-size-default\">Les soins palliatifs : une culture commune du soin<\/h2>\t\t\t\t<\/div>\n\t\t\t\t<\/div>\n\t\t\t\t<div class=\"elementor-element elementor-element-2b20b72 elementor-widget elementor-widget-text-editor\" data-id=\"2b20b72\" data-element_type=\"widget\" data-widget_type=\"text-editor.default\">\n\t\t\t\t<div class=\"elementor-widget-container\">\n\t\t\t\t\t\t\t\t\t<p data-start=\"2075\" data-end=\"2542\">Les soins palliatifs ne se r\u00e9duisent pas \u00e0 une sp\u00e9cialit\u00e9 m\u00e9dicale. Ils incarnent une <strong data-start=\"2161\" data-end=\"2184\">philosophie du soin<\/strong> : soulager la douleur, apaiser la souffrance psychique, soutenir les proches et pr\u00e9server la dignit\u00e9 du patient.<br data-start=\"2297\" data-end=\"2300\" \/>Selon l\u2019Organisation mondiale de la sant\u00e9 (OMS), il s\u2019agit d\u2019une approche globale qui am\u00e9liore la qualit\u00e9 de vie des patients confront\u00e9s \u00e0 des maladies graves, en int\u00e9grant les dimensions physiques, psychologiques, sociales et spirituelles.<\/p><p data-start=\"2544\" data-end=\"2841\">Pour les <strong data-start=\"2553\" data-end=\"2566\">soignants<\/strong>, cette culture palliative suppose une acculturation partag\u00e9e : apprendre \u00e0 parler de la fin de vie sans tabou, \u00e0 reconna\u00eetre les besoins pr\u00e9coces d\u2019accompagnement, et \u00e0 travailler avec les autres acteurs \u2014 m\u00e9decins g\u00e9n\u00e9ralistes, \u00e9quipes mobiles, HAD, b\u00e9n\u00e9voles et aidants.<\/p>\t\t\t\t\t\t\t\t<\/div>\n\t\t\t\t<\/div>\n\t\t\t\t\t<\/div>\n\t\t\t\t<\/div>\n\t\t<div data-particle_enable=\"false\" data-particle-mobile-disabled=\"false\" class=\"elementor-element elementor-element-7db6da9 e-flex e-con-boxed e-con e-parent\" data-id=\"7db6da9\" data-element_type=\"container\" data-settings=\"{&quot;jet_parallax_layout_list&quot;:[]}\">\n\t\t\t\t\t<div class=\"e-con-inner\">\n\t\t\t\t<div class=\"elementor-element elementor-element-4505cae elementor-widget elementor-widget-heading\" data-id=\"4505cae\" data-element_type=\"widget\" data-widget_type=\"heading.default\">\n\t\t\t\t<div class=\"elementor-widget-container\">\n\t\t\t\t\t<h2 class=\"elementor-heading-title elementor-size-default\">S\u2019organiser au quotidien : une question de coordination<\/h2>\t\t\t\t<\/div>\n\t\t\t\t<\/div>\n\t\t\t\t<div class=\"elementor-element elementor-element-bedd810 elementor-widget elementor-widget-text-editor\" data-id=\"bedd810\" data-element_type=\"widget\" data-widget_type=\"text-editor.default\">\n\t\t\t\t<div class=\"elementor-widget-container\">\n\t\t\t\t\t\t\t\t\t<p data-start=\"2915\" data-end=\"3276\">L\u2019efficacit\u00e9 des soins palliatifs repose sur une <strong data-start=\"2964\" data-end=\"2987\">coordination fluide<\/strong> entre les diff\u00e9rents acteurs du parcours de soins.<br data-start=\"3038\" data-end=\"3041\" \/>Les <strong data-start=\"3045\" data-end=\"3091\">\u00e9quipes mobiles de soins palliatifs (EMSP)<\/strong> jouent ici un r\u00f4le central : elles soutiennent les \u00e9quipes de terrain, forment les professionnels et facilitent les transitions entre h\u00f4pital, domicile et structures m\u00e9dico-sociales.<\/p><p data-start=\"3278\" data-end=\"3600\">La collaboration entre services hospitaliers, HAD, EHPAD, DAC, CPTS et \u00e9quipes lib\u00e9rales est essentielle pour \u00e9viter les ruptures de parcours.<br data-start=\"3420\" data-end=\"3423\" \/>Cette organisation doit s\u2019appuyer sur des <strong data-start=\"3465\" data-end=\"3484\">outils partag\u00e9s<\/strong> : dossier m\u00e9dical communicant, protocoles de transmission, dispositifs de t\u00e9l\u00e9m\u00e9decine et fiches de coordination.<\/p><p data-start=\"3602\" data-end=\"3853\">Mais au-del\u00e0 des structures, c\u2019est la <strong data-start=\"3640\" data-end=\"3660\">relation humaine<\/strong> entre professionnels qui reste le ciment de la continuit\u00e9 des soins : se conna\u00eetre, se faire confiance, savoir quand appeler l\u2019\u00e9quipe mobile ou r\u00e9f\u00e9rer un patient vers une unit\u00e9 sp\u00e9cialis\u00e9e.<\/p>\t\t\t\t\t\t\t\t<\/div>\n\t\t\t\t<\/div>\n\t\t\t\t\t<\/div>\n\t\t\t\t<\/div>\n\t\t<div data-particle_enable=\"false\" data-particle-mobile-disabled=\"false\" class=\"elementor-element elementor-element-18093da e-flex e-con-boxed e-con e-parent\" data-id=\"18093da\" data-element_type=\"container\" data-settings=\"{&quot;jet_parallax_layout_list&quot;:[]}\">\n\t\t\t\t\t<div class=\"e-con-inner\">\n\t\t\t\t<div class=\"elementor-element elementor-element-1369b6a elementor-widget elementor-widget-heading\" data-id=\"1369b6a\" data-element_type=\"widget\" data-widget_type=\"heading.default\">\n\t\t\t\t<div class=\"elementor-widget-container\">\n\t\t\t\t\t<h2 class=\"elementor-heading-title elementor-size-default\">Former, anticiper, accompagner : les piliers de l\u2019organisation palliative<\/h2>\t\t\t\t<\/div>\n\t\t\t\t<\/div>\n\t\t\t\t<div class=\"elementor-element elementor-element-19e5e82 elementor-widget elementor-widget-text-editor\" data-id=\"19e5e82\" data-element_type=\"widget\" data-widget_type=\"text-editor.default\">\n\t\t\t\t<div class=\"elementor-widget-container\">\n\t\t\t\t\t\t\t\t\t<p data-start=\"3945\" data-end=\"4160\">L\u2019<strong data-start=\"3947\" data-end=\"3963\">anticipation<\/strong> est la cl\u00e9 d\u2019une organisation r\u00e9ussie. Identifier t\u00f4t les besoins palliatives permet d\u2019\u00e9viter les hospitalisations inutiles, d\u2019am\u00e9liorer la qualit\u00e9 de vie du patient et de soutenir les familles.<\/p><p data-start=\"4162\" data-end=\"4359\">Pour cela, la <strong data-start=\"4176\" data-end=\"4203\">formation des soignants<\/strong> est indispensable. Le Sch\u00e9ma r\u00e9gional de sant\u00e9 2023-2028 (\u00cele-de-France) insiste sur la n\u00e9cessit\u00e9 de renforcer la culture palliative \u00e0 tous les niveaux :<\/p><ul data-start=\"4360\" data-end=\"4604\"><li data-start=\"4360\" data-end=\"4424\"><p data-start=\"4362\" data-end=\"4424\">formation initiale et continue des m\u00e9decins et param\u00e9dicaux,<\/p><\/li><li data-start=\"4425\" data-end=\"4481\"><p data-start=\"4427\" data-end=\"4481\">d\u00e9veloppement des stages mixtes en soins palliatifs,<\/p><\/li><li data-start=\"4482\" data-end=\"4562\"><p data-start=\"4484\" data-end=\"4562\">acculturation des professionnels de g\u00e9riatrie, d\u2019oncologie et de neurologie,<\/p><\/li><li data-start=\"4563\" data-end=\"4604\"><p data-start=\"4565\" data-end=\"4604\">soutien des b\u00e9n\u00e9voles et des aidants.<\/p><\/li><\/ul><p data-start=\"4606\" data-end=\"4756\">Cette dynamique vise \u00e0 permettre \u00e0 chaque professionnel, quelle que soit sa sp\u00e9cialit\u00e9, d\u2019int\u00e9grer la d\u00e9marche palliative \u00e0 sa pratique quotidienne.<\/p>\t\t\t\t\t\t\t\t<\/div>\n\t\t\t\t<\/div>\n\t\t\t\t<div class=\"elementor-element elementor-element-121e40e elementor-align-center elementor-widget elementor-widget-button\" data-id=\"121e40e\" data-element_type=\"widget\" data-widget_type=\"button.default\">\n\t\t\t\t<div class=\"elementor-widget-container\">\n\t\t\t\t\t\t\t\t\t<div class=\"elementor-button-wrapper\">\n\t\t\t\t\t<a class=\"elementor-button elementor-button-link elementor-size-sm\" href=\"https:\/\/www.lessurvivants.org\/soignant\/wp-content\/uploads\/sites\/2\/2025\/10\/PRS-SRS-fiche-soins-palliatifs.pdf\" target=\"_blank\">\n\t\t\t\t\t\t<span class=\"elementor-button-content-wrapper\">\n\t\t\t\t\t\t\t\t\t<span class=\"elementor-button-text\">Consultez la partie d\u00e9di\u00e9e aux soins pallliatifs dans le sh\u00e9ma r\u00e9gional de sant\u00e9 2023-2028 Ile de France<\/span>\n\t\t\t\t\t<\/span>\n\t\t\t\t\t<\/a>\n\t\t\t\t<\/div>\n\t\t\t\t\t\t\t\t<\/div>\n\t\t\t\t<\/div>\n\t\t\t\t\t<\/div>\n\t\t\t\t<\/div>\n\t\t<div data-particle_enable=\"false\" data-particle-mobile-disabled=\"false\" class=\"elementor-element elementor-element-f4f00b5 e-flex e-con-boxed e-con e-parent\" data-id=\"f4f00b5\" data-element_type=\"container\" data-settings=\"{&quot;jet_parallax_layout_list&quot;:[]}\">\n\t\t\t\t\t<div class=\"e-con-inner\">\n\t\t\t\t<div class=\"elementor-element elementor-element-895b0ff elementor-widget elementor-widget-heading\" data-id=\"895b0ff\" data-element_type=\"widget\" data-widget_type=\"heading.default\">\n\t\t\t\t<div class=\"elementor-widget-container\">\n\t\t\t\t\t<h2 class=\"elementor-heading-title elementor-size-default\">Le r\u00f4le du soignant dans cette organisation<\/h2>\t\t\t\t<\/div>\n\t\t\t\t<\/div>\n\t\t\t\t<div class=\"elementor-element elementor-element-ed38769 elementor-widget elementor-widget-text-editor\" data-id=\"ed38769\" data-element_type=\"widget\" data-widget_type=\"text-editor.default\">\n\t\t\t\t<div class=\"elementor-widget-container\">\n\t\t\t\t\t\t\t\t\t<p data-start=\"5910\" data-end=\"6341\">Chaque <strong data-start=\"5917\" data-end=\"5929\">soignant<\/strong> est acteur de la d\u00e9marche palliative, m\u00eame en dehors des services sp\u00e9cialis\u00e9s.<br data-start=\"6008\" data-end=\"6011\" \/>Reconna\u00eetre les signes de bascule vers la fin de vie, alerter l\u2019\u00e9quipe m\u00e9dicale, informer la famille, solliciter une EMSP ou pr\u00e9parer un retour \u00e0 domicile : ce sont des gestes concrets de coordination.<br data-start=\"6212\" data-end=\"6215\" \/>Le r\u00f4le du soignant, ici, est aussi d\u2019\u00eatre un <strong data-start=\"6261\" data-end=\"6280\">vecteur de lien<\/strong> : entre les professionnels, les patients et leurs proches.<\/p><p data-start=\"6343\" data-end=\"6532\">L\u2019organisation des soins palliatifs n\u2019a de sens que si elle reste <strong data-start=\"6409\" data-end=\"6446\">au service de la relation humaine<\/strong> \u2014 celle qui donne du sens au soin et qui accompagne la vie jusque dans sa fin.<\/p><p data-start=\"6343\" data-end=\"6532\">\u00a0<\/p><p data-start=\"6556\" data-end=\"6992\">S\u2019organiser avec les soins palliatifs, c\u2019est apprendre \u00e0 travailler ensemble.<br data-start=\"6633\" data-end=\"6636\" \/>C\u2019est reconna\u00eetre que la fin de vie n\u2019est pas une rupture du soin, mais sa continuit\u00e9 sous une autre forme.<br data-start=\"6743\" data-end=\"6746\" \/>Pour le <strong data-start=\"6754\" data-end=\"6766\">soignant<\/strong>, c\u2019est une invitation \u00e0 la coop\u00e9ration, \u00e0 la r\u00e9flexion \u00e9thique et \u00e0 l\u2019humilit\u00e9 : celle de partager, d\u2019\u00e9couter et de s\u2019ajuster.<br data-start=\"6893\" data-end=\"6896\" \/>Parce qu\u2019aucun professionnel n\u2019accompagne la mort seul, c\u2019est toujours une aventure d\u2019\u00e9quipe.<\/p>\t\t\t\t\t\t\t\t<\/div>\n\t\t\t\t<\/div>\n\t\t\t\t\t<\/div>\n\t\t\t\t<\/div>\n\t\t\t\t<\/div>\n\t\t","protected":false},"excerpt":{"rendered":"<p>S\u2019organiser avec les soins palliatifs Les soins palliatifs ne concernent pas uniquement les services sp\u00e9cialis\u00e9s. Ils traversent d\u00e9sormais tous les champs du soin, de la m\u00e9decine de ville \u00e0 l\u2019h\u00f4pital, des EHPAD aux structures m\u00e9dico-sociales.Pour le soignant, savoir s\u2019organiser avec les soins palliatifs, c\u2019est apprendre \u00e0 rep\u00e9rer les situations qui en rel\u00e8vent, \u00e0 travailler en [&hellip;]<\/p>\n","protected":false},"author":2,"featured_media":0,"parent":0,"menu_order":0,"comment_status":"closed","ping_status":"closed","template":"","meta":{"footnotes":""},"categories":[],"tags":[],"class_list":["post-2161","page","type-page","status-publish","hentry"],"yoast_head":"<!-- This site is optimized with the Yoast SEO Premium plugin v25.5 (Yoast SEO v25.5) - https:\/\/yoast.com\/wordpress\/plugins\/seo\/ -->\n<title>S\u2019organiser avec les soins palliatifs :coordination, \u00e9thique, pratiques<\/title>\n<meta name=\"description\" content=\"Comment organiser les soins palliatifs \u00e0 l\u2019h\u00f4pital et en ville : coordination, culture commune et accompagnement des patients en fin de vie.\" \/>\n<meta name=\"robots\" content=\"index, follow, max-snippet:-1, max-image-preview:large, max-video-preview:-1\" \/>\n<link rel=\"canonical\" href=\"https:\/\/www.lessurvivants.org\/soignant\/sorganiser-avec-les-soins-palliatifs\/\" \/>\n<meta property=\"og:locale\" content=\"fr_FR\" \/>\n<meta property=\"og:type\" content=\"article\" \/>\n<meta property=\"og:title\" content=\"S&#039;organiser avec les soins palliatifs\" \/>\n<meta property=\"og:description\" content=\"Comment organiser les soins palliatifs \u00e0 l\u2019h\u00f4pital et en ville : coordination, culture commune et accompagnement des patients en fin de vie.\" \/>\n<meta property=\"og:url\" content=\"https:\/\/www.lessurvivants.org\/soignant\/sorganiser-avec-les-soins-palliatifs\/\" \/>\n<meta property=\"og:site_name\" content=\"Espace soignant\" \/>\n<meta property=\"article:modified_time\" content=\"2025-10-29T15:29:40+00:00\" \/>\n<meta name=\"twitter:card\" content=\"summary_large_image\" \/>\n<meta name=\"twitter:label1\" content=\"Dur\u00e9e de lecture estim\u00e9e\" \/>\n\t<meta name=\"twitter:data1\" content=\"4 minutes\" \/>\n<script type=\"application\/ld+json\" class=\"yoast-schema-graph\">{\"@context\":\"https:\/\/schema.org\",\"@graph\":[{\"@type\":\"WebPage\",\"@id\":\"https:\/\/www.lessurvivants.org\/soignant\/sorganiser-avec-les-soins-palliatifs\/\",\"url\":\"https:\/\/www.lessurvivants.org\/soignant\/sorganiser-avec-les-soins-palliatifs\/\",\"name\":\"S\u2019organiser avec les soins palliatifs :coordination, \u00e9thique, pratiques\",\"isPartOf\":{\"@id\":\"https:\/\/www.lessurvivants.org\/soignant\/#website\"},\"datePublished\":\"2025-10-29T15:05:19+00:00\",\"dateModified\":\"2025-10-29T15:29:40+00:00\",\"description\":\"Comment organiser les soins palliatifs \u00e0 l\u2019h\u00f4pital et en ville : coordination, culture commune et accompagnement des patients en fin de vie.\",\"breadcrumb\":{\"@id\":\"https:\/\/www.lessurvivants.org\/soignant\/sorganiser-avec-les-soins-palliatifs\/#breadcrumb\"},\"inLanguage\":\"fr-FR\",\"potentialAction\":[{\"@type\":\"ReadAction\",\"target\":[\"https:\/\/www.lessurvivants.org\/soignant\/sorganiser-avec-les-soins-palliatifs\/\"]}]},{\"@type\":\"BreadcrumbList\",\"@id\":\"https:\/\/www.lessurvivants.org\/soignant\/sorganiser-avec-les-soins-palliatifs\/#breadcrumb\",\"itemListElement\":[{\"@type\":\"ListItem\",\"position\":1,\"name\":\"Accueil\",\"item\":\"https:\/\/www.lessurvivants.org\/soignant\/\"},{\"@type\":\"ListItem\",\"position\":2,\"name\":\"S&#8217;organiser avec les soins palliatifs\"}]},{\"@type\":\"WebSite\",\"@id\":\"https:\/\/www.lessurvivants.org\/soignant\/#website\",\"url\":\"https:\/\/www.lessurvivants.org\/soignant\/\",\"name\":\"Espace soignant\",\"description\":\"\",\"publisher\":{\"@id\":\"https:\/\/www.lessurvivants.org\/soignant\/#organization\"},\"potentialAction\":[{\"@type\":\"SearchAction\",\"target\":{\"@type\":\"EntryPoint\",\"urlTemplate\":\"https:\/\/www.lessurvivants.org\/soignant\/?s={search_term_string}\"},\"query-input\":{\"@type\":\"PropertyValueSpecification\",\"valueRequired\":true,\"valueName\":\"search_term_string\"}}],\"inLanguage\":\"fr-FR\"},{\"@type\":\"Organization\",\"@id\":\"https:\/\/www.lessurvivants.org\/soignant\/#organization\",\"name\":\"Espace soignant\",\"url\":\"https:\/\/www.lessurvivants.org\/soignant\/\",\"logo\":{\"@type\":\"ImageObject\",\"inLanguage\":\"fr-FR\",\"@id\":\"https:\/\/www.lessurvivants.org\/soignant\/#\/schema\/logo\/image\/\",\"url\":\"https:\/\/www.lessurvivants.org\/wp-content\/uploads\/2025\/03\/logo-final-les-survivants_Plan-de-travail-1.png\",\"contentUrl\":\"https:\/\/www.lessurvivants.org\/wp-content\/uploads\/2025\/03\/logo-final-les-survivants_Plan-de-travail-1.png\",\"caption\":\"Espace soignant\"},\"image\":{\"@id\":\"https:\/\/www.lessurvivants.org\/soignant\/#\/schema\/logo\/image\/\"}}]}<\/script>\n<!-- \/ Yoast SEO Premium plugin. -->","yoast_head_json":{"title":"S\u2019organiser avec les soins palliatifs :coordination, \u00e9thique, pratiques","description":"Comment organiser les soins palliatifs \u00e0 l\u2019h\u00f4pital et en ville : coordination, culture commune et accompagnement des patients en fin de vie.","robots":{"index":"index","follow":"follow","max-snippet":"max-snippet:-1","max-image-preview":"max-image-preview:large","max-video-preview":"max-video-preview:-1"},"canonical":"https:\/\/www.lessurvivants.org\/soignant\/sorganiser-avec-les-soins-palliatifs\/","og_locale":"fr_FR","og_type":"article","og_title":"S'organiser avec les soins palliatifs","og_description":"Comment organiser les soins palliatifs \u00e0 l\u2019h\u00f4pital et en ville : coordination, culture commune et accompagnement des patients en fin de vie.","og_url":"https:\/\/www.lessurvivants.org\/soignant\/sorganiser-avec-les-soins-palliatifs\/","og_site_name":"Espace soignant","article_modified_time":"2025-10-29T15:29:40+00:00","twitter_card":"summary_large_image","twitter_misc":{"Dur\u00e9e de lecture estim\u00e9e":"4 minutes"},"schema":{"@context":"https:\/\/schema.org","@graph":[{"@type":"WebPage","@id":"https:\/\/www.lessurvivants.org\/soignant\/sorganiser-avec-les-soins-palliatifs\/","url":"https:\/\/www.lessurvivants.org\/soignant\/sorganiser-avec-les-soins-palliatifs\/","name":"S\u2019organiser avec les soins palliatifs :coordination, \u00e9thique, pratiques","isPartOf":{"@id":"https:\/\/www.lessurvivants.org\/soignant\/#website"},"datePublished":"2025-10-29T15:05:19+00:00","dateModified":"2025-10-29T15:29:40+00:00","description":"Comment organiser les soins palliatifs \u00e0 l\u2019h\u00f4pital et en ville : coordination, culture commune et accompagnement des patients en fin de vie.","breadcrumb":{"@id":"https:\/\/www.lessurvivants.org\/soignant\/sorganiser-avec-les-soins-palliatifs\/#breadcrumb"},"inLanguage":"fr-FR","potentialAction":[{"@type":"ReadAction","target":["https:\/\/www.lessurvivants.org\/soignant\/sorganiser-avec-les-soins-palliatifs\/"]}]},{"@type":"BreadcrumbList","@id":"https:\/\/www.lessurvivants.org\/soignant\/sorganiser-avec-les-soins-palliatifs\/#breadcrumb","itemListElement":[{"@type":"ListItem","position":1,"name":"Accueil","item":"https:\/\/www.lessurvivants.org\/soignant\/"},{"@type":"ListItem","position":2,"name":"S&#8217;organiser avec les soins palliatifs"}]},{"@type":"WebSite","@id":"https:\/\/www.lessurvivants.org\/soignant\/#website","url":"https:\/\/www.lessurvivants.org\/soignant\/","name":"Espace soignant","description":"","publisher":{"@id":"https:\/\/www.lessurvivants.org\/soignant\/#organization"},"potentialAction":[{"@type":"SearchAction","target":{"@type":"EntryPoint","urlTemplate":"https:\/\/www.lessurvivants.org\/soignant\/?s={search_term_string}"},"query-input":{"@type":"PropertyValueSpecification","valueRequired":true,"valueName":"search_term_string"}}],"inLanguage":"fr-FR"},{"@type":"Organization","@id":"https:\/\/www.lessurvivants.org\/soignant\/#organization","name":"Espace soignant","url":"https:\/\/www.lessurvivants.org\/soignant\/","logo":{"@type":"ImageObject","inLanguage":"fr-FR","@id":"https:\/\/www.lessurvivants.org\/soignant\/#\/schema\/logo\/image\/","url":"https:\/\/www.lessurvivants.org\/wp-content\/uploads\/2025\/03\/logo-final-les-survivants_Plan-de-travail-1.png","contentUrl":"https:\/\/www.lessurvivants.org\/wp-content\/uploads\/2025\/03\/logo-final-les-survivants_Plan-de-travail-1.png","caption":"Espace soignant"},"image":{"@id":"https:\/\/www.lessurvivants.org\/soignant\/#\/schema\/logo\/image\/"}}]}},"_links":{"self":[{"href":"https:\/\/www.lessurvivants.org\/soignant\/wp-json\/wp\/v2\/pages\/2161","targetHints":{"allow":["GET"]}}],"collection":[{"href":"https:\/\/www.lessurvivants.org\/soignant\/wp-json\/wp\/v2\/pages"}],"about":[{"href":"https:\/\/www.lessurvivants.org\/soignant\/wp-json\/wp\/v2\/types\/page"}],"author":[{"embeddable":true,"href":"https:\/\/www.lessurvivants.org\/soignant\/wp-json\/wp\/v2\/users\/2"}],"replies":[{"embeddable":true,"href":"https:\/\/www.lessurvivants.org\/soignant\/wp-json\/wp\/v2\/comments?post=2161"}],"version-history":[{"count":12,"href":"https:\/\/www.lessurvivants.org\/soignant\/wp-json\/wp\/v2\/pages\/2161\/revisions"}],"predecessor-version":[{"id":2179,"href":"https:\/\/www.lessurvivants.org\/soignant\/wp-json\/wp\/v2\/pages\/2161\/revisions\/2179"}],"wp:attachment":[{"href":"https:\/\/www.lessurvivants.org\/soignant\/wp-json\/wp\/v2\/media?parent=2161"}],"wp:term":[{"taxonomy":"category","embeddable":true,"href":"https:\/\/www.lessurvivants.org\/soignant\/wp-json\/wp\/v2\/categories?post=2161"},{"taxonomy":"post_tag","embeddable":true,"href":"https:\/\/www.lessurvivants.org\/soignant\/wp-json\/wp\/v2\/tags?post=2161"}],"curies":[{"name":"wp","href":"https:\/\/api.w.org\/{rel}","templated":true}]}}