{"id":982,"date":"2025-03-10T15:10:59","date_gmt":"2025-03-10T14:10:59","guid":{"rendered":"https:\/\/www.lessurvivants.org\/soignant\/?page_id=982"},"modified":"2025-03-14T15:00:38","modified_gmt":"2025-03-14T14:00:38","slug":"mort-et-philiosophie","status":"publish","type":"page","link":"https:\/\/www.lessurvivants.org\/soignant\/mort-et-philiosophie\/","title":{"rendered":"Mort et Philosophie"},"content":{"rendered":"\t\t<div data-elementor-type=\"wp-page\" data-elementor-id=\"982\" class=\"elementor elementor-982\" data-elementor-post-type=\"page\">\n\t\t\t\t<div data-particle_enable=\"false\" data-particle-mobile-disabled=\"false\" class=\"elementor-element elementor-element-65e5861 e-flex e-con-boxed e-con e-parent\" data-id=\"65e5861\" data-element_type=\"container\" data-settings=\"{&quot;jet_parallax_layout_list&quot;:[]}\">\n\t\t\t\t\t<div class=\"e-con-inner\">\n\t\t\t\t<div class=\"elementor-element elementor-element-8f75e9f elementor-widget elementor-widget-heading\" data-id=\"8f75e9f\" data-element_type=\"widget\" data-widget_type=\"heading.default\">\n\t\t\t\t<div class=\"elementor-widget-container\">\n\t\t\t\t\t<h1 class=\"elementor-heading-title elementor-size-default\">Mort et philosphie - le sens de la mort<\/h1>\t\t\t\t<\/div>\n\t\t\t\t<\/div>\n\t\t\t\t\t<\/div>\n\t\t\t\t<\/div>\n\t\t<div data-particle_enable=\"false\" data-particle-mobile-disabled=\"false\" class=\"elementor-element elementor-element-e650a69 e-flex e-con-boxed e-con e-parent\" data-id=\"e650a69\" data-element_type=\"container\" data-settings=\"{&quot;jet_parallax_layout_list&quot;:[]}\">\n\t\t\t\t\t<div class=\"e-con-inner\">\n\t\t\t\t<div class=\"elementor-element elementor-element-f085caa elementor-widget elementor-widget-text-editor\" data-id=\"f085caa\" data-element_type=\"widget\" data-widget_type=\"text-editor.default\">\n\t\t\t\t<div class=\"elementor-widget-container\">\n\t\t\t\t\t\t\t\t\t<p>La mort est une r\u00e9alit\u00e9 universelle, une \u00e9tape in\u00e9luctable de l\u2019existence humaine. Pourtant, elle demeure un sujet complexe, souvent tabou, qui soul\u00e8ve des questions philosophiques profondes tant pour les soignants que pour les patients et leurs familles. Le <strong data-start=\"328\" data-end=\"347\">sens de la mort<\/strong> interroge nos croyances, nos valeurs et notre rapport \u00e0 l&#8217;existence. De m\u00eame, la r\u00e9flexion sur la <strong data-start=\"446\" data-end=\"469\">mort et philosophie<\/strong> permet d\u2019explorer les multiples fa\u00e7ons dont diff\u00e9rentes cultures et courants de pens\u00e9e tentent de lui donner un sens.<\/p>\t\t\t\t\t\t\t\t<\/div>\n\t\t\t\t<\/div>\n\t\t\t\t\t<\/div>\n\t\t\t\t<\/div>\n\t\t<div data-particle_enable=\"false\" data-particle-mobile-disabled=\"false\" class=\"elementor-element elementor-element-99f2608 e-flex e-con-boxed e-con e-parent\" data-id=\"99f2608\" data-element_type=\"container\" data-settings=\"{&quot;background_background&quot;:&quot;classic&quot;,&quot;jet_parallax_layout_list&quot;:[]}\">\n\t\t\t\t\t<div class=\"e-con-inner\">\n\t\t\t\t<div class=\"elementor-element elementor-element-90c6578 elementor-widget elementor-widget-heading\" data-id=\"90c6578\" data-element_type=\"widget\" data-widget_type=\"heading.default\">\n\t\t\t\t<div class=\"elementor-widget-container\">\n\t\t\t\t\t<h2 class=\"elementor-heading-title elementor-size-default\">La Mort : Une Perspective Philosophique<\/h2>\t\t\t\t<\/div>\n\t\t\t\t<\/div>\n\t\t\t\t\t<\/div>\n\t\t\t\t<\/div>\n\t\t<div data-particle_enable=\"false\" data-particle-mobile-disabled=\"false\" class=\"elementor-element elementor-element-edc7e3a e-flex e-con-boxed e-con e-parent\" data-id=\"edc7e3a\" data-element_type=\"container\" data-settings=\"{&quot;jet_parallax_layout_list&quot;:[]}\">\n\t\t\t\t\t<div class=\"e-con-inner\">\n\t\t<div data-particle_enable=\"false\" data-particle-mobile-disabled=\"false\" class=\"elementor-element elementor-element-085f9b6 e-con-full e-flex e-con e-child\" data-id=\"085f9b6\" data-element_type=\"container\" data-settings=\"{&quot;jet_parallax_layout_list&quot;:[]}\">\n\t\t\t\t<div class=\"elementor-element elementor-element-c9d9ad8 elementor-widget elementor-widget-text-editor\" data-id=\"c9d9ad8\" data-element_type=\"widget\" data-widget_type=\"text-editor.default\">\n\t\t\t\t<div class=\"elementor-widget-container\">\n\t\t\t\t\t\t\t\t\t<p>La mani\u00e8re dont nous percevons la mort est influenc\u00e9e par notre culture, nos croyances et notre exp\u00e9rience personnelle. Certaines traditions la consid\u00e8rent comme une transition, d&#8217;autres comme une fin absolue. Edgar Morin rappelle que l\u2019incertitude et l\u2019impr\u00e9visibilit\u00e9 sont inh\u00e9rentes \u00e0 la complexit\u00e9 de l\u2019acte de soin. La mort n\u2019est pas seulement un \u00e9v\u00e9nement biologique, elle est aussi une exp\u00e9rience humaine et sociale qui questionne notre rapport \u00e0 la vie, au temps et aux autres. Comprendre le <strong>sens de la mort<\/strong> permet d&#8217;appr\u00e9hender ces enjeux sous un angle plus profond et personnel.<\/p>\t\t\t\t\t\t\t\t<\/div>\n\t\t\t\t<\/div>\n\t\t\t\t<\/div>\n\t\t<div data-particle_enable=\"false\" data-particle-mobile-disabled=\"false\" class=\"elementor-element elementor-element-6800dd9 e-con-full e-flex e-con e-child\" data-id=\"6800dd9\" data-element_type=\"container\" data-settings=\"{&quot;jet_parallax_layout_list&quot;:[]}\">\n\t\t\t\t<div class=\"elementor-element elementor-element-05c2b90 elementor-widget elementor-widget-image\" data-id=\"05c2b90\" data-element_type=\"widget\" data-widget_type=\"image.default\">\n\t\t\t\t<div class=\"elementor-widget-container\">\n\t\t\t\t\t\t\t\t\t\t\t\t\t\t\t<img fetchpriority=\"high\" decoding=\"async\" width=\"800\" height=\"800\" src=\"https:\/\/www.lessurvivants.org\/wp-content\/uploads\/2025\/03\/mort-et-philosophie.jpg\" class=\"attachment-large size-large wp-image-1252\" alt=\"\" srcset=\"https:\/\/www.lessurvivants.org\/wp-content\/uploads\/2025\/03\/mort-et-philosophie.jpg 1024w, https:\/\/www.lessurvivants.org\/wp-content\/uploads\/2025\/03\/mort-et-philosophie-300x300.jpg 300w, https:\/\/www.lessurvivants.org\/wp-content\/uploads\/2025\/03\/mort-et-philosophie-150x150.jpg 150w, https:\/\/www.lessurvivants.org\/wp-content\/uploads\/2025\/03\/mort-et-philosophie-768x768.jpg 768w\" sizes=\"(max-width: 800px) 100vw, 800px\" \/>\t\t\t\t\t\t\t\t\t\t\t\t\t\t\t<\/div>\n\t\t\t\t<\/div>\n\t\t\t\t<\/div>\n\t\t\t\t\t<\/div>\n\t\t\t\t<\/div>\n\t\t<div data-particle_enable=\"false\" data-particle-mobile-disabled=\"false\" class=\"elementor-element elementor-element-21e25ee e-flex e-con-boxed e-con e-parent\" data-id=\"21e25ee\" data-element_type=\"container\" data-settings=\"{&quot;background_background&quot;:&quot;classic&quot;,&quot;jet_parallax_layout_list&quot;:[]}\">\n\t\t\t\t\t<div class=\"e-con-inner\">\n\t\t\t\t<div class=\"elementor-element elementor-element-5d36c1b elementor-widget elementor-widget-heading\" data-id=\"5d36c1b\" data-element_type=\"widget\" data-widget_type=\"heading.default\">\n\t\t\t\t<div class=\"elementor-widget-container\">\n\t\t\t\t\t<h2 class=\"elementor-heading-title elementor-size-default\">La Mort dans la Pratique M\u00e9dicale : Entre Technique et Humanit\u00e9<\/h2>\t\t\t\t<\/div>\n\t\t\t\t<\/div>\n\t\t\t\t\t<\/div>\n\t\t\t\t<\/div>\n\t\t<div data-particle_enable=\"false\" data-particle-mobile-disabled=\"false\" class=\"elementor-element elementor-element-c43a8d2 e-flex e-con-boxed e-con e-parent\" data-id=\"c43a8d2\" data-element_type=\"container\" data-settings=\"{&quot;jet_parallax_layout_list&quot;:[]}\">\n\t\t\t\t\t<div class=\"e-con-inner\">\n\t\t\t\t<div class=\"elementor-element elementor-element-775c448 elementor-widget elementor-widget-text-editor\" data-id=\"775c448\" data-element_type=\"widget\" data-widget_type=\"text-editor.default\">\n\t\t\t\t<div class=\"elementor-widget-container\">\n\t\t\t\t\t\t\t\t\t<p>La formation m\u00e9dicale met traditionnellement l&#8217;accent sur la gu\u00e9rison et la ma\u00eetrise des traitements. Pourtant, la mort fait partie int\u00e9grante du parcours de soin. La philosophe Annemarie Mol critique le mod\u00e8le de d\u00e9cision m\u00e9dicale fond\u00e9 uniquement sur l\u2019autonomie du patient et propose une \u00ab logique du soin \u00bb qui valorise les relations et l\u2019accompagnement.<\/p><p>Face \u00e0 la mort, les soignants oscillent entre une rationalit\u00e9 m\u00e9dicale qui tend \u00e0 objectiver la fin de vie et une implication \u00e9motionnelle in\u00e9vitable. L\u2019\u00e9quilibre entre la technique et l\u2019humanit\u00e9 est essentiel pour que l\u2019accompagnement des patients en fin de vie soit respectueux et bienveillant.<\/p>\t\t\t\t\t\t\t\t<\/div>\n\t\t\t\t<\/div>\n\t\t\t\t\t<\/div>\n\t\t\t\t<\/div>\n\t\t<div data-particle_enable=\"false\" data-particle-mobile-disabled=\"false\" class=\"elementor-element elementor-element-7ca890c e-flex e-con-boxed e-con e-parent\" data-id=\"7ca890c\" data-element_type=\"container\" data-settings=\"{&quot;background_background&quot;:&quot;classic&quot;,&quot;jet_parallax_layout_list&quot;:[]}\">\n\t\t\t\t\t<div class=\"e-con-inner\">\n\t\t\t\t<div class=\"elementor-element elementor-element-0c677ef elementor-widget elementor-widget-heading\" data-id=\"0c677ef\" data-element_type=\"widget\" data-widget_type=\"heading.default\">\n\t\t\t\t<div class=\"elementor-widget-container\">\n\t\t\t\t\t<h2 class=\"elementor-heading-title elementor-size-default\">Les Dilemmes \u00c9thiques et Psychologiques de la Fin de Vie<\/h2>\t\t\t\t<\/div>\n\t\t\t\t<\/div>\n\t\t\t\t\t<\/div>\n\t\t\t\t<\/div>\n\t\t<div data-particle_enable=\"false\" data-particle-mobile-disabled=\"false\" class=\"elementor-element elementor-element-d04fb94 e-flex e-con-boxed e-con e-parent\" data-id=\"d04fb94\" data-element_type=\"container\" data-settings=\"{&quot;jet_parallax_layout_list&quot;:[]}\">\n\t\t\t\t\t<div class=\"e-con-inner\">\n\t\t\t\t<div class=\"elementor-element elementor-element-4c4aa7c elementor-widget elementor-widget-text-editor\" data-id=\"4c4aa7c\" data-element_type=\"widget\" data-widget_type=\"text-editor.default\">\n\t\t\t\t<div class=\"elementor-widget-container\">\n\t\t\t\t\t\t\t\t\t<p>Les d\u00e9cisions autour de la mort en milieu hospitalier sont souvent lourdes de cons\u00e9quences. La question du partage de la d\u00e9cision m\u00e9dicale est centrale : comment informer un patient de sa fin prochaine ? Doit-on tout dire, au risque d\u2019angoisser, ou faut-il prot\u00e9ger par une forme de silence bienveillant ?<\/p><p>Par ailleurs, la mort par d\u00e9cision m\u00e9dicale (arr\u00eat des soins, refus d\u2019une intervention invasive) g\u00e9n\u00e8re des dilemmes \u00e9thiques profonds pour les soignants, partag\u00e9s entre respect de la vie et qualit\u00e9 de vie. Ces situations sont source de culpabilit\u00e9, de stress post-traumatique et de souffrance morale qui peuvent impacter durablement leur \u00e9quilibre psychologique.<\/p>\t\t\t\t\t\t\t\t<\/div>\n\t\t\t\t<\/div>\n\t\t\t\t\t<\/div>\n\t\t\t\t<\/div>\n\t\t<div data-particle_enable=\"false\" data-particle-mobile-disabled=\"false\" class=\"elementor-element elementor-element-15f5fb8 e-flex e-con-boxed e-con e-parent\" data-id=\"15f5fb8\" data-element_type=\"container\" data-settings=\"{&quot;background_background&quot;:&quot;classic&quot;,&quot;jet_parallax_layout_list&quot;:[]}\">\n\t\t\t\t\t<div class=\"e-con-inner\">\n\t\t\t\t<div class=\"elementor-element elementor-element-f46d6a2 elementor-widget elementor-widget-heading\" data-id=\"f46d6a2\" data-element_type=\"widget\" data-widget_type=\"heading.default\">\n\t\t\t\t<div class=\"elementor-widget-container\">\n\t\t\t\t\t<h2 class=\"elementor-heading-title elementor-size-default\">Vers une Approche Holistique de la Mort<\/h2>\t\t\t\t<\/div>\n\t\t\t\t<\/div>\n\t\t\t\t\t<\/div>\n\t\t\t\t<\/div>\n\t\t<div data-particle_enable=\"false\" data-particle-mobile-disabled=\"false\" class=\"elementor-element elementor-element-4ab8d89 e-flex e-con-boxed e-con e-parent\" data-id=\"4ab8d89\" data-element_type=\"container\" data-settings=\"{&quot;jet_parallax_layout_list&quot;:[]}\">\n\t\t\t\t\t<div class=\"e-con-inner\">\n\t\t\t\t<div class=\"elementor-element elementor-element-e80b0f3 elementor-widget elementor-widget-text-editor\" data-id=\"e80b0f3\" data-element_type=\"widget\" data-widget_type=\"text-editor.default\">\n\t\t\t\t<div class=\"elementor-widget-container\">\n\t\t\t\t\t\t\t\t\t<p>Il est n\u00e9cessaire d\u2019int\u00e9grer une approche plus globale de la fin de vie dans les soins m\u00e9dicaux. Cela passe par une formation qui ne se limite pas aux techniques palliatives, mais qui inclut \u00e9galement une sensibilisation \u00e0 la philosophie, \u00e0 l\u2019\u00e9thique et \u00e0 la psychologie du deuil.<\/p><p>Une meilleure reconnaissance des impacts de la mort sur les soignants, ainsi que la mise en place de dispositifs de soutien psychologique, sont essentiels pour pr\u00e9server l\u2019humanit\u00e9 dans l\u2019accompagnement des patients en fin de vie. Comme le souligne Edgar Morin, \u00ab L\u2019homme est \u00e0 la fois biologique, psychologique, culturel, social, historique \u00bb : c\u2019est cette complexit\u00e9 qui doit guider notre approche de la mort. R\u00e9fl\u00e9chir au <strong>sens de la mort<\/strong> dans notre soci\u00e9t\u00e9 et notre exercice professionnel permet d&#8217;apporter un regard nouveau et plus apais\u00e9 sur cette r\u00e9alit\u00e9 incontournable.<\/p>\t\t\t\t\t\t\t\t<\/div>\n\t\t\t\t<\/div>\n\t\t\t\t\t<\/div>\n\t\t\t\t<\/div>\n\t\t\t\t<\/div>\n\t\t","protected":false},"excerpt":{"rendered":"<p>Mort et philosphie &#8211; le sens de la mort La mort est une r\u00e9alit\u00e9 universelle, une \u00e9tape in\u00e9luctable de l\u2019existence humaine. Pourtant, elle demeure un sujet complexe, souvent tabou, qui soul\u00e8ve des questions philosophiques profondes tant pour les soignants que pour les patients et leurs familles. Le sens de la mort interroge nos croyances, nos [&hellip;]<\/p>\n","protected":false},"author":1,"featured_media":1252,"parent":0,"menu_order":0,"comment_status":"closed","ping_status":"closed","template":"","meta":{"footnotes":""},"categories":[7],"tags":[],"class_list":["post-982","page","type-page","status-publish","has-post-thumbnail","hentry","category-espace-soignant"],"yoast_head":"<!-- This site is optimized with the Yoast SEO Premium plugin v25.5 (Yoast SEO v25.5) - https:\/\/yoast.com\/wordpress\/plugins\/seo\/ -->\n<title>Mort et Philosophie - Espace soignant<\/title>\n<meta name=\"robots\" content=\"index, follow, max-snippet:-1, max-image-preview:large, max-video-preview:-1\" \/>\n<link rel=\"canonical\" href=\"https:\/\/www.lessurvivants.org\/soignant\/mort-et-philiosophie\/\" \/>\n<meta property=\"og:locale\" content=\"fr_FR\" \/>\n<meta property=\"og:type\" content=\"article\" \/>\n<meta property=\"og:title\" content=\"Mort et Philosophie\" \/>\n<meta property=\"og:description\" content=\"Mort et philosphie &#8211; le sens de la mort La mort est une r\u00e9alit\u00e9 universelle, une \u00e9tape in\u00e9luctable de l\u2019existence humaine. Pourtant, elle demeure un sujet complexe, souvent tabou, qui soul\u00e8ve des questions philosophiques profondes tant pour les soignants que pour les patients et leurs familles. Le sens de la mort interroge nos croyances, nos [&hellip;]\" \/>\n<meta property=\"og:url\" content=\"https:\/\/www.lessurvivants.org\/soignant\/mort-et-philiosophie\/\" \/>\n<meta property=\"og:site_name\" content=\"Espace soignant\" \/>\n<meta property=\"article:modified_time\" content=\"2025-03-14T14:00:38+00:00\" \/>\n<meta property=\"og:image\" content=\"https:\/\/www.lessurvivants.org\/wp-content\/uploads\/2025\/03\/mort-et-philosophie.jpg\" \/>\n\t<meta property=\"og:image:width\" content=\"1024\" \/>\n\t<meta property=\"og:image:height\" content=\"1024\" \/>\n\t<meta property=\"og:image:type\" content=\"image\/jpeg\" \/>\n<meta name=\"twitter:card\" content=\"summary_large_image\" \/>\n<meta name=\"twitter:label1\" content=\"Dur\u00e9e de lecture estim\u00e9e\" \/>\n\t<meta name=\"twitter:data1\" content=\"3 minutes\" \/>\n<script type=\"application\/ld+json\" class=\"yoast-schema-graph\">{\"@context\":\"https:\/\/schema.org\",\"@graph\":[{\"@type\":\"WebPage\",\"@id\":\"https:\/\/www.lessurvivants.org\/soignant\/mort-et-philiosophie\/\",\"url\":\"https:\/\/www.lessurvivants.org\/soignant\/mort-et-philiosophie\/\",\"name\":\"Mort et Philosophie - Espace soignant\",\"isPartOf\":{\"@id\":\"https:\/\/www.lessurvivants.org\/soignant\/#website\"},\"primaryImageOfPage\":{\"@id\":\"https:\/\/www.lessurvivants.org\/soignant\/mort-et-philiosophie\/#primaryimage\"},\"image\":{\"@id\":\"https:\/\/www.lessurvivants.org\/soignant\/mort-et-philiosophie\/#primaryimage\"},\"thumbnailUrl\":\"https:\/\/www.lessurvivants.org\/wp-content\/uploads\/2025\/03\/mort-et-philosophie.jpg\",\"datePublished\":\"2025-03-10T14:10:59+00:00\",\"dateModified\":\"2025-03-14T14:00:38+00:00\",\"breadcrumb\":{\"@id\":\"https:\/\/www.lessurvivants.org\/soignant\/mort-et-philiosophie\/#breadcrumb\"},\"inLanguage\":\"fr-FR\",\"potentialAction\":[{\"@type\":\"ReadAction\",\"target\":[\"https:\/\/www.lessurvivants.org\/soignant\/mort-et-philiosophie\/\"]}]},{\"@type\":\"ImageObject\",\"inLanguage\":\"fr-FR\",\"@id\":\"https:\/\/www.lessurvivants.org\/soignant\/mort-et-philiosophie\/#primaryimage\",\"url\":\"https:\/\/www.lessurvivants.org\/wp-content\/uploads\/2025\/03\/mort-et-philosophie.jpg\",\"contentUrl\":\"https:\/\/www.lessurvivants.org\/wp-content\/uploads\/2025\/03\/mort-et-philosophie.jpg\"},{\"@type\":\"BreadcrumbList\",\"@id\":\"https:\/\/www.lessurvivants.org\/soignant\/mort-et-philiosophie\/#breadcrumb\",\"itemListElement\":[{\"@type\":\"ListItem\",\"position\":1,\"name\":\"Accueil\",\"item\":\"https:\/\/www.lessurvivants.org\/soignant\/\"},{\"@type\":\"ListItem\",\"position\":2,\"name\":\"Mort et Philosophie\"}]},{\"@type\":\"WebSite\",\"@id\":\"https:\/\/www.lessurvivants.org\/soignant\/#website\",\"url\":\"https:\/\/www.lessurvivants.org\/soignant\/\",\"name\":\"Espace soignant\",\"description\":\"\",\"publisher\":{\"@id\":\"https:\/\/www.lessurvivants.org\/soignant\/#organization\"},\"potentialAction\":[{\"@type\":\"SearchAction\",\"target\":{\"@type\":\"EntryPoint\",\"urlTemplate\":\"https:\/\/www.lessurvivants.org\/soignant\/?s={search_term_string}\"},\"query-input\":{\"@type\":\"PropertyValueSpecification\",\"valueRequired\":true,\"valueName\":\"search_term_string\"}}],\"inLanguage\":\"fr-FR\"},{\"@type\":\"Organization\",\"@id\":\"https:\/\/www.lessurvivants.org\/soignant\/#organization\",\"name\":\"Espace soignant\",\"url\":\"https:\/\/www.lessurvivants.org\/soignant\/\",\"logo\":{\"@type\":\"ImageObject\",\"inLanguage\":\"fr-FR\",\"@id\":\"https:\/\/www.lessurvivants.org\/soignant\/#\/schema\/logo\/image\/\",\"url\":\"https:\/\/www.lessurvivants.org\/wp-content\/uploads\/2025\/03\/logo-final-les-survivants_Plan-de-travail-1.png\",\"contentUrl\":\"https:\/\/www.lessurvivants.org\/wp-content\/uploads\/2025\/03\/logo-final-les-survivants_Plan-de-travail-1.png\",\"caption\":\"Espace soignant\"},\"image\":{\"@id\":\"https:\/\/www.lessurvivants.org\/soignant\/#\/schema\/logo\/image\/\"}}]}<\/script>\n<!-- \/ Yoast SEO Premium plugin. -->","yoast_head_json":{"title":"Mort et Philosophie - Espace soignant","robots":{"index":"index","follow":"follow","max-snippet":"max-snippet:-1","max-image-preview":"max-image-preview:large","max-video-preview":"max-video-preview:-1"},"canonical":"https:\/\/www.lessurvivants.org\/soignant\/mort-et-philiosophie\/","og_locale":"fr_FR","og_type":"article","og_title":"Mort et Philosophie","og_description":"Mort et philosphie &#8211; le sens de la mort La mort est une r\u00e9alit\u00e9 universelle, une \u00e9tape in\u00e9luctable de l\u2019existence humaine. Pourtant, elle demeure un sujet complexe, souvent tabou, qui soul\u00e8ve des questions philosophiques profondes tant pour les soignants que pour les patients et leurs familles. Le sens de la mort interroge nos croyances, nos [&hellip;]","og_url":"https:\/\/www.lessurvivants.org\/soignant\/mort-et-philiosophie\/","og_site_name":"Espace soignant","article_modified_time":"2025-03-14T14:00:38+00:00","og_image":[{"url":"https:\/\/www.lessurvivants.org\/wp-content\/uploads\/2025\/03\/mort-et-philosophie.jpg","width":1024,"height":1024,"type":"image\/jpeg"}],"twitter_card":"summary_large_image","twitter_misc":{"Dur\u00e9e de lecture estim\u00e9e":"3 minutes"},"schema":{"@context":"https:\/\/schema.org","@graph":[{"@type":"WebPage","@id":"https:\/\/www.lessurvivants.org\/soignant\/mort-et-philiosophie\/","url":"https:\/\/www.lessurvivants.org\/soignant\/mort-et-philiosophie\/","name":"Mort et Philosophie - Espace soignant","isPartOf":{"@id":"https:\/\/www.lessurvivants.org\/soignant\/#website"},"primaryImageOfPage":{"@id":"https:\/\/www.lessurvivants.org\/soignant\/mort-et-philiosophie\/#primaryimage"},"image":{"@id":"https:\/\/www.lessurvivants.org\/soignant\/mort-et-philiosophie\/#primaryimage"},"thumbnailUrl":"https:\/\/www.lessurvivants.org\/wp-content\/uploads\/2025\/03\/mort-et-philosophie.jpg","datePublished":"2025-03-10T14:10:59+00:00","dateModified":"2025-03-14T14:00:38+00:00","breadcrumb":{"@id":"https:\/\/www.lessurvivants.org\/soignant\/mort-et-philiosophie\/#breadcrumb"},"inLanguage":"fr-FR","potentialAction":[{"@type":"ReadAction","target":["https:\/\/www.lessurvivants.org\/soignant\/mort-et-philiosophie\/"]}]},{"@type":"ImageObject","inLanguage":"fr-FR","@id":"https:\/\/www.lessurvivants.org\/soignant\/mort-et-philiosophie\/#primaryimage","url":"https:\/\/www.lessurvivants.org\/wp-content\/uploads\/2025\/03\/mort-et-philosophie.jpg","contentUrl":"https:\/\/www.lessurvivants.org\/wp-content\/uploads\/2025\/03\/mort-et-philosophie.jpg"},{"@type":"BreadcrumbList","@id":"https:\/\/www.lessurvivants.org\/soignant\/mort-et-philiosophie\/#breadcrumb","itemListElement":[{"@type":"ListItem","position":1,"name":"Accueil","item":"https:\/\/www.lessurvivants.org\/soignant\/"},{"@type":"ListItem","position":2,"name":"Mort et Philosophie"}]},{"@type":"WebSite","@id":"https:\/\/www.lessurvivants.org\/soignant\/#website","url":"https:\/\/www.lessurvivants.org\/soignant\/","name":"Espace soignant","description":"","publisher":{"@id":"https:\/\/www.lessurvivants.org\/soignant\/#organization"},"potentialAction":[{"@type":"SearchAction","target":{"@type":"EntryPoint","urlTemplate":"https:\/\/www.lessurvivants.org\/soignant\/?s={search_term_string}"},"query-input":{"@type":"PropertyValueSpecification","valueRequired":true,"valueName":"search_term_string"}}],"inLanguage":"fr-FR"},{"@type":"Organization","@id":"https:\/\/www.lessurvivants.org\/soignant\/#organization","name":"Espace soignant","url":"https:\/\/www.lessurvivants.org\/soignant\/","logo":{"@type":"ImageObject","inLanguage":"fr-FR","@id":"https:\/\/www.lessurvivants.org\/soignant\/#\/schema\/logo\/image\/","url":"https:\/\/www.lessurvivants.org\/wp-content\/uploads\/2025\/03\/logo-final-les-survivants_Plan-de-travail-1.png","contentUrl":"https:\/\/www.lessurvivants.org\/wp-content\/uploads\/2025\/03\/logo-final-les-survivants_Plan-de-travail-1.png","caption":"Espace soignant"},"image":{"@id":"https:\/\/www.lessurvivants.org\/soignant\/#\/schema\/logo\/image\/"}}]}},"_links":{"self":[{"href":"https:\/\/www.lessurvivants.org\/soignant\/wp-json\/wp\/v2\/pages\/982","targetHints":{"allow":["GET"]}}],"collection":[{"href":"https:\/\/www.lessurvivants.org\/soignant\/wp-json\/wp\/v2\/pages"}],"about":[{"href":"https:\/\/www.lessurvivants.org\/soignant\/wp-json\/wp\/v2\/types\/page"}],"author":[{"embeddable":true,"href":"https:\/\/www.lessurvivants.org\/soignant\/wp-json\/wp\/v2\/users\/1"}],"replies":[{"embeddable":true,"href":"https:\/\/www.lessurvivants.org\/soignant\/wp-json\/wp\/v2\/comments?post=982"}],"version-history":[{"count":5,"href":"https:\/\/www.lessurvivants.org\/soignant\/wp-json\/wp\/v2\/pages\/982\/revisions"}],"predecessor-version":[{"id":1259,"href":"https:\/\/www.lessurvivants.org\/soignant\/wp-json\/wp\/v2\/pages\/982\/revisions\/1259"}],"wp:featuredmedia":[{"embeddable":true,"href":"https:\/\/www.lessurvivants.org\/soignant\/wp-json\/wp\/v2\/media\/1252"}],"wp:attachment":[{"href":"https:\/\/www.lessurvivants.org\/soignant\/wp-json\/wp\/v2\/media?parent=982"}],"wp:term":[{"taxonomy":"category","embeddable":true,"href":"https:\/\/www.lessurvivants.org\/soignant\/wp-json\/wp\/v2\/categories?post=982"},{"taxonomy":"post_tag","embeddable":true,"href":"https:\/\/www.lessurvivants.org\/soignant\/wp-json\/wp\/v2\/tags?post=982"}],"curies":[{"name":"wp","href":"https:\/\/api.w.org\/{rel}","templated":true}]}}