{"id":984,"date":"2025-03-10T15:11:23","date_gmt":"2025-03-10T14:11:23","guid":{"rendered":"https:\/\/www.lessurvivants.org\/soignant\/?page_id=984"},"modified":"2025-03-14T15:59:17","modified_gmt":"2025-03-14T14:59:17","slug":"mort-et-sociologie","status":"publish","type":"page","link":"https:\/\/www.lessurvivants.org\/soignant\/mort-et-sociologie\/","title":{"rendered":"Mort et Sociologie"},"content":{"rendered":"\t\t<div data-elementor-type=\"wp-page\" data-elementor-id=\"984\" class=\"elementor elementor-984\" data-elementor-post-type=\"page\">\n\t\t\t\t<div data-particle_enable=\"false\" data-particle-mobile-disabled=\"false\" class=\"elementor-element elementor-element-cbec9dc e-flex e-con-boxed e-con e-parent\" data-id=\"cbec9dc\" data-element_type=\"container\" data-settings=\"{&quot;jet_parallax_layout_list&quot;:[]}\">\n\t\t\t\t\t<div class=\"e-con-inner\">\n\t\t\t\t<div class=\"elementor-element elementor-element-cd45610 elementor-widget elementor-widget-heading\" data-id=\"cd45610\" data-element_type=\"widget\" data-widget_type=\"heading.default\">\n\t\t\t\t<div class=\"elementor-widget-container\">\n\t\t\t\t\t<h1 class=\"elementor-heading-title elementor-size-default\">mort et sociologie : Comprendre l'Impact de la Mort sur la Soci\u00e9t\u00e9<\/h1>\t\t\t\t<\/div>\n\t\t\t\t<\/div>\n\t\t\t\t\t<\/div>\n\t\t\t\t<\/div>\n\t\t<div data-particle_enable=\"false\" data-particle-mobile-disabled=\"false\" class=\"elementor-element elementor-element-7bbbd3e e-flex e-con-boxed e-con e-parent\" data-id=\"7bbbd3e\" data-element_type=\"container\" data-settings=\"{&quot;jet_parallax_layout_list&quot;:[]}\">\n\t\t\t\t\t<div class=\"e-con-inner\">\n\t\t\t\t<div class=\"elementor-element elementor-element-f09feb7 elementor-widget elementor-widget-text-editor\" data-id=\"f09feb7\" data-element_type=\"widget\" data-widget_type=\"text-editor.default\">\n\t\t\t\t<div class=\"elementor-widget-container\">\n\t\t\t\t\t\t\t\t\t<p>La mort est une exp\u00e9rience universelle qui fa\u00e7onne nos soci\u00e9t\u00e9s \u00e0 diff\u00e9rents niveaux. En France, 80 % des d\u00e9c\u00e8s surviennent \u00e0 l&#8217;h\u00f4pital, dont la majorit\u00e9 hors des unit\u00e9s de soins palliatifs. Ce constat met en \u00e9vidence une gestion de la fin de vie souvent marqu\u00e9e par des contraintes organisationnelles et un manque de ressources humaines et mat\u00e9rielles.<\/p>\t\t\t\t\t\t\t\t<\/div>\n\t\t\t\t<\/div>\n\t\t\t\t\t<\/div>\n\t\t\t\t<\/div>\n\t\t<div data-particle_enable=\"false\" data-particle-mobile-disabled=\"false\" class=\"elementor-element elementor-element-43e82ff e-flex e-con-boxed e-con e-parent\" data-id=\"43e82ff\" data-element_type=\"container\" data-settings=\"{&quot;background_background&quot;:&quot;classic&quot;,&quot;jet_parallax_layout_list&quot;:[]}\">\n\t\t\t\t\t<div class=\"e-con-inner\">\n\t\t\t\t<div class=\"elementor-element elementor-element-1e8e960 elementor-widget elementor-widget-heading\" data-id=\"1e8e960\" data-element_type=\"widget\" data-widget_type=\"heading.default\">\n\t\t\t\t<div class=\"elementor-widget-container\">\n\t\t\t\t\t<h2 class=\"elementor-heading-title elementor-size-default\">L'Impact de la Mort sur les Soignants<\/h2>\t\t\t\t<\/div>\n\t\t\t\t<\/div>\n\t\t\t\t\t<\/div>\n\t\t\t\t<\/div>\n\t\t<div data-particle_enable=\"false\" data-particle-mobile-disabled=\"false\" class=\"elementor-element elementor-element-11557eb e-flex e-con-boxed e-con e-parent\" data-id=\"11557eb\" data-element_type=\"container\" data-settings=\"{&quot;jet_parallax_layout_list&quot;:[]}\">\n\t\t\t\t\t<div class=\"e-con-inner\">\n\t\t\t\t<div class=\"elementor-element elementor-element-053662a elementor-widget elementor-widget-text-editor\" data-id=\"053662a\" data-element_type=\"widget\" data-widget_type=\"text-editor.default\">\n\t\t\t\t<div class=\"elementor-widget-container\">\n\t\t\t\t\t\t\t\t\t<p>La confrontation \u00e0 la mort g\u00e9n\u00e8re un stress \u00e9motionnel intense chez les soignants. Ce stress est amplifi\u00e9 par la solitude, la culpabilit\u00e9 et un manque de formation \u00e0 la gestion de la fin de vie. Plusieurs types de d\u00e9c\u00e8s ont des r\u00e9percussions particuli\u00e8res sur le personnel de sant\u00e9 :<\/p><ul><li><strong>Mort brutale et inattendue<\/strong> : provoque un choc \u00e9motionnel et un sentiment d&#8217;impuissance. <em>Pour en savoir plus <a href=\"https:\/\/www.lessurvivants.org\/soignant\/la-mort-brutale-et-inattendue\/\" target=\"_blank\" rel=\"noopener\">CLIQUEZ ICI<\/a><\/em><\/li><li><strong>Mort post-intervention<\/strong> : suscite une culpabilit\u00e9 accrue due \u00e0 l&#8217;association avec un acte m\u00e9dical. <em>Pour en savoir plus <a href=\"https:\/\/www.lessurvivants.org\/soignant\/la-mort-post-intervention\/\" target=\"_blank\" rel=\"noopener\">CLIQUEZ ICI<\/a><\/em><\/li><li><strong>Mort par maladie contagieuse<\/strong> : g\u00e9n\u00e8re une peur du risque infectieux et un impact collectif sur l&#8217;\u00e9quipe soignante. <em>Pour en savoir plus <a href=\"https:\/\/www.lessurvivants.org\/soignant\/la-mort-par-maladie-contagieuse\/\" target=\"_blank\" rel=\"noopener\">CLIQUEZ ICI<\/a><\/em><\/li><li><strong>Mort par d\u00e9cision m\u00e9dicale<\/strong> : entra\u00eene des dilemmes \u00e9thiques et une responsabilit\u00e9 lourde. <em>Pour en savoir plus <a href=\"https:\/\/www.lessurvivants.org\/soignant\/la-mort-par-decision-medicale\/\" target=\"_blank\" rel=\"noopener\">CLIQUEZ ICI<\/a><\/em><\/li><li><strong>Mort attendue<\/strong> : permet un accompagnement pr\u00e9par\u00e9 mais reste \u00e9motionnellement \u00e9prouvant. <em>Pour en savoir plus <a href=\"https:\/\/www.lessurvivants.org\/soignant\/la-mort-attendue-pathologie-chroniqu\/\" target=\"_blank\" rel=\"noopener\">CLIQUEZ ICI<\/a><\/em><\/li><\/ul><p>L&#8217;organisation hospitali\u00e8re actuelle favorise la rationalisation des soins, r\u00e9duisant ainsi le temps de pr\u00e9paration \u00e0 la fin de vie et accentuant la charge \u00e9motionnelle des soignants.<\/p>\t\t\t\t\t\t\t\t<\/div>\n\t\t\t\t<\/div>\n\t\t\t\t\t<\/div>\n\t\t\t\t<\/div>\n\t\t<div data-particle_enable=\"false\" data-particle-mobile-disabled=\"false\" class=\"elementor-element elementor-element-c4c33e2 e-flex e-con-boxed e-con e-parent\" data-id=\"c4c33e2\" data-element_type=\"container\" data-settings=\"{&quot;background_background&quot;:&quot;classic&quot;,&quot;jet_parallax_layout_list&quot;:[]}\">\n\t\t\t\t\t<div class=\"e-con-inner\">\n\t\t\t\t<div class=\"elementor-element elementor-element-914dd8f elementor-widget elementor-widget-heading\" data-id=\"914dd8f\" data-element_type=\"widget\" data-widget_type=\"heading.default\">\n\t\t\t\t<div class=\"elementor-widget-container\">\n\t\t\t\t\t<h2 class=\"elementor-heading-title elementor-size-default\">Les Cons\u00e9quences Psychosociales de la Mort<\/h2>\t\t\t\t<\/div>\n\t\t\t\t<\/div>\n\t\t\t\t\t<\/div>\n\t\t\t\t<\/div>\n\t\t<div data-particle_enable=\"false\" data-particle-mobile-disabled=\"false\" class=\"elementor-element elementor-element-6fa2912 e-flex e-con-boxed e-con e-parent\" data-id=\"6fa2912\" data-element_type=\"container\" data-settings=\"{&quot;jet_parallax_layout_list&quot;:[]}\">\n\t\t\t\t\t<div class=\"e-con-inner\">\n\t\t<div data-particle_enable=\"false\" data-particle-mobile-disabled=\"false\" class=\"elementor-element elementor-element-7306e9c e-con-full e-flex e-con e-child\" data-id=\"7306e9c\" data-element_type=\"container\" data-settings=\"{&quot;jet_parallax_layout_list&quot;:[]}\">\n\t\t\t\t<div class=\"elementor-element elementor-element-58c54f2 elementor-widget elementor-widget-text-editor\" data-id=\"58c54f2\" data-element_type=\"widget\" data-widget_type=\"text-editor.default\">\n\t\t\t\t<div class=\"elementor-widget-container\">\n\t\t\t\t\t\t\t\t\t<p>La mort a un impact profond sur la soci\u00e9t\u00e9 civile. Elle affecte non seulement les familles endeuill\u00e9es mais aussi les institutions et les collectifs professionnels. Parmi les cons\u00e9quences notables, on observe :<\/p><ul><li>Une augmentation des cas de <strong>stress post-traumatique, d&#8217;\u00e9puisement professionnel et de d\u00e9pression<\/strong> chez les soignants.<\/li><li>Une perturbation des \u00e9quilibres dans les \u00e9quipes hospitali\u00e8res.<\/li><li>Un impact sur la prise en charge des patients, notamment en raison d&#8217;une tendance \u00e0 d\u00e9l\u00e9guer la gestion de la mort \u00e0 d&#8217;autres professionnels.<\/li><\/ul>\t\t\t\t\t\t\t\t<\/div>\n\t\t\t\t<\/div>\n\t\t\t\t<\/div>\n\t\t<div data-particle_enable=\"false\" data-particle-mobile-disabled=\"false\" class=\"elementor-element elementor-element-b5f5756 e-con-full e-flex e-con e-child\" data-id=\"b5f5756\" data-element_type=\"container\" data-settings=\"{&quot;jet_parallax_layout_list&quot;:[]}\">\n\t\t\t\t<div class=\"elementor-element elementor-element-e2b8e49 elementor-widget elementor-widget-image\" data-id=\"e2b8e49\" data-element_type=\"widget\" data-widget_type=\"image.default\">\n\t\t\t\t<div class=\"elementor-widget-container\">\n\t\t\t\t\t\t\t\t\t\t\t\t\t\t\t<img fetchpriority=\"high\" decoding=\"async\" width=\"188\" height=\"300\" src=\"https:\/\/www.lessurvivants.org\/wp-content\/uploads\/2025\/03\/famille-survivants-impact-mort-188x300.jpg\" class=\"attachment-medium size-medium wp-image-1261\" alt=\"\" srcset=\"https:\/\/www.lessurvivants.org\/wp-content\/uploads\/2025\/03\/famille-survivants-impact-mort-188x300.jpg 188w, https:\/\/www.lessurvivants.org\/wp-content\/uploads\/2025\/03\/famille-survivants-impact-mort-643x1024.jpg 643w, https:\/\/www.lessurvivants.org\/wp-content\/uploads\/2025\/03\/famille-survivants-impact-mort-768x1223.jpg 768w, https:\/\/www.lessurvivants.org\/wp-content\/uploads\/2025\/03\/famille-survivants-impact-mort.jpg 804w\" sizes=\"(max-width: 188px) 100vw, 188px\" \/>\t\t\t\t\t\t\t\t\t\t\t\t\t\t\t<\/div>\n\t\t\t\t<\/div>\n\t\t\t\t<\/div>\n\t\t\t\t\t<\/div>\n\t\t\t\t<\/div>\n\t\t<div data-particle_enable=\"false\" data-particle-mobile-disabled=\"false\" class=\"elementor-element elementor-element-ed4d49a e-flex e-con-boxed e-con e-parent\" data-id=\"ed4d49a\" data-element_type=\"container\" data-settings=\"{&quot;background_background&quot;:&quot;classic&quot;,&quot;jet_parallax_layout_list&quot;:[]}\">\n\t\t\t\t\t<div class=\"e-con-inner\">\n\t\t\t\t<div class=\"elementor-element elementor-element-c5cdcc3 elementor-widget elementor-widget-heading\" data-id=\"c5cdcc3\" data-element_type=\"widget\" data-widget_type=\"heading.default\">\n\t\t\t\t<div class=\"elementor-widget-container\">\n\t\t\t\t\t<h2 class=\"elementor-heading-title elementor-size-default\">Une R\u00e9flexion Sociologique N\u00e9cessaire<\/h2>\t\t\t\t<\/div>\n\t\t\t\t<\/div>\n\t\t\t\t\t<\/div>\n\t\t\t\t<\/div>\n\t\t<div data-particle_enable=\"false\" data-particle-mobile-disabled=\"false\" class=\"elementor-element elementor-element-936ff7b e-flex e-con-boxed e-con e-parent\" data-id=\"936ff7b\" data-element_type=\"container\" data-settings=\"{&quot;jet_parallax_layout_list&quot;:[]}\">\n\t\t\t\t\t<div class=\"e-con-inner\">\n\t\t\t\t<div class=\"elementor-element elementor-element-c976b4c elementor-widget elementor-widget-text-editor\" data-id=\"c976b4c\" data-element_type=\"widget\" data-widget_type=\"text-editor.default\">\n\t\t\t\t<div class=\"elementor-widget-container\">\n\t\t\t\t\t\t\t\t\t<p>Le sociologue Everett C. Hughes a d\u00e9montr\u00e9 que la formation m\u00e9dicale encourage une distance \u00e9motionnelle face \u00e0 la mort, ce qui peut mener \u00e0 des attitudes de d\u00e9ni. Edgar Morin, quant \u00e0 lui, insiste sur l&#8217;importance d&#8217;int\u00e9grer l&#8217;incertitude et la complexit\u00e9 dans la r\u00e9flexion sur la mort. Une meilleure formation et une r\u00e9int\u00e9gration de l&#8217;humain dans l&#8217;accompagnement des patients en fin de vie sont essentielles pour r\u00e9duire l&#8217;impact n\u00e9gatif de la mort sur les soignants et la soci\u00e9t\u00e9 dans son ensemble.<\/p>\t\t\t\t\t\t\t\t<\/div>\n\t\t\t\t<\/div>\n\t\t\t\t\t<\/div>\n\t\t\t\t<\/div>\n\t\t<div data-particle_enable=\"false\" data-particle-mobile-disabled=\"false\" class=\"elementor-element elementor-element-3e50fca e-flex e-con-boxed e-con e-parent\" data-id=\"3e50fca\" data-element_type=\"container\" data-settings=\"{&quot;background_background&quot;:&quot;classic&quot;,&quot;jet_parallax_layout_list&quot;:[]}\">\n\t\t\t\t\t<div class=\"e-con-inner\">\n\t\t\t\t<div class=\"elementor-element elementor-element-58e86d8 elementor-widget elementor-widget-heading\" data-id=\"58e86d8\" data-element_type=\"widget\" data-widget_type=\"heading.default\">\n\t\t\t\t<div class=\"elementor-widget-container\">\n\t\t\t\t\t<h2 class=\"elementor-heading-title elementor-size-default\">Vers une Prise en Charge Plus Humaine<\/h2>\t\t\t\t<\/div>\n\t\t\t\t<\/div>\n\t\t\t\t\t<\/div>\n\t\t\t\t<\/div>\n\t\t<div data-particle_enable=\"false\" data-particle-mobile-disabled=\"false\" class=\"elementor-element elementor-element-58174d2 e-flex e-con-boxed e-con e-parent\" data-id=\"58174d2\" data-element_type=\"container\" data-settings=\"{&quot;jet_parallax_layout_list&quot;:[]}\">\n\t\t\t\t\t<div class=\"e-con-inner\">\n\t\t<div data-particle_enable=\"false\" data-particle-mobile-disabled=\"false\" class=\"elementor-element elementor-element-17e489e e-con-full e-flex e-con e-child\" data-id=\"17e489e\" data-element_type=\"container\" data-settings=\"{&quot;jet_parallax_layout_list&quot;:[]}\">\n\t\t\t\t<div class=\"elementor-element elementor-element-0538b77 elementor-widget elementor-widget-text-editor\" data-id=\"0538b77\" data-element_type=\"widget\" data-widget_type=\"text-editor.default\">\n\t\t\t\t<div class=\"elementor-widget-container\">\n\t\t\t\t\t\t\t\t\t<p>Des initiatives existent pour att\u00e9nuer ces probl\u00e9matiques :<\/p><ul><li><strong>Groupes de parole pour soignants<\/strong> afin de partager leurs exp\u00e9riences et \u00e9motions.<\/li><li><strong>Formations sur la gestion de la fin de vie<\/strong> pour les m\u00e9decins et le personnel soignant.<\/li><li><strong>Approches artistiques et corporelles<\/strong> comme l&#8217;art-th\u00e9rapie ou le shiatsu pour soulager la charge \u00e9motionnelle.<\/li><\/ul>\t\t\t\t\t\t\t\t<\/div>\n\t\t\t\t<\/div>\n\t\t\t\t<\/div>\n\t\t<div data-particle_enable=\"false\" data-particle-mobile-disabled=\"false\" class=\"elementor-element elementor-element-b7b068f e-con-full e-flex e-con e-child\" data-id=\"b7b068f\" data-element_type=\"container\" data-settings=\"{&quot;jet_parallax_layout_list&quot;:[]}\">\n\t\t\t\t<div class=\"elementor-element elementor-element-f590c19 elementor-widget elementor-widget-image\" data-id=\"f590c19\" data-element_type=\"widget\" data-widget_type=\"image.default\">\n\t\t\t\t<div class=\"elementor-widget-container\">\n\t\t\t\t\t\t\t\t\t\t\t\t\t\t\t<img decoding=\"async\" width=\"346\" height=\"320\" src=\"https:\/\/www.lessurvivants.org\/wp-content\/uploads\/2025\/03\/shia-tsu-survivants-mort-et-sociologie.png\" class=\"attachment-large size-large wp-image-1267\" alt=\"\" srcset=\"https:\/\/www.lessurvivants.org\/wp-content\/uploads\/2025\/03\/shia-tsu-survivants-mort-et-sociologie.png 346w, https:\/\/www.lessurvivants.org\/wp-content\/uploads\/2025\/03\/shia-tsu-survivants-mort-et-sociologie-300x277.png 300w\" sizes=\"(max-width: 346px) 100vw, 346px\" \/>\t\t\t\t\t\t\t\t\t\t\t\t\t\t\t<\/div>\n\t\t\t\t<\/div>\n\t\t\t\t<\/div>\n\t\t\t\t\t<\/div>\n\t\t\t\t<\/div>\n\t\t\t\t<\/div>\n\t\t","protected":false},"excerpt":{"rendered":"<p>mort et sociologie : Comprendre l&#8217;Impact de la Mort sur la Soci\u00e9t\u00e9 La mort est une exp\u00e9rience universelle qui fa\u00e7onne nos soci\u00e9t\u00e9s \u00e0 diff\u00e9rents niveaux. En France, 80 % des d\u00e9c\u00e8s surviennent \u00e0 l&#8217;h\u00f4pital, dont la majorit\u00e9 hors des unit\u00e9s de soins palliatifs. Ce constat met en \u00e9vidence une gestion de la fin de vie [&hellip;]<\/p>\n","protected":false},"author":1,"featured_media":0,"parent":0,"menu_order":0,"comment_status":"closed","ping_status":"closed","template":"","meta":{"footnotes":""},"categories":[7],"tags":[],"class_list":["post-984","page","type-page","status-publish","hentry","category-espace-soignant"],"yoast_head":"<!-- This site is optimized with the Yoast SEO Premium plugin v25.5 (Yoast SEO v25.5) - https:\/\/yoast.com\/wordpress\/plugins\/seo\/ -->\n<title>Mort et Sociologie - Espace soignant<\/title>\n<meta name=\"robots\" content=\"index, follow, max-snippet:-1, max-image-preview:large, max-video-preview:-1\" \/>\n<link rel=\"canonical\" href=\"https:\/\/www.lessurvivants.org\/soignant\/mort-et-sociologie\/\" \/>\n<meta property=\"og:locale\" content=\"fr_FR\" \/>\n<meta property=\"og:type\" content=\"article\" \/>\n<meta property=\"og:title\" content=\"Mort et Sociologie\" \/>\n<meta property=\"og:description\" content=\"mort et sociologie : Comprendre l&#8217;Impact de la Mort sur la Soci\u00e9t\u00e9 La mort est une exp\u00e9rience universelle qui fa\u00e7onne nos soci\u00e9t\u00e9s \u00e0 diff\u00e9rents niveaux. En France, 80 % des d\u00e9c\u00e8s surviennent \u00e0 l&#8217;h\u00f4pital, dont la majorit\u00e9 hors des unit\u00e9s de soins palliatifs. Ce constat met en \u00e9vidence une gestion de la fin de vie [&hellip;]\" \/>\n<meta property=\"og:url\" content=\"https:\/\/www.lessurvivants.org\/soignant\/mort-et-sociologie\/\" \/>\n<meta property=\"og:site_name\" content=\"Espace soignant\" \/>\n<meta property=\"article:modified_time\" content=\"2025-03-14T14:59:17+00:00\" \/>\n<meta property=\"og:image\" content=\"https:\/\/www.lessurvivants.org\/wp-content\/uploads\/2025\/03\/famille-survivants-impact-mort.jpg\" \/>\n\t<meta property=\"og:image:width\" content=\"804\" \/>\n\t<meta property=\"og:image:height\" content=\"1280\" \/>\n\t<meta property=\"og:image:type\" content=\"image\/jpeg\" \/>\n<meta name=\"twitter:card\" content=\"summary_large_image\" \/>\n<meta name=\"twitter:label1\" content=\"Dur\u00e9e de lecture estim\u00e9e\" \/>\n\t<meta name=\"twitter:data1\" content=\"3 minutes\" \/>\n<script type=\"application\/ld+json\" class=\"yoast-schema-graph\">{\"@context\":\"https:\/\/schema.org\",\"@graph\":[{\"@type\":\"WebPage\",\"@id\":\"https:\/\/www.lessurvivants.org\/soignant\/mort-et-sociologie\/\",\"url\":\"https:\/\/www.lessurvivants.org\/soignant\/mort-et-sociologie\/\",\"name\":\"Mort et Sociologie - Espace soignant\",\"isPartOf\":{\"@id\":\"https:\/\/www.lessurvivants.org\/soignant\/#website\"},\"primaryImageOfPage\":{\"@id\":\"https:\/\/www.lessurvivants.org\/soignant\/mort-et-sociologie\/#primaryimage\"},\"image\":{\"@id\":\"https:\/\/www.lessurvivants.org\/soignant\/mort-et-sociologie\/#primaryimage\"},\"thumbnailUrl\":\"https:\/\/www.lessurvivants.org\/wp-content\/uploads\/2025\/03\/famille-survivants-impact-mort-188x300.jpg\",\"datePublished\":\"2025-03-10T14:11:23+00:00\",\"dateModified\":\"2025-03-14T14:59:17+00:00\",\"breadcrumb\":{\"@id\":\"https:\/\/www.lessurvivants.org\/soignant\/mort-et-sociologie\/#breadcrumb\"},\"inLanguage\":\"fr-FR\",\"potentialAction\":[{\"@type\":\"ReadAction\",\"target\":[\"https:\/\/www.lessurvivants.org\/soignant\/mort-et-sociologie\/\"]}]},{\"@type\":\"ImageObject\",\"inLanguage\":\"fr-FR\",\"@id\":\"https:\/\/www.lessurvivants.org\/soignant\/mort-et-sociologie\/#primaryimage\",\"url\":\"https:\/\/www.lessurvivants.org\/wp-content\/uploads\/2025\/03\/famille-survivants-impact-mort-188x300.jpg\",\"contentUrl\":\"https:\/\/www.lessurvivants.org\/wp-content\/uploads\/2025\/03\/famille-survivants-impact-mort-188x300.jpg\"},{\"@type\":\"BreadcrumbList\",\"@id\":\"https:\/\/www.lessurvivants.org\/soignant\/mort-et-sociologie\/#breadcrumb\",\"itemListElement\":[{\"@type\":\"ListItem\",\"position\":1,\"name\":\"Accueil\",\"item\":\"https:\/\/www.lessurvivants.org\/soignant\/\"},{\"@type\":\"ListItem\",\"position\":2,\"name\":\"Mort et Sociologie\"}]},{\"@type\":\"WebSite\",\"@id\":\"https:\/\/www.lessurvivants.org\/soignant\/#website\",\"url\":\"https:\/\/www.lessurvivants.org\/soignant\/\",\"name\":\"Espace soignant\",\"description\":\"\",\"publisher\":{\"@id\":\"https:\/\/www.lessurvivants.org\/soignant\/#organization\"},\"potentialAction\":[{\"@type\":\"SearchAction\",\"target\":{\"@type\":\"EntryPoint\",\"urlTemplate\":\"https:\/\/www.lessurvivants.org\/soignant\/?s={search_term_string}\"},\"query-input\":{\"@type\":\"PropertyValueSpecification\",\"valueRequired\":true,\"valueName\":\"search_term_string\"}}],\"inLanguage\":\"fr-FR\"},{\"@type\":\"Organization\",\"@id\":\"https:\/\/www.lessurvivants.org\/soignant\/#organization\",\"name\":\"Espace soignant\",\"url\":\"https:\/\/www.lessurvivants.org\/soignant\/\",\"logo\":{\"@type\":\"ImageObject\",\"inLanguage\":\"fr-FR\",\"@id\":\"https:\/\/www.lessurvivants.org\/soignant\/#\/schema\/logo\/image\/\",\"url\":\"https:\/\/www.lessurvivants.org\/wp-content\/uploads\/2025\/03\/logo-final-les-survivants_Plan-de-travail-1.png\",\"contentUrl\":\"https:\/\/www.lessurvivants.org\/wp-content\/uploads\/2025\/03\/logo-final-les-survivants_Plan-de-travail-1.png\",\"caption\":\"Espace soignant\"},\"image\":{\"@id\":\"https:\/\/www.lessurvivants.org\/soignant\/#\/schema\/logo\/image\/\"}}]}<\/script>\n<!-- \/ Yoast SEO Premium plugin. -->","yoast_head_json":{"title":"Mort et Sociologie - Espace soignant","robots":{"index":"index","follow":"follow","max-snippet":"max-snippet:-1","max-image-preview":"max-image-preview:large","max-video-preview":"max-video-preview:-1"},"canonical":"https:\/\/www.lessurvivants.org\/soignant\/mort-et-sociologie\/","og_locale":"fr_FR","og_type":"article","og_title":"Mort et Sociologie","og_description":"mort et sociologie : Comprendre l&#8217;Impact de la Mort sur la Soci\u00e9t\u00e9 La mort est une exp\u00e9rience universelle qui fa\u00e7onne nos soci\u00e9t\u00e9s \u00e0 diff\u00e9rents niveaux. En France, 80 % des d\u00e9c\u00e8s surviennent \u00e0 l&#8217;h\u00f4pital, dont la majorit\u00e9 hors des unit\u00e9s de soins palliatifs. Ce constat met en \u00e9vidence une gestion de la fin de vie [&hellip;]","og_url":"https:\/\/www.lessurvivants.org\/soignant\/mort-et-sociologie\/","og_site_name":"Espace soignant","article_modified_time":"2025-03-14T14:59:17+00:00","og_image":[{"url":"https:\/\/www.lessurvivants.org\/wp-content\/uploads\/2025\/03\/famille-survivants-impact-mort.jpg","width":804,"height":1280,"type":"image\/jpeg"}],"twitter_card":"summary_large_image","twitter_misc":{"Dur\u00e9e de lecture estim\u00e9e":"3 minutes"},"schema":{"@context":"https:\/\/schema.org","@graph":[{"@type":"WebPage","@id":"https:\/\/www.lessurvivants.org\/soignant\/mort-et-sociologie\/","url":"https:\/\/www.lessurvivants.org\/soignant\/mort-et-sociologie\/","name":"Mort et Sociologie - Espace soignant","isPartOf":{"@id":"https:\/\/www.lessurvivants.org\/soignant\/#website"},"primaryImageOfPage":{"@id":"https:\/\/www.lessurvivants.org\/soignant\/mort-et-sociologie\/#primaryimage"},"image":{"@id":"https:\/\/www.lessurvivants.org\/soignant\/mort-et-sociologie\/#primaryimage"},"thumbnailUrl":"https:\/\/www.lessurvivants.org\/wp-content\/uploads\/2025\/03\/famille-survivants-impact-mort-188x300.jpg","datePublished":"2025-03-10T14:11:23+00:00","dateModified":"2025-03-14T14:59:17+00:00","breadcrumb":{"@id":"https:\/\/www.lessurvivants.org\/soignant\/mort-et-sociologie\/#breadcrumb"},"inLanguage":"fr-FR","potentialAction":[{"@type":"ReadAction","target":["https:\/\/www.lessurvivants.org\/soignant\/mort-et-sociologie\/"]}]},{"@type":"ImageObject","inLanguage":"fr-FR","@id":"https:\/\/www.lessurvivants.org\/soignant\/mort-et-sociologie\/#primaryimage","url":"https:\/\/www.lessurvivants.org\/wp-content\/uploads\/2025\/03\/famille-survivants-impact-mort-188x300.jpg","contentUrl":"https:\/\/www.lessurvivants.org\/wp-content\/uploads\/2025\/03\/famille-survivants-impact-mort-188x300.jpg"},{"@type":"BreadcrumbList","@id":"https:\/\/www.lessurvivants.org\/soignant\/mort-et-sociologie\/#breadcrumb","itemListElement":[{"@type":"ListItem","position":1,"name":"Accueil","item":"https:\/\/www.lessurvivants.org\/soignant\/"},{"@type":"ListItem","position":2,"name":"Mort et Sociologie"}]},{"@type":"WebSite","@id":"https:\/\/www.lessurvivants.org\/soignant\/#website","url":"https:\/\/www.lessurvivants.org\/soignant\/","name":"Espace soignant","description":"","publisher":{"@id":"https:\/\/www.lessurvivants.org\/soignant\/#organization"},"potentialAction":[{"@type":"SearchAction","target":{"@type":"EntryPoint","urlTemplate":"https:\/\/www.lessurvivants.org\/soignant\/?s={search_term_string}"},"query-input":{"@type":"PropertyValueSpecification","valueRequired":true,"valueName":"search_term_string"}}],"inLanguage":"fr-FR"},{"@type":"Organization","@id":"https:\/\/www.lessurvivants.org\/soignant\/#organization","name":"Espace soignant","url":"https:\/\/www.lessurvivants.org\/soignant\/","logo":{"@type":"ImageObject","inLanguage":"fr-FR","@id":"https:\/\/www.lessurvivants.org\/soignant\/#\/schema\/logo\/image\/","url":"https:\/\/www.lessurvivants.org\/wp-content\/uploads\/2025\/03\/logo-final-les-survivants_Plan-de-travail-1.png","contentUrl":"https:\/\/www.lessurvivants.org\/wp-content\/uploads\/2025\/03\/logo-final-les-survivants_Plan-de-travail-1.png","caption":"Espace soignant"},"image":{"@id":"https:\/\/www.lessurvivants.org\/soignant\/#\/schema\/logo\/image\/"}}]}},"_links":{"self":[{"href":"https:\/\/www.lessurvivants.org\/soignant\/wp-json\/wp\/v2\/pages\/984","targetHints":{"allow":["GET"]}}],"collection":[{"href":"https:\/\/www.lessurvivants.org\/soignant\/wp-json\/wp\/v2\/pages"}],"about":[{"href":"https:\/\/www.lessurvivants.org\/soignant\/wp-json\/wp\/v2\/types\/page"}],"author":[{"embeddable":true,"href":"https:\/\/www.lessurvivants.org\/soignant\/wp-json\/wp\/v2\/users\/1"}],"replies":[{"embeddable":true,"href":"https:\/\/www.lessurvivants.org\/soignant\/wp-json\/wp\/v2\/comments?post=984"}],"version-history":[{"count":7,"href":"https:\/\/www.lessurvivants.org\/soignant\/wp-json\/wp\/v2\/pages\/984\/revisions"}],"predecessor-version":[{"id":1270,"href":"https:\/\/www.lessurvivants.org\/soignant\/wp-json\/wp\/v2\/pages\/984\/revisions\/1270"}],"wp:attachment":[{"href":"https:\/\/www.lessurvivants.org\/soignant\/wp-json\/wp\/v2\/media?parent=984"}],"wp:term":[{"taxonomy":"category","embeddable":true,"href":"https:\/\/www.lessurvivants.org\/soignant\/wp-json\/wp\/v2\/categories?post=984"},{"taxonomy":"post_tag","embeddable":true,"href":"https:\/\/www.lessurvivants.org\/soignant\/wp-json\/wp\/v2\/tags?post=984"}],"curies":[{"name":"wp","href":"https:\/\/api.w.org\/{rel}","templated":true}]}}